{"id":13633,"date":"2018-01-16T11:13:51","date_gmt":"2018-01-16T11:13:51","guid":{"rendered":"https:\/\/www.santjosep.net\/activitats-esportives\/passejos\/cubells-cala-llentrisca\/"},"modified":"2020-01-23T10:10:55","modified_gmt":"2020-01-23T09:10:55","slug":"cubells-cala-llentrisca","status":"publish","type":"page","link":"https:\/\/www.santjosep.net\/ca\/turisme-actiu\/passejos\/cubells-cala-llentrisca\/","title":{"rendered":"Es Cubells &#8211; Cala Llentrisca"},"content":{"rendered":"<p>Gr\u00e0cies a la ubicaci\u00f3 especial del poble des Cubells, situat a la vora d\u2019un espectacular penya-segat al sud de Sant Josep, aquesta ruta ens regala unes vistes espectaculars al mar, on es pot gaudir de la natura i descobrir platges on no hi ha les aglomeracions t\u00edpiques de l\u2019estiu. Tot i que \u00e9s una ruta de dificultat mitjana- alta, no heu de patir. Es tracta d\u2019 una ruta tranquil\u00b7la amb alguns punts empinats per\u00f2 no prolongats. Recordeu que heu d\u2019anar ben preparats, no us oblideu de dur cal\u00e7at esportiu, roba c\u00f2moda i aigua.<br \/>\n<!--more--><\/p>\n<h2>Mapa de la ruta<\/h2>\n<p><iframe loading=\"lazy\" src=\"https:\/\/www.google.com\/maps\/d\/u\/0\/embed?mid=1tBKl2ilvJdV5iiqg7b6dqv0-8hsUc4Xe\" width=\"795\" height=\"480\"><\/iframe><\/p>\n<p><b>Dificultat<\/b>: mitjana- alta<br \/>\n<b>Dist\u00e0ncia<\/b>: 9 km<br \/>\n<b>Temps estimat<\/b>: 4 hores (anada i tornada)<br \/>\n<b>Recomanacions<\/b>: portar cal\u00e7at i roba esportiva i bastanta aigua, ja que \u00e9s una ruta amb pocs llocs d\u2019ombra. No \u00e9s recomanada per a persones que tinguin vertigen.<\/p>\n<p>El passeig s\u2019inicia des de la pla\u00e7a de la preciosa esgl\u00e9sia des Cubells, que cal envoltar per arribar al mirador que es troba a la seva part posterior. Ha arribat el moment de fer una panor\u00e0mica. Les vistes fan que valgui la pena. Si mireu una mica m\u00e9s a la vostra dreta, trobareu el monument dedicat a Francesc Palau, el <b><i>Pare Palau<\/i><\/b> com el recorden as Cubells, que a m\u00e9s d\u2019agrair-li la construcci\u00f3 de l\u2019esgl\u00e9sia, se\u2019l recorda per passar llargues est\u00e0ncies completament sol a l\u2019illot des Vedr\u00e0.<\/p>\n<p><img loading=\"lazy\" decoding=\"async\" class=\"alignnone size-large wp-image-10863\" src=\"https:\/\/www.santjosep.net\/wp-content\/uploads\/2017\/12\/IMG_5524-1024x684.jpg\" alt=\"\" width=\"1024\" height=\"684\" srcset=\"https:\/\/www.santjosep.net\/wp-content\/uploads\/2017\/12\/IMG_5524-1024x684.jpg 1024w, https:\/\/www.santjosep.net\/wp-content\/uploads\/2017\/12\/IMG_5524-300x200.jpg 300w, https:\/\/www.santjosep.net\/wp-content\/uploads\/2017\/12\/IMG_5524-768x513.jpg 768w, https:\/\/www.santjosep.net\/wp-content\/uploads\/2017\/12\/IMG_5524.jpg 1200w\" sizes=\"auto, (max-width: 1024px) 100vw, 1024px\" \/><\/p>\n<p>Heu de descendir pel costat esquerre del mirador, on trobareu una escala. Per aqu\u00ed hi ha la <b>cova de la Font. <\/b>Despr\u00e9s heu de seguir el sender fins a arribar al cam\u00ed asfaltat i continuar per la urbanitzaci\u00f3 Vista Alegre fins a arribar a la platja de <b>ses Boques<\/b>. En arribar al desviament de la platja, podreu optar per baixar el sender per arribar a la platja o continuar pel cam\u00ed asfaltat i veure-la des de dalt. Si realitzeu aquesta ruta un dia de calor, agraireu refrescar-vos-hi a la vora. Si voleu saber m\u00e9s d\u2019aquesta encantadora cala, feu clic aqu\u00ed.<\/p>\n<div id=\"new-royalslider-89\" class=\"royalSlider new-royalslider-89 rsDefaultInv rs-default-template\" style=\"width:100%;height:533px;;\" data-rs-options='{&quot;template&quot;:&quot;default&quot;,&quot;image_generation&quot;:{&quot;imageWidth&quot;:&quot;&quot;,&quot;imageHeight&quot;:&quot;&quot;,&quot;thumbImageWidth&quot;:&quot;&quot;,&quot;thumbImageHeight&quot;:&quot;&quot;},&quot;thumbs&quot;:{&quot;thumbWidth&quot;:96,&quot;thumbHeight&quot;:72},&quot;autoPlay&quot;:{&quot;delay&quot;:5000},&quot;fullscreen&quot;:{&quot;enabled&quot;:&quot;true&quot;},&quot;block&quot;:{&quot;moveOffset&quot;:20,&quot;speed&quot;:400,&quot;delay&quot;:200},&quot;width&quot;:&quot;100%&quot;,&quot;height&quot;:533,&quot;autoScaleSlider&quot;:&quot;true&quot;,&quot;autoScaleSliderHeight&quot;:533,&quot;imageScaleMode&quot;:&quot;fill&quot;,&quot;imageScalePadding&quot;:0,&quot;arrowsNavAutoHide&quot;:&quot;false&quot;,&quot;globalCaptionInside&quot;:&quot;true&quot;}'>\n<div class=\"rsContent\">\n  <img decoding=\"async\" class=\"rsImg\" src=\"https:\/\/www.santjosep.net\/wp-content\/uploads\/2017\/12\/P1170162-1024x768.jpg\" data-rsBigImg=\"https:\/\/www.santjosep.net\/wp-content\/uploads\/2017\/12\/P1170162.jpg\" alt=\"P1170162\"\/>\n  \n  \n  \n<\/div>\n<div class=\"rsContent\">\n  <img decoding=\"async\" class=\"rsImg\" src=\"https:\/\/www.santjosep.net\/wp-content\/uploads\/2017\/12\/P1170125-1024x768.jpg\" data-rsBigImg=\"https:\/\/www.santjosep.net\/wp-content\/uploads\/2017\/12\/P1170125.jpg\" alt=\"P1170125\"\/>\n  \n  \n  \n<\/div>\n<div class=\"rsContent\">\n  <img decoding=\"async\" class=\"rsImg\" src=\"https:\/\/www.santjosep.net\/wp-content\/uploads\/2017\/12\/P1170124-1024x768.jpg\" data-rsBigImg=\"https:\/\/www.santjosep.net\/wp-content\/uploads\/2017\/12\/P1170124.jpg\" alt=\"P1170124\"\/>\n  \n  \n  \n<\/div>\n<div class=\"rsContent\">\n  <img decoding=\"async\" class=\"rsImg\" src=\"https:\/\/www.santjosep.net\/wp-content\/uploads\/2017\/12\/P1170177-1024x768.jpg\" data-rsBigImg=\"https:\/\/www.santjosep.net\/wp-content\/uploads\/2017\/12\/P1170177.jpg\" alt=\"P1170177\"\/>\n  \n  \n  \n<\/div>\n<div class=\"rsContent\">\n  <img decoding=\"async\" class=\"rsImg\" src=\"https:\/\/www.santjosep.net\/wp-content\/uploads\/2017\/12\/P1170132-1024x768.jpg\" data-rsBigImg=\"https:\/\/www.santjosep.net\/wp-content\/uploads\/2017\/12\/P1170132.jpg\" alt=\"P1170132\"\/>\n  \n  \n  \n<\/div>\n<div class=\"rsContent\">\n  <img decoding=\"async\" class=\"rsImg\" src=\"https:\/\/www.santjosep.net\/wp-content\/uploads\/2017\/12\/P1170137-1024x768.jpg\" data-rsBigImg=\"https:\/\/www.santjosep.net\/wp-content\/uploads\/2017\/12\/P1170137.jpg\" alt=\"P1170137\"\/>\n  \n  \n  \n<\/div>\n<div class=\"rsContent\">\n  <img decoding=\"async\" class=\"rsImg\" src=\"https:\/\/www.santjosep.net\/wp-content\/uploads\/2017\/12\/P1170102-1024x768.jpg\" data-rsBigImg=\"https:\/\/www.santjosep.net\/wp-content\/uploads\/2017\/12\/P1170102.jpg\" alt=\"P1170102\"\/>\n  \n  \n  \n<\/div>\n<div class=\"rsContent\">\n  <img decoding=\"async\" class=\"rsImg\" src=\"https:\/\/www.santjosep.net\/wp-content\/uploads\/2017\/12\/P1170141-1024x768.jpg\" data-rsBigImg=\"https:\/\/www.santjosep.net\/wp-content\/uploads\/2017\/12\/P1170141.jpg\" alt=\"P1170141\"\/>\n  \n  \n  \n<\/div>\n<div class=\"rsContent\">\n  <img decoding=\"async\" class=\"rsImg\" src=\"https:\/\/www.santjosep.net\/wp-content\/uploads\/2017\/12\/P1170172-1024x768.jpg\" data-rsBigImg=\"https:\/\/www.santjosep.net\/wp-content\/uploads\/2017\/12\/P1170172.jpg\" alt=\"P1170172\"\/>\n  \n  \n  \n<\/div>\n<div class=\"rsContent\">\n  <img decoding=\"async\" class=\"rsImg\" src=\"https:\/\/www.santjosep.net\/wp-content\/uploads\/2017\/12\/P1170173-1024x768.jpg\" data-rsBigImg=\"https:\/\/www.santjosep.net\/wp-content\/uploads\/2017\/12\/P1170173.jpg\" alt=\"P1170173\"\/>\n  \n  \n  \n<\/div>\n\n<\/div>\n\n<p>Continueu pel cam\u00ed asfaltat, on us seguireu trobant amb unes vistes meravelloses fins a arribar a la platgeta des <b>Niu de s\u2019\u00c0guila, <\/b>on podreu contemplar quatre esculls que adornen l\u2019horitz\u00f3. Conta la llegenda que al m\u00e9s alt dels quatre esculls que sobresurten davant la vora des Niu de s\u2019\u00c0guila, \u00a0una au rapinyaire va fer-hi el seu niu, i aix\u00f2 va donar nom a la cala. Seguiu el vostre cam\u00ed fins a la seg\u00fcent meravella, cala Llentrisca.<\/p>\n<p><img loading=\"lazy\" decoding=\"async\" class=\"alignnone size-large wp-image-10860\" src=\"https:\/\/www.santjosep.net\/wp-content\/uploads\/2017\/12\/IMG_2611-1024x683.jpg\" alt=\"\" width=\"1024\" height=\"683\" srcset=\"https:\/\/www.santjosep.net\/wp-content\/uploads\/2017\/12\/IMG_2611-1024x683.jpg 1024w, https:\/\/www.santjosep.net\/wp-content\/uploads\/2017\/12\/IMG_2611-300x200.jpg 300w, https:\/\/www.santjosep.net\/wp-content\/uploads\/2017\/12\/IMG_2611-768x512.jpg 768w, https:\/\/www.santjosep.net\/wp-content\/uploads\/2017\/12\/IMG_2611.jpg 1200w\" sizes=\"auto, (max-width: 1024px) 100vw, 1024px\" \/><br \/>\nDespr\u00e9s de veure es Niu de s\u2019\u00c0guila, continueu caminant fins a arribar a una bifurcaci\u00f3 i seguiu per la dreta fins a un carrer (tamb\u00e9 al costat dret) on veureu un cartell de \u2018\u2019carrer sense sortida\u2019\u2019. Agafeu aquest carrer fins a arribar a l\u2019\u00faltima casa, on trobareu a la dreta un pendent de terra que acaba en una petita pla\u00e7a. Despr\u00e9s, agafeu el cam\u00ed bosc\u00f3s que veureu just davant. Ara camineu vorejant la muntanya uns 600 metres per un caminet estret fins a arribar a Cala Llentrisca. Es tracta d\u2019una cala molt amagada envoltada de con\u00edferes on, sens cap dubte, val la pena descansar i banyar-se abans de seguir la ruta. M\u00e9s informaci\u00f3 d\u2019aquesta preciosa cala <a href=\"\/?page_id=13633\">aqu\u00ed<\/a>.<\/p>\n<div id=\"new-royalslider-43\" class=\"royalSlider new-royalslider-43 rsDefaultInv rs-default-template\" style=\"width:100%;height:533px;;\" data-rs-options='{&quot;template&quot;:&quot;default&quot;,&quot;image_generation&quot;:{&quot;imageWidth&quot;:&quot;&quot;,&quot;imageHeight&quot;:&quot;&quot;,&quot;thumbImageWidth&quot;:&quot;&quot;,&quot;thumbImageHeight&quot;:&quot;&quot;},&quot;thumbs&quot;:{&quot;thumbWidth&quot;:96,&quot;thumbHeight&quot;:72},&quot;autoPlay&quot;:{&quot;delay&quot;:5000},&quot;fullscreen&quot;:{&quot;enabled&quot;:&quot;true&quot;},&quot;block&quot;:{&quot;moveOffset&quot;:20,&quot;speed&quot;:400,&quot;delay&quot;:200},&quot;width&quot;:&quot;100%&quot;,&quot;height&quot;:533,&quot;autoScaleSlider&quot;:&quot;true&quot;,&quot;autoScaleSliderHeight&quot;:533,&quot;imageScaleMode&quot;:&quot;fill&quot;,&quot;imageScalePadding&quot;:0,&quot;arrowsNavAutoHide&quot;:&quot;false&quot;,&quot;globalCaptionInside&quot;:&quot;true&quot;}'>\n<div class=\"rsContent\">\n  <img decoding=\"async\" class=\"rsImg\" src=\"https:\/\/www.santjosep.net\/wp-content\/uploads\/2015\/10\/IMG_5537-1024x682.jpg\" data-rsBigImg=\"https:\/\/www.santjosep.net\/wp-content\/uploads\/2015\/10\/IMG_5537.jpg\" alt=\"IMG_5537\"\/>\n  \n  \n  \n<\/div>\n<div class=\"rsContent\">\n  <img decoding=\"async\" class=\"rsImg\" src=\"https:\/\/www.santjosep.net\/wp-content\/uploads\/2015\/10\/IMG_5550-1024x682.jpg\" data-rsBigImg=\"https:\/\/www.santjosep.net\/wp-content\/uploads\/2015\/10\/IMG_5550.jpg\" alt=\"IMG_5550\"\/>\n  \n  \n  \n<\/div>\n<div class=\"rsContent\">\n  <img decoding=\"async\" class=\"rsImg\" src=\"https:\/\/www.santjosep.net\/wp-content\/uploads\/2015\/10\/IMG_5555-1024x682.jpg\" data-rsBigImg=\"https:\/\/www.santjosep.net\/wp-content\/uploads\/2015\/10\/IMG_5555.jpg\" alt=\"IMG_5555\"\/>\n  \n  \n  \n<\/div>\n<div class=\"rsContent\">\n  <img decoding=\"async\" class=\"rsImg\" src=\"https:\/\/www.santjosep.net\/wp-content\/uploads\/2015\/10\/IMG_5564-1024x682.jpg\" data-rsBigImg=\"https:\/\/www.santjosep.net\/wp-content\/uploads\/2015\/10\/IMG_5564.jpg\" alt=\"IMG_5564\"\/>\n  \n  \n  \n<\/div>\n<div class=\"rsContent\">\n  <img decoding=\"async\" class=\"rsImg\" src=\"https:\/\/www.santjosep.net\/wp-content\/uploads\/2015\/10\/IMG_5567-1024x682.jpg\" data-rsBigImg=\"https:\/\/www.santjosep.net\/wp-content\/uploads\/2015\/10\/IMG_5567.jpg\" alt=\"IMG_5567\"\/>\n  \n  \n  \n<\/div>\n<div class=\"rsContent\">\n  <img decoding=\"async\" class=\"rsImg\" src=\"https:\/\/www.santjosep.net\/wp-content\/uploads\/2015\/10\/IMG_5568-1024x682.jpg\" data-rsBigImg=\"https:\/\/www.santjosep.net\/wp-content\/uploads\/2015\/10\/IMG_5568.jpg\" alt=\"IMG_5568\"\/>\n  \n  \n  \n<\/div>\n\n<\/div>\n\n<p>Despr\u00e9s d\u2019uns banys i de gaudir de la tranquil\u00b7litat d\u2019aquesta platja, continueu la ruta per un caminet contigu al sender pel qual s\u2019arriba a la platja.<\/p>\n<p><img loading=\"lazy\" decoding=\"async\" class=\"alignnone size-large wp-image-10866\" src=\"https:\/\/www.santjosep.net\/wp-content\/uploads\/2017\/12\/calallentrisca_IMG_1929-1024x683.jpg\" alt=\"\" width=\"1024\" height=\"683\" srcset=\"https:\/\/www.santjosep.net\/wp-content\/uploads\/2017\/12\/calallentrisca_IMG_1929-1024x683.jpg 1024w, https:\/\/www.santjosep.net\/wp-content\/uploads\/2017\/12\/calallentrisca_IMG_1929-300x200.jpg 300w, https:\/\/www.santjosep.net\/wp-content\/uploads\/2017\/12\/calallentrisca_IMG_1929-768x512.jpg 768w, https:\/\/www.santjosep.net\/wp-content\/uploads\/2017\/12\/calallentrisca_IMG_1929.jpg 1200w\" sizes=\"auto, (max-width: 1024px) 100vw, 1024px\" \/><br \/>\n\u00c9s una mica empinat, per\u00f2 no us heu de preocupar, valdr\u00e0 la pena. Com podeu observar al mapa que us hem preparat, el final d\u2019aquesta pujada ser\u00e0 el cam\u00ed que ens porta al <b>cap Llentrisca<\/b>. Hi ha unes vistes al mar Mediterrani que us deixaran fascinats, a m\u00e9s d\u2019una de les sorpreses d\u2019aquesta ruta: <b>l\u2019illot des Vedr\u00e0<\/b> a la nostra dreta. Ara \u00e9s imprescindible treure la c\u00e0mera.<\/p>\n<p><img loading=\"lazy\" decoding=\"async\" class=\"alignnone size-large wp-image-10869\" src=\"https:\/\/www.santjosep.net\/wp-content\/uploads\/2017\/12\/IMG_1954-1024x683.jpg\" alt=\"\" width=\"1024\" height=\"683\" srcset=\"https:\/\/www.santjosep.net\/wp-content\/uploads\/2017\/12\/IMG_1954-1024x683.jpg 1024w, https:\/\/www.santjosep.net\/wp-content\/uploads\/2017\/12\/IMG_1954-300x200.jpg 300w, https:\/\/www.santjosep.net\/wp-content\/uploads\/2017\/12\/IMG_1954-768x512.jpg 768w, https:\/\/www.santjosep.net\/wp-content\/uploads\/2017\/12\/IMG_1954.jpg 1200w\" sizes=\"auto, (max-width: 1024px) 100vw, 1024px\" \/> <img loading=\"lazy\" decoding=\"async\" class=\"alignnone size-large wp-image-10872\" src=\"https:\/\/www.santjosep.net\/wp-content\/uploads\/2017\/12\/IMG_1898-1024x683.jpg\" alt=\"\" width=\"1024\" height=\"683\" srcset=\"https:\/\/www.santjosep.net\/wp-content\/uploads\/2017\/12\/IMG_1898-1024x683.jpg 1024w, https:\/\/www.santjosep.net\/wp-content\/uploads\/2017\/12\/IMG_1898-300x200.jpg 300w, https:\/\/www.santjosep.net\/wp-content\/uploads\/2017\/12\/IMG_1898-768x512.jpg 768w, https:\/\/www.santjosep.net\/wp-content\/uploads\/2017\/12\/IMG_1898.jpg 1200w\" sizes=\"auto, (max-width: 1024px) 100vw, 1024px\" \/><br \/>\n\u00c9s el moment de tornar! Un dels passejos que la vostra retina no oblidar\u00e0 en molt de temps&#8230; Seguiu el sender envoltat de con\u00edferes i natura pura mentre torneu al vostre punt de partida. Durant quasi tot el cam\u00ed, les vistes s\u00f3n meravelloses.<\/p>\n","protected":false},"excerpt":{"rendered":"<p>Gr\u00e0cies a la ubicaci\u00f3 especial del poble des Cubells, situat a la vora d\u2019un espectacular penya-segat al sud de Sant Josep, aquesta ruta ens regala unes vistes espectaculars al mar, on es pot gaudir de la natura i descobrir platges [&hellip;]<\/p>\n","protected":false},"author":1,"featured_media":12566,"parent":12398,"menu_order":0,"comment_status":"closed","ping_status":"closed","template":"page-actividad.php","meta":{"_acf_changed":false,"inline_featured_image":false,"footnotes":""},"categoria_pagina":[],"class_list":["post-13633","page","type-page","status-publish","has-post-thumbnail","hentry"],"acf":[],"yoast_head":"<!-- This site is optimized with the Yoast SEO plugin v25.7 - https:\/\/yoast.com\/wordpress\/plugins\/seo\/ -->\n<title>Es Cubells - Cala Llentrisca - Santjosep.net<\/title>\n<meta name=\"robots\" content=\"index, follow, max-snippet:-1, max-image-preview:large, max-video-preview:-1\" \/>\n<link rel=\"canonical\" href=\"https:\/\/www.santjosep.net\/ca\/turisme-actiu\/passejos\/cubells-cala-llentrisca\/\" \/>\n<meta property=\"og:locale\" content=\"ca_ES\" \/>\n<meta property=\"og:type\" content=\"article\" \/>\n<meta property=\"og:title\" content=\"Es Cubells - Cala Llentrisca - Santjosep.net\" \/>\n<meta property=\"og:description\" content=\"Gr\u00e0cies a la ubicaci\u00f3 especial del poble des Cubells, situat a la vora d\u2019un espectacular penya-segat al sud de Sant Josep, aquesta ruta ens regala unes vistes espectaculars al mar, on es pot gaudir de la natura i descobrir platges [&hellip;]\" \/>\n<meta property=\"og:url\" content=\"https:\/\/www.santjosep.net\/ca\/turisme-actiu\/passejos\/cubells-cala-llentrisca\/\" \/>\n<meta property=\"og:site_name\" content=\"Santjosep.net\" \/>\n<meta property=\"article:modified_time\" content=\"2020-01-23T09:10:55+00:00\" \/>\n<meta property=\"og:image\" content=\"https:\/\/www.santjosep.net\/wp-content\/uploads\/2017\/12\/IMG_2169-e1516103623813.jpg\" \/>\n\t<meta property=\"og:image:width\" content=\"1200\" \/>\n\t<meta property=\"og:image:height\" content=\"795\" \/>\n\t<meta property=\"og:image:type\" content=\"image\/jpeg\" \/>\n<meta name=\"twitter:card\" content=\"summary_large_image\" \/>\n<meta name=\"twitter:label1\" content=\"Temps estimat de lectura\" \/>\n\t<meta name=\"twitter:data1\" content=\"4 minuts\" \/>\n<script type=\"application\/ld+json\" class=\"yoast-schema-graph\">{\"@context\":\"https:\/\/schema.org\",\"@graph\":[{\"@type\":\"WebPage\",\"@id\":\"https:\/\/www.santjosep.net\/ca\/turisme-actiu\/passejos\/cubells-cala-llentrisca\/\",\"url\":\"https:\/\/www.santjosep.net\/ca\/turisme-actiu\/passejos\/cubells-cala-llentrisca\/\",\"name\":\"Es Cubells - Cala Llentrisca - Santjosep.net\",\"isPartOf\":{\"@id\":\"https:\/\/www.santjosep.net\/#website\"},\"primaryImageOfPage\":{\"@id\":\"https:\/\/www.santjosep.net\/ca\/turisme-actiu\/passejos\/cubells-cala-llentrisca\/#primaryimage\"},\"image\":{\"@id\":\"https:\/\/www.santjosep.net\/ca\/turisme-actiu\/passejos\/cubells-cala-llentrisca\/#primaryimage\"},\"thumbnailUrl\":\"https:\/\/www.santjosep.net\/wp-content\/uploads\/2017\/12\/IMG_2169-e1516103623813.jpg\",\"datePublished\":\"2018-01-16T11:13:51+00:00\",\"dateModified\":\"2020-01-23T09:10:55+00:00\",\"breadcrumb\":{\"@id\":\"https:\/\/www.santjosep.net\/ca\/turisme-actiu\/passejos\/cubells-cala-llentrisca\/#breadcrumb\"},\"inLanguage\":\"ca\",\"potentialAction\":[{\"@type\":\"ReadAction\",\"target\":[\"https:\/\/www.santjosep.net\/ca\/turisme-actiu\/passejos\/cubells-cala-llentrisca\/\"]}]},{\"@type\":\"ImageObject\",\"inLanguage\":\"ca\",\"@id\":\"https:\/\/www.santjosep.net\/ca\/turisme-actiu\/passejos\/cubells-cala-llentrisca\/#primaryimage\",\"url\":\"https:\/\/www.santjosep.net\/wp-content\/uploads\/2017\/12\/IMG_2169-e1516103623813.jpg\",\"contentUrl\":\"https:\/\/www.santjosep.net\/wp-content\/uploads\/2017\/12\/IMG_2169-e1516103623813.jpg\",\"width\":1200,\"height\":795},{\"@type\":\"BreadcrumbList\",\"@id\":\"https:\/\/www.santjosep.net\/ca\/turisme-actiu\/passejos\/cubells-cala-llentrisca\/#breadcrumb\",\"itemListElement\":[{\"@type\":\"ListItem\",\"position\":1,\"name\":\"Turisme actiu\",\"item\":\"https:\/\/www.santjosep.net\/ca\/turisme-actiu\/\"},{\"@type\":\"ListItem\",\"position\":2,\"name\":\"Passejos\",\"item\":\"https:\/\/www.santjosep.net\/ca\/turisme-actiu\/passejos\/\"},{\"@type\":\"ListItem\",\"position\":3,\"name\":\"Es Cubells &#8211; Cala Llentrisca\"}]},{\"@type\":\"WebSite\",\"@id\":\"https:\/\/www.santjosep.net\/#website\",\"url\":\"https:\/\/www.santjosep.net\/\",\"name\":\"Santjosep.net\",\"description\":\"\",\"potentialAction\":[{\"@type\":\"SearchAction\",\"target\":{\"@type\":\"EntryPoint\",\"urlTemplate\":\"https:\/\/www.santjosep.net\/?s={search_term_string}\"},\"query-input\":{\"@type\":\"PropertyValueSpecification\",\"valueRequired\":true,\"valueName\":\"search_term_string\"}}],\"inLanguage\":\"ca\"}]}<\/script>\n<!-- \/ Yoast SEO plugin. -->","yoast_head_json":{"title":"Es Cubells - Cala Llentrisca - Santjosep.net","robots":{"index":"index","follow":"follow","max-snippet":"max-snippet:-1","max-image-preview":"max-image-preview:large","max-video-preview":"max-video-preview:-1"},"canonical":"https:\/\/www.santjosep.net\/ca\/turisme-actiu\/passejos\/cubells-cala-llentrisca\/","og_locale":"ca_ES","og_type":"article","og_title":"Es Cubells - Cala Llentrisca - Santjosep.net","og_description":"Gr\u00e0cies a la ubicaci\u00f3 especial del poble des Cubells, situat a la vora d\u2019un espectacular penya-segat al sud de Sant Josep, aquesta ruta ens regala unes vistes espectaculars al mar, on es pot gaudir de la natura i descobrir platges [&hellip;]","og_url":"https:\/\/www.santjosep.net\/ca\/turisme-actiu\/passejos\/cubells-cala-llentrisca\/","og_site_name":"Santjosep.net","article_modified_time":"2020-01-23T09:10:55+00:00","og_image":[{"width":1200,"height":795,"url":"https:\/\/www.santjosep.net\/wp-content\/uploads\/2017\/12\/IMG_2169-e1516103623813.jpg","type":"image\/jpeg"}],"twitter_card":"summary_large_image","twitter_misc":{"Temps estimat de lectura":"4 minuts"},"schema":{"@context":"https:\/\/schema.org","@graph":[{"@type":"WebPage","@id":"https:\/\/www.santjosep.net\/ca\/turisme-actiu\/passejos\/cubells-cala-llentrisca\/","url":"https:\/\/www.santjosep.net\/ca\/turisme-actiu\/passejos\/cubells-cala-llentrisca\/","name":"Es Cubells - Cala Llentrisca - Santjosep.net","isPartOf":{"@id":"https:\/\/www.santjosep.net\/#website"},"primaryImageOfPage":{"@id":"https:\/\/www.santjosep.net\/ca\/turisme-actiu\/passejos\/cubells-cala-llentrisca\/#primaryimage"},"image":{"@id":"https:\/\/www.santjosep.net\/ca\/turisme-actiu\/passejos\/cubells-cala-llentrisca\/#primaryimage"},"thumbnailUrl":"https:\/\/www.santjosep.net\/wp-content\/uploads\/2017\/12\/IMG_2169-e1516103623813.jpg","datePublished":"2018-01-16T11:13:51+00:00","dateModified":"2020-01-23T09:10:55+00:00","breadcrumb":{"@id":"https:\/\/www.santjosep.net\/ca\/turisme-actiu\/passejos\/cubells-cala-llentrisca\/#breadcrumb"},"inLanguage":"ca","potentialAction":[{"@type":"ReadAction","target":["https:\/\/www.santjosep.net\/ca\/turisme-actiu\/passejos\/cubells-cala-llentrisca\/"]}]},{"@type":"ImageObject","inLanguage":"ca","@id":"https:\/\/www.santjosep.net\/ca\/turisme-actiu\/passejos\/cubells-cala-llentrisca\/#primaryimage","url":"https:\/\/www.santjosep.net\/wp-content\/uploads\/2017\/12\/IMG_2169-e1516103623813.jpg","contentUrl":"https:\/\/www.santjosep.net\/wp-content\/uploads\/2017\/12\/IMG_2169-e1516103623813.jpg","width":1200,"height":795},{"@type":"BreadcrumbList","@id":"https:\/\/www.santjosep.net\/ca\/turisme-actiu\/passejos\/cubells-cala-llentrisca\/#breadcrumb","itemListElement":[{"@type":"ListItem","position":1,"name":"Turisme actiu","item":"https:\/\/www.santjosep.net\/ca\/turisme-actiu\/"},{"@type":"ListItem","position":2,"name":"Passejos","item":"https:\/\/www.santjosep.net\/ca\/turisme-actiu\/passejos\/"},{"@type":"ListItem","position":3,"name":"Es Cubells &#8211; Cala Llentrisca"}]},{"@type":"WebSite","@id":"https:\/\/www.santjosep.net\/#website","url":"https:\/\/www.santjosep.net\/","name":"Santjosep.net","description":"","potentialAction":[{"@type":"SearchAction","target":{"@type":"EntryPoint","urlTemplate":"https:\/\/www.santjosep.net\/?s={search_term_string}"},"query-input":{"@type":"PropertyValueSpecification","valueRequired":true,"valueName":"search_term_string"}}],"inLanguage":"ca"}]}},"_links":{"self":[{"href":"https:\/\/www.santjosep.net\/ca\/wp-json\/wp\/v2\/pages\/13633","targetHints":{"allow":["GET"]}}],"collection":[{"href":"https:\/\/www.santjosep.net\/ca\/wp-json\/wp\/v2\/pages"}],"about":[{"href":"https:\/\/www.santjosep.net\/ca\/wp-json\/wp\/v2\/types\/page"}],"author":[{"embeddable":true,"href":"https:\/\/www.santjosep.net\/ca\/wp-json\/wp\/v2\/users\/1"}],"replies":[{"embeddable":true,"href":"https:\/\/www.santjosep.net\/ca\/wp-json\/wp\/v2\/comments?post=13633"}],"version-history":[{"count":0,"href":"https:\/\/www.santjosep.net\/ca\/wp-json\/wp\/v2\/pages\/13633\/revisions"}],"up":[{"embeddable":true,"href":"https:\/\/www.santjosep.net\/ca\/wp-json\/wp\/v2\/pages\/12398"}],"wp:featuredmedia":[{"embeddable":true,"href":"https:\/\/www.santjosep.net\/ca\/wp-json\/wp\/v2\/media\/12566"}],"wp:attachment":[{"href":"https:\/\/www.santjosep.net\/ca\/wp-json\/wp\/v2\/media?parent=13633"}],"wp:term":[{"taxonomy":"categoria_pagina","embeddable":true,"href":"https:\/\/www.santjosep.net\/ca\/wp-json\/wp\/v2\/categoria_pagina?post=13633"}],"curies":[{"name":"wp","href":"https:\/\/api.w.org\/{rel}","templated":true}]}}