{"id":12477,"date":"2013-03-23T05:01:12","date_gmt":"2013-03-23T05:01:12","guid":{"rendered":"https:\/\/www.santjosep.net\/blog\/"},"modified":"2020-01-23T10:51:30","modified_gmt":"2020-01-23T09:51:30","slug":"blog","status":"publish","type":"page","link":"https:\/\/www.santjosep.net\/ca\/blog\/","title":{"rendered":"Viu Sant Josep"},"content":{"rendered":"<div class=\"wpb-content-wrapper\"><p>[vc_row enable_hue_rotation=&#8221;no&#8221; enable_text_marquee=&#8221;no&#8221; css=&#8221;.vc_custom_1579773193315{margin-top: 50px !important;}&#8221;][vc_column]<div class=\"edgtf-blog-list-holder edgtf-bl-standard edgtf-bl-two-columns edgtf-bl-large-space edgtf-bl-pag-no-pagination edgtf-bl-dark\"  data-type=standard data-number-of-posts=-1 data-number-of-columns=2 data-space-between-columns=large data-order-by=date data-order=DESC data-image-size=full data-skin=dark data-title-tag=h4 data-excerpt-length=75 data-post-info-section=yes data-post-info-image=yes data-post-info-author=no data-post-info-date=yes data-post-info-category=yes data-post-info-comments=no data-post-info-share=no data-pagination-type=no-pagination data-max-num-pages=0 data-next-page=2>\n\t<div class=\"edgtf-bl-wrapper\">\n\t\t<ul class=\"edgtf-blog-list\">\n\t\t\t<li class=\"edgtf-bl-item clearfix\">\n\t<div class=\"edgtf-bli-inner\">\n\t\t\n\t<div class=\"edgtf-post-image\">\n\t\t\t\t\t<a itemprop=\"url\" href=\"https:\/\/www.santjosep.net\/ca\/sant-josep-full-of-life\/\" title=\"Sant Josep, Full of Life\">\n\t\t\t\t\t\t\t\t\t<img loading=\"lazy\" decoding=\"async\" width=\"1620\" height=\"1080\" src=\"https:\/\/www.santjosep.net\/wp-content\/uploads\/2025\/11\/Disen\u0303o-sin-ti\u0301tulo-1.jpg\" class=\"attachment-full size-full wp-post-image\" alt=\"\" srcset=\"https:\/\/www.santjosep.net\/wp-content\/uploads\/2025\/11\/Disen\u0303o-sin-ti\u0301tulo-1.jpg 1620w, https:\/\/www.santjosep.net\/wp-content\/uploads\/2025\/11\/Disen\u0303o-sin-ti\u0301tulo-1-300x200.jpg 300w, https:\/\/www.santjosep.net\/wp-content\/uploads\/2025\/11\/Disen\u0303o-sin-ti\u0301tulo-1-1024x683.jpg 1024w, https:\/\/www.santjosep.net\/wp-content\/uploads\/2025\/11\/Disen\u0303o-sin-ti\u0301tulo-1-768x512.jpg 768w, https:\/\/www.santjosep.net\/wp-content\/uploads\/2025\/11\/Disen\u0303o-sin-ti\u0301tulo-1-1536x1024.jpg 1536w\" sizes=\"auto, (max-width: 1620px) 100vw, 1620px\" \/>\t\t\t\t\t\t\t\t<\/a>\n\t\t\t<\/div>\n        <div class=\"edgtf-bli-content\">\n                            <div class=\"edgtf-bli-date\">\n\t                <div itemprop=\"dateCreated\" class=\"edgtf-post-info-date entry-date published updated\">\n            <a itemprop=\"url\" href=\"https:\/\/www.santjosep.net\/ca\/2025\/11\/\">\n    \n        6 novembre 2025        <\/a>\n    <meta itemprop=\"interactionCount\" content=\"UserComments: 0\"\/>\n<\/div>                <\/div>\n            \t\n\t        \n<h4 itemprop=\"name\" class=\"entry-title edgtf-post-title\" >\n            <a itemprop=\"url\" href=\"https:\/\/www.santjosep.net\/ca\/sant-josep-full-of-life\/\" title=\"Sant Josep, Full of Life\">\n            Sant Josep, Full of Life            <\/a>\n    <\/h4>\n\t        <div class=\"edgtf-bli-info\">\n\t\t        <div class=\"edgtf-post-info-category\">\n    <a href=\"https:\/\/www.santjosep.net\/ca\/category\/uncategorized-ca\/\" rel=\"category tag\">Uncategorized @ca<\/a><\/div>\t        <\/div>\n\n\t        <div class=\"edgtf-bli-excerpt\">\n\t\t        \t\t<div class=\"edgtf-post-excerpt-holder\">\n\t\t\t<p itemprop=\"description\" class=\"edgtf-post-excerpt\">\n\t\t\t\tSant Josep, Full of Life\u201d, una invitaci\u00f3n a descubrir un destino aut\u00e9ntico, activo y lleno de energ\u00eda durante todo el a\u00f1o\t\t\t<\/p>\n\t\t<\/div>\n\t\t\t        \t<div class=\"edgtf-post-read-more-button\">\n\t\t<a itemprop=\"url\" href=\"https:\/\/www.santjosep.net\/ca\/sant-josep-full-of-life\/\" target=\"_self\"  class=\"edgtf-btn edgtf-btn-medium edgtf-btn-simple edgtf-btn-switch-line edgtf-blog-list-button\"  >\t\t\t<span class=\"edgtf-btn-icon-element\"><\/span>\t\t<span class=\"edgtf-btn-text\">Llegir m\u00e9s<span class=\"edgtf-btn-text-line\" ><\/span><span class=\"edgtf-btn-switch-line\" ><\/span><\/span>\t<\/a>\t<\/div>\n\t        <\/div>\n        <\/div>\n\t<\/div>\n<\/li><li class=\"edgtf-bl-item clearfix\">\n\t<div class=\"edgtf-bli-inner\">\n\t\t\n\t<div class=\"edgtf-post-image\">\n\t\t\t\t\t<a itemprop=\"url\" href=\"https:\/\/www.santjosep.net\/ca\/museu-sa-caleta-el-mundo-fenicio\/\" title=\"Museu sa Caleta, el mundo fenicio\">\n\t\t\t\t\t\t\t\t\t<img loading=\"lazy\" decoding=\"async\" width=\"1920\" height=\"1280\" src=\"https:\/\/www.santjosep.net\/wp-content\/uploads\/2025\/06\/DSC08221.jpg\" class=\"attachment-full size-full wp-post-image\" alt=\"\" srcset=\"https:\/\/www.santjosep.net\/wp-content\/uploads\/2025\/06\/DSC08221.jpg 1920w, https:\/\/www.santjosep.net\/wp-content\/uploads\/2025\/06\/DSC08221-300x200.jpg 300w, https:\/\/www.santjosep.net\/wp-content\/uploads\/2025\/06\/DSC08221-1024x683.jpg 1024w, https:\/\/www.santjosep.net\/wp-content\/uploads\/2025\/06\/DSC08221-768x512.jpg 768w, https:\/\/www.santjosep.net\/wp-content\/uploads\/2025\/06\/DSC08221-1536x1024.jpg 1536w\" sizes=\"auto, (max-width: 1920px) 100vw, 1920px\" \/>\t\t\t\t\t\t\t\t<\/a>\n\t\t\t<\/div>\n        <div class=\"edgtf-bli-content\">\n                            <div class=\"edgtf-bli-date\">\n\t                <div itemprop=\"dateCreated\" class=\"edgtf-post-info-date entry-date published updated\">\n            <a itemprop=\"url\" href=\"https:\/\/www.santjosep.net\/ca\/2025\/06\/\">\n    \n        5 juny 2025        <\/a>\n    <meta itemprop=\"interactionCount\" content=\"UserComments: 0\"\/>\n<\/div>                <\/div>\n            \t\n\t        \n<h4 itemprop=\"name\" class=\"entry-title edgtf-post-title\" >\n            <a itemprop=\"url\" href=\"https:\/\/www.santjosep.net\/ca\/museu-sa-caleta-el-mundo-fenicio\/\" title=\"Museu sa Caleta, el mundo fenicio\">\n            Museu sa Caleta, el mundo fenicio            <\/a>\n    <\/h4>\n\t        <div class=\"edgtf-bli-info\">\n\t\t        <div class=\"edgtf-post-info-category\">\n    <a href=\"https:\/\/www.santjosep.net\/ca\/category\/cultura-ca\/\" rel=\"category tag\">Cultura<\/a>, <a href=\"https:\/\/www.santjosep.net\/ca\/category\/patrimonio-ca\/\" rel=\"category tag\">Patrimoni<\/a><\/div>\t        <\/div>\n\n\t        <div class=\"edgtf-bli-excerpt\">\n\t\t        \t\t<div class=\"edgtf-post-excerpt-holder\">\n\t\t\t<p itemprop=\"description\" class=\"edgtf-post-excerpt\">\n\t\t\t\tEl poblat fenici de sa Caleta, ubicat a la costa sud d'Eivissa, \u00e9s un testimoni inestimable dels or\u00edgens de l'illa i de l'expansi\u00f3 fen\u00edcia a la Mediterr\u00e0nia occidental.\t\t\t<\/p>\n\t\t<\/div>\n\t\t\t        \t<div class=\"edgtf-post-read-more-button\">\n\t\t<a itemprop=\"url\" href=\"https:\/\/www.santjosep.net\/ca\/museu-sa-caleta-el-mundo-fenicio\/\" target=\"_self\"  class=\"edgtf-btn edgtf-btn-medium edgtf-btn-simple edgtf-btn-switch-line edgtf-blog-list-button\"  >\t\t\t<span class=\"edgtf-btn-icon-element\"><\/span>\t\t<span class=\"edgtf-btn-text\">Llegir m\u00e9s<span class=\"edgtf-btn-text-line\" ><\/span><span class=\"edgtf-btn-switch-line\" ><\/span><\/span>\t<\/a>\t<\/div>\n\t        <\/div>\n        <\/div>\n\t<\/div>\n<\/li><li class=\"edgtf-bl-item clearfix\">\n\t<div class=\"edgtf-bli-inner\">\n\t\t\n\t<div class=\"edgtf-post-image\">\n\t\t\t\t\t<a itemprop=\"url\" href=\"https:\/\/www.santjosep.net\/ca\/regulacion-del-alquiler-de-caravanas-en-ibiza-multas-de-hasta-30-000-euros\/\" title=\"Regulaci\u00f3 del lloguer de caravanes a Eivissa: multes de fins a 30.000 euros\">\n\t\t\t\t\t\t\t\t\t<img loading=\"lazy\" decoding=\"async\" width=\"1000\" height=\"662\" src=\"https:\/\/www.santjosep.net\/wp-content\/uploads\/2025\/02\/shutterstock_1702455343.jpg\" class=\"attachment-full size-full wp-post-image\" alt=\"\" srcset=\"https:\/\/www.santjosep.net\/wp-content\/uploads\/2025\/02\/shutterstock_1702455343.jpg 1000w, https:\/\/www.santjosep.net\/wp-content\/uploads\/2025\/02\/shutterstock_1702455343-300x199.jpg 300w, https:\/\/www.santjosep.net\/wp-content\/uploads\/2025\/02\/shutterstock_1702455343-768x508.jpg 768w\" sizes=\"auto, (max-width: 1000px) 100vw, 1000px\" \/>\t\t\t\t\t\t\t\t<\/a>\n\t\t\t<\/div>\n        <div class=\"edgtf-bli-content\">\n                            <div class=\"edgtf-bli-date\">\n\t                <div itemprop=\"dateCreated\" class=\"edgtf-post-info-date entry-date published updated\">\n            <a itemprop=\"url\" href=\"https:\/\/www.santjosep.net\/ca\/2025\/02\/\">\n    \n        26 febrer 2025        <\/a>\n    <meta itemprop=\"interactionCount\" content=\"UserComments: 0\"\/>\n<\/div>                <\/div>\n            \t\n\t        \n<h4 itemprop=\"name\" class=\"entry-title edgtf-post-title\" >\n            <a itemprop=\"url\" href=\"https:\/\/www.santjosep.net\/ca\/regulacion-del-alquiler-de-caravanas-en-ibiza-multas-de-hasta-30-000-euros\/\" title=\"Regulaci\u00f3 del lloguer de caravanes a Eivissa: multes de fins a 30.000 euros\">\n            Regulaci\u00f3 del lloguer de caravanes a Eivissa: multes de fins a 30.000 euros            <\/a>\n    <\/h4>\n\t        <div class=\"edgtf-bli-info\">\n\t\t        <div class=\"edgtf-post-info-category\">\n    <a href=\"https:\/\/www.santjosep.net\/ca\/category\/informacio-util\/\" rel=\"category tag\">Informaci\u00f3 \u00fatil<\/a><\/div>\t        <\/div>\n\n\t        <div class=\"edgtf-bli-excerpt\">\n\t\t        \t\t<div class=\"edgtf-post-excerpt-holder\">\n\t\t\t<p itemprop=\"description\" class=\"edgtf-post-excerpt\">\n\t\t\t\tPer evitar fraus en el lloguer de caravanes i garantir el compliment de la normativa vigent, a Eivissa s'aplica la Llei 5\/2024 de control de l\u2019aflu\u00e8ncia de vehicles. Aquesta legislaci\u00f3 t\u00e9 com a objectiu regular la pres\u00e8ncia de vehicles a l\u2019illa i protegir l\u2019entorn natural de possibles usos indeguts.\t\t\t<\/p>\n\t\t<\/div>\n\t\t\t        \t<div class=\"edgtf-post-read-more-button\">\n\t\t<a itemprop=\"url\" href=\"https:\/\/www.santjosep.net\/ca\/regulacion-del-alquiler-de-caravanas-en-ibiza-multas-de-hasta-30-000-euros\/\" target=\"_self\"  class=\"edgtf-btn edgtf-btn-medium edgtf-btn-simple edgtf-btn-switch-line edgtf-blog-list-button\"  >\t\t\t<span class=\"edgtf-btn-icon-element\"><\/span>\t\t<span class=\"edgtf-btn-text\">Llegir m\u00e9s<span class=\"edgtf-btn-text-line\" ><\/span><span class=\"edgtf-btn-switch-line\" ><\/span><\/span>\t<\/a>\t<\/div>\n\t        <\/div>\n        <\/div>\n\t<\/div>\n<\/li><li class=\"edgtf-bl-item clearfix\">\n\t<div class=\"edgtf-bli-inner\">\n\t\t\n\t<div class=\"edgtf-post-image\">\n\t\t\t\t\t<a itemprop=\"url\" href=\"https:\/\/www.santjosep.net\/ca\/sant-josep-presenta-tres-canals-de-natacio-a-la-mar-a-les-platges-de-port-des-torrent-ses-salines-i-entre-es-pouet-i-sestanyol\/\" title=\"Sant Josep presenta tres canals de nataci\u00f3 a la mar a les platges de Port des Torrent, Ses Salines i entre es Pouet i s\u2019Estanyol\">\n\t\t\t\t\t\t\t\t\t<img loading=\"lazy\" decoding=\"async\" width=\"2048\" height=\"1479\" src=\"https:\/\/www.santjosep.net\/wp-content\/uploads\/2024\/07\/Canal-natacio-3.jpg\" class=\"attachment-full size-full wp-post-image\" alt=\"\" srcset=\"https:\/\/www.santjosep.net\/wp-content\/uploads\/2024\/07\/Canal-natacio-3.jpg 2048w, https:\/\/www.santjosep.net\/wp-content\/uploads\/2024\/07\/Canal-natacio-3-300x217.jpg 300w, https:\/\/www.santjosep.net\/wp-content\/uploads\/2024\/07\/Canal-natacio-3-1024x740.jpg 1024w, https:\/\/www.santjosep.net\/wp-content\/uploads\/2024\/07\/Canal-natacio-3-768x555.jpg 768w, https:\/\/www.santjosep.net\/wp-content\/uploads\/2024\/07\/Canal-natacio-3-1536x1109.jpg 1536w\" sizes=\"auto, (max-width: 2048px) 100vw, 2048px\" \/>\t\t\t\t\t\t\t\t<\/a>\n\t\t\t<\/div>\n        <div class=\"edgtf-bli-content\">\n                            <div class=\"edgtf-bli-date\">\n\t                <div itemprop=\"dateCreated\" class=\"edgtf-post-info-date entry-date published updated\">\n            <a itemprop=\"url\" href=\"https:\/\/www.santjosep.net\/ca\/2024\/07\/\">\n    \n        18 juliol 2024        <\/a>\n    <meta itemprop=\"interactionCount\" content=\"UserComments: 0\"\/>\n<\/div>                <\/div>\n            \t\n\t        \n<h4 itemprop=\"name\" class=\"entry-title edgtf-post-title\" >\n            <a itemprop=\"url\" href=\"https:\/\/www.santjosep.net\/ca\/sant-josep-presenta-tres-canals-de-natacio-a-la-mar-a-les-platges-de-port-des-torrent-ses-salines-i-entre-es-pouet-i-sestanyol\/\" title=\"Sant Josep presenta tres canals de nataci\u00f3 a la mar a les platges de Port des Torrent, Ses Salines i entre es Pouet i s\u2019Estanyol\">\n            Sant Josep presenta tres canals de nataci\u00f3 a la mar a les platges de Port des Torrent, Ses Salines i entre es Pouet i s\u2019Estanyol            <\/a>\n    <\/h4>\n\t        <div class=\"edgtf-bli-info\">\n\t\t        <div class=\"edgtf-post-info-category\">\n    <a href=\"https:\/\/www.santjosep.net\/ca\/category\/platjes-ca\/\" rel=\"category tag\">Platjes<\/a><\/div>\t        <\/div>\n\n\t        <div class=\"edgtf-bli-excerpt\">\n\t\t        \t\t<div class=\"edgtf-post-excerpt-holder\">\n\t\t\t<p itemprop=\"description\" class=\"edgtf-post-excerpt\">\n\t\t\t\tTots tres tenen una dist\u00e0ncia aproximada de 500 metres i compten amb adhesius que indiquen la dist\u00e0ncia recorreguda des del punt de sortida\r\n\r\nL'Ajuntament de Sant Josep de sa Talaia, a trav\u00e9s de la regidoria de Medi Ambient, Litoral i Sostenibilitat i la d'Esports, Joventut i Transpar\u00e8ncia, ha presentat avui a la platja de Port d'es Torrent un dels tres nous canals de nataci\u00f3 a la mar que s'han instal\u00b7lat al municipi. Els altres dos es\t\t\t<\/p>\n\t\t<\/div>\n\t\t\t        \t<div class=\"edgtf-post-read-more-button\">\n\t\t<a itemprop=\"url\" href=\"https:\/\/www.santjosep.net\/ca\/sant-josep-presenta-tres-canals-de-natacio-a-la-mar-a-les-platges-de-port-des-torrent-ses-salines-i-entre-es-pouet-i-sestanyol\/\" target=\"_self\"  class=\"edgtf-btn edgtf-btn-medium edgtf-btn-simple edgtf-btn-switch-line edgtf-blog-list-button\"  >\t\t\t<span class=\"edgtf-btn-icon-element\"><\/span>\t\t<span class=\"edgtf-btn-text\">Llegir m\u00e9s<span class=\"edgtf-btn-text-line\" ><\/span><span class=\"edgtf-btn-switch-line\" ><\/span><\/span>\t<\/a>\t<\/div>\n\t        <\/div>\n        <\/div>\n\t<\/div>\n<\/li><li class=\"edgtf-bl-item clearfix\">\n\t<div class=\"edgtf-bli-inner\">\n\t\t\n\t<div class=\"edgtf-post-image\">\n\t\t\t\t\t<a itemprop=\"url\" href=\"https:\/\/www.santjosep.net\/ca\/la-costa-oeste-y-sur-de-ibiza-por-mar\/\" title=\"La costa oest i sud d\u2019Eivissa per mar\">\n\t\t\t\t\t\t\t\t\t<img loading=\"lazy\" decoding=\"async\" width=\"1500\" height=\"1125\" src=\"https:\/\/www.santjosep.net\/wp-content\/uploads\/2023\/07\/portada_mar_ibiza.jpg\" class=\"attachment-full size-full wp-post-image\" alt=\"\" srcset=\"https:\/\/www.santjosep.net\/wp-content\/uploads\/2023\/07\/portada_mar_ibiza.jpg 1500w, https:\/\/www.santjosep.net\/wp-content\/uploads\/2023\/07\/portada_mar_ibiza-300x225.jpg 300w, https:\/\/www.santjosep.net\/wp-content\/uploads\/2023\/07\/portada_mar_ibiza-1024x768.jpg 1024w, https:\/\/www.santjosep.net\/wp-content\/uploads\/2023\/07\/portada_mar_ibiza-768x576.jpg 768w, https:\/\/www.santjosep.net\/wp-content\/uploads\/2023\/07\/portada_mar_ibiza-800x600.jpg 800w\" sizes=\"auto, (max-width: 1500px) 100vw, 1500px\" \/>\t\t\t\t\t\t\t\t<\/a>\n\t\t\t<\/div>\n        <div class=\"edgtf-bli-content\">\n                            <div class=\"edgtf-bli-date\">\n\t                <div itemprop=\"dateCreated\" class=\"edgtf-post-info-date entry-date published updated\">\n            <a itemprop=\"url\" href=\"https:\/\/www.santjosep.net\/ca\/2023\/07\/\">\n    \n        6 juliol 2023        <\/a>\n    <meta itemprop=\"interactionCount\" content=\"UserComments: 0\"\/>\n<\/div>                <\/div>\n            \t\n\t        \n<h4 itemprop=\"name\" class=\"entry-title edgtf-post-title\" >\n            <a itemprop=\"url\" href=\"https:\/\/www.santjosep.net\/ca\/la-costa-oeste-y-sur-de-ibiza-por-mar\/\" title=\"La costa oest i sud d\u2019Eivissa per mar\">\n            La costa oest i sud d\u2019Eivissa per mar            <\/a>\n    <\/h4>\n\t        <div class=\"edgtf-bli-info\">\n\t\t        <div class=\"edgtf-post-info-category\">\n    <a href=\"https:\/\/www.santjosep.net\/ca\/category\/rutes-ca\/\" rel=\"category tag\">Rutes<\/a><\/div>\t        <\/div>\n\n\t        <div class=\"edgtf-bli-excerpt\">\n\t\t        \t\t<div class=\"edgtf-post-excerpt-holder\">\n\t\t\t<p itemprop=\"description\" class=\"edgtf-post-excerpt\">\n\t\t\t\tM\u00e9s de 80 quil\u00f2metres i 32 platges. Aquestes dues xifres condensen l\u2019enorme potencial que t\u00e9 Sant Josep de sa Talaia per als amants de la navegaci\u00f3.\t\t\t<\/p>\n\t\t<\/div>\n\t\t\t        \t<div class=\"edgtf-post-read-more-button\">\n\t\t<a itemprop=\"url\" href=\"https:\/\/www.santjosep.net\/ca\/la-costa-oeste-y-sur-de-ibiza-por-mar\/\" target=\"_self\"  class=\"edgtf-btn edgtf-btn-medium edgtf-btn-simple edgtf-btn-switch-line edgtf-blog-list-button\"  >\t\t\t<span class=\"edgtf-btn-icon-element\"><\/span>\t\t<span class=\"edgtf-btn-text\">Llegir m\u00e9s<span class=\"edgtf-btn-text-line\" ><\/span><span class=\"edgtf-btn-switch-line\" ><\/span><\/span>\t<\/a>\t<\/div>\n\t        <\/div>\n        <\/div>\n\t<\/div>\n<\/li><li class=\"edgtf-bl-item clearfix\">\n\t<div class=\"edgtf-bli-inner\">\n\t\t\n\t<div class=\"edgtf-post-image\">\n\t\t\t\t\t<a itemprop=\"url\" href=\"https:\/\/www.santjosep.net\/ca\/cala-carbo-un-rincon-con-encanto-al-sur-de-ibiza\/\" title=\"Cala Carb\u00f3, un rac\u00f3 amb encant al sud d\u2019Eivissa\">\n\t\t\t\t\t\t\t\t\t<img loading=\"lazy\" decoding=\"async\" width=\"1900\" height=\"1425\" src=\"https:\/\/www.santjosep.net\/wp-content\/uploads\/2023\/07\/temp_image_for_default_share-6.jpg\" class=\"attachment-full size-full wp-post-image\" alt=\"\" srcset=\"https:\/\/www.santjosep.net\/wp-content\/uploads\/2023\/07\/temp_image_for_default_share-6.jpg 1900w, https:\/\/www.santjosep.net\/wp-content\/uploads\/2023\/07\/temp_image_for_default_share-6-300x225.jpg 300w, https:\/\/www.santjosep.net\/wp-content\/uploads\/2023\/07\/temp_image_for_default_share-6-1024x768.jpg 1024w, https:\/\/www.santjosep.net\/wp-content\/uploads\/2023\/07\/temp_image_for_default_share-6-768x576.jpg 768w, https:\/\/www.santjosep.net\/wp-content\/uploads\/2023\/07\/temp_image_for_default_share-6-1536x1152.jpg 1536w, https:\/\/www.santjosep.net\/wp-content\/uploads\/2023\/07\/temp_image_for_default_share-6-800x600.jpg 800w\" sizes=\"auto, (max-width: 1900px) 100vw, 1900px\" \/>\t\t\t\t\t\t\t\t<\/a>\n\t\t\t<\/div>\n        <div class=\"edgtf-bli-content\">\n                            <div class=\"edgtf-bli-date\">\n\t                <div itemprop=\"dateCreated\" class=\"edgtf-post-info-date entry-date published updated\">\n            <a itemprop=\"url\" href=\"https:\/\/www.santjosep.net\/ca\/2023\/06\/\">\n    \n        22 juny 2023        <\/a>\n    <meta itemprop=\"interactionCount\" content=\"UserComments: 0\"\/>\n<\/div>                <\/div>\n            \t\n\t        \n<h4 itemprop=\"name\" class=\"entry-title edgtf-post-title\" >\n            <a itemprop=\"url\" href=\"https:\/\/www.santjosep.net\/ca\/cala-carbo-un-rincon-con-encanto-al-sur-de-ibiza\/\" title=\"Cala Carb\u00f3, un rac\u00f3 amb encant al sud d\u2019Eivissa\">\n            Cala Carb\u00f3, un rac\u00f3 amb encant al sud d\u2019Eivissa            <\/a>\n    <\/h4>\n\t        <div class=\"edgtf-bli-info\">\n\t\t        <div class=\"edgtf-post-info-category\">\n    <a href=\"https:\/\/www.santjosep.net\/ca\/category\/platjes-ca\/\" rel=\"category tag\">Platjes<\/a><\/div>\t        <\/div>\n\n\t        <div class=\"edgtf-bli-excerpt\">\n\t\t        \t\t<div class=\"edgtf-post-excerpt-holder\">\n\t\t\t<p itemprop=\"description\" class=\"edgtf-post-excerpt\">\n\t\t\t\tCala Carb\u00f3 \u00e9s una encisadora cala situada al sud de l\u2019illa d\u2019Eivissa que ofereix tots els atractius dels raconets de costa de la Mediterr\u00e0nia.\t\t\t<\/p>\n\t\t<\/div>\n\t\t\t        \t<div class=\"edgtf-post-read-more-button\">\n\t\t<a itemprop=\"url\" href=\"https:\/\/www.santjosep.net\/ca\/cala-carbo-un-rincon-con-encanto-al-sur-de-ibiza\/\" target=\"_self\"  class=\"edgtf-btn edgtf-btn-medium edgtf-btn-simple edgtf-btn-switch-line edgtf-blog-list-button\"  >\t\t\t<span class=\"edgtf-btn-icon-element\"><\/span>\t\t<span class=\"edgtf-btn-text\">Llegir m\u00e9s<span class=\"edgtf-btn-text-line\" ><\/span><span class=\"edgtf-btn-switch-line\" ><\/span><\/span>\t<\/a>\t<\/div>\n\t        <\/div>\n        <\/div>\n\t<\/div>\n<\/li><li class=\"edgtf-bl-item clearfix\">\n\t<div class=\"edgtf-bli-inner\">\n\t\t\n\t<div class=\"edgtf-post-image\">\n\t\t\t\t\t<a itemprop=\"url\" href=\"https:\/\/www.santjosep.net\/ca\/disfruta-de-la-gastronomia-de-sant-josep\/\" title=\"Gaudeix de la gastronomia de Sant Josep\">\n\t\t\t\t\t\t\t\t\t<img loading=\"lazy\" decoding=\"async\" width=\"1500\" height=\"1125\" src=\"https:\/\/www.santjosep.net\/wp-content\/uploads\/2023\/05\/Portada_P1055607.jpg\" class=\"attachment-full size-full wp-post-image\" alt=\"\" srcset=\"https:\/\/www.santjosep.net\/wp-content\/uploads\/2023\/05\/Portada_P1055607.jpg 1500w, https:\/\/www.santjosep.net\/wp-content\/uploads\/2023\/05\/Portada_P1055607-300x225.jpg 300w, https:\/\/www.santjosep.net\/wp-content\/uploads\/2023\/05\/Portada_P1055607-1024x768.jpg 1024w, https:\/\/www.santjosep.net\/wp-content\/uploads\/2023\/05\/Portada_P1055607-768x576.jpg 768w, https:\/\/www.santjosep.net\/wp-content\/uploads\/2023\/05\/Portada_P1055607-800x600.jpg 800w\" sizes=\"auto, (max-width: 1500px) 100vw, 1500px\" \/>\t\t\t\t\t\t\t\t<\/a>\n\t\t\t<\/div>\n        <div class=\"edgtf-bli-content\">\n                            <div class=\"edgtf-bli-date\">\n\t                <div itemprop=\"dateCreated\" class=\"edgtf-post-info-date entry-date published updated\">\n            <a itemprop=\"url\" href=\"https:\/\/www.santjosep.net\/ca\/2023\/05\/\">\n    \n        16 maig 2023        <\/a>\n    <meta itemprop=\"interactionCount\" content=\"UserComments: 0\"\/>\n<\/div>                <\/div>\n            \t\n\t        \n<h4 itemprop=\"name\" class=\"entry-title edgtf-post-title\" >\n            <a itemprop=\"url\" href=\"https:\/\/www.santjosep.net\/ca\/disfruta-de-la-gastronomia-de-sant-josep\/\" title=\"Gaudeix de la gastronomia de Sant Josep\">\n            Gaudeix de la gastronomia de Sant Josep            <\/a>\n    <\/h4>\n\t        <div class=\"edgtf-bli-info\">\n\t\t        <div class=\"edgtf-post-info-category\">\n    <a href=\"https:\/\/www.santjosep.net\/ca\/category\/gastronomia-2-ca\/\" rel=\"category tag\">Gastronom\u00eda<\/a><\/div>\t        <\/div>\n\n\t        <div class=\"edgtf-bli-excerpt\">\n\t\t        \t\t<div class=\"edgtf-post-excerpt-holder\">\n\t\t\t<p itemprop=\"description\" class=\"edgtf-post-excerpt\">\n\t\t\t\tEn els darrers anys, la gastronomia ha esdevingut un dels atractius indispensables de qualsevol enclavament tur\u00edstic amb cara i ulls.\t\t\t<\/p>\n\t\t<\/div>\n\t\t\t        \t<div class=\"edgtf-post-read-more-button\">\n\t\t<a itemprop=\"url\" href=\"https:\/\/www.santjosep.net\/ca\/disfruta-de-la-gastronomia-de-sant-josep\/\" target=\"_self\"  class=\"edgtf-btn edgtf-btn-medium edgtf-btn-simple edgtf-btn-switch-line edgtf-blog-list-button\"  >\t\t\t<span class=\"edgtf-btn-icon-element\"><\/span>\t\t<span class=\"edgtf-btn-text\">Llegir m\u00e9s<span class=\"edgtf-btn-text-line\" ><\/span><span class=\"edgtf-btn-switch-line\" ><\/span><\/span>\t<\/a>\t<\/div>\n\t        <\/div>\n        <\/div>\n\t<\/div>\n<\/li><li class=\"edgtf-bl-item clearfix\">\n\t<div class=\"edgtf-bli-inner\">\n\t\t\n\t<div class=\"edgtf-post-image\">\n\t\t\t\t\t<a itemprop=\"url\" href=\"https:\/\/www.santjosep.net\/ca\/lovesantjosep-el-hashtag-dinstagram-per-compartir-les-fotografies-mes-boniques-de-sant-josep\/\" title=\"#LoveSantJosep, el hashtag d\u2019Instagram per compartir les fotografies m\u00e9s boniques de Sant Josep\">\n\t\t\t\t\t\t\t\t\t<img loading=\"lazy\" decoding=\"async\" width=\"890\" height=\"667\" src=\"https:\/\/www.santjosep.net\/wp-content\/uploads\/2020\/09\/lovesantjosep_cover.jpg\" class=\"attachment-full size-full wp-post-image\" alt=\"\" srcset=\"https:\/\/www.santjosep.net\/wp-content\/uploads\/2020\/09\/lovesantjosep_cover.jpg 890w, https:\/\/www.santjosep.net\/wp-content\/uploads\/2020\/09\/lovesantjosep_cover-300x225.jpg 300w, https:\/\/www.santjosep.net\/wp-content\/uploads\/2020\/09\/lovesantjosep_cover-768x576.jpg 768w, https:\/\/www.santjosep.net\/wp-content\/uploads\/2020\/09\/lovesantjosep_cover-800x600.jpg 800w\" sizes=\"auto, (max-width: 890px) 100vw, 890px\" \/>\t\t\t\t\t\t\t\t<\/a>\n\t\t\t<\/div>\n        <div class=\"edgtf-bli-content\">\n                            <div class=\"edgtf-bli-date\">\n\t                <div itemprop=\"dateCreated\" class=\"edgtf-post-info-date entry-date published updated\">\n            <a itemprop=\"url\" href=\"https:\/\/www.santjosep.net\/ca\/2023\/04\/\">\n    \n        10 abril 2023        <\/a>\n    <meta itemprop=\"interactionCount\" content=\"UserComments: 0\"\/>\n<\/div>                <\/div>\n            \t\n\t        \n<h4 itemprop=\"name\" class=\"entry-title edgtf-post-title\" >\n            <a itemprop=\"url\" href=\"https:\/\/www.santjosep.net\/ca\/lovesantjosep-el-hashtag-dinstagram-per-compartir-les-fotografies-mes-boniques-de-sant-josep\/\" title=\"#LoveSantJosep, el hashtag d\u2019Instagram per compartir les fotografies m\u00e9s boniques de Sant Josep\">\n            #LoveSantJosep, el hashtag d\u2019Instagram per compartir les fotografies m\u00e9s boniques de Sant Josep            <\/a>\n    <\/h4>\n\t        <div class=\"edgtf-bli-info\">\n\t\t        <div class=\"edgtf-post-info-category\">\n    <a href=\"https:\/\/www.santjosep.net\/ca\/category\/uncategorized-ca\/\" rel=\"category tag\">Uncategorized @ca<\/a><\/div>\t        <\/div>\n\n\t        <div class=\"edgtf-bli-excerpt\">\n\t\t        \t\t<div class=\"edgtf-post-excerpt-holder\">\n\t\t\t<p itemprop=\"description\" class=\"edgtf-post-excerpt\">\n\t\t\t\tDesde hace tiempo venimos usando el hashtag #lovesantjosep en la red social Instagram. Este hashtag trata de reunir las instant\u00e1neas m\u00e1s impresionantes tomadas en nuestro municipio.\t\t\t<\/p>\n\t\t<\/div>\n\t\t\t        \t<div class=\"edgtf-post-read-more-button\">\n\t\t<a itemprop=\"url\" href=\"https:\/\/www.santjosep.net\/ca\/lovesantjosep-el-hashtag-dinstagram-per-compartir-les-fotografies-mes-boniques-de-sant-josep\/\" target=\"_self\"  class=\"edgtf-btn edgtf-btn-medium edgtf-btn-simple edgtf-btn-switch-line edgtf-blog-list-button\"  >\t\t\t<span class=\"edgtf-btn-icon-element\"><\/span>\t\t<span class=\"edgtf-btn-text\">Llegir m\u00e9s<span class=\"edgtf-btn-text-line\" ><\/span><span class=\"edgtf-btn-switch-line\" ><\/span><\/span>\t<\/a>\t<\/div>\n\t        <\/div>\n        <\/div>\n\t<\/div>\n<\/li><li class=\"edgtf-bl-item clearfix\">\n\t<div class=\"edgtf-bli-inner\">\n\t\t\n\t<div class=\"edgtf-post-image\">\n\t\t\t\t\t<a itemprop=\"url\" href=\"https:\/\/www.santjosep.net\/ca\/un-2023-ple-de-postes-de-sol-a-sant-josep\/\" title=\"Un 2023 ple de postes de sol a Sant Josep\">\n\t\t\t\t\t\t\t\t\t<img loading=\"lazy\" decoding=\"async\" width=\"1024\" height=\"768\" src=\"https:\/\/www.santjosep.net\/wp-content\/uploads\/2023\/01\/portadasunsets_P1085058.png\" class=\"attachment-full size-full wp-post-image\" alt=\"\" srcset=\"https:\/\/www.santjosep.net\/wp-content\/uploads\/2023\/01\/portadasunsets_P1085058.png 1024w, https:\/\/www.santjosep.net\/wp-content\/uploads\/2023\/01\/portadasunsets_P1085058-300x225.png 300w, https:\/\/www.santjosep.net\/wp-content\/uploads\/2023\/01\/portadasunsets_P1085058-768x576.png 768w, https:\/\/www.santjosep.net\/wp-content\/uploads\/2023\/01\/portadasunsets_P1085058-800x600.png 800w\" sizes=\"auto, (max-width: 1024px) 100vw, 1024px\" \/>\t\t\t\t\t\t\t\t<\/a>\n\t\t\t<\/div>\n        <div class=\"edgtf-bli-content\">\n                            <div class=\"edgtf-bli-date\">\n\t                <div itemprop=\"dateCreated\" class=\"edgtf-post-info-date entry-date published updated\">\n            <a itemprop=\"url\" href=\"https:\/\/www.santjosep.net\/ca\/2023\/01\/\">\n    \n        5 gener 2023        <\/a>\n    <meta itemprop=\"interactionCount\" content=\"UserComments: 0\"\/>\n<\/div>                <\/div>\n            \t\n\t        \n<h4 itemprop=\"name\" class=\"entry-title edgtf-post-title\" >\n            <a itemprop=\"url\" href=\"https:\/\/www.santjosep.net\/ca\/un-2023-ple-de-postes-de-sol-a-sant-josep\/\" title=\"Un 2023 ple de postes de sol a Sant Josep\">\n            Un 2023 ple de postes de sol a Sant Josep            <\/a>\n    <\/h4>\n\t        <div class=\"edgtf-bli-info\">\n\t\t        <div class=\"edgtf-post-info-category\">\n    <a href=\"https:\/\/www.santjosep.net\/ca\/category\/platjes-ca\/\" rel=\"category tag\">Platjes<\/a>, <a href=\"https:\/\/www.santjosep.net\/ca\/category\/postes-de-sol-ca\/\" rel=\"category tag\">Postes de sol<\/a><\/div>\t        <\/div>\n\n\t        <div class=\"edgtf-bli-excerpt\">\n\t\t        \t\t<div class=\"edgtf-post-excerpt-holder\">\n\t\t\t<p itemprop=\"description\" class=\"edgtf-post-excerpt\">\n\t\t\t\tComencem aquest 2023 amb molta il\u00b7lusi\u00f3 i moltes ganes de continuar gaudint del nostre municipi. I un dels regals naturals\t\t\t<\/p>\n\t\t<\/div>\n\t\t\t        \t<div class=\"edgtf-post-read-more-button\">\n\t\t<a itemprop=\"url\" href=\"https:\/\/www.santjosep.net\/ca\/un-2023-ple-de-postes-de-sol-a-sant-josep\/\" target=\"_self\"  class=\"edgtf-btn edgtf-btn-medium edgtf-btn-simple edgtf-btn-switch-line edgtf-blog-list-button\"  >\t\t\t<span class=\"edgtf-btn-icon-element\"><\/span>\t\t<span class=\"edgtf-btn-text\">Llegir m\u00e9s<span class=\"edgtf-btn-text-line\" ><\/span><span class=\"edgtf-btn-switch-line\" ><\/span><\/span>\t<\/a>\t<\/div>\n\t        <\/div>\n        <\/div>\n\t<\/div>\n<\/li><li class=\"edgtf-bl-item clearfix\">\n\t<div class=\"edgtf-bli-inner\">\n\t\t\n\t<div class=\"edgtf-post-image\">\n\t\t\t\t\t<a itemprop=\"url\" href=\"https:\/\/www.santjosep.net\/ca\/sant-josep-en-la-fira-turistica-wtm-de-londres\/\" title=\"Sant Josep en la fira tur\u00edstica WTM de Londres\">\n\t\t\t\t\t\t\t\t\t<img loading=\"lazy\" decoding=\"async\" width=\"1024\" height=\"768\" src=\"https:\/\/www.santjosep.net\/wp-content\/uploads\/2022\/11\/WhatsApp-Image-2022-11-08-at-6.18.33-PM-1.jpeg\" class=\"attachment-full size-full wp-post-image\" alt=\"\" srcset=\"https:\/\/www.santjosep.net\/wp-content\/uploads\/2022\/11\/WhatsApp-Image-2022-11-08-at-6.18.33-PM-1.jpeg 1024w, https:\/\/www.santjosep.net\/wp-content\/uploads\/2022\/11\/WhatsApp-Image-2022-11-08-at-6.18.33-PM-1-300x225.jpeg 300w, https:\/\/www.santjosep.net\/wp-content\/uploads\/2022\/11\/WhatsApp-Image-2022-11-08-at-6.18.33-PM-1-768x576.jpeg 768w, https:\/\/www.santjosep.net\/wp-content\/uploads\/2022\/11\/WhatsApp-Image-2022-11-08-at-6.18.33-PM-1-800x600.jpeg 800w\" sizes=\"auto, (max-width: 1024px) 100vw, 1024px\" \/>\t\t\t\t\t\t\t\t<\/a>\n\t\t\t<\/div>\n        <div class=\"edgtf-bli-content\">\n                            <div class=\"edgtf-bli-date\">\n\t                <div itemprop=\"dateCreated\" class=\"edgtf-post-info-date entry-date published updated\">\n            <a itemprop=\"url\" href=\"https:\/\/www.santjosep.net\/ca\/2022\/11\/\">\n    \n        9 novembre 2022        <\/a>\n    <meta itemprop=\"interactionCount\" content=\"UserComments: 0\"\/>\n<\/div>                <\/div>\n            \t\n\t        \n<h4 itemprop=\"name\" class=\"entry-title edgtf-post-title\" >\n            <a itemprop=\"url\" href=\"https:\/\/www.santjosep.net\/ca\/sant-josep-en-la-fira-turistica-wtm-de-londres\/\" title=\"Sant Josep en la fira tur\u00edstica WTM de Londres\">\n            Sant Josep en la fira tur\u00edstica WTM de Londres            <\/a>\n    <\/h4>\n\t        <div class=\"edgtf-bli-info\">\n\t\t        <div class=\"edgtf-post-info-category\">\n    <a href=\"https:\/\/www.santjosep.net\/ca\/category\/turismo-ca\/\" rel=\"category tag\">Turismo<\/a><\/div>\t        <\/div>\n\n\t        <div class=\"edgtf-bli-excerpt\">\n\t\t        \t\t<div class=\"edgtf-post-excerpt-holder\">\n\t\t\t<p itemprop=\"description\" class=\"edgtf-post-excerpt\">\n\t\t\t\tLos grandes atractivos tur\u00edsticos de Sant Josep de sa Talaia se promocionan en la feria World Travel Market 2022&lt;\t\t\t<\/p>\n\t\t<\/div>\n\t\t\t        \t<div class=\"edgtf-post-read-more-button\">\n\t\t<a itemprop=\"url\" href=\"https:\/\/www.santjosep.net\/ca\/sant-josep-en-la-fira-turistica-wtm-de-londres\/\" target=\"_self\"  class=\"edgtf-btn edgtf-btn-medium edgtf-btn-simple edgtf-btn-switch-line edgtf-blog-list-button\"  >\t\t\t<span class=\"edgtf-btn-icon-element\"><\/span>\t\t<span class=\"edgtf-btn-text\">Llegir m\u00e9s<span class=\"edgtf-btn-text-line\" ><\/span><span class=\"edgtf-btn-switch-line\" ><\/span><\/span>\t<\/a>\t<\/div>\n\t        <\/div>\n        <\/div>\n\t<\/div>\n<\/li><li class=\"edgtf-bl-item clearfix\">\n\t<div class=\"edgtf-bli-inner\">\n\t\t\n\t<div class=\"edgtf-post-image\">\n\t\t\t\t\t<a itemprop=\"url\" href=\"https:\/\/www.santjosep.net\/ca\/sant-josep-es-musica\/\" title=\"Sant Josep \u00e9s m\u00fasica\">\n\t\t\t\t\t\t\t\t\t<img loading=\"lazy\" decoding=\"async\" width=\"2048\" height=\"1536\" src=\"https:\/\/www.santjosep.net\/wp-content\/uploads\/2022\/09\/santjosep_esmusica.jpg\" class=\"attachment-full size-full wp-post-image\" alt=\"\" srcset=\"https:\/\/www.santjosep.net\/wp-content\/uploads\/2022\/09\/santjosep_esmusica.jpg 2048w, https:\/\/www.santjosep.net\/wp-content\/uploads\/2022\/09\/santjosep_esmusica-300x225.jpg 300w, https:\/\/www.santjosep.net\/wp-content\/uploads\/2022\/09\/santjosep_esmusica-1024x768.jpg 1024w, https:\/\/www.santjosep.net\/wp-content\/uploads\/2022\/09\/santjosep_esmusica-768x576.jpg 768w, https:\/\/www.santjosep.net\/wp-content\/uploads\/2022\/09\/santjosep_esmusica-1536x1152.jpg 1536w, https:\/\/www.santjosep.net\/wp-content\/uploads\/2022\/09\/santjosep_esmusica-800x600.jpg 800w\" sizes=\"auto, (max-width: 2048px) 100vw, 2048px\" \/>\t\t\t\t\t\t\t\t<\/a>\n\t\t\t<\/div>\n        <div class=\"edgtf-bli-content\">\n                            <div class=\"edgtf-bli-date\">\n\t                <div itemprop=\"dateCreated\" class=\"edgtf-post-info-date entry-date published updated\">\n            <a itemprop=\"url\" href=\"https:\/\/www.santjosep.net\/ca\/2022\/10\/\">\n    \n        13 octubre 2022        <\/a>\n    <meta itemprop=\"interactionCount\" content=\"UserComments: 0\"\/>\n<\/div>                <\/div>\n            \t\n\t        \n<h4 itemprop=\"name\" class=\"entry-title edgtf-post-title\" >\n            <a itemprop=\"url\" href=\"https:\/\/www.santjosep.net\/ca\/sant-josep-es-musica\/\" title=\"Sant Josep \u00e9s m\u00fasica\">\n            Sant Josep \u00e9s m\u00fasica            <\/a>\n    <\/h4>\n\t        <div class=\"edgtf-bli-info\">\n\t\t        <div class=\"edgtf-post-info-category\">\n    <a href=\"https:\/\/www.santjosep.net\/ca\/category\/cultura-ca\/\" rel=\"category tag\">Cultura<\/a><\/div>\t        <\/div>\n\n\t        <div class=\"edgtf-bli-excerpt\">\n\t\t        \t\t<div class=\"edgtf-post-excerpt-holder\">\n\t\t\t<p itemprop=\"description\" class=\"edgtf-post-excerpt\">\n\t\t\t\tEntre los valores patrimoniales que Sant Josep ofrece a sus visitantes y vecinos hay que reservar un espacio privilegiado para la m\u00fasica en todas sus expresiones.\t\t\t<\/p>\n\t\t<\/div>\n\t\t\t        \t<div class=\"edgtf-post-read-more-button\">\n\t\t<a itemprop=\"url\" href=\"https:\/\/www.santjosep.net\/ca\/sant-josep-es-musica\/\" target=\"_self\"  class=\"edgtf-btn edgtf-btn-medium edgtf-btn-simple edgtf-btn-switch-line edgtf-blog-list-button\"  >\t\t\t<span class=\"edgtf-btn-icon-element\"><\/span>\t\t<span class=\"edgtf-btn-text\">Llegir m\u00e9s<span class=\"edgtf-btn-text-line\" ><\/span><span class=\"edgtf-btn-switch-line\" ><\/span><\/span>\t<\/a>\t<\/div>\n\t        <\/div>\n        <\/div>\n\t<\/div>\n<\/li><li class=\"edgtf-bl-item clearfix\">\n\t<div class=\"edgtf-bli-inner\">\n\t\t\n\t<div class=\"edgtf-post-image\">\n\t\t\t\t\t<a itemprop=\"url\" href=\"https:\/\/www.santjosep.net\/ca\/platges-ideals-per-gaudir-en-familia-a-sant-josep\/\" title=\"Platges ideals per gaudir en fam\u00edlia a Sant Josep\">\n\t\t\t\t\t\t\t\t\t<img loading=\"lazy\" decoding=\"async\" width=\"2048\" height=\"1536\" src=\"https:\/\/www.santjosep.net\/wp-content\/uploads\/2022\/07\/playasnin\u0303os_santjosep_ibiza-1-1.jpg\" class=\"attachment-full size-full wp-post-image\" alt=\"\" srcset=\"https:\/\/www.santjosep.net\/wp-content\/uploads\/2022\/07\/playasnin\u0303os_santjosep_ibiza-1-1.jpg 2048w, https:\/\/www.santjosep.net\/wp-content\/uploads\/2022\/07\/playasnin\u0303os_santjosep_ibiza-1-1-300x225.jpg 300w, https:\/\/www.santjosep.net\/wp-content\/uploads\/2022\/07\/playasnin\u0303os_santjosep_ibiza-1-1-1024x768.jpg 1024w, https:\/\/www.santjosep.net\/wp-content\/uploads\/2022\/07\/playasnin\u0303os_santjosep_ibiza-1-1-768x576.jpg 768w, https:\/\/www.santjosep.net\/wp-content\/uploads\/2022\/07\/playasnin\u0303os_santjosep_ibiza-1-1-1536x1152.jpg 1536w, https:\/\/www.santjosep.net\/wp-content\/uploads\/2022\/07\/playasnin\u0303os_santjosep_ibiza-1-1-800x600.jpg 800w\" sizes=\"auto, (max-width: 2048px) 100vw, 2048px\" \/>\t\t\t\t\t\t\t\t<\/a>\n\t\t\t<\/div>\n        <div class=\"edgtf-bli-content\">\n                            <div class=\"edgtf-bli-date\">\n\t                <div itemprop=\"dateCreated\" class=\"edgtf-post-info-date entry-date published updated\">\n            <a itemprop=\"url\" href=\"https:\/\/www.santjosep.net\/ca\/2022\/07\/\">\n    \n        26 juliol 2022        <\/a>\n    <meta itemprop=\"interactionCount\" content=\"UserComments: 0\"\/>\n<\/div>                <\/div>\n            \t\n\t        \n<h4 itemprop=\"name\" class=\"entry-title edgtf-post-title\" >\n            <a itemprop=\"url\" href=\"https:\/\/www.santjosep.net\/ca\/platges-ideals-per-gaudir-en-familia-a-sant-josep\/\" title=\"Platges ideals per gaudir en fam\u00edlia a Sant Josep\">\n            Platges ideals per gaudir en fam\u00edlia a Sant Josep            <\/a>\n    <\/h4>\n\t        <div class=\"edgtf-bli-info\">\n\t\t        <div class=\"edgtf-post-info-category\">\n    <a href=\"https:\/\/www.santjosep.net\/ca\/category\/platjes-ca\/\" rel=\"category tag\">Platjes<\/a><\/div>\t        <\/div>\n\n\t        <div class=\"edgtf-bli-excerpt\">\n\t\t        \t\t<div class=\"edgtf-post-excerpt-holder\">\n\t\t\t<p itemprop=\"description\" class=\"edgtf-post-excerpt\">\n\t\t\t\tL'estiu \u00e9s l'\u00e8poca de l'any en qu\u00e8 la paraula vacances acapara tot el protagonisme. I si parlem de fam\u00edlies amb nens encara m\u00e9s, especialment si en l'horitz\u00f3 s'albira un viatge amb una platja com a destinaci\u00f3 final.\t\t\t<\/p>\n\t\t<\/div>\n\t\t\t        \t<div class=\"edgtf-post-read-more-button\">\n\t\t<a itemprop=\"url\" href=\"https:\/\/www.santjosep.net\/ca\/platges-ideals-per-gaudir-en-familia-a-sant-josep\/\" target=\"_self\"  class=\"edgtf-btn edgtf-btn-medium edgtf-btn-simple edgtf-btn-switch-line edgtf-blog-list-button\"  >\t\t\t<span class=\"edgtf-btn-icon-element\"><\/span>\t\t<span class=\"edgtf-btn-text\">Llegir m\u00e9s<span class=\"edgtf-btn-text-line\" ><\/span><span class=\"edgtf-btn-switch-line\" ><\/span><\/span>\t<\/a>\t<\/div>\n\t        <\/div>\n        <\/div>\n\t<\/div>\n<\/li><li class=\"edgtf-bl-item clearfix\">\n\t<div class=\"edgtf-bli-inner\">\n\t\t\n\t<div class=\"edgtf-post-image\">\n\t\t\t\t\t<a itemprop=\"url\" href=\"https:\/\/www.santjosep.net\/ca\/la-costa-oest-de-sant-josep-aigues-cristal%c2%b7lines-i-postes-de-sol-a-eivissa\/\" title=\"La costa oest de Sant Josep, aig\u00fces cristal\u00b7lines i postes de sol a Eivissa\">\n\t\t\t\t\t\t\t\t\t<img loading=\"lazy\" decoding=\"async\" width=\"2048\" height=\"1536\" src=\"https:\/\/www.santjosep.net\/wp-content\/uploads\/2014\/01\/platgesdecomte_santjosep.jpg\" class=\"attachment-full size-full wp-post-image\" alt=\"\" srcset=\"https:\/\/www.santjosep.net\/wp-content\/uploads\/2014\/01\/platgesdecomte_santjosep.jpg 2048w, https:\/\/www.santjosep.net\/wp-content\/uploads\/2014\/01\/platgesdecomte_santjosep-300x225.jpg 300w, https:\/\/www.santjosep.net\/wp-content\/uploads\/2014\/01\/platgesdecomte_santjosep-1024x768.jpg 1024w, https:\/\/www.santjosep.net\/wp-content\/uploads\/2014\/01\/platgesdecomte_santjosep-768x576.jpg 768w, https:\/\/www.santjosep.net\/wp-content\/uploads\/2014\/01\/platgesdecomte_santjosep-1536x1152.jpg 1536w, https:\/\/www.santjosep.net\/wp-content\/uploads\/2014\/01\/platgesdecomte_santjosep-800x600.jpg 800w\" sizes=\"auto, (max-width: 2048px) 100vw, 2048px\" \/>\t\t\t\t\t\t\t\t<\/a>\n\t\t\t<\/div>\n        <div class=\"edgtf-bli-content\">\n                            <div class=\"edgtf-bli-date\">\n\t                <div itemprop=\"dateCreated\" class=\"edgtf-post-info-date entry-date published updated\">\n            <a itemprop=\"url\" href=\"https:\/\/www.santjosep.net\/ca\/2022\/06\/\">\n    \n        16 juny 2022        <\/a>\n    <meta itemprop=\"interactionCount\" content=\"UserComments: 0\"\/>\n<\/div>                <\/div>\n            \t\n\t        \n<h4 itemprop=\"name\" class=\"entry-title edgtf-post-title\" >\n            <a itemprop=\"url\" href=\"https:\/\/www.santjosep.net\/ca\/la-costa-oest-de-sant-josep-aigues-cristal%c2%b7lines-i-postes-de-sol-a-eivissa\/\" title=\"La costa oest de Sant Josep, aig\u00fces cristal\u00b7lines i postes de sol a Eivissa\">\n            La costa oest de Sant Josep, aig\u00fces cristal\u00b7lines i postes de sol a Eivissa            <\/a>\n    <\/h4>\n\t        <div class=\"edgtf-bli-info\">\n\t\t        <div class=\"edgtf-post-info-category\">\n    <a href=\"https:\/\/www.santjosep.net\/ca\/category\/passejades-ca\/\" rel=\"category tag\">Passejades<\/a>, <a href=\"https:\/\/www.santjosep.net\/ca\/category\/zones-ca\/\" rel=\"category tag\">Zones<\/a><\/div>\t        <\/div>\n\n\t        <div class=\"edgtf-bli-excerpt\">\n\t\t        \t\t<div class=\"edgtf-post-excerpt-holder\">\n\t\t\t<p itemprop=\"description\" class=\"edgtf-post-excerpt\">\n\t\t\t\tPassegem virtualment per la zona oest del municipi de Sant Josep de sa Talaia. Us explicarem on contemplar una incre\u00efble posta de sol, de les aig\u00fces cristal\u00b7lines per a donar-se un bany i de la deliciosa gastronomia del lloc.\t\t\t<\/p>\n\t\t<\/div>\n\t\t\t        \t<div class=\"edgtf-post-read-more-button\">\n\t\t<a itemprop=\"url\" href=\"https:\/\/www.santjosep.net\/ca\/la-costa-oest-de-sant-josep-aigues-cristal%c2%b7lines-i-postes-de-sol-a-eivissa\/\" target=\"_self\"  class=\"edgtf-btn edgtf-btn-medium edgtf-btn-simple edgtf-btn-switch-line edgtf-blog-list-button\"  >\t\t\t<span class=\"edgtf-btn-icon-element\"><\/span>\t\t<span class=\"edgtf-btn-text\">Llegir m\u00e9s<span class=\"edgtf-btn-text-line\" ><\/span><span class=\"edgtf-btn-switch-line\" ><\/span><\/span>\t<\/a>\t<\/div>\n\t        <\/div>\n        <\/div>\n\t<\/div>\n<\/li><li class=\"edgtf-bl-item clearfix\">\n\t<div class=\"edgtf-bli-inner\">\n\t\t\n\t<div class=\"edgtf-post-image\">\n\t\t\t\t\t<a itemprop=\"url\" href=\"https:\/\/www.santjosep.net\/ca\/deliciosa-gastronomia-marinera-a-la-costa-de-sant-josep\/\" title=\"Deliciosa gastronomia marinera a la costa de Sant Josep\">\n\t\t\t\t\t\t\t\t\t<img loading=\"lazy\" decoding=\"async\" width=\"800\" height=\"600\" src=\"https:\/\/www.santjosep.net\/wp-content\/uploads\/2022\/06\/gastro_santjosep.png\" class=\"attachment-full size-full wp-post-image\" alt=\"\" srcset=\"https:\/\/www.santjosep.net\/wp-content\/uploads\/2022\/06\/gastro_santjosep.png 800w, https:\/\/www.santjosep.net\/wp-content\/uploads\/2022\/06\/gastro_santjosep-300x225.png 300w, https:\/\/www.santjosep.net\/wp-content\/uploads\/2022\/06\/gastro_santjosep-768x576.png 768w\" sizes=\"auto, (max-width: 800px) 100vw, 800px\" \/>\t\t\t\t\t\t\t\t<\/a>\n\t\t\t<\/div>\n        <div class=\"edgtf-bli-content\">\n                            <div class=\"edgtf-bli-date\">\n\t                <div itemprop=\"dateCreated\" class=\"edgtf-post-info-date entry-date published updated\">\n            <a itemprop=\"url\" href=\"https:\/\/www.santjosep.net\/ca\/2022\/05\/\">\n    \n        7 maig 2022        <\/a>\n    <meta itemprop=\"interactionCount\" content=\"UserComments: 0\"\/>\n<\/div>                <\/div>\n            \t\n\t        \n<h4 itemprop=\"name\" class=\"entry-title edgtf-post-title\" >\n            <a itemprop=\"url\" href=\"https:\/\/www.santjosep.net\/ca\/deliciosa-gastronomia-marinera-a-la-costa-de-sant-josep\/\" title=\"Deliciosa gastronomia marinera a la costa de Sant Josep\">\n            Deliciosa gastronomia marinera a la costa de Sant Josep            <\/a>\n    <\/h4>\n\t        <div class=\"edgtf-bli-info\">\n\t\t        <div class=\"edgtf-post-info-category\">\n    <a href=\"https:\/\/www.santjosep.net\/ca\/category\/gastronomia-2-ca\/\" rel=\"category tag\">Gastronom\u00eda<\/a><\/div>\t        <\/div>\n\n\t        <div class=\"edgtf-bli-excerpt\">\n\t\t        \t\t<div class=\"edgtf-post-excerpt-holder\">\n\t\t\t<p itemprop=\"description\" class=\"edgtf-post-excerpt\">\n\t\t\t\tLa mar ha estat un dels elements m\u00e9s influents en la cuina illenca, on destaquen plats tan fantastics com el bullit, l'arr\u00f2s a banda o el peix al forn.\t\t\t<\/p>\n\t\t<\/div>\n\t\t\t        \t<div class=\"edgtf-post-read-more-button\">\n\t\t<a itemprop=\"url\" href=\"https:\/\/www.santjosep.net\/ca\/deliciosa-gastronomia-marinera-a-la-costa-de-sant-josep\/\" target=\"_self\"  class=\"edgtf-btn edgtf-btn-medium edgtf-btn-simple edgtf-btn-switch-line edgtf-blog-list-button\"  >\t\t\t<span class=\"edgtf-btn-icon-element\"><\/span>\t\t<span class=\"edgtf-btn-text\">Llegir m\u00e9s<span class=\"edgtf-btn-text-line\" ><\/span><span class=\"edgtf-btn-switch-line\" ><\/span><\/span>\t<\/a>\t<\/div>\n\t        <\/div>\n        <\/div>\n\t<\/div>\n<\/li><li class=\"edgtf-bl-item clearfix\">\n\t<div class=\"edgtf-bli-inner\">\n\t\t\n\t<div class=\"edgtf-post-image\">\n\t\t\t\t\t<a itemprop=\"url\" href=\"https:\/\/www.santjosep.net\/ca\/descobreix-el-parc-natural-de-ses-salines-a-peu-o-en-bicicleta-ruta-sa-sal-rossa\/\" title=\"Descobreix el Parc Natural de ses Salines a peu o en bicicleta: Ruta sa Sal Rossa\">\n\t\t\t\t\t\t\t\t\t<img loading=\"lazy\" decoding=\"async\" width=\"800\" height=\"600\" src=\"https:\/\/www.santjosep.net\/wp-content\/uploads\/2022\/04\/rutas_santjosep_salrossa.png\" class=\"attachment-full size-full wp-post-image\" alt=\"\" srcset=\"https:\/\/www.santjosep.net\/wp-content\/uploads\/2022\/04\/rutas_santjosep_salrossa.png 800w, https:\/\/www.santjosep.net\/wp-content\/uploads\/2022\/04\/rutas_santjosep_salrossa-300x225.png 300w, https:\/\/www.santjosep.net\/wp-content\/uploads\/2022\/04\/rutas_santjosep_salrossa-768x576.png 768w\" sizes=\"auto, (max-width: 800px) 100vw, 800px\" \/>\t\t\t\t\t\t\t\t<\/a>\n\t\t\t<\/div>\n        <div class=\"edgtf-bli-content\">\n                            <div class=\"edgtf-bli-date\">\n\t                <div itemprop=\"dateCreated\" class=\"edgtf-post-info-date entry-date published updated\">\n            <a itemprop=\"url\" href=\"https:\/\/www.santjosep.net\/ca\/2022\/04\/\">\n    \n        25 abril 2022        <\/a>\n    <meta itemprop=\"interactionCount\" content=\"UserComments: 0\"\/>\n<\/div>                <\/div>\n            \t\n\t        \n<h4 itemprop=\"name\" class=\"entry-title edgtf-post-title\" >\n            <a itemprop=\"url\" href=\"https:\/\/www.santjosep.net\/ca\/descobreix-el-parc-natural-de-ses-salines-a-peu-o-en-bicicleta-ruta-sa-sal-rossa\/\" title=\"Descobreix el Parc Natural de ses Salines a peu o en bicicleta: Ruta sa Sal Rossa\">\n            Descobreix el Parc Natural de ses Salines a peu o en bicicleta: Ruta sa Sal Rossa            <\/a>\n    <\/h4>\n\t        <div class=\"edgtf-bli-info\">\n\t\t        <div class=\"edgtf-post-info-category\">\n    <a href=\"https:\/\/www.santjosep.net\/ca\/category\/passejades-ca\/\" rel=\"category tag\">Passejades<\/a><\/div>\t        <\/div>\n\n\t        <div class=\"edgtf-bli-excerpt\">\n\t\t        \t\t<div class=\"edgtf-post-excerpt-holder\">\n\t\t\t<p itemprop=\"description\" class=\"edgtf-post-excerpt\">\n\t\t\t\tLa naturalesa, la hist\u00f2ria i la cultura surten a la trobada del caminant i del ciclista.\t\t\t<\/p>\n\t\t<\/div>\n\t\t\t        \t<div class=\"edgtf-post-read-more-button\">\n\t\t<a itemprop=\"url\" href=\"https:\/\/www.santjosep.net\/ca\/descobreix-el-parc-natural-de-ses-salines-a-peu-o-en-bicicleta-ruta-sa-sal-rossa\/\" target=\"_self\"  class=\"edgtf-btn edgtf-btn-medium edgtf-btn-simple edgtf-btn-switch-line edgtf-blog-list-button\"  >\t\t\t<span class=\"edgtf-btn-icon-element\"><\/span>\t\t<span class=\"edgtf-btn-text\">Llegir m\u00e9s<span class=\"edgtf-btn-text-line\" ><\/span><span class=\"edgtf-btn-switch-line\" ><\/span><\/span>\t<\/a>\t<\/div>\n\t        <\/div>\n        <\/div>\n\t<\/div>\n<\/li><li class=\"edgtf-bl-item clearfix\">\n\t<div class=\"edgtf-bli-inner\">\n\t\t\n\t<div class=\"edgtf-post-image\">\n\t\t\t\t\t<a itemprop=\"url\" href=\"https:\/\/www.santjosep.net\/ca\/descobreix-el-parc-natural-de-ses-salines-a-peu-o-en-bicicleta-ruta-ses-portes\/\" title=\"Descobreix el Parc Natural de ses Salines a peu o en bicicleta: ruta ses Portes\">\n\t\t\t\t\t\t\t\t\t<img loading=\"lazy\" decoding=\"async\" width=\"800\" height=\"600\" src=\"https:\/\/www.santjosep.net\/wp-content\/uploads\/2022\/03\/rutas_santjosep.jpg\" class=\"attachment-full size-full wp-post-image\" alt=\"\" srcset=\"https:\/\/www.santjosep.net\/wp-content\/uploads\/2022\/03\/rutas_santjosep.jpg 800w, https:\/\/www.santjosep.net\/wp-content\/uploads\/2022\/03\/rutas_santjosep-300x225.jpg 300w, https:\/\/www.santjosep.net\/wp-content\/uploads\/2022\/03\/rutas_santjosep-768x576.jpg 768w\" sizes=\"auto, (max-width: 800px) 100vw, 800px\" \/>\t\t\t\t\t\t\t\t<\/a>\n\t\t\t<\/div>\n        <div class=\"edgtf-bli-content\">\n                            <div class=\"edgtf-bli-date\">\n\t                <div itemprop=\"dateCreated\" class=\"edgtf-post-info-date entry-date published updated\">\n            <a itemprop=\"url\" href=\"https:\/\/www.santjosep.net\/ca\/2022\/03\/\">\n    \n        21 mar\u00e7 2022        <\/a>\n    <meta itemprop=\"interactionCount\" content=\"UserComments: 0\"\/>\n<\/div>                <\/div>\n            \t\n\t        \n<h4 itemprop=\"name\" class=\"entry-title edgtf-post-title\" >\n            <a itemprop=\"url\" href=\"https:\/\/www.santjosep.net\/ca\/descobreix-el-parc-natural-de-ses-salines-a-peu-o-en-bicicleta-ruta-ses-portes\/\" title=\"Descobreix el Parc Natural de ses Salines a peu o en bicicleta: ruta ses Portes\">\n            Descobreix el Parc Natural de ses Salines a peu o en bicicleta: ruta ses Portes            <\/a>\n    <\/h4>\n\t        <div class=\"edgtf-bli-info\">\n\t\t        <div class=\"edgtf-post-info-category\">\n    <a href=\"https:\/\/www.santjosep.net\/ca\/category\/passejades-ca\/\" rel=\"category tag\">Passejades<\/a><\/div>\t        <\/div>\n\n\t        <div class=\"edgtf-bli-excerpt\">\n\t\t        \t\t<div class=\"edgtf-post-excerpt-holder\">\n\t\t\t<p itemprop=\"description\" class=\"edgtf-post-excerpt\">\n\t\t\t\tLa naturalesa, la hist\u00f2ria i la cultura surten a la trobada del caminant i del ciclista.\t\t\t<\/p>\n\t\t<\/div>\n\t\t\t        \t<div class=\"edgtf-post-read-more-button\">\n\t\t<a itemprop=\"url\" href=\"https:\/\/www.santjosep.net\/ca\/descobreix-el-parc-natural-de-ses-salines-a-peu-o-en-bicicleta-ruta-ses-portes\/\" target=\"_self\"  class=\"edgtf-btn edgtf-btn-medium edgtf-btn-simple edgtf-btn-switch-line edgtf-blog-list-button\"  >\t\t\t<span class=\"edgtf-btn-icon-element\"><\/span>\t\t<span class=\"edgtf-btn-text\">Llegir m\u00e9s<span class=\"edgtf-btn-text-line\" ><\/span><span class=\"edgtf-btn-switch-line\" ><\/span><\/span>\t<\/a>\t<\/div>\n\t        <\/div>\n        <\/div>\n\t<\/div>\n<\/li><li class=\"edgtf-bl-item clearfix\">\n\t<div class=\"edgtf-bli-inner\">\n\t\t\n\t<div class=\"edgtf-post-image\">\n\t\t\t\t\t<a itemprop=\"url\" href=\"https:\/\/www.santjosep.net\/ca\/snorkel-a-les-aigues-de-sant-josep\/\" title=\"Snorkel a les aig\u00fces de Sant Josep\">\n\t\t\t\t\t\t\t\t\t<img loading=\"lazy\" decoding=\"async\" width=\"800\" height=\"600\" src=\"https:\/\/www.santjosep.net\/wp-content\/uploads\/2022\/02\/snorkel_santjosep.jpg\" class=\"attachment-full size-full wp-post-image\" alt=\"\" srcset=\"https:\/\/www.santjosep.net\/wp-content\/uploads\/2022\/02\/snorkel_santjosep.jpg 800w, https:\/\/www.santjosep.net\/wp-content\/uploads\/2022\/02\/snorkel_santjosep-300x225.jpg 300w, https:\/\/www.santjosep.net\/wp-content\/uploads\/2022\/02\/snorkel_santjosep-768x576.jpg 768w\" sizes=\"auto, (max-width: 800px) 100vw, 800px\" \/>\t\t\t\t\t\t\t\t<\/a>\n\t\t\t<\/div>\n        <div class=\"edgtf-bli-content\">\n                            <div class=\"edgtf-bli-date\">\n\t                <div itemprop=\"dateCreated\" class=\"edgtf-post-info-date entry-date published updated\">\n            <a itemprop=\"url\" href=\"https:\/\/www.santjosep.net\/ca\/2022\/02\/\">\n    \n        22 febrer 2022        <\/a>\n    <meta itemprop=\"interactionCount\" content=\"UserComments: 0\"\/>\n<\/div>                <\/div>\n            \t\n\t        \n<h4 itemprop=\"name\" class=\"entry-title edgtf-post-title\" >\n            <a itemprop=\"url\" href=\"https:\/\/www.santjosep.net\/ca\/snorkel-a-les-aigues-de-sant-josep\/\" title=\"Snorkel a les aig\u00fces de Sant Josep\">\n            Snorkel a les aig\u00fces de Sant Josep            <\/a>\n    <\/h4>\n\t        <div class=\"edgtf-bli-info\">\n\t\t        <div class=\"edgtf-post-info-category\">\n    <a href=\"https:\/\/www.santjosep.net\/ca\/category\/esports-ca\/\" rel=\"category tag\">Esports<\/a>, <a href=\"https:\/\/www.santjosep.net\/ca\/category\/platjes-ca\/\" rel=\"category tag\">Platjes<\/a><\/div>\t        <\/div>\n\n\t        <div class=\"edgtf-bli-excerpt\">\n\t\t        \t\t<div class=\"edgtf-post-excerpt-holder\">\n\t\t\t<p itemprop=\"description\" class=\"edgtf-post-excerpt\">\n\t\t\t\tEls m\u00e9s de 80 quil\u00f2metres de costa que perfilen la fa\u00e7ana mar\u00edtima del municipi de Sant Josep i les seves aig\u00fces cristallines s\u00f3n l\u2019ecosistema perfecte i el parad\u00eds somiat per als amants del snorkel.\t\t\t<\/p>\n\t\t<\/div>\n\t\t\t        \t<div class=\"edgtf-post-read-more-button\">\n\t\t<a itemprop=\"url\" href=\"https:\/\/www.santjosep.net\/ca\/snorkel-a-les-aigues-de-sant-josep\/\" target=\"_self\"  class=\"edgtf-btn edgtf-btn-medium edgtf-btn-simple edgtf-btn-switch-line edgtf-blog-list-button\"  >\t\t\t<span class=\"edgtf-btn-icon-element\"><\/span>\t\t<span class=\"edgtf-btn-text\">Llegir m\u00e9s<span class=\"edgtf-btn-text-line\" ><\/span><span class=\"edgtf-btn-switch-line\" ><\/span><\/span>\t<\/a>\t<\/div>\n\t        <\/div>\n        <\/div>\n\t<\/div>\n<\/li><li class=\"edgtf-bl-item clearfix\">\n\t<div class=\"edgtf-bli-inner\">\n\t\t\n\t<div class=\"edgtf-post-image\">\n\t\t\t\t\t<a itemprop=\"url\" href=\"https:\/\/www.santjosep.net\/ca\/sant-josep-a-fitur-2022\/\" title=\"Sant Josep a Fitur 2022\">\n\t\t\t\t\t\t\t\t\t<img loading=\"lazy\" decoding=\"async\" width=\"890\" height=\"667\" src=\"https:\/\/www.santjosep.net\/wp-content\/uploads\/2022\/01\/fitur_santjosep_ibiza.png\" class=\"attachment-full size-full wp-post-image\" alt=\"\" srcset=\"https:\/\/www.santjosep.net\/wp-content\/uploads\/2022\/01\/fitur_santjosep_ibiza.png 890w, https:\/\/www.santjosep.net\/wp-content\/uploads\/2022\/01\/fitur_santjosep_ibiza-300x225.png 300w, https:\/\/www.santjosep.net\/wp-content\/uploads\/2022\/01\/fitur_santjosep_ibiza-768x576.png 768w, https:\/\/www.santjosep.net\/wp-content\/uploads\/2022\/01\/fitur_santjosep_ibiza-800x600.png 800w\" sizes=\"auto, (max-width: 890px) 100vw, 890px\" \/>\t\t\t\t\t\t\t\t<\/a>\n\t\t\t<\/div>\n        <div class=\"edgtf-bli-content\">\n                            <div class=\"edgtf-bli-date\">\n\t                <div itemprop=\"dateCreated\" class=\"edgtf-post-info-date entry-date published updated\">\n            <a itemprop=\"url\" href=\"https:\/\/www.santjosep.net\/ca\/2022\/01\/\">\n    \n        24 gener 2022        <\/a>\n    <meta itemprop=\"interactionCount\" content=\"UserComments: 0\"\/>\n<\/div>                <\/div>\n            \t\n\t        \n<h4 itemprop=\"name\" class=\"entry-title edgtf-post-title\" >\n            <a itemprop=\"url\" href=\"https:\/\/www.santjosep.net\/ca\/sant-josep-a-fitur-2022\/\" title=\"Sant Josep a Fitur 2022\">\n            Sant Josep a Fitur 2022            <\/a>\n    <\/h4>\n\t        <div class=\"edgtf-bli-info\">\n\t\t        <div class=\"edgtf-post-info-category\">\n    <a href=\"https:\/\/www.santjosep.net\/ca\/category\/turismo-ca\/\" rel=\"category tag\">Turismo<\/a><\/div>\t        <\/div>\n\n\t        <div class=\"edgtf-bli-excerpt\">\n\t\t        \t\t<div class=\"edgtf-post-excerpt-holder\">\n\t\t\t<p itemprop=\"description\" class=\"edgtf-post-excerpt\">\n\t\t\t\tSant Josep de sa Talaia ha estat present a Fitur per donar a con\u00e8ixer, un any m\u00e9s, els atractius del municipi\t\t\t<\/p>\n\t\t<\/div>\n\t\t\t        \t<div class=\"edgtf-post-read-more-button\">\n\t\t<a itemprop=\"url\" href=\"https:\/\/www.santjosep.net\/ca\/sant-josep-a-fitur-2022\/\" target=\"_self\"  class=\"edgtf-btn edgtf-btn-medium edgtf-btn-simple edgtf-btn-switch-line edgtf-blog-list-button\"  >\t\t\t<span class=\"edgtf-btn-icon-element\"><\/span>\t\t<span class=\"edgtf-btn-text\">Llegir m\u00e9s<span class=\"edgtf-btn-text-line\" ><\/span><span class=\"edgtf-btn-switch-line\" ><\/span><\/span>\t<\/a>\t<\/div>\n\t        <\/div>\n        <\/div>\n\t<\/div>\n<\/li><li class=\"edgtf-bl-item clearfix\">\n\t<div class=\"edgtf-bli-inner\">\n\t\t\n\t<div class=\"edgtf-post-image\">\n\t\t\t\t\t<a itemprop=\"url\" href=\"https:\/\/www.santjosep.net\/ca\/lovesantjosep-edicio-tardor-hivern\/\" title=\"#LoveSantJosep edici\u00f3 tardor-hivern\">\n\t\t\t\t\t\t\t\t\t<img loading=\"lazy\" decoding=\"async\" width=\"890\" height=\"667\" src=\"https:\/\/www.santjosep.net\/wp-content\/uploads\/2021\/12\/auditorio_santjosep_ibiza.jpg\" class=\"attachment-full size-full wp-post-image\" alt=\"\" srcset=\"https:\/\/www.santjosep.net\/wp-content\/uploads\/2021\/12\/auditorio_santjosep_ibiza.jpg 890w, https:\/\/www.santjosep.net\/wp-content\/uploads\/2021\/12\/auditorio_santjosep_ibiza-300x225.jpg 300w, https:\/\/www.santjosep.net\/wp-content\/uploads\/2021\/12\/auditorio_santjosep_ibiza-768x576.jpg 768w, https:\/\/www.santjosep.net\/wp-content\/uploads\/2021\/12\/auditorio_santjosep_ibiza-800x600.jpg 800w\" sizes=\"auto, (max-width: 890px) 100vw, 890px\" \/>\t\t\t\t\t\t\t\t<\/a>\n\t\t\t<\/div>\n        <div class=\"edgtf-bli-content\">\n                            <div class=\"edgtf-bli-date\">\n\t                <div itemprop=\"dateCreated\" class=\"edgtf-post-info-date entry-date published updated\">\n            <a itemprop=\"url\" href=\"https:\/\/www.santjosep.net\/ca\/2021\/12\/\">\n    \n        14 desembre 2021        <\/a>\n    <meta itemprop=\"interactionCount\" content=\"UserComments: 0\"\/>\n<\/div>                <\/div>\n            \t\n\t        \n<h4 itemprop=\"name\" class=\"entry-title edgtf-post-title\" >\n            <a itemprop=\"url\" href=\"https:\/\/www.santjosep.net\/ca\/lovesantjosep-edicio-tardor-hivern\/\" title=\"#LoveSantJosep edici\u00f3 tardor-hivern\">\n            #LoveSantJosep edici\u00f3 tardor-hivern            <\/a>\n    <\/h4>\n\t        <div class=\"edgtf-bli-info\">\n\t\t        <div class=\"edgtf-post-info-category\">\n    <a href=\"https:\/\/www.santjosep.net\/ca\/category\/platjes-ca\/\" rel=\"category tag\">Platjes<\/a>, <a href=\"https:\/\/www.santjosep.net\/ca\/category\/postes-de-sol-ca\/\" rel=\"category tag\">Postes de sol<\/a><\/div>\t        <\/div>\n\n\t        <div class=\"edgtf-bli-excerpt\">\n\t\t        \t\t<div class=\"edgtf-post-excerpt-holder\">\n\t\t\t<p itemprop=\"description\" class=\"edgtf-post-excerpt\">\n\t\t\t\tUs deixem una petita recopilaci\u00f3 dels \u00faltims mesos de tardor. Esperem que la gaudiu!\t\t\t<\/p>\n\t\t<\/div>\n\t\t\t        \t<div class=\"edgtf-post-read-more-button\">\n\t\t<a itemprop=\"url\" href=\"https:\/\/www.santjosep.net\/ca\/lovesantjosep-edicio-tardor-hivern\/\" target=\"_self\"  class=\"edgtf-btn edgtf-btn-medium edgtf-btn-simple edgtf-btn-switch-line edgtf-blog-list-button\"  >\t\t\t<span class=\"edgtf-btn-icon-element\"><\/span>\t\t<span class=\"edgtf-btn-text\">Llegir m\u00e9s<span class=\"edgtf-btn-text-line\" ><\/span><span class=\"edgtf-btn-switch-line\" ><\/span><\/span>\t<\/a>\t<\/div>\n\t        <\/div>\n        <\/div>\n\t<\/div>\n<\/li><li class=\"edgtf-bl-item clearfix\">\n\t<div class=\"edgtf-bli-inner\">\n\t\t\n\t<div class=\"edgtf-post-image\">\n\t\t\t\t\t<a itemprop=\"url\" href=\"https:\/\/www.santjosep.net\/ca\/7-espais-culturals-a-sant-josep\/\" title=\"7 espais culturals a Sant Josep\">\n\t\t\t\t\t\t\t\t\t<img loading=\"lazy\" decoding=\"async\" width=\"890\" height=\"667\" src=\"https:\/\/www.santjosep.net\/wp-content\/uploads\/2021\/11\/auditorio_santjosep_ibiza.png\" class=\"attachment-full size-full wp-post-image\" alt=\"\" srcset=\"https:\/\/www.santjosep.net\/wp-content\/uploads\/2021\/11\/auditorio_santjosep_ibiza.png 890w, https:\/\/www.santjosep.net\/wp-content\/uploads\/2021\/11\/auditorio_santjosep_ibiza-300x225.png 300w, https:\/\/www.santjosep.net\/wp-content\/uploads\/2021\/11\/auditorio_santjosep_ibiza-768x576.png 768w, https:\/\/www.santjosep.net\/wp-content\/uploads\/2021\/11\/auditorio_santjosep_ibiza-800x600.png 800w\" sizes=\"auto, (max-width: 890px) 100vw, 890px\" \/>\t\t\t\t\t\t\t\t<\/a>\n\t\t\t<\/div>\n        <div class=\"edgtf-bli-content\">\n                            <div class=\"edgtf-bli-date\">\n\t                <div itemprop=\"dateCreated\" class=\"edgtf-post-info-date entry-date published updated\">\n            <a itemprop=\"url\" href=\"https:\/\/www.santjosep.net\/ca\/2021\/11\/\">\n    \n        23 novembre 2021        <\/a>\n    <meta itemprop=\"interactionCount\" content=\"UserComments: 0\"\/>\n<\/div>                <\/div>\n            \t\n\t        \n<h4 itemprop=\"name\" class=\"entry-title edgtf-post-title\" >\n            <a itemprop=\"url\" href=\"https:\/\/www.santjosep.net\/ca\/7-espais-culturals-a-sant-josep\/\" title=\"7 espais culturals a Sant Josep\">\n            7 espais culturals a Sant Josep            <\/a>\n    <\/h4>\n\t        <div class=\"edgtf-bli-info\">\n\t\t        <div class=\"edgtf-post-info-category\">\n    <a href=\"https:\/\/www.santjosep.net\/ca\/category\/cultura-ca\/\" rel=\"category tag\">Cultura<\/a><\/div>\t        <\/div>\n\n\t        <div class=\"edgtf-bli-excerpt\">\n\t\t        \t\t<div class=\"edgtf-post-excerpt-holder\">\n\t\t\t<p itemprop=\"description\" class=\"edgtf-post-excerpt\">\n\t\t\t\tSant Josep ofereix una completa activitat cultural durant tot l\u2019any, en la qual s\u2019involucren artistes i artesans, associacions, ve\u00efns, promotors i projectes de tota mena. Concerts, cinema, teatre, exposicions, tallers, mostres, cursos\u2026 s\u00f3n part d\u2019un llarg cat\u00e0leg d\u2019iniciatives que es duen a terme a diferents espais i punts culturals del municipi. Vegem quins s\u00f3n.\t\t\t<\/p>\n\t\t<\/div>\n\t\t\t        \t<div class=\"edgtf-post-read-more-button\">\n\t\t<a itemprop=\"url\" href=\"https:\/\/www.santjosep.net\/ca\/7-espais-culturals-a-sant-josep\/\" target=\"_self\"  class=\"edgtf-btn edgtf-btn-medium edgtf-btn-simple edgtf-btn-switch-line edgtf-blog-list-button\"  >\t\t\t<span class=\"edgtf-btn-icon-element\"><\/span>\t\t<span class=\"edgtf-btn-text\">Llegir m\u00e9s<span class=\"edgtf-btn-text-line\" ><\/span><span class=\"edgtf-btn-switch-line\" ><\/span><\/span>\t<\/a>\t<\/div>\n\t        <\/div>\n        <\/div>\n\t<\/div>\n<\/li><li class=\"edgtf-bl-item clearfix\">\n\t<div class=\"edgtf-bli-inner\">\n\t\t\n\t<div class=\"edgtf-post-image\">\n\t\t\t\t\t<a itemprop=\"url\" href=\"https:\/\/www.santjosep.net\/ca\/el-clima-a-sant-josep-durant-tot-any\/\" title=\"El clima a Sant Josep durant tot l\u2019any\">\n\t\t\t\t\t\t\t\t\t<img loading=\"lazy\" decoding=\"async\" width=\"890\" height=\"667\" src=\"https:\/\/www.santjosep.net\/wp-content\/uploads\/2021\/10\/clima_santjosep_ibiza.jpg\" class=\"attachment-full size-full wp-post-image\" alt=\"\" srcset=\"https:\/\/www.santjosep.net\/wp-content\/uploads\/2021\/10\/clima_santjosep_ibiza.jpg 890w, https:\/\/www.santjosep.net\/wp-content\/uploads\/2021\/10\/clima_santjosep_ibiza-300x225.jpg 300w, https:\/\/www.santjosep.net\/wp-content\/uploads\/2021\/10\/clima_santjosep_ibiza-768x576.jpg 768w, https:\/\/www.santjosep.net\/wp-content\/uploads\/2021\/10\/clima_santjosep_ibiza-800x600.jpg 800w\" sizes=\"auto, (max-width: 890px) 100vw, 890px\" \/>\t\t\t\t\t\t\t\t<\/a>\n\t\t\t<\/div>\n        <div class=\"edgtf-bli-content\">\n                            <div class=\"edgtf-bli-date\">\n\t                <div itemprop=\"dateCreated\" class=\"edgtf-post-info-date entry-date published updated\">\n            <a itemprop=\"url\" href=\"https:\/\/www.santjosep.net\/ca\/2021\/10\/\">\n    \n        26 octubre 2021        <\/a>\n    <meta itemprop=\"interactionCount\" content=\"UserComments: 0\"\/>\n<\/div>                <\/div>\n            \t\n\t        \n<h4 itemprop=\"name\" class=\"entry-title edgtf-post-title\" >\n            <a itemprop=\"url\" href=\"https:\/\/www.santjosep.net\/ca\/el-clima-a-sant-josep-durant-tot-any\/\" title=\"El clima a Sant Josep durant tot l\u2019any\">\n            El clima a Sant Josep durant tot l\u2019any            <\/a>\n    <\/h4>\n\t        <div class=\"edgtf-bli-info\">\n\t\t        <div class=\"edgtf-post-info-category\">\n    <a href=\"https:\/\/www.santjosep.net\/ca\/category\/informacio-util\/\" rel=\"category tag\">Informaci\u00f3 \u00fatil<\/a><\/div>\t        <\/div>\n\n\t        <div class=\"edgtf-bli-excerpt\">\n\t\t        \t\t<div class=\"edgtf-post-excerpt-holder\">\n\t\t\t<p itemprop=\"description\" class=\"edgtf-post-excerpt\">\n\t\t\t\tEnclavat en ple mediterrani, les seves terres i les seves aig\u00fces es beneficien d'un clima suau i agradable durant tot l'any\t\t\t<\/p>\n\t\t<\/div>\n\t\t\t        \t<div class=\"edgtf-post-read-more-button\">\n\t\t<a itemprop=\"url\" href=\"https:\/\/www.santjosep.net\/ca\/el-clima-a-sant-josep-durant-tot-any\/\" target=\"_self\"  class=\"edgtf-btn edgtf-btn-medium edgtf-btn-simple edgtf-btn-switch-line edgtf-blog-list-button\"  >\t\t\t<span class=\"edgtf-btn-icon-element\"><\/span>\t\t<span class=\"edgtf-btn-text\">Llegir m\u00e9s<span class=\"edgtf-btn-text-line\" ><\/span><span class=\"edgtf-btn-switch-line\" ><\/span><\/span>\t<\/a>\t<\/div>\n\t        <\/div>\n        <\/div>\n\t<\/div>\n<\/li><li class=\"edgtf-bl-item clearfix\">\n\t<div class=\"edgtf-bli-inner\">\n\t\t\n\t<div class=\"edgtf-post-image\">\n\t\t\t\t\t<a itemprop=\"url\" href=\"https:\/\/www.santjosep.net\/ca\/establiments-emblematics-de-sant-josep\/\" title=\"Establiments emblem\u00e0tics de Sant Josep\">\n\t\t\t\t\t\t\t\t\t<img loading=\"lazy\" decoding=\"async\" width=\"890\" height=\"667\" src=\"https:\/\/www.santjosep.net\/wp-content\/uploads\/2021\/10\/emblematics_santjosep.jpg\" class=\"attachment-full size-full wp-post-image\" alt=\"\" srcset=\"https:\/\/www.santjosep.net\/wp-content\/uploads\/2021\/10\/emblematics_santjosep.jpg 890w, https:\/\/www.santjosep.net\/wp-content\/uploads\/2021\/10\/emblematics_santjosep-300x225.jpg 300w, https:\/\/www.santjosep.net\/wp-content\/uploads\/2021\/10\/emblematics_santjosep-768x576.jpg 768w, https:\/\/www.santjosep.net\/wp-content\/uploads\/2021\/10\/emblematics_santjosep-800x600.jpg 800w\" sizes=\"auto, (max-width: 890px) 100vw, 890px\" \/>\t\t\t\t\t\t\t\t<\/a>\n\t\t\t<\/div>\n        <div class=\"edgtf-bli-content\">\n                            <div class=\"edgtf-bli-date\">\n\t                <div itemprop=\"dateCreated\" class=\"edgtf-post-info-date entry-date published updated\">\n            <a itemprop=\"url\" href=\"https:\/\/www.santjosep.net\/ca\/2021\/09\/\">\n    \n        25 setembre 2021        <\/a>\n    <meta itemprop=\"interactionCount\" content=\"UserComments: 0\"\/>\n<\/div>                <\/div>\n            \t\n\t        \n<h4 itemprop=\"name\" class=\"entry-title edgtf-post-title\" >\n            <a itemprop=\"url\" href=\"https:\/\/www.santjosep.net\/ca\/establiments-emblematics-de-sant-josep\/\" title=\"Establiments emblem\u00e0tics de Sant Josep\">\n            Establiments emblem\u00e0tics de Sant Josep            <\/a>\n    <\/h4>\n\t        <div class=\"edgtf-bli-info\">\n\t\t        <div class=\"edgtf-post-info-category\">\n    <a href=\"https:\/\/www.santjosep.net\/ca\/category\/tradicions-ca\/\" rel=\"category tag\">Tradicions<\/a><\/div>\t        <\/div>\n\n\t        <div class=\"edgtf-bli-excerpt\">\n\t\t        \t\t<div class=\"edgtf-post-excerpt-holder\">\n\t\t\t<p itemprop=\"description\" class=\"edgtf-post-excerpt\">\n\t\t\t\tSant Josep de sa Talaia ha estat un dels participants pioners a aportar els primers noms a incloure en aquest cat\u00e0leg virtual de promoci\u00f3 i reconeixement del comer\u00e7 local.\t\t\t<\/p>\n\t\t<\/div>\n\t\t\t        \t<div class=\"edgtf-post-read-more-button\">\n\t\t<a itemprop=\"url\" href=\"https:\/\/www.santjosep.net\/ca\/establiments-emblematics-de-sant-josep\/\" target=\"_self\"  class=\"edgtf-btn edgtf-btn-medium edgtf-btn-simple edgtf-btn-switch-line edgtf-blog-list-button\"  >\t\t\t<span class=\"edgtf-btn-icon-element\"><\/span>\t\t<span class=\"edgtf-btn-text\">Llegir m\u00e9s<span class=\"edgtf-btn-text-line\" ><\/span><span class=\"edgtf-btn-switch-line\" ><\/span><\/span>\t<\/a>\t<\/div>\n\t        <\/div>\n        <\/div>\n\t<\/div>\n<\/li><li class=\"edgtf-bl-item clearfix\">\n\t<div class=\"edgtf-bli-inner\">\n\t\t\n\t<div class=\"edgtf-post-image\">\n\t\t\t\t\t<a itemprop=\"url\" href=\"https:\/\/www.santjosep.net\/ca\/lovesantjosep-edicio-estiu\/\" title=\"#LoveSantJosep edici\u00f3 estiu\">\n\t\t\t\t\t\t\t\t\t<img loading=\"lazy\" decoding=\"async\" width=\"890\" height=\"667\" src=\"https:\/\/www.santjosep.net\/wp-content\/uploads\/2021\/08\/lovesantjosep.jpg\" class=\"attachment-full size-full wp-post-image\" alt=\"\" srcset=\"https:\/\/www.santjosep.net\/wp-content\/uploads\/2021\/08\/lovesantjosep.jpg 890w, https:\/\/www.santjosep.net\/wp-content\/uploads\/2021\/08\/lovesantjosep-300x225.jpg 300w, https:\/\/www.santjosep.net\/wp-content\/uploads\/2021\/08\/lovesantjosep-768x576.jpg 768w, https:\/\/www.santjosep.net\/wp-content\/uploads\/2021\/08\/lovesantjosep-800x600.jpg 800w\" sizes=\"auto, (max-width: 890px) 100vw, 890px\" \/>\t\t\t\t\t\t\t\t<\/a>\n\t\t\t<\/div>\n        <div class=\"edgtf-bli-content\">\n                            <div class=\"edgtf-bli-date\">\n\t                <div itemprop=\"dateCreated\" class=\"edgtf-post-info-date entry-date published updated\">\n            <a itemprop=\"url\" href=\"https:\/\/www.santjosep.net\/ca\/2021\/08\/\">\n    \n        9 agost 2021        <\/a>\n    <meta itemprop=\"interactionCount\" content=\"UserComments: 0\"\/>\n<\/div>                <\/div>\n            \t\n\t        \n<h4 itemprop=\"name\" class=\"entry-title edgtf-post-title\" >\n            <a itemprop=\"url\" href=\"https:\/\/www.santjosep.net\/ca\/lovesantjosep-edicio-estiu\/\" title=\"#LoveSantJosep edici\u00f3 estiu\">\n            #LoveSantJosep edici\u00f3 estiu            <\/a>\n    <\/h4>\n\t        <div class=\"edgtf-bli-info\">\n\t\t        <div class=\"edgtf-post-info-category\">\n    <a href=\"https:\/\/www.santjosep.net\/ca\/category\/platjes-ca\/\" rel=\"category tag\">Platjes<\/a><\/div>\t        <\/div>\n\n\t        <div class=\"edgtf-bli-excerpt\">\n\t\t        \t\t<div class=\"edgtf-post-excerpt-holder\">\n\t\t\t<p itemprop=\"description\" class=\"edgtf-post-excerpt\">\n\t\t\t\tPlatges, esgl\u00e9sies, miradors, pobles, postes de sol, natura i molt m\u00e9s. En aquest post fem un petit recull de les imatges que aquest hashtag ens est\u00e0 regalant durant l\u2019estiu.\t\t\t<\/p>\n\t\t<\/div>\n\t\t\t        \t<div class=\"edgtf-post-read-more-button\">\n\t\t<a itemprop=\"url\" href=\"https:\/\/www.santjosep.net\/ca\/lovesantjosep-edicio-estiu\/\" target=\"_self\"  class=\"edgtf-btn edgtf-btn-medium edgtf-btn-simple edgtf-btn-switch-line edgtf-blog-list-button\"  >\t\t\t<span class=\"edgtf-btn-icon-element\"><\/span>\t\t<span class=\"edgtf-btn-text\">Llegir m\u00e9s<span class=\"edgtf-btn-text-line\" ><\/span><span class=\"edgtf-btn-switch-line\" ><\/span><\/span>\t<\/a>\t<\/div>\n\t        <\/div>\n        <\/div>\n\t<\/div>\n<\/li><li class=\"edgtf-bl-item clearfix\">\n\t<div class=\"edgtf-bli-inner\">\n\t\t\n\t<div class=\"edgtf-post-image\">\n\t\t\t\t\t<a itemprop=\"url\" href=\"https:\/\/www.santjosep.net\/ca\/ibiza-family-experience-2\/\" title=\"Ibiza Family Experience\">\n\t\t\t\t\t\t\t\t\t<img loading=\"lazy\" decoding=\"async\" width=\"1200\" height=\"899\" src=\"https:\/\/www.santjosep.net\/wp-content\/uploads\/2021\/06\/coverblog.jpg\" class=\"attachment-full size-full wp-post-image\" alt=\"\" srcset=\"https:\/\/www.santjosep.net\/wp-content\/uploads\/2021\/06\/coverblog.jpg 1200w, https:\/\/www.santjosep.net\/wp-content\/uploads\/2021\/06\/coverblog-300x225.jpg 300w, https:\/\/www.santjosep.net\/wp-content\/uploads\/2021\/06\/coverblog-1024x767.jpg 1024w, https:\/\/www.santjosep.net\/wp-content\/uploads\/2021\/06\/coverblog-768x575.jpg 768w, https:\/\/www.santjosep.net\/wp-content\/uploads\/2021\/06\/coverblog-800x600.jpg 800w\" sizes=\"auto, (max-width: 1200px) 100vw, 1200px\" \/>\t\t\t\t\t\t\t\t<\/a>\n\t\t\t<\/div>\n        <div class=\"edgtf-bli-content\">\n                            <div class=\"edgtf-bli-date\">\n\t                <div itemprop=\"dateCreated\" class=\"edgtf-post-info-date entry-date published updated\">\n            <a itemprop=\"url\" href=\"https:\/\/www.santjosep.net\/ca\/2021\/06\/\">\n    \n        30 juny 2021        <\/a>\n    <meta itemprop=\"interactionCount\" content=\"UserComments: 0\"\/>\n<\/div>                <\/div>\n            \t\n\t        \n<h4 itemprop=\"name\" class=\"entry-title edgtf-post-title\" >\n            <a itemprop=\"url\" href=\"https:\/\/www.santjosep.net\/ca\/ibiza-family-experience-2\/\" title=\"Ibiza Family Experience\">\n            Ibiza Family Experience            <\/a>\n    <\/h4>\n\t        <div class=\"edgtf-bli-info\">\n\t\t        <div class=\"edgtf-post-info-category\">\n    <a href=\"https:\/\/www.santjosep.net\/ca\/category\/esdeveniments-ca\/\" rel=\"category tag\">Esdeveniments<\/a>, <a href=\"https:\/\/www.santjosep.net\/ca\/category\/esports-ca\/\" rel=\"category tag\">Esports<\/a><\/div>\t        <\/div>\n\n\t        <div class=\"edgtf-bli-excerpt\">\n\t\t        \t\t<div class=\"edgtf-post-excerpt-holder\">\n\t\t\t<p itemprop=\"description\" class=\"edgtf-post-excerpt\">\n\t\t\t\tVens de vacances a Eivissa amb la fam\u00edlia i est\u00e0s buscant coses per fer? Eivissa \u00e9s una destinaci\u00f3 tur\u00edstica atractiva durant tot l\u2019any pel seu atractiu entorn natural i la seva variada oferta d\u2019hotels, restaurants i oci.\t\t\t<\/p>\n\t\t<\/div>\n\t\t\t        \t<div class=\"edgtf-post-read-more-button\">\n\t\t<a itemprop=\"url\" href=\"https:\/\/www.santjosep.net\/ca\/ibiza-family-experience-2\/\" target=\"_self\"  class=\"edgtf-btn edgtf-btn-medium edgtf-btn-simple edgtf-btn-switch-line edgtf-blog-list-button\"  >\t\t\t<span class=\"edgtf-btn-icon-element\"><\/span>\t\t<span class=\"edgtf-btn-text\">Llegir m\u00e9s<span class=\"edgtf-btn-text-line\" ><\/span><span class=\"edgtf-btn-switch-line\" ><\/span><\/span>\t<\/a>\t<\/div>\n\t        <\/div>\n        <\/div>\n\t<\/div>\n<\/li><li class=\"edgtf-bl-item clearfix\">\n\t<div class=\"edgtf-bli-inner\">\n\t\t\n\t<div class=\"edgtf-post-image\">\n\t\t\t\t\t<a itemprop=\"url\" href=\"https:\/\/www.santjosep.net\/ca\/des-carregador-a-es-codolar-una-ruta-carregada-dhistoria\/\" title=\"Des Carregador a es Codolar, una ruta carregada d\u2019hist\u00f2ria\">\n\t\t\t\t\t\t\t\t\t<img loading=\"lazy\" decoding=\"async\" width=\"890\" height=\"667\" src=\"https:\/\/www.santjosep.net\/wp-content\/uploads\/2021\/04\/carrerocanblai.jpg\" class=\"attachment-full size-full wp-post-image\" alt=\"\" srcset=\"https:\/\/www.santjosep.net\/wp-content\/uploads\/2021\/04\/carrerocanblai.jpg 890w, https:\/\/www.santjosep.net\/wp-content\/uploads\/2021\/04\/carrerocanblai-300x225.jpg 300w, https:\/\/www.santjosep.net\/wp-content\/uploads\/2021\/04\/carrerocanblai-768x576.jpg 768w, https:\/\/www.santjosep.net\/wp-content\/uploads\/2021\/04\/carrerocanblai-800x600.jpg 800w\" sizes=\"auto, (max-width: 890px) 100vw, 890px\" \/>\t\t\t\t\t\t\t\t<\/a>\n\t\t\t<\/div>\n        <div class=\"edgtf-bli-content\">\n                            <div class=\"edgtf-bli-date\">\n\t                <div itemprop=\"dateCreated\" class=\"edgtf-post-info-date entry-date published updated\">\n            <a itemprop=\"url\" href=\"https:\/\/www.santjosep.net\/ca\/2021\/04\/\">\n    \n        30 abril 2021        <\/a>\n    <meta itemprop=\"interactionCount\" content=\"UserComments: 0\"\/>\n<\/div>                <\/div>\n            \t\n\t        \n<h4 itemprop=\"name\" class=\"entry-title edgtf-post-title\" >\n            <a itemprop=\"url\" href=\"https:\/\/www.santjosep.net\/ca\/des-carregador-a-es-codolar-una-ruta-carregada-dhistoria\/\" title=\"Des Carregador a es Codolar, una ruta carregada d\u2019hist\u00f2ria\">\n            Des Carregador a es Codolar, una ruta carregada d\u2019hist\u00f2ria            <\/a>\n    <\/h4>\n\t        <div class=\"edgtf-bli-info\">\n\t\t        <div class=\"edgtf-post-info-category\">\n    <a href=\"https:\/\/www.santjosep.net\/ca\/category\/cultura-ca\/\" rel=\"category tag\">Cultura<\/a>, <a href=\"https:\/\/www.santjosep.net\/ca\/category\/passejades-ca\/\" rel=\"category tag\">Passejades<\/a>, <a href=\"https:\/\/www.santjosep.net\/ca\/category\/patrimonio-ca\/\" rel=\"category tag\">Patrimoni<\/a><\/div>\t        <\/div>\n\n\t        <div class=\"edgtf-bli-excerpt\">\n\t\t        \t\t<div class=\"edgtf-post-excerpt-holder\">\n\t\t\t<p itemprop=\"description\" class=\"edgtf-post-excerpt\">\n\t\t\t\tA Sant Josep ens hi espera una ruta carregada d\u2019hist\u00f2ria que ens traslladar\u00e0 a temps passats i a ind\u00fastries primig\u00e8nies que s\u2019obrien pas en una illa amb un incipient potencial econ\u00f2mic des de l\u2019\u00e8poca punicofen\u00edcia.\t\t\t<\/p>\n\t\t<\/div>\n\t\t\t        \t<div class=\"edgtf-post-read-more-button\">\n\t\t<a itemprop=\"url\" href=\"https:\/\/www.santjosep.net\/ca\/des-carregador-a-es-codolar-una-ruta-carregada-dhistoria\/\" target=\"_self\"  class=\"edgtf-btn edgtf-btn-medium edgtf-btn-simple edgtf-btn-switch-line edgtf-blog-list-button\"  >\t\t\t<span class=\"edgtf-btn-icon-element\"><\/span>\t\t<span class=\"edgtf-btn-text\">Llegir m\u00e9s<span class=\"edgtf-btn-text-line\" ><\/span><span class=\"edgtf-btn-switch-line\" ><\/span><\/span>\t<\/a>\t<\/div>\n\t        <\/div>\n        <\/div>\n\t<\/div>\n<\/li><li class=\"edgtf-bl-item clearfix\">\n\t<div class=\"edgtf-bli-inner\">\n\t\t\n\t<div class=\"edgtf-post-image\">\n\t\t\t\t\t<a itemprop=\"url\" href=\"https:\/\/www.santjosep.net\/ca\/utilitza-lovesantjosep-a-instagram-i-comparteix-les-teves-fotografies-de-sant-josep\/\" title=\"Utilitza #LoveSantJosep a Instagram i comparteix les teves fotografies de Sant Josep\">\n\t\t\t\t\t\t\t\t\t<img loading=\"lazy\" decoding=\"async\" width=\"890\" height=\"667\" src=\"https:\/\/www.santjosep.net\/wp-content\/uploads\/2021\/02\/lovesantjosep.jpg\" class=\"attachment-full size-full wp-post-image\" alt=\"\" srcset=\"https:\/\/www.santjosep.net\/wp-content\/uploads\/2021\/02\/lovesantjosep.jpg 890w, https:\/\/www.santjosep.net\/wp-content\/uploads\/2021\/02\/lovesantjosep-300x225.jpg 300w, https:\/\/www.santjosep.net\/wp-content\/uploads\/2021\/02\/lovesantjosep-768x576.jpg 768w, https:\/\/www.santjosep.net\/wp-content\/uploads\/2021\/02\/lovesantjosep-800x600.jpg 800w\" sizes=\"auto, (max-width: 890px) 100vw, 890px\" \/>\t\t\t\t\t\t\t\t<\/a>\n\t\t\t<\/div>\n        <div class=\"edgtf-bli-content\">\n                            <div class=\"edgtf-bli-date\">\n\t                <div itemprop=\"dateCreated\" class=\"edgtf-post-info-date entry-date published updated\">\n            <a itemprop=\"url\" href=\"https:\/\/www.santjosep.net\/ca\/2021\/02\/\">\n    \n        18 febrer 2021        <\/a>\n    <meta itemprop=\"interactionCount\" content=\"UserComments: 0\"\/>\n<\/div>                <\/div>\n            \t\n\t        \n<h4 itemprop=\"name\" class=\"entry-title edgtf-post-title\" >\n            <a itemprop=\"url\" href=\"https:\/\/www.santjosep.net\/ca\/utilitza-lovesantjosep-a-instagram-i-comparteix-les-teves-fotografies-de-sant-josep\/\" title=\"Utilitza #LoveSantJosep a Instagram i comparteix les teves fotografies de Sant Josep\">\n            Utilitza #LoveSantJosep a Instagram i comparteix les teves fotografies de Sant Josep            <\/a>\n    <\/h4>\n\t        <div class=\"edgtf-bli-info\">\n\t\t        <div class=\"edgtf-post-info-category\">\n    <a href=\"https:\/\/www.santjosep.net\/ca\/category\/cultura-ca\/\" rel=\"category tag\">Cultura<\/a>, <a href=\"https:\/\/www.santjosep.net\/ca\/category\/passejades-ca\/\" rel=\"category tag\">Passejades<\/a>, <a href=\"https:\/\/www.santjosep.net\/ca\/category\/patrimonio-ca\/\" rel=\"category tag\">Patrimoni<\/a>, <a href=\"https:\/\/www.santjosep.net\/ca\/category\/platjes-ca\/\" rel=\"category tag\">Platjes<\/a><\/div>\t        <\/div>\n\n\t        <div class=\"edgtf-bli-excerpt\">\n\t\t        \t\t<div class=\"edgtf-post-excerpt-holder\">\n\t\t\t<p itemprop=\"description\" class=\"edgtf-post-excerpt\">\n\t\t\t\tMoltes persones comparteixen fotografies del nostre bell municipi a les xarxes socials.\t\t\t<\/p>\n\t\t<\/div>\n\t\t\t        \t<div class=\"edgtf-post-read-more-button\">\n\t\t<a itemprop=\"url\" href=\"https:\/\/www.santjosep.net\/ca\/utilitza-lovesantjosep-a-instagram-i-comparteix-les-teves-fotografies-de-sant-josep\/\" target=\"_self\"  class=\"edgtf-btn edgtf-btn-medium edgtf-btn-simple edgtf-btn-switch-line edgtf-blog-list-button\"  >\t\t\t<span class=\"edgtf-btn-icon-element\"><\/span>\t\t<span class=\"edgtf-btn-text\">Llegir m\u00e9s<span class=\"edgtf-btn-text-line\" ><\/span><span class=\"edgtf-btn-switch-line\" ><\/span><\/span>\t<\/a>\t<\/div>\n\t        <\/div>\n        <\/div>\n\t<\/div>\n<\/li><li class=\"edgtf-bl-item clearfix\">\n\t<div class=\"edgtf-bli-inner\">\n\t\t\n\t<div class=\"edgtf-post-image\">\n\t\t\t\t\t<a itemprop=\"url\" href=\"https:\/\/www.santjosep.net\/ca\/rumb-a-sant-josep-la-costa-que-enamora\/\" title=\"Rumb a Sant Josep, la costa que enamora\">\n\t\t\t\t\t\t\t\t\t<img loading=\"lazy\" decoding=\"async\" width=\"1500\" height=\"1125\" src=\"https:\/\/www.santjosep.net\/wp-content\/uploads\/2021\/01\/ok__0000_shutterstock_1822684487.jpg\" class=\"attachment-full size-full wp-post-image\" alt=\"\" srcset=\"https:\/\/www.santjosep.net\/wp-content\/uploads\/2021\/01\/ok__0000_shutterstock_1822684487.jpg 1500w, https:\/\/www.santjosep.net\/wp-content\/uploads\/2021\/01\/ok__0000_shutterstock_1822684487-300x225.jpg 300w, https:\/\/www.santjosep.net\/wp-content\/uploads\/2021\/01\/ok__0000_shutterstock_1822684487-1024x768.jpg 1024w, https:\/\/www.santjosep.net\/wp-content\/uploads\/2021\/01\/ok__0000_shutterstock_1822684487-768x576.jpg 768w, https:\/\/www.santjosep.net\/wp-content\/uploads\/2021\/01\/ok__0000_shutterstock_1822684487-800x600.jpg 800w\" sizes=\"auto, (max-width: 1500px) 100vw, 1500px\" \/>\t\t\t\t\t\t\t\t<\/a>\n\t\t\t<\/div>\n        <div class=\"edgtf-bli-content\">\n                            <div class=\"edgtf-bli-date\">\n\t                <div itemprop=\"dateCreated\" class=\"edgtf-post-info-date entry-date published updated\">\n            <a itemprop=\"url\" href=\"https:\/\/www.santjosep.net\/ca\/2021\/01\/\">\n    \n        18 gener 2021        <\/a>\n    <meta itemprop=\"interactionCount\" content=\"UserComments: 0\"\/>\n<\/div>                <\/div>\n            \t\n\t        \n<h4 itemprop=\"name\" class=\"entry-title edgtf-post-title\" >\n            <a itemprop=\"url\" href=\"https:\/\/www.santjosep.net\/ca\/rumb-a-sant-josep-la-costa-que-enamora\/\" title=\"Rumb a Sant Josep, la costa que enamora\">\n            Rumb a Sant Josep, la costa que enamora            <\/a>\n    <\/h4>\n\t        <div class=\"edgtf-bli-info\">\n\t\t        <div class=\"edgtf-post-info-category\">\n    <a href=\"https:\/\/www.santjosep.net\/ca\/category\/patrimonio-ca\/\" rel=\"category tag\">Patrimoni<\/a>, <a href=\"https:\/\/www.santjosep.net\/ca\/category\/platjes-ca\/\" rel=\"category tag\">Platjes<\/a><\/div>\t        <\/div>\n\n\t        <div class=\"edgtf-bli-excerpt\">\n\t\t        \t\t<div class=\"edgtf-post-excerpt-holder\">\n\t\t\t<p itemprop=\"description\" class=\"edgtf-post-excerpt\">\n\t\t\t\tSant Josep \u00e9s, sens dubte, un territori privilegiat de l\u2019illa d\u2019Eivissa amb una costa farcida d\u2019atractius.\t\t\t<\/p>\n\t\t<\/div>\n\t\t\t        \t<div class=\"edgtf-post-read-more-button\">\n\t\t<a itemprop=\"url\" href=\"https:\/\/www.santjosep.net\/ca\/rumb-a-sant-josep-la-costa-que-enamora\/\" target=\"_self\"  class=\"edgtf-btn edgtf-btn-medium edgtf-btn-simple edgtf-btn-switch-line edgtf-blog-list-button\"  >\t\t\t<span class=\"edgtf-btn-icon-element\"><\/span>\t\t<span class=\"edgtf-btn-text\">Llegir m\u00e9s<span class=\"edgtf-btn-text-line\" ><\/span><span class=\"edgtf-btn-switch-line\" ><\/span><\/span>\t<\/a>\t<\/div>\n\t        <\/div>\n        <\/div>\n\t<\/div>\n<\/li><li class=\"edgtf-bl-item clearfix\">\n\t<div class=\"edgtf-bli-inner\">\n\t\t\n\t<div class=\"edgtf-post-image\">\n\t\t\t\t\t<a itemprop=\"url\" href=\"https:\/\/www.santjosep.net\/ca\/sant-josep-el-millor-plato\/\" title=\"Sant Josep, el millor plat\u00f3\">\n\t\t\t\t\t\t\t\t\t<img loading=\"lazy\" decoding=\"async\" width=\"890\" height=\"667\" src=\"https:\/\/www.santjosep.net\/wp-content\/uploads\/2020\/11\/filmcomission_cover.jpg\" class=\"attachment-full size-full wp-post-image\" alt=\"\" srcset=\"https:\/\/www.santjosep.net\/wp-content\/uploads\/2020\/11\/filmcomission_cover.jpg 890w, https:\/\/www.santjosep.net\/wp-content\/uploads\/2020\/11\/filmcomission_cover-300x225.jpg 300w, https:\/\/www.santjosep.net\/wp-content\/uploads\/2020\/11\/filmcomission_cover-768x576.jpg 768w, https:\/\/www.santjosep.net\/wp-content\/uploads\/2020\/11\/filmcomission_cover-800x600.jpg 800w\" sizes=\"auto, (max-width: 890px) 100vw, 890px\" \/>\t\t\t\t\t\t\t\t<\/a>\n\t\t\t<\/div>\n        <div class=\"edgtf-bli-content\">\n                            <div class=\"edgtf-bli-date\">\n\t                <div itemprop=\"dateCreated\" class=\"edgtf-post-info-date entry-date published updated\">\n            <a itemprop=\"url\" href=\"https:\/\/www.santjosep.net\/ca\/2020\/11\/\">\n    \n        26 novembre 2020        <\/a>\n    <meta itemprop=\"interactionCount\" content=\"UserComments: 0\"\/>\n<\/div>                <\/div>\n            \t\n\t        \n<h4 itemprop=\"name\" class=\"entry-title edgtf-post-title\" >\n            <a itemprop=\"url\" href=\"https:\/\/www.santjosep.net\/ca\/sant-josep-el-millor-plato\/\" title=\"Sant Josep, el millor plat\u00f3\">\n            Sant Josep, el millor plat\u00f3            <\/a>\n    <\/h4>\n\t        <div class=\"edgtf-bli-info\">\n\t\t        <div class=\"edgtf-post-info-category\">\n    <a href=\"https:\/\/www.santjosep.net\/ca\/category\/cultura-ca\/\" rel=\"category tag\">Cultura<\/a><\/div>\t        <\/div>\n\n\t        <div class=\"edgtf-bli-excerpt\">\n\t\t        \t\t<div class=\"edgtf-post-excerpt-holder\">\n\t\t\t<p itemprop=\"description\" class=\"edgtf-post-excerpt\">\n\t\t\t\tPer tal de proporcionar al sector una eina a l\u2019al\u00e7ada de les seves necessitats, l\u2019Ajuntament de Sant Josep disposa de la Sant Josep Film Office.\t\t\t<\/p>\n\t\t<\/div>\n\t\t\t        \t<div class=\"edgtf-post-read-more-button\">\n\t\t<a itemprop=\"url\" href=\"https:\/\/www.santjosep.net\/ca\/sant-josep-el-millor-plato\/\" target=\"_self\"  class=\"edgtf-btn edgtf-btn-medium edgtf-btn-simple edgtf-btn-switch-line edgtf-blog-list-button\"  >\t\t\t<span class=\"edgtf-btn-icon-element\"><\/span>\t\t<span class=\"edgtf-btn-text\">Llegir m\u00e9s<span class=\"edgtf-btn-text-line\" ><\/span><span class=\"edgtf-btn-switch-line\" ><\/span><\/span>\t<\/a>\t<\/div>\n\t        <\/div>\n        <\/div>\n\t<\/div>\n<\/li><li class=\"edgtf-bl-item clearfix\">\n\t<div class=\"edgtf-bli-inner\">\n\t\t\n\t<div class=\"edgtf-post-image\">\n\t\t\t\t\t<a itemprop=\"url\" href=\"https:\/\/www.santjosep.net\/ca\/video-cala-carbo\/\" title=\"Video Cala Carb\u00f3\">\n\t\t\t\t\t\t\t\t\t<img loading=\"lazy\" decoding=\"async\" width=\"890\" height=\"667\" src=\"https:\/\/www.santjosep.net\/wp-content\/uploads\/2020\/11\/cover_calacarbo.jpg\" class=\"attachment-full size-full wp-post-image\" alt=\"\" srcset=\"https:\/\/www.santjosep.net\/wp-content\/uploads\/2020\/11\/cover_calacarbo.jpg 890w, https:\/\/www.santjosep.net\/wp-content\/uploads\/2020\/11\/cover_calacarbo-300x225.jpg 300w, https:\/\/www.santjosep.net\/wp-content\/uploads\/2020\/11\/cover_calacarbo-768x576.jpg 768w, https:\/\/www.santjosep.net\/wp-content\/uploads\/2020\/11\/cover_calacarbo-800x600.jpg 800w\" sizes=\"auto, (max-width: 890px) 100vw, 890px\" \/>\t\t\t\t\t\t\t\t<\/a>\n\t\t\t<\/div>\n        <div class=\"edgtf-bli-content\">\n                            <div class=\"edgtf-bli-date\">\n\t                <div itemprop=\"dateCreated\" class=\"edgtf-post-info-date entry-date published updated\">\n            <a itemprop=\"url\" href=\"https:\/\/www.santjosep.net\/ca\/2020\/11\/\">\n    \n        15 novembre 2020        <\/a>\n    <meta itemprop=\"interactionCount\" content=\"UserComments: 0\"\/>\n<\/div>                <\/div>\n            \t\n\t        \n<h4 itemprop=\"name\" class=\"entry-title edgtf-post-title\" >\n            <a itemprop=\"url\" href=\"https:\/\/www.santjosep.net\/ca\/video-cala-carbo\/\" title=\"Video Cala Carb\u00f3\">\n            Video Cala Carb\u00f3            <\/a>\n    <\/h4>\n\t        <div class=\"edgtf-bli-info\">\n\t\t        <div class=\"edgtf-post-info-category\">\n    <a href=\"https:\/\/www.santjosep.net\/ca\/category\/platjes-ca\/\" rel=\"category tag\">Platjes<\/a><\/div>\t        <\/div>\n\n\t        <div class=\"edgtf-bli-excerpt\">\n\t\t        \t\t<div class=\"edgtf-post-excerpt-holder\">\n\t\t\t<p itemprop=\"description\" class=\"edgtf-post-excerpt\">\n\t\t\t\tCala Carb\u00f3 \u00e9s una cala petita i tranquil\u00b7la situada a la Reserva Natural de Cala d\u2019Hort, al municipi de Sant Josep. \r\nEst\u00e0 especialment indicada per a fam\u00edlies o amants d\u2019ambients tranquils, perqu\u00e8 ofereix la possibilitat de banyar-se i prendre el sol sense cap mena de risc per als m\u00e9s petits. Tamb\u00e9 s\u2019hi pot tastar la t\u00edpica gastronomia eivissenca.\t\t\t<\/p>\n\t\t<\/div>\n\t\t\t        \t<div class=\"edgtf-post-read-more-button\">\n\t\t<a itemprop=\"url\" href=\"https:\/\/www.santjosep.net\/ca\/video-cala-carbo\/\" target=\"_self\"  class=\"edgtf-btn edgtf-btn-medium edgtf-btn-simple edgtf-btn-switch-line edgtf-blog-list-button\"  >\t\t\t<span class=\"edgtf-btn-icon-element\"><\/span>\t\t<span class=\"edgtf-btn-text\">Llegir m\u00e9s<span class=\"edgtf-btn-text-line\" ><\/span><span class=\"edgtf-btn-switch-line\" ><\/span><\/span>\t<\/a>\t<\/div>\n\t        <\/div>\n        <\/div>\n\t<\/div>\n<\/li><li class=\"edgtf-bl-item clearfix\">\n\t<div class=\"edgtf-bli-inner\">\n\t\t\n\t<div class=\"edgtf-post-image\">\n\t\t\t\t\t<a itemprop=\"url\" href=\"https:\/\/www.santjosep.net\/ca\/6-idees-per-gaudir-a-cala-vedella\/\" title=\"6 idees per gaudir a Cala Vedella\">\n\t\t\t\t\t\t\t\t\t<img loading=\"lazy\" decoding=\"async\" width=\"890\" height=\"667\" src=\"https:\/\/www.santjosep.net\/wp-content\/uploads\/2020\/10\/calavadella_cover.jpg\" class=\"attachment-full size-full wp-post-image\" alt=\"\" srcset=\"https:\/\/www.santjosep.net\/wp-content\/uploads\/2020\/10\/calavadella_cover.jpg 890w, https:\/\/www.santjosep.net\/wp-content\/uploads\/2020\/10\/calavadella_cover-300x225.jpg 300w, https:\/\/www.santjosep.net\/wp-content\/uploads\/2020\/10\/calavadella_cover-768x576.jpg 768w, https:\/\/www.santjosep.net\/wp-content\/uploads\/2020\/10\/calavadella_cover-800x600.jpg 800w\" sizes=\"auto, (max-width: 890px) 100vw, 890px\" \/>\t\t\t\t\t\t\t\t<\/a>\n\t\t\t<\/div>\n        <div class=\"edgtf-bli-content\">\n                            <div class=\"edgtf-bli-date\">\n\t                <div itemprop=\"dateCreated\" class=\"edgtf-post-info-date entry-date published updated\">\n            <a itemprop=\"url\" href=\"https:\/\/www.santjosep.net\/ca\/2020\/10\/\">\n    \n        1 octubre 2020        <\/a>\n    <meta itemprop=\"interactionCount\" content=\"UserComments: 0\"\/>\n<\/div>                <\/div>\n            \t\n\t        \n<h4 itemprop=\"name\" class=\"entry-title edgtf-post-title\" >\n            <a itemprop=\"url\" href=\"https:\/\/www.santjosep.net\/ca\/6-idees-per-gaudir-a-cala-vedella\/\" title=\"6 idees per gaudir a Cala Vedella\">\n            6 idees per gaudir a Cala Vedella            <\/a>\n    <\/h4>\n\t        <div class=\"edgtf-bli-info\">\n\t\t        <div class=\"edgtf-post-info-category\">\n    <a href=\"https:\/\/www.santjosep.net\/ca\/category\/esports-ca\/\" rel=\"category tag\">Esports<\/a>, <a href=\"https:\/\/www.santjosep.net\/ca\/category\/gastronomia-2-ca\/\" rel=\"category tag\">Gastronom\u00eda<\/a>, <a href=\"https:\/\/www.santjosep.net\/ca\/category\/platjes-ca\/\" rel=\"category tag\">Platjes<\/a>, <a href=\"https:\/\/www.santjosep.net\/ca\/category\/postes-de-sol-ca\/\" rel=\"category tag\">Postes de sol<\/a><\/div>\t        <\/div>\n\n\t        <div class=\"edgtf-bli-excerpt\">\n\t\t        \t\t<div class=\"edgtf-post-excerpt-holder\">\n\t\t\t<p itemprop=\"description\" class=\"edgtf-post-excerpt\">\n\t\t\t\tCala Vedella ha estat sempre un cl\u00e0ssic lloc d\u2019estiueig per als eivissencs de tota l\u2019illa. Actualment la seva fama segueix vigent, per\u00f2 a nivell internacional, especialment entre un p\u00fablic clarament familiar, que sap valorar tot all\u00f2 que aquest petit rac\u00f3 pot oferir. Vegem-ne alguns exemples.\t\t\t<\/p>\n\t\t<\/div>\n\t\t\t        \t<div class=\"edgtf-post-read-more-button\">\n\t\t<a itemprop=\"url\" href=\"https:\/\/www.santjosep.net\/ca\/6-idees-per-gaudir-a-cala-vedella\/\" target=\"_self\"  class=\"edgtf-btn edgtf-btn-medium edgtf-btn-simple edgtf-btn-switch-line edgtf-blog-list-button\"  >\t\t\t<span class=\"edgtf-btn-icon-element\"><\/span>\t\t<span class=\"edgtf-btn-text\">Llegir m\u00e9s<span class=\"edgtf-btn-text-line\" ><\/span><span class=\"edgtf-btn-switch-line\" ><\/span><\/span>\t<\/a>\t<\/div>\n\t        <\/div>\n        <\/div>\n\t<\/div>\n<\/li><li class=\"edgtf-bl-item clearfix\">\n\t<div class=\"edgtf-bli-inner\">\n\t\t\n\t<div class=\"edgtf-post-image\">\n\t\t\t\t\t<a itemprop=\"url\" href=\"https:\/\/www.santjosep.net\/ca\/artesania-tradicional-eivissenca\/\" title=\"Artesania tradicional eivissenca\">\n\t\t\t\t\t\t\t\t\t<img loading=\"lazy\" decoding=\"async\" width=\"2000\" height=\"1500\" src=\"https:\/\/www.santjosep.net\/wp-content\/uploads\/2020\/08\/artesanos-santjosep.jpg\" class=\"attachment-full size-full wp-post-image\" alt=\"\" srcset=\"https:\/\/www.santjosep.net\/wp-content\/uploads\/2020\/08\/artesanos-santjosep.jpg 2000w, https:\/\/www.santjosep.net\/wp-content\/uploads\/2020\/08\/artesanos-santjosep-300x225.jpg 300w, https:\/\/www.santjosep.net\/wp-content\/uploads\/2020\/08\/artesanos-santjosep-1024x768.jpg 1024w, https:\/\/www.santjosep.net\/wp-content\/uploads\/2020\/08\/artesanos-santjosep-768x576.jpg 768w, https:\/\/www.santjosep.net\/wp-content\/uploads\/2020\/08\/artesanos-santjosep-1536x1152.jpg 1536w, https:\/\/www.santjosep.net\/wp-content\/uploads\/2020\/08\/artesanos-santjosep-800x600.jpg 800w\" sizes=\"auto, (max-width: 2000px) 100vw, 2000px\" \/>\t\t\t\t\t\t\t\t<\/a>\n\t\t\t<\/div>\n        <div class=\"edgtf-bli-content\">\n                            <div class=\"edgtf-bli-date\">\n\t                <div itemprop=\"dateCreated\" class=\"edgtf-post-info-date entry-date published updated\">\n            <a itemprop=\"url\" href=\"https:\/\/www.santjosep.net\/ca\/2020\/08\/\">\n    \n        4 agost 2020        <\/a>\n    <meta itemprop=\"interactionCount\" content=\"UserComments: 0\"\/>\n<\/div>                <\/div>\n            \t\n\t        \n<h4 itemprop=\"name\" class=\"entry-title edgtf-post-title\" >\n            <a itemprop=\"url\" href=\"https:\/\/www.santjosep.net\/ca\/artesania-tradicional-eivissenca\/\" title=\"Artesania tradicional eivissenca\">\n            Artesania tradicional eivissenca            <\/a>\n    <\/h4>\n\t        <div class=\"edgtf-bli-info\">\n\t\t        <div class=\"edgtf-post-info-category\">\n    <a href=\"https:\/\/www.santjosep.net\/ca\/category\/cultura-ca\/\" rel=\"category tag\">Cultura<\/a>, <a href=\"https:\/\/www.santjosep.net\/ca\/category\/patrimonio-ca\/\" rel=\"category tag\">Patrimoni<\/a><\/div>\t        <\/div>\n\n\t        <div class=\"edgtf-bli-excerpt\">\n\t\t        \t\t<div class=\"edgtf-post-excerpt-holder\">\n\t\t\t<p itemprop=\"description\" class=\"edgtf-post-excerpt\">\n\t\t\t\tSant Josep de sa Talaia atresora un extraordinari llegat artesanal, her\u00e8ncia de cultures ancestrals i d\u2019influ\u00e8ncies de civilitzacions diverses.\t\t\t<\/p>\n\t\t<\/div>\n\t\t\t        \t<div class=\"edgtf-post-read-more-button\">\n\t\t<a itemprop=\"url\" href=\"https:\/\/www.santjosep.net\/ca\/artesania-tradicional-eivissenca\/\" target=\"_self\"  class=\"edgtf-btn edgtf-btn-medium edgtf-btn-simple edgtf-btn-switch-line edgtf-blog-list-button\"  >\t\t\t<span class=\"edgtf-btn-icon-element\"><\/span>\t\t<span class=\"edgtf-btn-text\">Llegir m\u00e9s<span class=\"edgtf-btn-text-line\" ><\/span><span class=\"edgtf-btn-switch-line\" ><\/span><\/span>\t<\/a>\t<\/div>\n\t        <\/div>\n        <\/div>\n\t<\/div>\n<\/li><li class=\"edgtf-bl-item clearfix\">\n\t<div class=\"edgtf-bli-inner\">\n\t\t\n\t<div class=\"edgtf-post-image\">\n\t\t\t\t\t<a itemprop=\"url\" href=\"https:\/\/www.santjosep.net\/ca\/ibiza-family-experience\/\" title=\"Ibiza Family Experience\">\n\t\t\t\t\t\t\t\t\t<img loading=\"lazy\" decoding=\"async\" width=\"2000\" height=\"1500\" src=\"https:\/\/www.santjosep.net\/wp-content\/uploads\/2020\/07\/covercat.jpg\" class=\"attachment-full size-full wp-post-image\" alt=\"\" srcset=\"https:\/\/www.santjosep.net\/wp-content\/uploads\/2020\/07\/covercat.jpg 2000w, https:\/\/www.santjosep.net\/wp-content\/uploads\/2020\/07\/covercat-300x225.jpg 300w, https:\/\/www.santjosep.net\/wp-content\/uploads\/2020\/07\/covercat-1024x768.jpg 1024w, https:\/\/www.santjosep.net\/wp-content\/uploads\/2020\/07\/covercat-768x576.jpg 768w, https:\/\/www.santjosep.net\/wp-content\/uploads\/2020\/07\/covercat-1536x1152.jpg 1536w, https:\/\/www.santjosep.net\/wp-content\/uploads\/2020\/07\/covercat-800x600.jpg 800w\" sizes=\"auto, (max-width: 2000px) 100vw, 2000px\" \/>\t\t\t\t\t\t\t\t<\/a>\n\t\t\t<\/div>\n        <div class=\"edgtf-bli-content\">\n                            <div class=\"edgtf-bli-date\">\n\t                <div itemprop=\"dateCreated\" class=\"edgtf-post-info-date entry-date published updated\">\n            <a itemprop=\"url\" href=\"https:\/\/www.santjosep.net\/ca\/2020\/07\/\">\n    \n        1 juliol 2020        <\/a>\n    <meta itemprop=\"interactionCount\" content=\"UserComments: 0\"\/>\n<\/div>                <\/div>\n            \t\n\t        \n<h4 itemprop=\"name\" class=\"entry-title edgtf-post-title\" >\n            <a itemprop=\"url\" href=\"https:\/\/www.santjosep.net\/ca\/ibiza-family-experience\/\" title=\"Ibiza Family Experience\">\n            Ibiza Family Experience            <\/a>\n    <\/h4>\n\t        <div class=\"edgtf-bli-info\">\n\t\t        <div class=\"edgtf-post-info-category\">\n    <a href=\"https:\/\/www.santjosep.net\/ca\/category\/esports-ca\/\" rel=\"category tag\">Esports<\/a><\/div>\t        <\/div>\n\n\t        <div class=\"edgtf-bli-excerpt\">\n\t\t        \t\t<div class=\"edgtf-post-excerpt-holder\">\n\t\t\t<p itemprop=\"description\" class=\"edgtf-post-excerpt\">\n\t\t\t\tCada a\u00f1o m\u00e1s familias con ni\u00f1os vienen a la isla de Ibiza a disfrutar e incluso repiten. Es por eso que el Consell de Ibiza ha creado el Proyecto \u00abIbiza Family Experience\u00ab. Enfocado en mostrar que Ibiza es un destino ideal para sus vacaciones.\t\t\t<\/p>\n\t\t<\/div>\n\t\t\t        \t<div class=\"edgtf-post-read-more-button\">\n\t\t<a itemprop=\"url\" href=\"https:\/\/www.santjosep.net\/ca\/ibiza-family-experience\/\" target=\"_self\"  class=\"edgtf-btn edgtf-btn-medium edgtf-btn-simple edgtf-btn-switch-line edgtf-blog-list-button\"  >\t\t\t<span class=\"edgtf-btn-icon-element\"><\/span>\t\t<span class=\"edgtf-btn-text\">Llegir m\u00e9s<span class=\"edgtf-btn-text-line\" ><\/span><span class=\"edgtf-btn-switch-line\" ><\/span><\/span>\t<\/a>\t<\/div>\n\t        <\/div>\n        <\/div>\n\t<\/div>\n<\/li><li class=\"edgtf-bl-item clearfix\">\n\t<div class=\"edgtf-bli-inner\">\n\t\t\n\t<div class=\"edgtf-post-image\">\n\t\t\t\t\t<a itemprop=\"url\" href=\"https:\/\/www.santjosep.net\/ca\/passeig-des-de-port-des-torrent-fins-a-cala-bassa\/\" title=\"Passeig des de Port des Torrent fins a Cala Bassa\">\n\t\t\t\t\t\t\t\t\t<img loading=\"lazy\" decoding=\"async\" width=\"2000\" height=\"1500\" src=\"https:\/\/www.santjosep.net\/wp-content\/uploads\/2020\/07\/paseocalabassa.jpg\" class=\"attachment-full size-full wp-post-image\" alt=\"\" srcset=\"https:\/\/www.santjosep.net\/wp-content\/uploads\/2020\/07\/paseocalabassa.jpg 2000w, https:\/\/www.santjosep.net\/wp-content\/uploads\/2020\/07\/paseocalabassa-300x225.jpg 300w, https:\/\/www.santjosep.net\/wp-content\/uploads\/2020\/07\/paseocalabassa-1024x768.jpg 1024w, https:\/\/www.santjosep.net\/wp-content\/uploads\/2020\/07\/paseocalabassa-768x576.jpg 768w, https:\/\/www.santjosep.net\/wp-content\/uploads\/2020\/07\/paseocalabassa-1536x1152.jpg 1536w, https:\/\/www.santjosep.net\/wp-content\/uploads\/2020\/07\/paseocalabassa-800x600.jpg 800w\" sizes=\"auto, (max-width: 2000px) 100vw, 2000px\" \/>\t\t\t\t\t\t\t\t<\/a>\n\t\t\t<\/div>\n        <div class=\"edgtf-bli-content\">\n                            <div class=\"edgtf-bli-date\">\n\t                <div itemprop=\"dateCreated\" class=\"edgtf-post-info-date entry-date published updated\">\n            <a itemprop=\"url\" href=\"https:\/\/www.santjosep.net\/ca\/2020\/06\/\">\n    \n        28 juny 2020        <\/a>\n    <meta itemprop=\"interactionCount\" content=\"UserComments: 0\"\/>\n<\/div>                <\/div>\n            \t\n\t        \n<h4 itemprop=\"name\" class=\"entry-title edgtf-post-title\" >\n            <a itemprop=\"url\" href=\"https:\/\/www.santjosep.net\/ca\/passeig-des-de-port-des-torrent-fins-a-cala-bassa\/\" title=\"Passeig des de Port des Torrent fins a Cala Bassa\">\n            Passeig des de Port des Torrent fins a Cala Bassa            <\/a>\n    <\/h4>\n\t        <div class=\"edgtf-bli-info\">\n\t\t        <div class=\"edgtf-post-info-category\">\n    <a href=\"https:\/\/www.santjosep.net\/ca\/category\/esports-ca\/\" rel=\"category tag\">Esports<\/a>, <a href=\"https:\/\/www.santjosep.net\/ca\/category\/passejades-ca\/\" rel=\"category tag\">Passejades<\/a>, <a href=\"https:\/\/www.santjosep.net\/ca\/category\/platjes-ca\/\" rel=\"category tag\">Platjes<\/a><\/div>\t        <\/div>\n\n\t        <div class=\"edgtf-bli-excerpt\">\n\t\t        \t\t<div class=\"edgtf-post-excerpt-holder\">\n\t\t\t<p itemprop=\"description\" class=\"edgtf-post-excerpt\">\n\t\t\t\tAquesta ruta ens portar\u00e0 pel litoral que s\u2019est\u00e9n al sud de la badia de Sant Antoni. Els punts de sortida i d\u2019arribada s\u00f3n dues platges populars i, alhora, molt diferents.\t\t\t<\/p>\n\t\t<\/div>\n\t\t\t        \t<div class=\"edgtf-post-read-more-button\">\n\t\t<a itemprop=\"url\" href=\"https:\/\/www.santjosep.net\/ca\/passeig-des-de-port-des-torrent-fins-a-cala-bassa\/\" target=\"_self\"  class=\"edgtf-btn edgtf-btn-medium edgtf-btn-simple edgtf-btn-switch-line edgtf-blog-list-button\"  >\t\t\t<span class=\"edgtf-btn-icon-element\"><\/span>\t\t<span class=\"edgtf-btn-text\">Llegir m\u00e9s<span class=\"edgtf-btn-text-line\" ><\/span><span class=\"edgtf-btn-switch-line\" ><\/span><\/span>\t<\/a>\t<\/div>\n\t        <\/div>\n        <\/div>\n\t<\/div>\n<\/li><li class=\"edgtf-bl-item clearfix\">\n\t<div class=\"edgtf-bli-inner\">\n\t\t\n\t<div class=\"edgtf-post-image\">\n\t\t\t\t\t<a itemprop=\"url\" href=\"https:\/\/www.santjosep.net\/ca\/ruta-en-caiac-des-de-cala-carbo-cala-dhort-es-vedra-sa-pedrera\/\" title=\"Ruta en caiac des de Cala Carb\u00f3, Cala d\u2019Hort \u2013 Es Vedr\u00e0 \u2013 Sa Pedrera\">\n\t\t\t\t\t\t\t\t\t<img loading=\"lazy\" decoding=\"async\" width=\"2000\" height=\"1500\" src=\"https:\/\/www.santjosep.net\/wp-content\/uploads\/2020\/06\/Rutacalacarbo.jpg\" class=\"attachment-full size-full wp-post-image\" alt=\"\" srcset=\"https:\/\/www.santjosep.net\/wp-content\/uploads\/2020\/06\/Rutacalacarbo.jpg 2000w, https:\/\/www.santjosep.net\/wp-content\/uploads\/2020\/06\/Rutacalacarbo-300x225.jpg 300w, https:\/\/www.santjosep.net\/wp-content\/uploads\/2020\/06\/Rutacalacarbo-1024x768.jpg 1024w, https:\/\/www.santjosep.net\/wp-content\/uploads\/2020\/06\/Rutacalacarbo-768x576.jpg 768w, https:\/\/www.santjosep.net\/wp-content\/uploads\/2020\/06\/Rutacalacarbo-1536x1152.jpg 1536w, https:\/\/www.santjosep.net\/wp-content\/uploads\/2020\/06\/Rutacalacarbo-800x600.jpg 800w\" sizes=\"auto, (max-width: 2000px) 100vw, 2000px\" \/>\t\t\t\t\t\t\t\t<\/a>\n\t\t\t<\/div>\n        <div class=\"edgtf-bli-content\">\n                            <div class=\"edgtf-bli-date\">\n\t                <div itemprop=\"dateCreated\" class=\"edgtf-post-info-date entry-date published updated\">\n            <a itemprop=\"url\" href=\"https:\/\/www.santjosep.net\/ca\/2020\/06\/\">\n    \n        15 juny 2020        <\/a>\n    <meta itemprop=\"interactionCount\" content=\"UserComments: 0\"\/>\n<\/div>                <\/div>\n            \t\n\t        \n<h4 itemprop=\"name\" class=\"entry-title edgtf-post-title\" >\n            <a itemprop=\"url\" href=\"https:\/\/www.santjosep.net\/ca\/ruta-en-caiac-des-de-cala-carbo-cala-dhort-es-vedra-sa-pedrera\/\" title=\"Ruta en caiac des de Cala Carb\u00f3, Cala d\u2019Hort \u2013 Es Vedr\u00e0 \u2013 Sa Pedrera\">\n            Ruta en caiac des de Cala Carb\u00f3, Cala d\u2019Hort \u2013 Es Vedr\u00e0 \u2013 Sa Pedrera            <\/a>\n    <\/h4>\n\t        <div class=\"edgtf-bli-info\">\n\t\t        <div class=\"edgtf-post-info-category\">\n    <a href=\"https:\/\/www.santjosep.net\/ca\/category\/esports-ca\/\" rel=\"category tag\">Esports<\/a>, <a href=\"https:\/\/www.santjosep.net\/ca\/category\/rutes-ca\/\" rel=\"category tag\">Rutes<\/a><\/div>\t        <\/div>\n\n\t        <div class=\"edgtf-bli-excerpt\">\n\t\t        \t\t<div class=\"edgtf-post-excerpt-holder\">\n\t\t\t<p itemprop=\"description\" class=\"edgtf-post-excerpt\">\n\t\t\t\tL\u2019acc\u00e9s a la platja \u00e9s pla i sense complicacions. En sortir de l\u2019abric de la cala podrem contemplar, a babord, la immensa mola d\u2019Es Vedr\u00e0, de la qual ja s\u2019endevinava el cim des del principi de la navegaci\u00f3. En poques palades serem davant de Cala Truja\t\t\t<\/p>\n\t\t<\/div>\n\t\t\t        \t<div class=\"edgtf-post-read-more-button\">\n\t\t<a itemprop=\"url\" href=\"https:\/\/www.santjosep.net\/ca\/ruta-en-caiac-des-de-cala-carbo-cala-dhort-es-vedra-sa-pedrera\/\" target=\"_self\"  class=\"edgtf-btn edgtf-btn-medium edgtf-btn-simple edgtf-btn-switch-line edgtf-blog-list-button\"  >\t\t\t<span class=\"edgtf-btn-icon-element\"><\/span>\t\t<span class=\"edgtf-btn-text\">Llegir m\u00e9s<span class=\"edgtf-btn-text-line\" ><\/span><span class=\"edgtf-btn-switch-line\" ><\/span><\/span>\t<\/a>\t<\/div>\n\t        <\/div>\n        <\/div>\n\t<\/div>\n<\/li><li class=\"edgtf-bl-item clearfix\">\n\t<div class=\"edgtf-bli-inner\">\n\t\t\n\t<div class=\"edgtf-post-image\">\n\t\t\t\t\t<a itemprop=\"url\" href=\"https:\/\/www.santjosep.net\/ca\/lovesantjosep-ens-transporta-als-llocs-mes-magics-de-sant-josep\/\" title=\"#LoveSantJosep ens transporta als llocs m\u00e9s m\u00e0gics de Sant Josep\">\n\t\t\t\t\t\t\t\t\t<img loading=\"lazy\" decoding=\"async\" width=\"890\" height=\"667\" src=\"https:\/\/www.santjosep.net\/wp-content\/uploads\/2020\/05\/lovesantjosep_cover.png\" class=\"attachment-full size-full wp-post-image\" alt=\"\" srcset=\"https:\/\/www.santjosep.net\/wp-content\/uploads\/2020\/05\/lovesantjosep_cover.png 890w, https:\/\/www.santjosep.net\/wp-content\/uploads\/2020\/05\/lovesantjosep_cover-300x225.png 300w, https:\/\/www.santjosep.net\/wp-content\/uploads\/2020\/05\/lovesantjosep_cover-768x576.png 768w, https:\/\/www.santjosep.net\/wp-content\/uploads\/2020\/05\/lovesantjosep_cover-800x600.png 800w\" sizes=\"auto, (max-width: 890px) 100vw, 890px\" \/>\t\t\t\t\t\t\t\t<\/a>\n\t\t\t<\/div>\n        <div class=\"edgtf-bli-content\">\n                            <div class=\"edgtf-bli-date\">\n\t                <div itemprop=\"dateCreated\" class=\"edgtf-post-info-date entry-date published updated\">\n            <a itemprop=\"url\" href=\"https:\/\/www.santjosep.net\/ca\/2020\/05\/\">\n    \n        6 maig 2020        <\/a>\n    <meta itemprop=\"interactionCount\" content=\"UserComments: 0\"\/>\n<\/div>                <\/div>\n            \t\n\t        \n<h4 itemprop=\"name\" class=\"entry-title edgtf-post-title\" >\n            <a itemprop=\"url\" href=\"https:\/\/www.santjosep.net\/ca\/lovesantjosep-ens-transporta-als-llocs-mes-magics-de-sant-josep\/\" title=\"#LoveSantJosep ens transporta als llocs m\u00e9s m\u00e0gics de Sant Josep\">\n            #LoveSantJosep ens transporta als llocs m\u00e9s m\u00e0gics de Sant Josep            <\/a>\n    <\/h4>\n\t        <div class=\"edgtf-bli-info\">\n\t\t        <div class=\"edgtf-post-info-category\">\n    <a href=\"https:\/\/www.santjosep.net\/ca\/category\/esports-ca\/\" rel=\"category tag\">Esports<\/a>, <a href=\"https:\/\/www.santjosep.net\/ca\/category\/fauna-ca\/\" rel=\"category tag\">Fauna<\/a>, <a href=\"https:\/\/www.santjosep.net\/ca\/category\/passejades-ca\/\" rel=\"category tag\">Passejades<\/a>, <a href=\"https:\/\/www.santjosep.net\/ca\/category\/platjes-ca\/\" rel=\"category tag\">Platjes<\/a>, <a href=\"https:\/\/www.santjosep.net\/ca\/category\/pobles-ca\/\" rel=\"category tag\">Pobles<\/a>, <a href=\"https:\/\/www.santjosep.net\/ca\/category\/postes-de-sol-ca\/\" rel=\"category tag\">Postes de sol<\/a><\/div>\t        <\/div>\n\n\t        <div class=\"edgtf-bli-excerpt\">\n\t\t        \t\t<div class=\"edgtf-post-excerpt-holder\">\n\t\t\t<p itemprop=\"description\" class=\"edgtf-post-excerpt\">\n\t\t\t\tInstagram, aquesta xarxa social que ens obre una finestra a llocs m\u00e0gics i racons de somni. Fa uns mesos vam iniciar la proposta #LoveSantJosep a Instagram, un hashtag d\u2019Instagram on hi trobareu imatges de turistes i locals als llocs m\u00e9s bells del nostre municipi. Platges, esgl\u00e9sies i miradors, pobles, postes de sol, naturalesa i molt m\u00e9s. En aquest post fem una petita recopilaci\u00f3 d\u2019aquestes imatges, un petit passeig virtual per les estampes m\u00e9s representatives.\u00a0\u00a0\t\t\t<\/p>\n\t\t<\/div>\n\t\t\t        \t<div class=\"edgtf-post-read-more-button\">\n\t\t<a itemprop=\"url\" href=\"https:\/\/www.santjosep.net\/ca\/lovesantjosep-ens-transporta-als-llocs-mes-magics-de-sant-josep\/\" target=\"_self\"  class=\"edgtf-btn edgtf-btn-medium edgtf-btn-simple edgtf-btn-switch-line edgtf-blog-list-button\"  >\t\t\t<span class=\"edgtf-btn-icon-element\"><\/span>\t\t<span class=\"edgtf-btn-text\">Llegir m\u00e9s<span class=\"edgtf-btn-text-line\" ><\/span><span class=\"edgtf-btn-switch-line\" ><\/span><\/span>\t<\/a>\t<\/div>\n\t        <\/div>\n        <\/div>\n\t<\/div>\n<\/li><li class=\"edgtf-bl-item clearfix\">\n\t<div class=\"edgtf-bli-inner\">\n\t\t\n\t<div class=\"edgtf-post-image\">\n\t\t\t\t\t<a itemprop=\"url\" href=\"https:\/\/www.santjosep.net\/ca\/ball-pages-un-ritual-ancestral-en-plena-forma\/\" title=\"Ball pag\u00e8s, un ritual ancestral en plena forma\">\n\t\t\t\t\t\t\t\t\t<img loading=\"lazy\" decoding=\"async\" width=\"2000\" height=\"1500\" src=\"https:\/\/www.santjosep.net\/wp-content\/uploads\/2020\/01\/Ballpages-1.jpg\" class=\"attachment-full size-full wp-post-image\" alt=\"\" srcset=\"https:\/\/www.santjosep.net\/wp-content\/uploads\/2020\/01\/Ballpages-1.jpg 2000w, https:\/\/www.santjosep.net\/wp-content\/uploads\/2020\/01\/Ballpages-1-300x225.jpg 300w, https:\/\/www.santjosep.net\/wp-content\/uploads\/2020\/01\/Ballpages-1-1024x768.jpg 1024w, https:\/\/www.santjosep.net\/wp-content\/uploads\/2020\/01\/Ballpages-1-768x576.jpg 768w, https:\/\/www.santjosep.net\/wp-content\/uploads\/2020\/01\/Ballpages-1-1536x1152.jpg 1536w, https:\/\/www.santjosep.net\/wp-content\/uploads\/2020\/01\/Ballpages-1-800x600.jpg 800w\" sizes=\"auto, (max-width: 2000px) 100vw, 2000px\" \/>\t\t\t\t\t\t\t\t<\/a>\n\t\t\t<\/div>\n        <div class=\"edgtf-bli-content\">\n                            <div class=\"edgtf-bli-date\">\n\t                <div itemprop=\"dateCreated\" class=\"edgtf-post-info-date entry-date published updated\">\n            <a itemprop=\"url\" href=\"https:\/\/www.santjosep.net\/ca\/2020\/01\/\">\n    \n        22 gener 2020        <\/a>\n    <meta itemprop=\"interactionCount\" content=\"UserComments: 0\"\/>\n<\/div>                <\/div>\n            \t\n\t        \n<h4 itemprop=\"name\" class=\"entry-title edgtf-post-title\" >\n            <a itemprop=\"url\" href=\"https:\/\/www.santjosep.net\/ca\/ball-pages-un-ritual-ancestral-en-plena-forma\/\" title=\"Ball pag\u00e8s, un ritual ancestral en plena forma\">\n            Ball pag\u00e8s, un ritual ancestral en plena forma            <\/a>\n    <\/h4>\n\t        <div class=\"edgtf-bli-info\">\n\t\t        <div class=\"edgtf-post-info-category\">\n    <a href=\"https:\/\/www.santjosep.net\/ca\/category\/tradicions-ca\/\" rel=\"category tag\">Tradicions<\/a><\/div>\t        <\/div>\n\n\t        <div class=\"edgtf-bli-excerpt\">\n\t\t        \t\t<div class=\"edgtf-post-excerpt-holder\">\n\t\t\t<p itemprop=\"description\" class=\"edgtf-post-excerpt\">\n\t\t\t\tEl ball pag\u00e8s \u00e9s el ball t\u00edpic de les Piti\u00fcses i un dels patrimonis culturals amb m\u00e9s pes espec\u00edfic de les illes. El seu colorit, el seu ritme i la seva coreografia sembla que ens traslladin a \u00e8poques i indrets remots tot i que, en realitat, els seus or\u00edgens s\u00f3n del tot incerts. S\u00ed que se sap, per exemple, que l\u2019extrema diferenciaci\u00f3 de rols entre l\u2019home i la dona i el ritme que acompanya el\t\t\t<\/p>\n\t\t<\/div>\n\t\t\t        \t<div class=\"edgtf-post-read-more-button\">\n\t\t<a itemprop=\"url\" href=\"https:\/\/www.santjosep.net\/ca\/ball-pages-un-ritual-ancestral-en-plena-forma\/\" target=\"_self\"  class=\"edgtf-btn edgtf-btn-medium edgtf-btn-simple edgtf-btn-switch-line edgtf-blog-list-button\"  >\t\t\t<span class=\"edgtf-btn-icon-element\"><\/span>\t\t<span class=\"edgtf-btn-text\">Llegir m\u00e9s<span class=\"edgtf-btn-text-line\" ><\/span><span class=\"edgtf-btn-switch-line\" ><\/span><\/span>\t<\/a>\t<\/div>\n\t        <\/div>\n        <\/div>\n\t<\/div>\n<\/li><li class=\"edgtf-bl-item clearfix\">\n\t<div class=\"edgtf-bli-inner\">\n\t\t\n\t<div class=\"edgtf-post-image\">\n\t\t\t\t\t<a itemprop=\"url\" href=\"https:\/\/www.santjosep.net\/ca\/el-flamenc-una-icona-viva-del-parc-natural-de-ses-salines\/\" title=\"El flamenc, una icona viva del Parc Natural de ses Salines\">\n\t\t\t\t\t\t\t\t\t<img loading=\"lazy\" decoding=\"async\" width=\"2000\" height=\"1500\" src=\"https:\/\/www.santjosep.net\/wp-content\/uploads\/2020\/01\/flamencoiconosesalines-1.jpg\" class=\"attachment-full size-full wp-post-image\" alt=\"\" srcset=\"https:\/\/www.santjosep.net\/wp-content\/uploads\/2020\/01\/flamencoiconosesalines-1.jpg 2000w, https:\/\/www.santjosep.net\/wp-content\/uploads\/2020\/01\/flamencoiconosesalines-1-300x225.jpg 300w, https:\/\/www.santjosep.net\/wp-content\/uploads\/2020\/01\/flamencoiconosesalines-1-1024x768.jpg 1024w, https:\/\/www.santjosep.net\/wp-content\/uploads\/2020\/01\/flamencoiconosesalines-1-768x576.jpg 768w, https:\/\/www.santjosep.net\/wp-content\/uploads\/2020\/01\/flamencoiconosesalines-1-1536x1152.jpg 1536w, https:\/\/www.santjosep.net\/wp-content\/uploads\/2020\/01\/flamencoiconosesalines-1-800x600.jpg 800w\" sizes=\"auto, (max-width: 2000px) 100vw, 2000px\" \/>\t\t\t\t\t\t\t\t<\/a>\n\t\t\t<\/div>\n        <div class=\"edgtf-bli-content\">\n                            <div class=\"edgtf-bli-date\">\n\t                <div itemprop=\"dateCreated\" class=\"edgtf-post-info-date entry-date published updated\">\n            <a itemprop=\"url\" href=\"https:\/\/www.santjosep.net\/ca\/2020\/01\/\">\n    \n        10 gener 2020        <\/a>\n    <meta itemprop=\"interactionCount\" content=\"UserComments: 0\"\/>\n<\/div>                <\/div>\n            \t\n\t        \n<h4 itemprop=\"name\" class=\"entry-title edgtf-post-title\" >\n            <a itemprop=\"url\" href=\"https:\/\/www.santjosep.net\/ca\/el-flamenc-una-icona-viva-del-parc-natural-de-ses-salines\/\" title=\"El flamenc, una icona viva del Parc Natural de ses Salines\">\n            El flamenc, una icona viva del Parc Natural de ses Salines            <\/a>\n    <\/h4>\n\t        <div class=\"edgtf-bli-info\">\n\t\t        <div class=\"edgtf-post-info-category\">\n    <a href=\"https:\/\/www.santjosep.net\/ca\/category\/fauna-ca\/\" rel=\"category tag\">Fauna<\/a>, <a href=\"https:\/\/www.santjosep.net\/ca\/category\/zones-ca\/\" rel=\"category tag\">Zones<\/a><\/div>\t        <\/div>\n\n\t        <div class=\"edgtf-bli-excerpt\">\n\t\t        \t\t<div class=\"edgtf-post-excerpt-holder\">\n\t\t\t<p itemprop=\"description\" class=\"edgtf-post-excerpt\">\n\t\t\t\tLes salines d\u2019Eivissa constitueixen un dels paisatges naturals m\u00e9s carism\u00e0tics de l\u2019illa i els aiguamolls m\u00e9s importants de les Piti\u00fcses. S\u00f3n part integrant del Parc Natural de ses Salines d\u2019Eivissa i Formentera, que engloba tamb\u00e9 la zona mar\u00edtima que uneix l\u2019extrem de la punta de sa Torre de ses Portes, el bra\u00e7 que s\u2019est\u00e9n pel sud, amb el nord de Formentera\r\n\r\nL\u2019\u00e0rea total ocupa m\u00e9s de 14.000 ha marines i m\u00e9s de 2.752 terrestres. Aquest espai\t\t\t<\/p>\n\t\t<\/div>\n\t\t\t        \t<div class=\"edgtf-post-read-more-button\">\n\t\t<a itemprop=\"url\" href=\"https:\/\/www.santjosep.net\/ca\/el-flamenc-una-icona-viva-del-parc-natural-de-ses-salines\/\" target=\"_self\"  class=\"edgtf-btn edgtf-btn-medium edgtf-btn-simple edgtf-btn-switch-line edgtf-blog-list-button\"  >\t\t\t<span class=\"edgtf-btn-icon-element\"><\/span>\t\t<span class=\"edgtf-btn-text\">Llegir m\u00e9s<span class=\"edgtf-btn-text-line\" ><\/span><span class=\"edgtf-btn-switch-line\" ><\/span><\/span>\t<\/a>\t<\/div>\n\t        <\/div>\n        <\/div>\n\t<\/div>\n<\/li><li class=\"edgtf-bl-item clearfix\">\n\t<div class=\"edgtf-bli-inner\">\n\t\t\n\t<div class=\"edgtf-post-image\">\n\t\t\t\t\t<a itemprop=\"url\" href=\"https:\/\/www.santjosep.net\/ca\/sant-josep-tot-un-mar-de-possibilitats-recreatives\/\" title=\"Sant Josep, tot un mar de possibilitats recreatives\">\n\t\t\t\t\t\t\t\t\t<img loading=\"lazy\" decoding=\"async\" width=\"2000\" height=\"1500\" src=\"https:\/\/www.santjosep.net\/wp-content\/uploads\/2020\/01\/santjoseptodounmarposibilidades.jpg\" class=\"attachment-full size-full wp-post-image\" alt=\"\" srcset=\"https:\/\/www.santjosep.net\/wp-content\/uploads\/2020\/01\/santjoseptodounmarposibilidades.jpg 2000w, https:\/\/www.santjosep.net\/wp-content\/uploads\/2020\/01\/santjoseptodounmarposibilidades-300x225.jpg 300w, https:\/\/www.santjosep.net\/wp-content\/uploads\/2020\/01\/santjoseptodounmarposibilidades-1024x768.jpg 1024w, https:\/\/www.santjosep.net\/wp-content\/uploads\/2020\/01\/santjoseptodounmarposibilidades-768x576.jpg 768w, https:\/\/www.santjosep.net\/wp-content\/uploads\/2020\/01\/santjoseptodounmarposibilidades-1536x1152.jpg 1536w, https:\/\/www.santjosep.net\/wp-content\/uploads\/2020\/01\/santjoseptodounmarposibilidades-800x600.jpg 800w\" sizes=\"auto, (max-width: 2000px) 100vw, 2000px\" \/>\t\t\t\t\t\t\t\t<\/a>\n\t\t\t<\/div>\n        <div class=\"edgtf-bli-content\">\n                            <div class=\"edgtf-bli-date\">\n\t                <div itemprop=\"dateCreated\" class=\"edgtf-post-info-date entry-date published updated\">\n            <a itemprop=\"url\" href=\"https:\/\/www.santjosep.net\/ca\/2020\/01\/\">\n    \n        2 gener 2020        <\/a>\n    <meta itemprop=\"interactionCount\" content=\"UserComments: 0\"\/>\n<\/div>                <\/div>\n            \t\n\t        \n<h4 itemprop=\"name\" class=\"entry-title edgtf-post-title\" >\n            <a itemprop=\"url\" href=\"https:\/\/www.santjosep.net\/ca\/sant-josep-tot-un-mar-de-possibilitats-recreatives\/\" title=\"Sant Josep, tot un mar de possibilitats recreatives\">\n            Sant Josep, tot un mar de possibilitats recreatives            <\/a>\n    <\/h4>\n\t        <div class=\"edgtf-bli-info\">\n\t\t        <div class=\"edgtf-post-info-category\">\n    <a href=\"https:\/\/www.santjosep.net\/ca\/category\/esports-ca\/\" rel=\"category tag\">Esports<\/a><\/div>\t        <\/div>\n\n\t        <div class=\"edgtf-bli-excerpt\">\n\t\t        \t\t<div class=\"edgtf-post-excerpt-holder\">\n\t\t\t<p itemprop=\"description\" class=\"edgtf-post-excerpt\">\n\t\t\t\tEl municipi de Sant Josep de sa Talaia t\u00e9 un litoral extens que abasta prop de 84 quil\u00f2metres de costa, en qu\u00e8 destaquen les seves innumerables cales i racons d\u2019aig\u00fces cristal\u00b7lines i els seus fons plens de generosa flora i fauna. Perfils tan ic\u00f2nics com els dels illots des Vedr\u00e0 i es Vedranell o arenals tan famosos com les platges de ses Salines i es Cavallet s\u00f3n nom\u00e9s una petita mostra de la bellesa natural\t\t\t<\/p>\n\t\t<\/div>\n\t\t\t        \t<div class=\"edgtf-post-read-more-button\">\n\t\t<a itemprop=\"url\" href=\"https:\/\/www.santjosep.net\/ca\/sant-josep-tot-un-mar-de-possibilitats-recreatives\/\" target=\"_self\"  class=\"edgtf-btn edgtf-btn-medium edgtf-btn-simple edgtf-btn-switch-line edgtf-blog-list-button\"  >\t\t\t<span class=\"edgtf-btn-icon-element\"><\/span>\t\t<span class=\"edgtf-btn-text\">Llegir m\u00e9s<span class=\"edgtf-btn-text-line\" ><\/span><span class=\"edgtf-btn-switch-line\" ><\/span><\/span>\t<\/a>\t<\/div>\n\t        <\/div>\n        <\/div>\n\t<\/div>\n<\/li><li class=\"edgtf-bl-item clearfix\">\n\t<div class=\"edgtf-bli-inner\">\n\t\t\n\t<div class=\"edgtf-post-image\">\n\t\t\t\t\t<a itemprop=\"url\" href=\"https:\/\/www.santjosep.net\/ca\/les-millors-vistes-panoramiques-del-municipi-de-sant-josep\/\" title=\"Les millors vistes panor\u00e0miques del municipi de Sant Josep\">\n\t\t\t\t\t\t\t\t\t<img loading=\"lazy\" decoding=\"async\" width=\"890\" height=\"667\" src=\"https:\/\/www.santjosep.net\/wp-content\/uploads\/2019\/12\/cover_blog.jpg\" class=\"attachment-full size-full wp-post-image\" alt=\"\" srcset=\"https:\/\/www.santjosep.net\/wp-content\/uploads\/2019\/12\/cover_blog.jpg 890w, https:\/\/www.santjosep.net\/wp-content\/uploads\/2019\/12\/cover_blog-300x225.jpg 300w, https:\/\/www.santjosep.net\/wp-content\/uploads\/2019\/12\/cover_blog-768x576.jpg 768w, https:\/\/www.santjosep.net\/wp-content\/uploads\/2019\/12\/cover_blog-800x600.jpg 800w\" sizes=\"auto, (max-width: 890px) 100vw, 890px\" \/>\t\t\t\t\t\t\t\t<\/a>\n\t\t\t<\/div>\n        <div class=\"edgtf-bli-content\">\n                            <div class=\"edgtf-bli-date\">\n\t                <div itemprop=\"dateCreated\" class=\"edgtf-post-info-date entry-date published updated\">\n            <a itemprop=\"url\" href=\"https:\/\/www.santjosep.net\/ca\/2019\/12\/\">\n    \n        22 desembre 2019        <\/a>\n    <meta itemprop=\"interactionCount\" content=\"UserComments: 0\"\/>\n<\/div>                <\/div>\n            \t\n\t        \n<h4 itemprop=\"name\" class=\"entry-title edgtf-post-title\" >\n            <a itemprop=\"url\" href=\"https:\/\/www.santjosep.net\/ca\/les-millors-vistes-panoramiques-del-municipi-de-sant-josep\/\" title=\"Les millors vistes panor\u00e0miques del municipi de Sant Josep\">\n            Les millors vistes panor\u00e0miques del municipi de Sant Josep            <\/a>\n    <\/h4>\n\t        <div class=\"edgtf-bli-info\">\n\t\t        <div class=\"edgtf-post-info-category\">\n    <a href=\"https:\/\/www.santjosep.net\/ca\/category\/passejades-ca\/\" rel=\"category tag\">Passejades<\/a>, <a href=\"https:\/\/www.santjosep.net\/ca\/category\/zones-ca\/\" rel=\"category tag\">Zones<\/a><\/div>\t        <\/div>\n\n\t        <div class=\"edgtf-bli-excerpt\">\n\t\t        \t\t<div class=\"edgtf-post-excerpt-holder\">\n\t\t\t<p itemprop=\"description\" class=\"edgtf-post-excerpt\">\n\t\t\t\tSant Josep de sa Talaia presenta, en els seus 154 km\u00b2, tot un cat\u00e0leg d\u2019atractius naturals que van m\u00e9s enll\u00e0 de les 32 platges i els m\u00e9s de 80 km de costa que cont\u00e9. Cada any, milers de visitants es dirigeixen al municipi m\u00e9s gran de l\u2019illa a la recerca d\u2019una bellesa natural que tamb\u00e9 s\u2019est\u00e9n pel seu interior, els seus boscos, muntanyes, camps i valls. Un tresor natural que va acompanyat d\u2019un ric patrimoni\t\t\t<\/p>\n\t\t<\/div>\n\t\t\t        \t<div class=\"edgtf-post-read-more-button\">\n\t\t<a itemprop=\"url\" href=\"https:\/\/www.santjosep.net\/ca\/les-millors-vistes-panoramiques-del-municipi-de-sant-josep\/\" target=\"_self\"  class=\"edgtf-btn edgtf-btn-medium edgtf-btn-simple edgtf-btn-switch-line edgtf-blog-list-button\"  >\t\t\t<span class=\"edgtf-btn-icon-element\"><\/span>\t\t<span class=\"edgtf-btn-text\">Llegir m\u00e9s<span class=\"edgtf-btn-text-line\" ><\/span><span class=\"edgtf-btn-switch-line\" ><\/span><\/span>\t<\/a>\t<\/div>\n\t        <\/div>\n        <\/div>\n\t<\/div>\n<\/li><li class=\"edgtf-bl-item clearfix\">\n\t<div class=\"edgtf-bli-inner\">\n\t\t\n\t<div class=\"edgtf-post-image\">\n\t\t\t\t\t<a itemprop=\"url\" href=\"https:\/\/www.santjosep.net\/ca\/lesglesia-de-sant-agusti-200-anys-dhistoria-i-vicissituds\/\" title=\"L\u2019esgl\u00e9sia de Sant Agust\u00ed, 200 anys d\u2019hist\u00f2ria i vicissituds\">\n\t\t\t\t\t\t\t\t\t<img loading=\"lazy\" decoding=\"async\" width=\"2000\" height=\"1500\" src=\"https:\/\/www.santjosep.net\/wp-content\/uploads\/2019\/12\/iglesiasanagustin.jpg\" class=\"attachment-full size-full wp-post-image\" alt=\"\" srcset=\"https:\/\/www.santjosep.net\/wp-content\/uploads\/2019\/12\/iglesiasanagustin.jpg 2000w, https:\/\/www.santjosep.net\/wp-content\/uploads\/2019\/12\/iglesiasanagustin-300x225.jpg 300w, https:\/\/www.santjosep.net\/wp-content\/uploads\/2019\/12\/iglesiasanagustin-1024x768.jpg 1024w, https:\/\/www.santjosep.net\/wp-content\/uploads\/2019\/12\/iglesiasanagustin-768x576.jpg 768w, https:\/\/www.santjosep.net\/wp-content\/uploads\/2019\/12\/iglesiasanagustin-1536x1152.jpg 1536w, https:\/\/www.santjosep.net\/wp-content\/uploads\/2019\/12\/iglesiasanagustin-800x600.jpg 800w\" sizes=\"auto, (max-width: 2000px) 100vw, 2000px\" \/>\t\t\t\t\t\t\t\t<\/a>\n\t\t\t<\/div>\n        <div class=\"edgtf-bli-content\">\n                            <div class=\"edgtf-bli-date\">\n\t                <div itemprop=\"dateCreated\" class=\"edgtf-post-info-date entry-date published updated\">\n            <a itemprop=\"url\" href=\"https:\/\/www.santjosep.net\/ca\/2019\/12\/\">\n    \n        18 desembre 2019        <\/a>\n    <meta itemprop=\"interactionCount\" content=\"UserComments: 0\"\/>\n<\/div>                <\/div>\n            \t\n\t        \n<h4 itemprop=\"name\" class=\"entry-title edgtf-post-title\" >\n            <a itemprop=\"url\" href=\"https:\/\/www.santjosep.net\/ca\/lesglesia-de-sant-agusti-200-anys-dhistoria-i-vicissituds\/\" title=\"L\u2019esgl\u00e9sia de Sant Agust\u00ed, 200 anys d\u2019hist\u00f2ria i vicissituds\">\n            L\u2019esgl\u00e9sia de Sant Agust\u00ed, 200 anys d\u2019hist\u00f2ria i vicissituds            <\/a>\n    <\/h4>\n\t        <div class=\"edgtf-bli-info\">\n\t\t        <div class=\"edgtf-post-info-category\">\n    <a href=\"https:\/\/www.santjosep.net\/ca\/category\/patrimonio-ca\/\" rel=\"category tag\">Patrimoni<\/a>, <a href=\"https:\/\/www.santjosep.net\/ca\/category\/pobles-ca\/\" rel=\"category tag\">Pobles<\/a><\/div>\t        <\/div>\n\n\t        <div class=\"edgtf-bli-excerpt\">\n\t\t        \t\t<div class=\"edgtf-post-excerpt-holder\">\n\t\t\t<p itemprop=\"description\" class=\"edgtf-post-excerpt\">\n\t\t\t\tL\u2019esgl\u00e9sia de Sant Agust\u00ed arriba el 2019 als dos-cents anys d\u2019hist\u00f2ria, una hist\u00f2ria plena d\u2019avatars i vicissituds que es remunten al 1788, any en qu\u00e8 es va posar la primera pedra que, a mode de primera curiositat, es va situar en un indret diferent del que ocupa actualment el temple.\r\n\r\nLa seva construcci\u00f3 va estar motivada per la decisi\u00f3 del primer bisbe d\u2019Eivissa i Formentera, Manuel Abad y Lasierra, de crear una parr\u00f2quia entre les que\t\t\t<\/p>\n\t\t<\/div>\n\t\t\t        \t<div class=\"edgtf-post-read-more-button\">\n\t\t<a itemprop=\"url\" href=\"https:\/\/www.santjosep.net\/ca\/lesglesia-de-sant-agusti-200-anys-dhistoria-i-vicissituds\/\" target=\"_self\"  class=\"edgtf-btn edgtf-btn-medium edgtf-btn-simple edgtf-btn-switch-line edgtf-blog-list-button\"  >\t\t\t<span class=\"edgtf-btn-icon-element\"><\/span>\t\t<span class=\"edgtf-btn-text\">Llegir m\u00e9s<span class=\"edgtf-btn-text-line\" ><\/span><span class=\"edgtf-btn-switch-line\" ><\/span><\/span>\t<\/a>\t<\/div>\n\t        <\/div>\n        <\/div>\n\t<\/div>\n<\/li><li class=\"edgtf-bl-item clearfix\">\n\t<div class=\"edgtf-bli-inner\">\n\t\t\n\t<div class=\"edgtf-post-image\">\n\t\t\t\t\t<a itemprop=\"url\" href=\"https:\/\/www.santjosep.net\/ca\/iv-fira-de-la-sal-2019\/\" title=\"IV Fira de la Sal 2019\">\n\t\t\t\t\t\t\t\t\t<img loading=\"lazy\" decoding=\"async\" width=\"2000\" height=\"1500\" src=\"https:\/\/www.santjosep.net\/wp-content\/uploads\/2017\/11\/firadelasal.jpg\" class=\"attachment-full size-full wp-post-image\" alt=\"\" srcset=\"https:\/\/www.santjosep.net\/wp-content\/uploads\/2017\/11\/firadelasal.jpg 2000w, https:\/\/www.santjosep.net\/wp-content\/uploads\/2017\/11\/firadelasal-300x225.jpg 300w, https:\/\/www.santjosep.net\/wp-content\/uploads\/2017\/11\/firadelasal-1024x768.jpg 1024w, https:\/\/www.santjosep.net\/wp-content\/uploads\/2017\/11\/firadelasal-768x576.jpg 768w, https:\/\/www.santjosep.net\/wp-content\/uploads\/2017\/11\/firadelasal-1536x1152.jpg 1536w, https:\/\/www.santjosep.net\/wp-content\/uploads\/2017\/11\/firadelasal-800x600.jpg 800w\" sizes=\"auto, (max-width: 2000px) 100vw, 2000px\" \/>\t\t\t\t\t\t\t\t<\/a>\n\t\t\t<\/div>\n        <div class=\"edgtf-bli-content\">\n                            <div class=\"edgtf-bli-date\">\n\t                <div itemprop=\"dateCreated\" class=\"edgtf-post-info-date entry-date published updated\">\n            <a itemprop=\"url\" href=\"https:\/\/www.santjosep.net\/ca\/2019\/10\/\">\n    \n        29 octubre 2019        <\/a>\n    <meta itemprop=\"interactionCount\" content=\"UserComments: 0\"\/>\n<\/div>                <\/div>\n            \t\n\t        \n<h4 itemprop=\"name\" class=\"entry-title edgtf-post-title\" >\n            <a itemprop=\"url\" href=\"https:\/\/www.santjosep.net\/ca\/iv-fira-de-la-sal-2019\/\" title=\"IV Fira de la Sal 2019\">\n            IV Fira de la Sal 2019            <\/a>\n    <\/h4>\n\t        <div class=\"edgtf-bli-info\">\n\t\t        <div class=\"edgtf-post-info-category\">\n    <a href=\"https:\/\/www.santjosep.net\/ca\/category\/esdeveniments-ca\/\" rel=\"category tag\">Esdeveniments<\/a>, <a href=\"https:\/\/www.santjosep.net\/ca\/category\/patrimonio-ca\/\" rel=\"category tag\">Patrimoni<\/a><\/div>\t        <\/div>\n\n\t        <div class=\"edgtf-bli-excerpt\">\n\t\t        \t\t<div class=\"edgtf-post-excerpt-holder\">\n\t\t\t<p itemprop=\"description\" class=\"edgtf-post-excerpt\">\n\t\t\t\tDurant els dies 25, 26 i 27 d\u2019octubre va tenir lloc a les Salines d\u2019Eivissa la IV Fira de la Sal, un esdeveniment tur\u00edstic i cultural enfocat a difondre el patrimoni i la cultura. Organitzada per l\u2019Ajuntament de Sant Josep, el Consell d\u2019Eivissa i el Parc Natural de ses Salines d\u2019Eivissa i Formentera, la Fira vol homenatjar i recordar les persones que van treballar a les salines i donar a con\u00e8ixer, mitjan\u00e7ant les diferents activitats\t\t\t<\/p>\n\t\t<\/div>\n\t\t\t        \t<div class=\"edgtf-post-read-more-button\">\n\t\t<a itemprop=\"url\" href=\"https:\/\/www.santjosep.net\/ca\/iv-fira-de-la-sal-2019\/\" target=\"_self\"  class=\"edgtf-btn edgtf-btn-medium edgtf-btn-simple edgtf-btn-switch-line edgtf-blog-list-button\"  >\t\t\t<span class=\"edgtf-btn-icon-element\"><\/span>\t\t<span class=\"edgtf-btn-text\">Llegir m\u00e9s<span class=\"edgtf-btn-text-line\" ><\/span><span class=\"edgtf-btn-switch-line\" ><\/span><\/span>\t<\/a>\t<\/div>\n\t        <\/div>\n        <\/div>\n\t<\/div>\n<\/li><li class=\"edgtf-bl-item clearfix\">\n\t<div class=\"edgtf-bli-inner\">\n\t\t\n\t<div class=\"edgtf-post-image\">\n\t\t\t\t\t<a itemprop=\"url\" href=\"https:\/\/www.santjosep.net\/ca\/hippy-market-playa-den-bossa\/\" title=\"Hippy Market Playa d\u2019en Bossa\">\n\t\t\t\t\t\t\t\t\t<img loading=\"lazy\" decoding=\"async\" width=\"890\" height=\"667\" src=\"https:\/\/www.santjosep.net\/wp-content\/uploads\/2019\/09\/cvover_video.jpg\" class=\"attachment-full size-full wp-post-image\" alt=\"\" srcset=\"https:\/\/www.santjosep.net\/wp-content\/uploads\/2019\/09\/cvover_video.jpg 890w, https:\/\/www.santjosep.net\/wp-content\/uploads\/2019\/09\/cvover_video-300x225.jpg 300w, https:\/\/www.santjosep.net\/wp-content\/uploads\/2019\/09\/cvover_video-768x576.jpg 768w, https:\/\/www.santjosep.net\/wp-content\/uploads\/2019\/09\/cvover_video-800x600.jpg 800w\" sizes=\"auto, (max-width: 890px) 100vw, 890px\" \/>\t\t\t\t\t\t\t\t<\/a>\n\t\t\t<\/div>\n        <div class=\"edgtf-bli-content\">\n                            <div class=\"edgtf-bli-date\">\n\t                <div itemprop=\"dateCreated\" class=\"edgtf-post-info-date entry-date published updated\">\n            <a itemprop=\"url\" href=\"https:\/\/www.santjosep.net\/ca\/2019\/09\/\">\n    \n        3 setembre 2019        <\/a>\n    <meta itemprop=\"interactionCount\" content=\"UserComments: 0\"\/>\n<\/div>                <\/div>\n            \t\n\t        \n<h4 itemprop=\"name\" class=\"entry-title edgtf-post-title\" >\n            <a itemprop=\"url\" href=\"https:\/\/www.santjosep.net\/ca\/hippy-market-playa-den-bossa\/\" title=\"Hippy Market Playa d\u2019en Bossa\">\n            Hippy Market Playa d\u2019en Bossa            <\/a>\n    <\/h4>\n\t        <div class=\"edgtf-bli-info\">\n\t\t        <div class=\"edgtf-post-info-category\">\n    <a href=\"https:\/\/www.santjosep.net\/ca\/category\/video-ca\/\" rel=\"category tag\">Video<\/a><\/div>\t        <\/div>\n\n\t        <div class=\"edgtf-bli-excerpt\">\n\t\t        \t\t<div class=\"edgtf-post-excerpt-holder\">\n\t\t\t<p itemprop=\"description\" class=\"edgtf-post-excerpt\">\n\t\t\t\tDurant la temporada d\u2019estiu trobareu una gran varietat de llocs d\u2019artesania, complements, bijuteria, marroquineria i cer\u00e0mica eivissenca al mercat Hippy de Platja d\u2019en Bossa. Obert tots els dies des de les 18 h fins a les 00.00 h. Carrer de la Ruda i del Bruc.\t\t\t<\/p>\n\t\t<\/div>\n\t\t\t        \t<div class=\"edgtf-post-read-more-button\">\n\t\t<a itemprop=\"url\" href=\"https:\/\/www.santjosep.net\/ca\/hippy-market-playa-den-bossa\/\" target=\"_self\"  class=\"edgtf-btn edgtf-btn-medium edgtf-btn-simple edgtf-btn-switch-line edgtf-blog-list-button\"  >\t\t\t<span class=\"edgtf-btn-icon-element\"><\/span>\t\t<span class=\"edgtf-btn-text\">Llegir m\u00e9s<span class=\"edgtf-btn-text-line\" ><\/span><span class=\"edgtf-btn-switch-line\" ><\/span><\/span>\t<\/a>\t<\/div>\n\t        <\/div>\n        <\/div>\n\t<\/div>\n<\/li><li class=\"edgtf-bl-item clearfix\">\n\t<div class=\"edgtf-bli-inner\">\n\t\t\n\t<div class=\"edgtf-post-image\">\n\t\t\t\t\t<a itemprop=\"url\" href=\"https:\/\/www.santjosep.net\/ca\/posta-de-sol-a-platges-de-comte\/\" title=\"Posta de sol a Platges de Comte\">\n\t\t\t\t\t\t\t\t\t<img loading=\"lazy\" decoding=\"async\" width=\"890\" height=\"667\" src=\"https:\/\/www.santjosep.net\/wp-content\/uploads\/2019\/08\/cover_videos_0009_P1013403.jpg\" class=\"attachment-full size-full wp-post-image\" alt=\"\" srcset=\"https:\/\/www.santjosep.net\/wp-content\/uploads\/2019\/08\/cover_videos_0009_P1013403.jpg 890w, https:\/\/www.santjosep.net\/wp-content\/uploads\/2019\/08\/cover_videos_0009_P1013403-300x225.jpg 300w, https:\/\/www.santjosep.net\/wp-content\/uploads\/2019\/08\/cover_videos_0009_P1013403-768x576.jpg 768w, https:\/\/www.santjosep.net\/wp-content\/uploads\/2019\/08\/cover_videos_0009_P1013403-800x600.jpg 800w\" sizes=\"auto, (max-width: 890px) 100vw, 890px\" \/>\t\t\t\t\t\t\t\t<\/a>\n\t\t\t<\/div>\n        <div class=\"edgtf-bli-content\">\n                            <div class=\"edgtf-bli-date\">\n\t                <div itemprop=\"dateCreated\" class=\"edgtf-post-info-date entry-date published updated\">\n            <a itemprop=\"url\" href=\"https:\/\/www.santjosep.net\/ca\/2019\/08\/\">\n    \n        12 agost 2019        <\/a>\n    <meta itemprop=\"interactionCount\" content=\"UserComments: 0\"\/>\n<\/div>                <\/div>\n            \t\n\t        \n<h4 itemprop=\"name\" class=\"entry-title edgtf-post-title\" >\n            <a itemprop=\"url\" href=\"https:\/\/www.santjosep.net\/ca\/posta-de-sol-a-platges-de-comte\/\" title=\"Posta de sol a Platges de Comte\">\n            Posta de sol a Platges de Comte            <\/a>\n    <\/h4>\n\t        <div class=\"edgtf-bli-info\">\n\t\t        <div class=\"edgtf-post-info-category\">\n    <a href=\"https:\/\/www.santjosep.net\/ca\/category\/platjes-ca\/\" rel=\"category tag\">Platjes<\/a>, <a href=\"https:\/\/www.santjosep.net\/ca\/category\/postes-de-sol-ca\/\" rel=\"category tag\">Postes de sol<\/a><\/div>\t        <\/div>\n\n\t        <div class=\"edgtf-bli-excerpt\">\n\t\t        \t\t<div class=\"edgtf-post-excerpt-holder\">\n\t\t\t<p itemprop=\"description\" class=\"edgtf-post-excerpt\">\n\t\t\t\t\u00c9s una de les platges m\u00e9s boniques de tota l\u2019illa; la seva sensacional panor\u00e0mica fa imprescindible visitar-la. La varietat dels seus racons ofereix grans possibilitats per prendre el sol, banyar-se sense risc i realitzar passejos pels voltants, a m\u00e9s dels magn\u00edfics fons marins.\r\n\r\nUn dels moments m\u00e9s famosos que es poden viure des de la seva costa \u00e9s a l'hora de l'oc\u00e0s. En la seva caiguda, el sol deixa uns colors impressionants que fusionat amb el\t\t\t<\/p>\n\t\t<\/div>\n\t\t\t        \t<div class=\"edgtf-post-read-more-button\">\n\t\t<a itemprop=\"url\" href=\"https:\/\/www.santjosep.net\/ca\/posta-de-sol-a-platges-de-comte\/\" target=\"_self\"  class=\"edgtf-btn edgtf-btn-medium edgtf-btn-simple edgtf-btn-switch-line edgtf-blog-list-button\"  >\t\t\t<span class=\"edgtf-btn-icon-element\"><\/span>\t\t<span class=\"edgtf-btn-text\">Llegir m\u00e9s<span class=\"edgtf-btn-text-line\" ><\/span><span class=\"edgtf-btn-switch-line\" ><\/span><\/span>\t<\/a>\t<\/div>\n\t        <\/div>\n        <\/div>\n\t<\/div>\n<\/li><li class=\"edgtf-bl-item clearfix\">\n\t<div class=\"edgtf-bli-inner\">\n\t\t\n\t<div class=\"edgtf-post-image\">\n\t\t\t\t\t<a itemprop=\"url\" href=\"https:\/\/www.santjosep.net\/ca\/excursions-en-bici-per-a-tota-la-familia-a-la-caca-del-tresor-amb-bicicleta\/\" title=\"Excursions en bici per a tota la fam\u00edlia &#8211;  \u201cA la ca\u00e7a del tresor amb bicicleta\u201d\">\n\t\t\t\t\t\t\t\t\t<img loading=\"lazy\" decoding=\"async\" width=\"2000\" height=\"1500\" src=\"https:\/\/www.santjosep.net\/wp-content\/uploads\/2019\/05\/bicisessalines-1.jpg\" class=\"attachment-full size-full wp-post-image\" alt=\"\" srcset=\"https:\/\/www.santjosep.net\/wp-content\/uploads\/2019\/05\/bicisessalines-1.jpg 2000w, https:\/\/www.santjosep.net\/wp-content\/uploads\/2019\/05\/bicisessalines-1-300x225.jpg 300w, https:\/\/www.santjosep.net\/wp-content\/uploads\/2019\/05\/bicisessalines-1-1024x768.jpg 1024w, https:\/\/www.santjosep.net\/wp-content\/uploads\/2019\/05\/bicisessalines-1-768x576.jpg 768w, https:\/\/www.santjosep.net\/wp-content\/uploads\/2019\/05\/bicisessalines-1-1536x1152.jpg 1536w, https:\/\/www.santjosep.net\/wp-content\/uploads\/2019\/05\/bicisessalines-1-800x600.jpg 800w\" sizes=\"auto, (max-width: 2000px) 100vw, 2000px\" \/>\t\t\t\t\t\t\t\t<\/a>\n\t\t\t<\/div>\n        <div class=\"edgtf-bli-content\">\n                            <div class=\"edgtf-bli-date\">\n\t                <div itemprop=\"dateCreated\" class=\"edgtf-post-info-date entry-date published updated\">\n            <a itemprop=\"url\" href=\"https:\/\/www.santjosep.net\/ca\/2019\/05\/\">\n    \n        6 maig 2019        <\/a>\n    <meta itemprop=\"interactionCount\" content=\"UserComments: 0\"\/>\n<\/div>                <\/div>\n            \t\n\t        \n<h4 itemprop=\"name\" class=\"entry-title edgtf-post-title\" >\n            <a itemprop=\"url\" href=\"https:\/\/www.santjosep.net\/ca\/excursions-en-bici-per-a-tota-la-familia-a-la-caca-del-tresor-amb-bicicleta\/\" title=\"Excursions en bici per a tota la fam\u00edlia &#8211;  \u201cA la ca\u00e7a del tresor amb bicicleta\u201d\">\n            Excursions en bici per a tota la fam\u00edlia &#8211;  \u201cA la ca\u00e7a del tresor amb bicicleta\u201d            <\/a>\n    <\/h4>\n\t        <div class=\"edgtf-bli-info\">\n\t\t        <div class=\"edgtf-post-info-category\">\n    <a href=\"https:\/\/www.santjosep.net\/ca\/category\/esports-ca\/\" rel=\"category tag\">Esports<\/a><\/div>\t        <\/div>\n\n\t        <div class=\"edgtf-bli-excerpt\">\n\t\t        \t\t<div class=\"edgtf-post-excerpt-holder\">\n\t\t\t<p itemprop=\"description\" class=\"edgtf-post-excerpt\">\n\t\t\t\tAquests circuits ambientals guiats per a tota la fam\u00edlia tenen com a prop\u00f2sit donar a con\u00e8ixer les riqueses naturals d\u2019aquest indret mitjan\u00e7ant un aprenentatge din\u00e0mic i divertit per a totes les edats.\r\n\r\nGrans i petits treballaran junts per aconseguir l\u2019objectiu de l\u2019activitat; facilitarem el recorregut per tot el parc natural amb bicicletes. Cada participant ha de superar les proves i els reptes que hi ha a determinats punts de la ruta. En finalitzar l\u2019excursi\u00f3, els equips\t\t\t<\/p>\n\t\t<\/div>\n\t\t\t        \t<div class=\"edgtf-post-read-more-button\">\n\t\t<a itemprop=\"url\" href=\"https:\/\/www.santjosep.net\/ca\/excursions-en-bici-per-a-tota-la-familia-a-la-caca-del-tresor-amb-bicicleta\/\" target=\"_self\"  class=\"edgtf-btn edgtf-btn-medium edgtf-btn-simple edgtf-btn-switch-line edgtf-blog-list-button\"  >\t\t\t<span class=\"edgtf-btn-icon-element\"><\/span>\t\t<span class=\"edgtf-btn-text\">Llegir m\u00e9s<span class=\"edgtf-btn-text-line\" ><\/span><span class=\"edgtf-btn-switch-line\" ><\/span><\/span>\t<\/a>\t<\/div>\n\t        <\/div>\n        <\/div>\n\t<\/div>\n<\/li><li class=\"edgtf-bl-item clearfix\">\n\t<div class=\"edgtf-bli-inner\">\n\t\t\n\t<div class=\"edgtf-post-image\">\n\t\t\t\t\t<a itemprop=\"url\" href=\"https:\/\/www.santjosep.net\/ca\/casetes-varador-la-llar-del-llaut\/\" title=\"Casetes varador, la llar del lla\u00fct\">\n\t\t\t\t\t\t\t\t\t<img loading=\"lazy\" decoding=\"async\" width=\"2000\" height=\"1500\" src=\"https:\/\/www.santjosep.net\/wp-content\/uploads\/2019\/04\/casetasvaradero.jpg\" class=\"attachment-full size-full wp-post-image\" alt=\"\" srcset=\"https:\/\/www.santjosep.net\/wp-content\/uploads\/2019\/04\/casetasvaradero.jpg 2000w, https:\/\/www.santjosep.net\/wp-content\/uploads\/2019\/04\/casetasvaradero-300x225.jpg 300w, https:\/\/www.santjosep.net\/wp-content\/uploads\/2019\/04\/casetasvaradero-1024x768.jpg 1024w, https:\/\/www.santjosep.net\/wp-content\/uploads\/2019\/04\/casetasvaradero-768x576.jpg 768w, https:\/\/www.santjosep.net\/wp-content\/uploads\/2019\/04\/casetasvaradero-1536x1152.jpg 1536w, https:\/\/www.santjosep.net\/wp-content\/uploads\/2019\/04\/casetasvaradero-800x600.jpg 800w\" sizes=\"auto, (max-width: 2000px) 100vw, 2000px\" \/>\t\t\t\t\t\t\t\t<\/a>\n\t\t\t<\/div>\n        <div class=\"edgtf-bli-content\">\n                            <div class=\"edgtf-bli-date\">\n\t                <div itemprop=\"dateCreated\" class=\"edgtf-post-info-date entry-date published updated\">\n            <a itemprop=\"url\" href=\"https:\/\/www.santjosep.net\/ca\/2019\/04\/\">\n    \n        24 abril 2019        <\/a>\n    <meta itemprop=\"interactionCount\" content=\"UserComments: 0\"\/>\n<\/div>                <\/div>\n            \t\n\t        \n<h4 itemprop=\"name\" class=\"entry-title edgtf-post-title\" >\n            <a itemprop=\"url\" href=\"https:\/\/www.santjosep.net\/ca\/casetes-varador-la-llar-del-llaut\/\" title=\"Casetes varador, la llar del lla\u00fct\">\n            Casetes varador, la llar del lla\u00fct            <\/a>\n    <\/h4>\n\t        <div class=\"edgtf-bli-info\">\n\t\t        <div class=\"edgtf-post-info-category\">\n    <a href=\"https:\/\/www.santjosep.net\/ca\/category\/platjes-ca\/\" rel=\"category tag\">Platjes<\/a>, <a href=\"https:\/\/www.santjosep.net\/ca\/category\/zones-ca\/\" rel=\"category tag\">Zones<\/a><\/div>\t        <\/div>\n\n\t        <div class=\"edgtf-bli-excerpt\">\n\t\t        \t\t<div class=\"edgtf-post-excerpt-holder\">\n\t\t\t<p itemprop=\"description\" class=\"edgtf-post-excerpt\">\n\t\t\t\tLa bella costa de Sant Josep est\u00e0 esquitxada de vestigis que ens parlen del que ha estat la hist\u00f2ria palpable del nostre municipi, de les activitats dels seus habitants, dels seus costums i la seva cultura. Una de les figures m\u00e9s caracter\u00edstiques que podem identificar f\u00e0cilment \u00e9s la de les casetes varador, construccions que es troben a innombrables cales i tombants de la costa i que representen l\u2019estil de vida mariner que ha conformat una\t\t\t<\/p>\n\t\t<\/div>\n\t\t\t        \t<div class=\"edgtf-post-read-more-button\">\n\t\t<a itemprop=\"url\" href=\"https:\/\/www.santjosep.net\/ca\/casetes-varador-la-llar-del-llaut\/\" target=\"_self\"  class=\"edgtf-btn edgtf-btn-medium edgtf-btn-simple edgtf-btn-switch-line edgtf-blog-list-button\"  >\t\t\t<span class=\"edgtf-btn-icon-element\"><\/span>\t\t<span class=\"edgtf-btn-text\">Llegir m\u00e9s<span class=\"edgtf-btn-text-line\" ><\/span><span class=\"edgtf-btn-switch-line\" ><\/span><\/span>\t<\/a>\t<\/div>\n\t        <\/div>\n        <\/div>\n\t<\/div>\n<\/li><li class=\"edgtf-bl-item clearfix\">\n\t<div class=\"edgtf-bli-inner\">\n\t\t\n\t<div class=\"edgtf-post-image\">\n\t\t\t\t\t<a itemprop=\"url\" href=\"https:\/\/www.santjosep.net\/ca\/presentacio-fitur\/\" title=\"Presentaci\u00f3 Fitur\">\n\t\t\t\t\t\t\t\t\t<img loading=\"lazy\" decoding=\"async\" width=\"2000\" height=\"1500\" src=\"https:\/\/www.santjosep.net\/wp-content\/uploads\/2019\/01\/patrimoniolibro.jpg\" class=\"attachment-full size-full wp-post-image\" alt=\"\" srcset=\"https:\/\/www.santjosep.net\/wp-content\/uploads\/2019\/01\/patrimoniolibro.jpg 2000w, https:\/\/www.santjosep.net\/wp-content\/uploads\/2019\/01\/patrimoniolibro-300x225.jpg 300w, https:\/\/www.santjosep.net\/wp-content\/uploads\/2019\/01\/patrimoniolibro-1024x768.jpg 1024w, https:\/\/www.santjosep.net\/wp-content\/uploads\/2019\/01\/patrimoniolibro-768x576.jpg 768w, https:\/\/www.santjosep.net\/wp-content\/uploads\/2019\/01\/patrimoniolibro-1536x1152.jpg 1536w, https:\/\/www.santjosep.net\/wp-content\/uploads\/2019\/01\/patrimoniolibro-800x600.jpg 800w\" sizes=\"auto, (max-width: 2000px) 100vw, 2000px\" \/>\t\t\t\t\t\t\t\t<\/a>\n\t\t\t<\/div>\n        <div class=\"edgtf-bli-content\">\n                            <div class=\"edgtf-bli-date\">\n\t                <div itemprop=\"dateCreated\" class=\"edgtf-post-info-date entry-date published updated\">\n            <a itemprop=\"url\" href=\"https:\/\/www.santjosep.net\/ca\/2019\/01\/\">\n    \n        25 gener 2019        <\/a>\n    <meta itemprop=\"interactionCount\" content=\"UserComments: 0\"\/>\n<\/div>                <\/div>\n            \t\n\t        \n<h4 itemprop=\"name\" class=\"entry-title edgtf-post-title\" >\n            <a itemprop=\"url\" href=\"https:\/\/www.santjosep.net\/ca\/presentacio-fitur\/\" title=\"Presentaci\u00f3 Fitur\">\n            Presentaci\u00f3 Fitur            <\/a>\n    <\/h4>\n\t        <div class=\"edgtf-bli-info\">\n\t\t        <div class=\"edgtf-post-info-category\">\n    <a href=\"https:\/\/www.santjosep.net\/ca\/category\/video-ca\/\" rel=\"category tag\">Video<\/a><\/div>\t        <\/div>\n\n\t        <div class=\"edgtf-bli-excerpt\">\n\t\t        \t\t<div class=\"edgtf-post-excerpt-holder\">\n\t\t\t<p itemprop=\"description\" class=\"edgtf-post-excerpt\">\n\t\t\t\tL\u2019Ajuntament de Sant Josep ha donat a con\u00e8ixer a Fitur el llibre de fotografies Patrimoni. Patrimoni, un llibre de fotografies cedides per Xavier Sans\u00f3 i Xavier M\u00e1s, t\u00e9 com a objectiu promocionar el patrimoni cultural i natural del municipi. Es tracta d\u2019una obra que es complementa amb material audiovisual com a carta de presentaci\u00f3 dels diferents atractius d\u2019aquest municipi com ara les esgl\u00e9sies, les fonts, els pous, les torres de defensa i els indrets declarats\t\t\t<\/p>\n\t\t<\/div>\n\t\t\t        \t<div class=\"edgtf-post-read-more-button\">\n\t\t<a itemprop=\"url\" href=\"https:\/\/www.santjosep.net\/ca\/presentacio-fitur\/\" target=\"_self\"  class=\"edgtf-btn edgtf-btn-medium edgtf-btn-simple edgtf-btn-switch-line edgtf-blog-list-button\"  >\t\t\t<span class=\"edgtf-btn-icon-element\"><\/span>\t\t<span class=\"edgtf-btn-text\">Llegir m\u00e9s<span class=\"edgtf-btn-text-line\" ><\/span><span class=\"edgtf-btn-switch-line\" ><\/span><\/span>\t<\/a>\t<\/div>\n\t        <\/div>\n        <\/div>\n\t<\/div>\n<\/li><li class=\"edgtf-bl-item clearfix\">\n\t<div class=\"edgtf-bli-inner\">\n\t\t\n\t<div class=\"edgtf-post-image\">\n\t\t\t\t\t<a itemprop=\"url\" href=\"https:\/\/www.santjosep.net\/ca\/5-idees-cala-tarida\/\" title=\"5 idees Cala Tarida\">\n\t\t\t\t\t\t\t\t\t<img loading=\"lazy\" decoding=\"async\" width=\"2000\" height=\"1500\" src=\"https:\/\/www.santjosep.net\/wp-content\/uploads\/2018\/09\/calatarida5ideas-1.jpg\" class=\"attachment-full size-full wp-post-image\" alt=\"\" srcset=\"https:\/\/www.santjosep.net\/wp-content\/uploads\/2018\/09\/calatarida5ideas-1.jpg 2000w, https:\/\/www.santjosep.net\/wp-content\/uploads\/2018\/09\/calatarida5ideas-1-300x225.jpg 300w, https:\/\/www.santjosep.net\/wp-content\/uploads\/2018\/09\/calatarida5ideas-1-1024x768.jpg 1024w, https:\/\/www.santjosep.net\/wp-content\/uploads\/2018\/09\/calatarida5ideas-1-768x576.jpg 768w, https:\/\/www.santjosep.net\/wp-content\/uploads\/2018\/09\/calatarida5ideas-1-1536x1152.jpg 1536w, https:\/\/www.santjosep.net\/wp-content\/uploads\/2018\/09\/calatarida5ideas-1-800x600.jpg 800w\" sizes=\"auto, (max-width: 2000px) 100vw, 2000px\" \/>\t\t\t\t\t\t\t\t<\/a>\n\t\t\t<\/div>\n        <div class=\"edgtf-bli-content\">\n                            <div class=\"edgtf-bli-date\">\n\t                <div itemprop=\"dateCreated\" class=\"edgtf-post-info-date entry-date published updated\">\n            <a itemprop=\"url\" href=\"https:\/\/www.santjosep.net\/ca\/2018\/09\/\">\n    \n        15 setembre 2018        <\/a>\n    <meta itemprop=\"interactionCount\" content=\"UserComments: 0\"\/>\n<\/div>                <\/div>\n            \t\n\t        \n<h4 itemprop=\"name\" class=\"entry-title edgtf-post-title\" >\n            <a itemprop=\"url\" href=\"https:\/\/www.santjosep.net\/ca\/5-idees-cala-tarida\/\" title=\"5 idees Cala Tarida\">\n            5 idees Cala Tarida            <\/a>\n    <\/h4>\n\t        <div class=\"edgtf-bli-info\">\n\t\t        <div class=\"edgtf-post-info-category\">\n    <a href=\"https:\/\/www.santjosep.net\/ca\/category\/platjes-ca\/\" rel=\"category tag\">Platjes<\/a><\/div>\t        <\/div>\n\n\t        <div class=\"edgtf-bli-excerpt\">\n\t\t        \t\t<div class=\"edgtf-post-excerpt-holder\">\n\t\t\t<p itemprop=\"description\" class=\"edgtf-post-excerpt\">\n\t\t\t\tUnes vacances id\u00edl\u00b7liques a Eivissa es componen de dies de sol a la platja, banys refrescants de mar, passejades i bona gastronomia. Un rac\u00f3 de l\u2019illa on es pot gaudir de tot plegat \u00e9s Cala Tarida, situada a l\u2019oest i amb un dels perfils costaners m\u00e9s bonics de l\u2019illa.\r\nVoleu con\u00e8ixer les nostres 6 recomanacions per gaudir de la zona al 100%?\r\n\r\n&nbsp;\r\nMENJAR\r\n\r\nCala Tarida compta amb diversos barets a peu de platja i restaurants que ofereixen magn\u00edfiques\t\t\t<\/p>\n\t\t<\/div>\n\t\t\t        \t<div class=\"edgtf-post-read-more-button\">\n\t\t<a itemprop=\"url\" href=\"https:\/\/www.santjosep.net\/ca\/5-idees-cala-tarida\/\" target=\"_self\"  class=\"edgtf-btn edgtf-btn-medium edgtf-btn-simple edgtf-btn-switch-line edgtf-blog-list-button\"  >\t\t\t<span class=\"edgtf-btn-icon-element\"><\/span>\t\t<span class=\"edgtf-btn-text\">Llegir m\u00e9s<span class=\"edgtf-btn-text-line\" ><\/span><span class=\"edgtf-btn-switch-line\" ><\/span><\/span>\t<\/a>\t<\/div>\n\t        <\/div>\n        <\/div>\n\t<\/div>\n<\/li><li class=\"edgtf-bl-item clearfix\">\n\t<div class=\"edgtf-bli-inner\">\n\t\t\n\t<div class=\"edgtf-post-image\">\n\t\t\t\t\t<a itemprop=\"url\" href=\"https:\/\/www.santjosep.net\/ca\/mercat_sant_josep\/\" title=\"Mercat de Sant Josep\">\n\t\t\t\t\t\t\t\t\t<img loading=\"lazy\" decoding=\"async\" width=\"890\" height=\"667\" src=\"https:\/\/www.santjosep.net\/wp-content\/uploads\/2018\/07\/cover_videos_0008_P1190706.jpg\" class=\"attachment-full size-full wp-post-image\" alt=\"\" srcset=\"https:\/\/www.santjosep.net\/wp-content\/uploads\/2018\/07\/cover_videos_0008_P1190706.jpg 890w, https:\/\/www.santjosep.net\/wp-content\/uploads\/2018\/07\/cover_videos_0008_P1190706-300x225.jpg 300w, https:\/\/www.santjosep.net\/wp-content\/uploads\/2018\/07\/cover_videos_0008_P1190706-768x576.jpg 768w, https:\/\/www.santjosep.net\/wp-content\/uploads\/2018\/07\/cover_videos_0008_P1190706-800x600.jpg 800w\" sizes=\"auto, (max-width: 890px) 100vw, 890px\" \/>\t\t\t\t\t\t\t\t<\/a>\n\t\t\t<\/div>\n        <div class=\"edgtf-bli-content\">\n                            <div class=\"edgtf-bli-date\">\n\t                <div itemprop=\"dateCreated\" class=\"edgtf-post-info-date entry-date published updated\">\n            <a itemprop=\"url\" href=\"https:\/\/www.santjosep.net\/ca\/2018\/07\/\">\n    \n        30 juliol 2018        <\/a>\n    <meta itemprop=\"interactionCount\" content=\"UserComments: 0\"\/>\n<\/div>                <\/div>\n            \t\n\t        \n<h4 itemprop=\"name\" class=\"entry-title edgtf-post-title\" >\n            <a itemprop=\"url\" href=\"https:\/\/www.santjosep.net\/ca\/mercat_sant_josep\/\" title=\"Mercat de Sant Josep\">\n            Mercat de Sant Josep            <\/a>\n    <\/h4>\n\t        <div class=\"edgtf-bli-info\">\n\t\t        <div class=\"edgtf-post-info-category\">\n    <a href=\"https:\/\/www.santjosep.net\/ca\/category\/video-ca\/\" rel=\"category tag\">Video<\/a><\/div>\t        <\/div>\n\n\t        <div class=\"edgtf-bli-excerpt\">\n\t\t        \t\t<div class=\"edgtf-post-excerpt-holder\">\n\t\t\t<p itemprop=\"description\" class=\"edgtf-post-excerpt\">\n\t\t\t\tEcol\u00f2gic, local i d'artesania\r\nUn punt de trobada per a la ciutadania del nostre municipi i per al turisme que ens visita a l'estiu, on podreu comprar productes ecol\u00f2gics, artesanals o d'elaboraci\u00f3 local, assistir als tallers i tamb\u00e9 podreu gaudir dels men\u00fas que prepararan els establiments de restauraci\u00f3 del poble.\r\n\r\n&nbsp;\r\n\r\nDel 2 de juny al 20 d'octubre, cada dissabte de 9:30 h a 13:30 h.\t\t\t<\/p>\n\t\t<\/div>\n\t\t\t        \t<div class=\"edgtf-post-read-more-button\">\n\t\t<a itemprop=\"url\" href=\"https:\/\/www.santjosep.net\/ca\/mercat_sant_josep\/\" target=\"_self\"  class=\"edgtf-btn edgtf-btn-medium edgtf-btn-simple edgtf-btn-switch-line edgtf-blog-list-button\"  >\t\t\t<span class=\"edgtf-btn-icon-element\"><\/span>\t\t<span class=\"edgtf-btn-text\">Llegir m\u00e9s<span class=\"edgtf-btn-text-line\" ><\/span><span class=\"edgtf-btn-switch-line\" ><\/span><\/span>\t<\/a>\t<\/div>\n\t        <\/div>\n        <\/div>\n\t<\/div>\n<\/li><li class=\"edgtf-bl-item clearfix\">\n\t<div class=\"edgtf-bli-inner\">\n\t\t\n\t<div class=\"edgtf-post-image\">\n\t\t\t\t\t<a itemprop=\"url\" href=\"https:\/\/www.santjosep.net\/ca\/lesglesia-de-sant-josep\/\" title=\"L\u2019esgl\u00e9sia de Sant Josep\">\n\t\t\t\t\t\t\t\t\t<img loading=\"lazy\" decoding=\"async\" width=\"2000\" height=\"1500\" src=\"https:\/\/www.santjosep.net\/wp-content\/uploads\/2018\/05\/iglesiasanjosep.jpg\" class=\"attachment-full size-full wp-post-image\" alt=\"\" srcset=\"https:\/\/www.santjosep.net\/wp-content\/uploads\/2018\/05\/iglesiasanjosep.jpg 2000w, https:\/\/www.santjosep.net\/wp-content\/uploads\/2018\/05\/iglesiasanjosep-300x225.jpg 300w, https:\/\/www.santjosep.net\/wp-content\/uploads\/2018\/05\/iglesiasanjosep-1024x768.jpg 1024w, https:\/\/www.santjosep.net\/wp-content\/uploads\/2018\/05\/iglesiasanjosep-768x576.jpg 768w, https:\/\/www.santjosep.net\/wp-content\/uploads\/2018\/05\/iglesiasanjosep-1536x1152.jpg 1536w, https:\/\/www.santjosep.net\/wp-content\/uploads\/2018\/05\/iglesiasanjosep-800x600.jpg 800w\" sizes=\"auto, (max-width: 2000px) 100vw, 2000px\" \/>\t\t\t\t\t\t\t\t<\/a>\n\t\t\t<\/div>\n        <div class=\"edgtf-bli-content\">\n                            <div class=\"edgtf-bli-date\">\n\t                <div itemprop=\"dateCreated\" class=\"edgtf-post-info-date entry-date published updated\">\n            <a itemprop=\"url\" href=\"https:\/\/www.santjosep.net\/ca\/2018\/05\/\">\n    \n        7 maig 2018        <\/a>\n    <meta itemprop=\"interactionCount\" content=\"UserComments: 0\"\/>\n<\/div>                <\/div>\n            \t\n\t        \n<h4 itemprop=\"name\" class=\"entry-title edgtf-post-title\" >\n            <a itemprop=\"url\" href=\"https:\/\/www.santjosep.net\/ca\/lesglesia-de-sant-josep\/\" title=\"L\u2019esgl\u00e9sia de Sant Josep\">\n            L\u2019esgl\u00e9sia de Sant Josep            <\/a>\n    <\/h4>\n\t        <div class=\"edgtf-bli-info\">\n\t\t        <div class=\"edgtf-post-info-category\">\n    <a href=\"https:\/\/www.santjosep.net\/ca\/category\/pobles-ca\/\" rel=\"category tag\">Pobles<\/a><\/div>\t        <\/div>\n\n\t        <div class=\"edgtf-bli-excerpt\">\n\t\t        \t\t<div class=\"edgtf-post-excerpt-holder\">\n\t\t\t<p itemprop=\"description\" class=\"edgtf-post-excerpt\">\n\t\t\t\tAl cor del poble de Sant Josep es troba aquesta imponent esgl\u00e9sia fortificada d\u2019una considerable al\u00e7ada. Sant Josep, a m\u00e9s de ser el patr\u00f3 de l\u2019Esgl\u00e9sia Universal, \u00e9s el patr\u00f3 de l\u2019esgl\u00e9sia del nostre municipi.\r\n\r\nDespr\u00e9s de la conquesta catalana, l\u2019illa es trobava dividida en 4 quartons: quart\u00f3 de les Salines, quart\u00f3 de Portmany, quart\u00f3 de Balansat i quart\u00f3 de Santa Eul\u00e0ria.\r\n\r\n\r\n\r\nEls pobladors de la zona meridional (des Vedrans i Benimussa) del quart\u00f3 de Portmany reclamaren,\t\t\t<\/p>\n\t\t<\/div>\n\t\t\t        \t<div class=\"edgtf-post-read-more-button\">\n\t\t<a itemprop=\"url\" href=\"https:\/\/www.santjosep.net\/ca\/lesglesia-de-sant-josep\/\" target=\"_self\"  class=\"edgtf-btn edgtf-btn-medium edgtf-btn-simple edgtf-btn-switch-line edgtf-blog-list-button\"  >\t\t\t<span class=\"edgtf-btn-icon-element\"><\/span>\t\t<span class=\"edgtf-btn-text\">Llegir m\u00e9s<span class=\"edgtf-btn-text-line\" ><\/span><span class=\"edgtf-btn-switch-line\" ><\/span><\/span>\t<\/a>\t<\/div>\n\t        <\/div>\n        <\/div>\n\t<\/div>\n<\/li><li class=\"edgtf-bl-item clearfix\">\n\t<div class=\"edgtf-bli-inner\">\n\t\t\n\t<div class=\"edgtf-post-image\">\n\t\t\t\t\t<a itemprop=\"url\" href=\"https:\/\/www.santjosep.net\/ca\/turisme-actiu-a-sant-josep\/\" title=\"Turisme actiu a Sant Josep\">\n\t\t\t\t\t\t\t\t\t<img loading=\"lazy\" decoding=\"async\" width=\"2000\" height=\"1500\" src=\"https:\/\/www.santjosep.net\/wp-content\/uploads\/2018\/04\/II-Fira-de-la-Sal__SGC5420-1.jpg\" class=\"attachment-full size-full wp-post-image\" alt=\"\" srcset=\"https:\/\/www.santjosep.net\/wp-content\/uploads\/2018\/04\/II-Fira-de-la-Sal__SGC5420-1.jpg 2000w, https:\/\/www.santjosep.net\/wp-content\/uploads\/2018\/04\/II-Fira-de-la-Sal__SGC5420-1-300x225.jpg 300w, https:\/\/www.santjosep.net\/wp-content\/uploads\/2018\/04\/II-Fira-de-la-Sal__SGC5420-1-1024x768.jpg 1024w, https:\/\/www.santjosep.net\/wp-content\/uploads\/2018\/04\/II-Fira-de-la-Sal__SGC5420-1-768x576.jpg 768w, https:\/\/www.santjosep.net\/wp-content\/uploads\/2018\/04\/II-Fira-de-la-Sal__SGC5420-1-1536x1152.jpg 1536w, https:\/\/www.santjosep.net\/wp-content\/uploads\/2018\/04\/II-Fira-de-la-Sal__SGC5420-1-800x600.jpg 800w\" sizes=\"auto, (max-width: 2000px) 100vw, 2000px\" \/>\t\t\t\t\t\t\t\t<\/a>\n\t\t\t<\/div>\n        <div class=\"edgtf-bli-content\">\n                            <div class=\"edgtf-bli-date\">\n\t                <div itemprop=\"dateCreated\" class=\"edgtf-post-info-date entry-date published updated\">\n            <a itemprop=\"url\" href=\"https:\/\/www.santjosep.net\/ca\/2018\/04\/\">\n    \n        24 abril 2018        <\/a>\n    <meta itemprop=\"interactionCount\" content=\"UserComments: 0\"\/>\n<\/div>                <\/div>\n            \t\n\t        \n<h4 itemprop=\"name\" class=\"entry-title edgtf-post-title\" >\n            <a itemprop=\"url\" href=\"https:\/\/www.santjosep.net\/ca\/turisme-actiu-a-sant-josep\/\" title=\"Turisme actiu a Sant Josep\">\n            Turisme actiu a Sant Josep            <\/a>\n    <\/h4>\n\t        <div class=\"edgtf-bli-info\">\n\t\t        <div class=\"edgtf-post-info-category\">\n    <a href=\"https:\/\/www.santjosep.net\/ca\/category\/passejades-ca\/\" rel=\"category tag\">Passejades<\/a>, <a href=\"https:\/\/www.santjosep.net\/ca\/category\/rutes-ca\/\" rel=\"category tag\">Rutes<\/a><\/div>\t        <\/div>\n\n\t        <div class=\"edgtf-bli-excerpt\">\n\t\t        \t\t<div class=\"edgtf-post-excerpt-holder\">\n\t\t\t<p itemprop=\"description\" class=\"edgtf-post-excerpt\">\n\t\t\t\tLes illes Balears disposen d\u2019una fisonomia i climatologia que propicien la pr\u00e0ctica d\u2019esports a l\u2019aire lliure durant quasi tot l\u2019any. Sens dubte, el municipi de Sant Josep \u00e9s un dest\u00ed ideal per gaudir-lo per mar i terra. Muntanyes, fons submar\u00ed, pobles i racons costers que es converteixen en enclavaments m\u00e0gics per a realitzar activitats a l\u2019aire lliure en plena natura.\r\n\r\n&nbsp;\r\nBuceo\r\nEl municipi de Sant Josep abasta quasi tota la meitat sud de l\u2019illa, aix\u00ed que us\t\t\t<\/p>\n\t\t<\/div>\n\t\t\t        \t<div class=\"edgtf-post-read-more-button\">\n\t\t<a itemprop=\"url\" href=\"https:\/\/www.santjosep.net\/ca\/turisme-actiu-a-sant-josep\/\" target=\"_self\"  class=\"edgtf-btn edgtf-btn-medium edgtf-btn-simple edgtf-btn-switch-line edgtf-blog-list-button\"  >\t\t\t<span class=\"edgtf-btn-icon-element\"><\/span>\t\t<span class=\"edgtf-btn-text\">Llegir m\u00e9s<span class=\"edgtf-btn-text-line\" ><\/span><span class=\"edgtf-btn-switch-line\" ><\/span><\/span>\t<\/a>\t<\/div>\n\t        <\/div>\n        <\/div>\n\t<\/div>\n<\/li><li class=\"edgtf-bl-item clearfix\">\n\t<div class=\"edgtf-bli-inner\">\n\t\t\n\t<div class=\"edgtf-post-image\">\n\t\t\t\t\t<a itemprop=\"url\" href=\"https:\/\/www.santjosep.net\/ca\/naturaleza-en-estado-puro-ses-salines-de-ibiza\/\" title=\"Natura en estat pur, ses Salines d\u2019Eivissa.\">\n\t\t\t\t\t\t\t\t\t<img loading=\"lazy\" decoding=\"async\" width=\"2000\" height=\"1500\" src=\"https:\/\/www.santjosep.net\/wp-content\/uploads\/2018\/02\/naturalezaenestadopuro.jpg\" class=\"attachment-full size-full wp-post-image\" alt=\"\" srcset=\"https:\/\/www.santjosep.net\/wp-content\/uploads\/2018\/02\/naturalezaenestadopuro.jpg 2000w, https:\/\/www.santjosep.net\/wp-content\/uploads\/2018\/02\/naturalezaenestadopuro-300x225.jpg 300w, https:\/\/www.santjosep.net\/wp-content\/uploads\/2018\/02\/naturalezaenestadopuro-1024x768.jpg 1024w, https:\/\/www.santjosep.net\/wp-content\/uploads\/2018\/02\/naturalezaenestadopuro-768x576.jpg 768w, https:\/\/www.santjosep.net\/wp-content\/uploads\/2018\/02\/naturalezaenestadopuro-1536x1152.jpg 1536w, https:\/\/www.santjosep.net\/wp-content\/uploads\/2018\/02\/naturalezaenestadopuro-800x600.jpg 800w\" sizes=\"auto, (max-width: 2000px) 100vw, 2000px\" \/>\t\t\t\t\t\t\t\t<\/a>\n\t\t\t<\/div>\n        <div class=\"edgtf-bli-content\">\n                            <div class=\"edgtf-bli-date\">\n\t                <div itemprop=\"dateCreated\" class=\"edgtf-post-info-date entry-date published updated\">\n            <a itemprop=\"url\" href=\"https:\/\/www.santjosep.net\/ca\/2018\/02\/\">\n    \n        27 febrer 2018        <\/a>\n    <meta itemprop=\"interactionCount\" content=\"UserComments: 0\"\/>\n<\/div>                <\/div>\n            \t\n\t        \n<h4 itemprop=\"name\" class=\"entry-title edgtf-post-title\" >\n            <a itemprop=\"url\" href=\"https:\/\/www.santjosep.net\/ca\/naturaleza-en-estado-puro-ses-salines-de-ibiza\/\" title=\"Natura en estat pur, ses Salines d\u2019Eivissa.\">\n            Natura en estat pur, ses Salines d\u2019Eivissa.            <\/a>\n    <\/h4>\n\t        <div class=\"edgtf-bli-info\">\n\t\t        <div class=\"edgtf-post-info-category\">\n    <a href=\"https:\/\/www.santjosep.net\/ca\/category\/passejades-ca\/\" rel=\"category tag\">Passejades<\/a>, <a href=\"https:\/\/www.santjosep.net\/ca\/category\/zones-ca\/\" rel=\"category tag\">Zones<\/a><\/div>\t        <\/div>\n\n\t        <div class=\"edgtf-bli-excerpt\">\n\t\t        \t\t<div class=\"edgtf-post-excerpt-holder\">\n\t\t\t<p itemprop=\"description\" class=\"edgtf-post-excerpt\">\n\t\t\t\tSes Salines \u00e9s la zona situada m\u00e9s al sud de l\u2019illa d\u2019Eivissa i destaca per ser un Parc Natural que abra\u00e7a tamb\u00e9 el nord de Formentera. En aquesta zona encara es segueix extraient i exportant una gran quantitat de sal. De fet, des de la carretera principal, podreu veure les incre\u00efbles muntanyes blanques de sal preparada per a ser refinada. La sal va ser durant segles el suport econ\u00f2mic de moltes de les fam\u00edlies de\t\t\t<\/p>\n\t\t<\/div>\n\t\t\t        \t<div class=\"edgtf-post-read-more-button\">\n\t\t<a itemprop=\"url\" href=\"https:\/\/www.santjosep.net\/ca\/naturaleza-en-estado-puro-ses-salines-de-ibiza\/\" target=\"_self\"  class=\"edgtf-btn edgtf-btn-medium edgtf-btn-simple edgtf-btn-switch-line edgtf-blog-list-button\"  >\t\t\t<span class=\"edgtf-btn-icon-element\"><\/span>\t\t<span class=\"edgtf-btn-text\">Llegir m\u00e9s<span class=\"edgtf-btn-text-line\" ><\/span><span class=\"edgtf-btn-switch-line\" ><\/span><\/span>\t<\/a>\t<\/div>\n\t        <\/div>\n        <\/div>\n\t<\/div>\n<\/li><li class=\"edgtf-bl-item clearfix\">\n\t<div class=\"edgtf-bli-inner\">\n\t\t\n\t<div class=\"edgtf-post-image\">\n\t\t\t\t\t<a itemprop=\"url\" href=\"https:\/\/www.santjosep.net\/ca\/la-posidonia-oceanica\/\" title=\"La posid\u00f2nia oce\u00e0nica\">\n\t\t\t\t\t\t\t\t\t<img loading=\"lazy\" decoding=\"async\" width=\"2000\" height=\"1500\" src=\"https:\/\/www.santjosep.net\/wp-content\/uploads\/2018\/01\/posidonia2-1.jpg\" class=\"attachment-full size-full wp-post-image\" alt=\"\" srcset=\"https:\/\/www.santjosep.net\/wp-content\/uploads\/2018\/01\/posidonia2-1.jpg 2000w, https:\/\/www.santjosep.net\/wp-content\/uploads\/2018\/01\/posidonia2-1-300x225.jpg 300w, https:\/\/www.santjosep.net\/wp-content\/uploads\/2018\/01\/posidonia2-1-1024x768.jpg 1024w, https:\/\/www.santjosep.net\/wp-content\/uploads\/2018\/01\/posidonia2-1-768x576.jpg 768w, https:\/\/www.santjosep.net\/wp-content\/uploads\/2018\/01\/posidonia2-1-1536x1152.jpg 1536w, https:\/\/www.santjosep.net\/wp-content\/uploads\/2018\/01\/posidonia2-1-800x600.jpg 800w\" sizes=\"auto, (max-width: 2000px) 100vw, 2000px\" \/>\t\t\t\t\t\t\t\t<\/a>\n\t\t\t<\/div>\n        <div class=\"edgtf-bli-content\">\n                            <div class=\"edgtf-bli-date\">\n\t                <div itemprop=\"dateCreated\" class=\"edgtf-post-info-date entry-date published updated\">\n            <a itemprop=\"url\" href=\"https:\/\/www.santjosep.net\/ca\/2018\/01\/\">\n    \n        25 gener 2018        <\/a>\n    <meta itemprop=\"interactionCount\" content=\"UserComments: 0\"\/>\n<\/div>                <\/div>\n            \t\n\t        \n<h4 itemprop=\"name\" class=\"entry-title edgtf-post-title\" >\n            <a itemprop=\"url\" href=\"https:\/\/www.santjosep.net\/ca\/la-posidonia-oceanica\/\" title=\"La posid\u00f2nia oce\u00e0nica\">\n            La posid\u00f2nia oce\u00e0nica            <\/a>\n    <\/h4>\n\t        <div class=\"edgtf-bli-info\">\n\t\t        <div class=\"edgtf-post-info-category\">\n    <a href=\"https:\/\/www.santjosep.net\/ca\/category\/patrimonio-ca\/\" rel=\"category tag\">Patrimoni<\/a>, <a href=\"https:\/\/www.santjosep.net\/ca\/category\/platjes-ca\/\" rel=\"category tag\">Platjes<\/a>, <a href=\"https:\/\/www.santjosep.net\/ca\/category\/zones-ca\/\" rel=\"category tag\">Zones<\/a><\/div>\t        <\/div>\n\n\t        <div class=\"edgtf-bli-excerpt\">\n\t\t        \t\t<div class=\"edgtf-post-excerpt-holder\">\n\t\t\t<p itemprop=\"description\" class=\"edgtf-post-excerpt\">\n\t\t\t\tUna de les coses que m\u00e9s sorpr\u00e8n a tot aquell qui coneix per primera vegada la nostra costa \u00e9s descobrir la transpar\u00e8ncia de l\u2019aigua del mar. I com molts ja sabeu, aix\u00f2 \u00e9s gr\u00e0cies a aquesta meravellosa planta present a les nostres costes:La Posidonia.\r\n\r\nA les illes Balears i a les Piti\u00fcses hi ha uns 750 km2 de praderies de posid\u00f2nia situades sobre fons arenosos i, en alguns casos, sobre fons rocosos, que aporten grans quantitats\t\t\t<\/p>\n\t\t<\/div>\n\t\t\t        \t<div class=\"edgtf-post-read-more-button\">\n\t\t<a itemprop=\"url\" href=\"https:\/\/www.santjosep.net\/ca\/la-posidonia-oceanica\/\" target=\"_self\"  class=\"edgtf-btn edgtf-btn-medium edgtf-btn-simple edgtf-btn-switch-line edgtf-blog-list-button\"  >\t\t\t<span class=\"edgtf-btn-icon-element\"><\/span>\t\t<span class=\"edgtf-btn-text\">Llegir m\u00e9s<span class=\"edgtf-btn-text-line\" ><\/span><span class=\"edgtf-btn-switch-line\" ><\/span><\/span>\t<\/a>\t<\/div>\n\t        <\/div>\n        <\/div>\n\t<\/div>\n<\/li><li class=\"edgtf-bl-item clearfix\">\n\t<div class=\"edgtf-bli-inner\">\n\t\t\n\t<div class=\"edgtf-post-image\">\n\t\t\t\t\t<a itemprop=\"url\" href=\"https:\/\/www.santjosep.net\/ca\/actividades-deportivaspaseosescubells-cala-llentrisca-circular\/\" title=\"Ruta es Cubells- Cala Llentrisca\">\n\t\t\t\t\t\t\t\t\t<img loading=\"lazy\" decoding=\"async\" width=\"2000\" height=\"1500\" src=\"https:\/\/www.santjosep.net\/wp-content\/uploads\/2017\/12\/Ruta-desde-Es-Cubells-a-Cala-Llentrisca-.jpg\" class=\"attachment-full size-full wp-post-image\" alt=\"\" srcset=\"https:\/\/www.santjosep.net\/wp-content\/uploads\/2017\/12\/Ruta-desde-Es-Cubells-a-Cala-Llentrisca-.jpg 2000w, https:\/\/www.santjosep.net\/wp-content\/uploads\/2017\/12\/Ruta-desde-Es-Cubells-a-Cala-Llentrisca--300x225.jpg 300w, https:\/\/www.santjosep.net\/wp-content\/uploads\/2017\/12\/Ruta-desde-Es-Cubells-a-Cala-Llentrisca--1024x768.jpg 1024w, https:\/\/www.santjosep.net\/wp-content\/uploads\/2017\/12\/Ruta-desde-Es-Cubells-a-Cala-Llentrisca--768x576.jpg 768w, https:\/\/www.santjosep.net\/wp-content\/uploads\/2017\/12\/Ruta-desde-Es-Cubells-a-Cala-Llentrisca--1536x1152.jpg 1536w, https:\/\/www.santjosep.net\/wp-content\/uploads\/2017\/12\/Ruta-desde-Es-Cubells-a-Cala-Llentrisca--800x600.jpg 800w\" sizes=\"auto, (max-width: 2000px) 100vw, 2000px\" \/>\t\t\t\t\t\t\t\t<\/a>\n\t\t\t<\/div>\n        <div class=\"edgtf-bli-content\">\n                            <div class=\"edgtf-bli-date\">\n\t                <div itemprop=\"dateCreated\" class=\"edgtf-post-info-date entry-date published updated\">\n            <a itemprop=\"url\" href=\"https:\/\/www.santjosep.net\/ca\/2017\/12\/\">\n    \n        29 desembre 2017        <\/a>\n    <meta itemprop=\"interactionCount\" content=\"UserComments: 0\"\/>\n<\/div>                <\/div>\n            \t\n\t        \n<h4 itemprop=\"name\" class=\"entry-title edgtf-post-title\" >\n            <a itemprop=\"url\" href=\"https:\/\/www.santjosep.net\/ca\/actividades-deportivaspaseosescubells-cala-llentrisca-circular\/\" title=\"Ruta es Cubells- Cala Llentrisca\">\n            Ruta es Cubells- Cala Llentrisca            <\/a>\n    <\/h4>\n\t        <div class=\"edgtf-bli-info\">\n\t\t        <div class=\"edgtf-post-info-category\">\n    <a href=\"https:\/\/www.santjosep.net\/ca\/category\/passejades-ca\/\" rel=\"category tag\">Passejades<\/a>, <a href=\"https:\/\/www.santjosep.net\/ca\/category\/rutes-ca\/\" rel=\"category tag\">Rutes<\/a><\/div>\t        <\/div>\n\n\t        <div class=\"edgtf-bli-excerpt\">\n\t\t        \t\t<div class=\"edgtf-post-excerpt-holder\">\n\t\t\t<p itemprop=\"description\" class=\"edgtf-post-excerpt\">\n\t\t\t\tGr\u00e0cies a la ubicaci\u00f3 especial del poble des Cubells, situat a la vora d\u2019un espectacular penya-segat al sud de Sant Josep, aquesta ruta ens regala unes vistes espectaculars al mar, on es pot gaudir de la natura i descobrir platges on no hi ha les aglomeracions t\u00edpiques de l\u2019estiu. Tot i que \u00e9s una ruta de dificultat mitjana- alta, no heu de patir. Es tracta d\u2019 una ruta tranquil\u00b7la amb alguns punts empinats per\u00f2 no\t\t\t<\/p>\n\t\t<\/div>\n\t\t\t        \t<div class=\"edgtf-post-read-more-button\">\n\t\t<a itemprop=\"url\" href=\"https:\/\/www.santjosep.net\/ca\/actividades-deportivaspaseosescubells-cala-llentrisca-circular\/\" target=\"_self\"  class=\"edgtf-btn edgtf-btn-medium edgtf-btn-simple edgtf-btn-switch-line edgtf-blog-list-button\"  >\t\t\t<span class=\"edgtf-btn-icon-element\"><\/span>\t\t<span class=\"edgtf-btn-text\">Llegir m\u00e9s<span class=\"edgtf-btn-text-line\" ><\/span><span class=\"edgtf-btn-switch-line\" ><\/span><\/span>\t<\/a>\t<\/div>\n\t        <\/div>\n        <\/div>\n\t<\/div>\n<\/li><li class=\"edgtf-bl-item clearfix\">\n\t<div class=\"edgtf-bli-inner\">\n\t\t\n\t<div class=\"edgtf-post-image\">\n\t\t\t\t\t<a itemprop=\"url\" href=\"https:\/\/www.santjosep.net\/ca\/fira-la-sal\/\" title=\"Fira de la Sal\">\n\t\t\t\t\t\t\t\t\t<img loading=\"lazy\" decoding=\"async\" width=\"2000\" height=\"1500\" src=\"https:\/\/www.santjosep.net\/wp-content\/uploads\/2017\/11\/firadelasalold-1.jpg\" class=\"attachment-full size-full wp-post-image\" alt=\"\" srcset=\"https:\/\/www.santjosep.net\/wp-content\/uploads\/2017\/11\/firadelasalold-1.jpg 2000w, https:\/\/www.santjosep.net\/wp-content\/uploads\/2017\/11\/firadelasalold-1-300x225.jpg 300w, https:\/\/www.santjosep.net\/wp-content\/uploads\/2017\/11\/firadelasalold-1-1024x768.jpg 1024w, https:\/\/www.santjosep.net\/wp-content\/uploads\/2017\/11\/firadelasalold-1-768x576.jpg 768w, https:\/\/www.santjosep.net\/wp-content\/uploads\/2017\/11\/firadelasalold-1-1536x1152.jpg 1536w, https:\/\/www.santjosep.net\/wp-content\/uploads\/2017\/11\/firadelasalold-1-800x600.jpg 800w\" sizes=\"auto, (max-width: 2000px) 100vw, 2000px\" \/>\t\t\t\t\t\t\t\t<\/a>\n\t\t\t<\/div>\n        <div class=\"edgtf-bli-content\">\n                            <div class=\"edgtf-bli-date\">\n\t                <div itemprop=\"dateCreated\" class=\"edgtf-post-info-date entry-date published updated\">\n            <a itemprop=\"url\" href=\"https:\/\/www.santjosep.net\/ca\/2017\/11\/\">\n    \n        23 novembre 2017        <\/a>\n    <meta itemprop=\"interactionCount\" content=\"UserComments: 0\"\/>\n<\/div>                <\/div>\n            \t\n\t        \n<h4 itemprop=\"name\" class=\"entry-title edgtf-post-title\" >\n            <a itemprop=\"url\" href=\"https:\/\/www.santjosep.net\/ca\/fira-la-sal\/\" title=\"Fira de la Sal\">\n            Fira de la Sal            <\/a>\n    <\/h4>\n\t        <div class=\"edgtf-bli-info\">\n\t\t        <div class=\"edgtf-post-info-category\">\n    <a href=\"https:\/\/www.santjosep.net\/ca\/category\/esdeveniments-ca\/\" rel=\"category tag\">Esdeveniments<\/a><\/div>\t        <\/div>\n\n\t        <div class=\"edgtf-bli-excerpt\">\n\t\t        \t\t<div class=\"edgtf-post-excerpt-holder\">\n\t\t\t<p itemprop=\"description\" class=\"edgtf-post-excerpt\">\n\t\t\t\tA l\u2019octubre es celebra a les Salines d\u2019Eivissa la Fira de la Sal, un nou esdeveniment tur\u00edstic i cultural enfocat a difondre el nostre patrimoni i cultura. Organitzat per l\u2019Ajuntament de Sant Josep, el Consell d\u2019Eivissa i el Parc Natural de ses Salines d\u2019Eivissa i Formentera vol ser un homenatge i record a la gent que va treballar a ses salines i donar a con\u00e8ixer, mitjan\u00e7ant diferents activitats, les tradicions que envolten l\u2019extracci\u00f3 manual de\t\t\t<\/p>\n\t\t<\/div>\n\t\t\t        \t<div class=\"edgtf-post-read-more-button\">\n\t\t<a itemprop=\"url\" href=\"https:\/\/www.santjosep.net\/ca\/fira-la-sal\/\" target=\"_self\"  class=\"edgtf-btn edgtf-btn-medium edgtf-btn-simple edgtf-btn-switch-line edgtf-blog-list-button\"  >\t\t\t<span class=\"edgtf-btn-icon-element\"><\/span>\t\t<span class=\"edgtf-btn-text\">Llegir m\u00e9s<span class=\"edgtf-btn-text-line\" ><\/span><span class=\"edgtf-btn-switch-line\" ><\/span><\/span>\t<\/a>\t<\/div>\n\t        <\/div>\n        <\/div>\n\t<\/div>\n<\/li><li class=\"edgtf-bl-item clearfix\">\n\t<div class=\"edgtf-bli-inner\">\n\t\t\n\t<div class=\"edgtf-post-image\">\n\t\t\t\t\t<a itemprop=\"url\" href=\"https:\/\/www.santjosep.net\/ca\/12-llocs-de-sant-josep-instagram\/\" title=\"12 llocs de Sant Josep que no poden faltar al vostre Instagram\">\n\t\t\t\t\t\t\t\t\t<img loading=\"lazy\" decoding=\"async\" width=\"1500\" height=\"1125\" src=\"https:\/\/www.santjosep.net\/wp-content\/uploads\/2017\/10\/12lugaressantjosep_esvedra.jpg\" class=\"attachment-full size-full wp-post-image\" alt=\"\" srcset=\"https:\/\/www.santjosep.net\/wp-content\/uploads\/2017\/10\/12lugaressantjosep_esvedra.jpg 1500w, https:\/\/www.santjosep.net\/wp-content\/uploads\/2017\/10\/12lugaressantjosep_esvedra-300x225.jpg 300w, https:\/\/www.santjosep.net\/wp-content\/uploads\/2017\/10\/12lugaressantjosep_esvedra-1024x768.jpg 1024w, https:\/\/www.santjosep.net\/wp-content\/uploads\/2017\/10\/12lugaressantjosep_esvedra-768x576.jpg 768w, https:\/\/www.santjosep.net\/wp-content\/uploads\/2017\/10\/12lugaressantjosep_esvedra-800x600.jpg 800w\" sizes=\"auto, (max-width: 1500px) 100vw, 1500px\" \/>\t\t\t\t\t\t\t\t<\/a>\n\t\t\t<\/div>\n        <div class=\"edgtf-bli-content\">\n                            <div class=\"edgtf-bli-date\">\n\t                <div itemprop=\"dateCreated\" class=\"edgtf-post-info-date entry-date published updated\">\n            <a itemprop=\"url\" href=\"https:\/\/www.santjosep.net\/ca\/2017\/10\/\">\n    \n        20 octubre 2017        <\/a>\n    <meta itemprop=\"interactionCount\" content=\"UserComments: 0\"\/>\n<\/div>                <\/div>\n            \t\n\t        \n<h4 itemprop=\"name\" class=\"entry-title edgtf-post-title\" >\n            <a itemprop=\"url\" href=\"https:\/\/www.santjosep.net\/ca\/12-llocs-de-sant-josep-instagram\/\" title=\"12 llocs de Sant Josep que no poden faltar al vostre Instagram\">\n            12 llocs de Sant Josep que no poden faltar al vostre Instagram            <\/a>\n    <\/h4>\n\t        <div class=\"edgtf-bli-info\">\n\t\t        <div class=\"edgtf-post-info-category\">\n    <a href=\"https:\/\/www.santjosep.net\/ca\/category\/passejades-ca\/\" rel=\"category tag\">Passejades<\/a>, <a href=\"https:\/\/www.santjosep.net\/ca\/category\/platjes-ca\/\" rel=\"category tag\">Platjes<\/a>, <a href=\"https:\/\/www.santjosep.net\/ca\/category\/pobles-ca\/\" rel=\"category tag\">Pobles<\/a>, <a href=\"https:\/\/www.santjosep.net\/ca\/category\/postes-de-sol-ca\/\" rel=\"category tag\">Postes de sol<\/a>, <a href=\"https:\/\/www.santjosep.net\/ca\/category\/rutes-ca\/\" rel=\"category tag\">Rutes<\/a>, <a href=\"https:\/\/www.santjosep.net\/ca\/category\/zones-ca\/\" rel=\"category tag\">Zones<\/a><\/div>\t        <\/div>\n\n\t        <div class=\"edgtf-bli-excerpt\">\n\t\t        \t\t<div class=\"edgtf-post-excerpt-holder\">\n\t\t\t<p itemprop=\"description\" class=\"edgtf-post-excerpt\">\n\t\t\t\t[vc_row enable_hue_rotation=\"no\" enable_text_marquee=\"no\"][vc_column][vc_column_text]Ja sigui pel clima, les platges paradis\u00edaques, la seva ess\u00e8ncia, la gastronomia, l\u2019ambient o els seus contrastos, Eivissa \u00e9s una de les illes m\u00e9s fotografiades del m\u00f3n i entenem per qu\u00e8. El municipi de Sant Josep ens ofereix alguns dels racons m\u00e9s encantadors de l\u2019illa per poder plasmar al nostre Instagram i a altres xarxes socials la seva incomparable bellesa natural.\r\n\r\nHem fet una selecci\u00f3 dels 12 llocs que no heu d\u2019oblidar de pujar\t\t\t<\/p>\n\t\t<\/div>\n\t\t\t        \t<div class=\"edgtf-post-read-more-button\">\n\t\t<a itemprop=\"url\" href=\"https:\/\/www.santjosep.net\/ca\/12-llocs-de-sant-josep-instagram\/\" target=\"_self\"  class=\"edgtf-btn edgtf-btn-medium edgtf-btn-simple edgtf-btn-switch-line edgtf-blog-list-button\"  >\t\t\t<span class=\"edgtf-btn-icon-element\"><\/span>\t\t<span class=\"edgtf-btn-text\">Llegir m\u00e9s<span class=\"edgtf-btn-text-line\" ><\/span><span class=\"edgtf-btn-switch-line\" ><\/span><\/span>\t<\/a>\t<\/div>\n\t        <\/div>\n        <\/div>\n\t<\/div>\n<\/li><li class=\"edgtf-bl-item clearfix\">\n\t<div class=\"edgtf-bli-inner\">\n\t\t\n\t<div class=\"edgtf-post-image\">\n\t\t\t\t\t<a itemprop=\"url\" href=\"https:\/\/www.santjosep.net\/ca\/bol-nou-sant-josep-ibiza\/\" title=\"Es Bol Nou a Sant Josep, Eivissa\">\n\t\t\t\t\t\t\t\t\t<img loading=\"lazy\" decoding=\"async\" width=\"890\" height=\"667\" src=\"https:\/\/www.santjosep.net\/wp-content\/uploads\/2017\/08\/cover_videos_0007_P1100828.jpg\" class=\"attachment-full size-full wp-post-image\" alt=\"\" srcset=\"https:\/\/www.santjosep.net\/wp-content\/uploads\/2017\/08\/cover_videos_0007_P1100828.jpg 890w, https:\/\/www.santjosep.net\/wp-content\/uploads\/2017\/08\/cover_videos_0007_P1100828-300x225.jpg 300w, https:\/\/www.santjosep.net\/wp-content\/uploads\/2017\/08\/cover_videos_0007_P1100828-768x576.jpg 768w, https:\/\/www.santjosep.net\/wp-content\/uploads\/2017\/08\/cover_videos_0007_P1100828-800x600.jpg 800w\" sizes=\"auto, (max-width: 890px) 100vw, 890px\" \/>\t\t\t\t\t\t\t\t<\/a>\n\t\t\t<\/div>\n        <div class=\"edgtf-bli-content\">\n                            <div class=\"edgtf-bli-date\">\n\t                <div itemprop=\"dateCreated\" class=\"edgtf-post-info-date entry-date published updated\">\n            <a itemprop=\"url\" href=\"https:\/\/www.santjosep.net\/ca\/2017\/08\/\">\n    \n        31 agost 2017        <\/a>\n    <meta itemprop=\"interactionCount\" content=\"UserComments: 0\"\/>\n<\/div>                <\/div>\n            \t\n\t        \n<h4 itemprop=\"name\" class=\"entry-title edgtf-post-title\" >\n            <a itemprop=\"url\" href=\"https:\/\/www.santjosep.net\/ca\/bol-nou-sant-josep-ibiza\/\" title=\"Es Bol Nou a Sant Josep, Eivissa\">\n            Es Bol Nou a Sant Josep, Eivissa            <\/a>\n    <\/h4>\n\t        <div class=\"edgtf-bli-info\">\n\t\t        <div class=\"edgtf-post-info-category\">\n    <a href=\"https:\/\/www.santjosep.net\/ca\/category\/platjes-ca\/\" rel=\"category tag\">Platjes<\/a>, <a href=\"https:\/\/www.santjosep.net\/ca\/category\/video-ca\/\" rel=\"category tag\">Video<\/a>, <a href=\"https:\/\/www.santjosep.net\/ca\/category\/zones-ca\/\" rel=\"category tag\">Zones<\/a><\/div>\t        <\/div>\n\n\t        <div class=\"edgtf-bli-excerpt\">\n\t\t        \t\t<div class=\"edgtf-post-excerpt-holder\">\n\t\t\t<p itemprop=\"description\" class=\"edgtf-post-excerpt\">\n\t\t\t\tLa platja des Bol Nou \u00e9s un conjunt de cales o platges de sorra, de vegades amb \u00a0c\u00f2dols i zones rocoses, ubicada entre talussos marins i una badia tancada. Des Bol Nou podem destacar el color vermell\u00f3s dels seus penya-segats argilosos, que contrasten amb les seves aig\u00fces transparents. La platja des Bol Nou es troba al costat del poblat fenici i el port de pescadors de sa Caleta est\u00e0 envoltat de penya-segats d\u2019 argila vermella\t\t\t<\/p>\n\t\t<\/div>\n\t\t\t        \t<div class=\"edgtf-post-read-more-button\">\n\t\t<a itemprop=\"url\" href=\"https:\/\/www.santjosep.net\/ca\/bol-nou-sant-josep-ibiza\/\" target=\"_self\"  class=\"edgtf-btn edgtf-btn-medium edgtf-btn-simple edgtf-btn-switch-line edgtf-blog-list-button\"  >\t\t\t<span class=\"edgtf-btn-icon-element\"><\/span>\t\t<span class=\"edgtf-btn-text\">Llegir m\u00e9s<span class=\"edgtf-btn-text-line\" ><\/span><span class=\"edgtf-btn-switch-line\" ><\/span><\/span>\t<\/a>\t<\/div>\n\t        <\/div>\n        <\/div>\n\t<\/div>\n<\/li><li class=\"edgtf-bl-item clearfix\">\n\t<div class=\"edgtf-bli-inner\">\n\t\t\n\t<div class=\"edgtf-post-image\">\n\t\t\t\t\t<a itemprop=\"url\" href=\"https:\/\/www.santjosep.net\/ca\/6-platos-marineros-ibiza\/\" title=\"6 Plats mariners per con\u00e8ixer Eivissa\">\n\t\t\t\t\t\t\t\t\t<img loading=\"lazy\" decoding=\"async\" width=\"890\" height=\"667\" src=\"https:\/\/www.santjosep.net\/wp-content\/uploads\/2017\/07\/cover_platosmarineros.jpg\" class=\"attachment-full size-full wp-post-image\" alt=\"\" srcset=\"https:\/\/www.santjosep.net\/wp-content\/uploads\/2017\/07\/cover_platosmarineros.jpg 890w, https:\/\/www.santjosep.net\/wp-content\/uploads\/2017\/07\/cover_platosmarineros-300x225.jpg 300w, https:\/\/www.santjosep.net\/wp-content\/uploads\/2017\/07\/cover_platosmarineros-768x576.jpg 768w, https:\/\/www.santjosep.net\/wp-content\/uploads\/2017\/07\/cover_platosmarineros-800x600.jpg 800w\" sizes=\"auto, (max-width: 890px) 100vw, 890px\" \/>\t\t\t\t\t\t\t\t<\/a>\n\t\t\t<\/div>\n        <div class=\"edgtf-bli-content\">\n                            <div class=\"edgtf-bli-date\">\n\t                <div itemprop=\"dateCreated\" class=\"edgtf-post-info-date entry-date published updated\">\n            <a itemprop=\"url\" href=\"https:\/\/www.santjosep.net\/ca\/2017\/07\/\">\n    \n        14 juliol 2017        <\/a>\n    <meta itemprop=\"interactionCount\" content=\"UserComments: 0\"\/>\n<\/div>                <\/div>\n            \t\n\t        \n<h4 itemprop=\"name\" class=\"entry-title edgtf-post-title\" >\n            <a itemprop=\"url\" href=\"https:\/\/www.santjosep.net\/ca\/6-platos-marineros-ibiza\/\" title=\"6 Plats mariners per con\u00e8ixer Eivissa\">\n            6 Plats mariners per con\u00e8ixer Eivissa            <\/a>\n    <\/h4>\n\t        <div class=\"edgtf-bli-info\">\n\t\t        <div class=\"edgtf-post-info-category\">\n    <a href=\"https:\/\/www.santjosep.net\/ca\/category\/gastronomia\/\" rel=\"category tag\">Gastronomia<\/a><\/div>\t        <\/div>\n\n\t        <div class=\"edgtf-bli-excerpt\">\n\t\t        \t\t<div class=\"edgtf-post-excerpt-holder\">\n\t\t\t<p itemprop=\"description\" class=\"edgtf-post-excerpt\">\n\t\t\t\tLa nostra illa \u00e9s coneguda en tot el m\u00f3n per diverses raons, des de l\u2019oci nocturn, passant pel relax i la natura de les seves costes, fins a les seves platges d\u2019un encant id\u00edl\u00b7lic, per\u00f2\t\t\t<\/p>\n\t\t<\/div>\n\t\t\t        \t<div class=\"edgtf-post-read-more-button\">\n\t\t<a itemprop=\"url\" href=\"https:\/\/www.santjosep.net\/ca\/6-platos-marineros-ibiza\/\" target=\"_self\"  class=\"edgtf-btn edgtf-btn-medium edgtf-btn-simple edgtf-btn-switch-line edgtf-blog-list-button\"  >\t\t\t<span class=\"edgtf-btn-icon-element\"><\/span>\t\t<span class=\"edgtf-btn-text\">Llegir m\u00e9s<span class=\"edgtf-btn-text-line\" ><\/span><span class=\"edgtf-btn-switch-line\" ><\/span><\/span>\t<\/a>\t<\/div>\n\t        <\/div>\n        <\/div>\n\t<\/div>\n<\/li><li class=\"edgtf-bl-item clearfix\">\n\t<div class=\"edgtf-bli-inner\">\n\t\t\n\t<div class=\"edgtf-post-image\">\n\t\t\t\t\t<a itemprop=\"url\" href=\"https:\/\/www.santjosep.net\/ca\/ses_boques_video\/\" title=\"Ses Boques a Sant Josep, Eivissa\">\n\t\t\t\t\t\t\t\t\t<img loading=\"lazy\" decoding=\"async\" width=\"890\" height=\"667\" src=\"https:\/\/www.santjosep.net\/wp-content\/uploads\/2017\/06\/cover_videos_0006_P1170132.jpg\" class=\"attachment-full size-full wp-post-image\" alt=\"\" srcset=\"https:\/\/www.santjosep.net\/wp-content\/uploads\/2017\/06\/cover_videos_0006_P1170132.jpg 890w, https:\/\/www.santjosep.net\/wp-content\/uploads\/2017\/06\/cover_videos_0006_P1170132-300x225.jpg 300w, https:\/\/www.santjosep.net\/wp-content\/uploads\/2017\/06\/cover_videos_0006_P1170132-768x576.jpg 768w, https:\/\/www.santjosep.net\/wp-content\/uploads\/2017\/06\/cover_videos_0006_P1170132-800x600.jpg 800w\" sizes=\"auto, (max-width: 890px) 100vw, 890px\" \/>\t\t\t\t\t\t\t\t<\/a>\n\t\t\t<\/div>\n        <div class=\"edgtf-bli-content\">\n                            <div class=\"edgtf-bli-date\">\n\t                <div itemprop=\"dateCreated\" class=\"edgtf-post-info-date entry-date published updated\">\n            <a itemprop=\"url\" href=\"https:\/\/www.santjosep.net\/ca\/2017\/06\/\">\n    \n        23 juny 2017        <\/a>\n    <meta itemprop=\"interactionCount\" content=\"UserComments: 0\"\/>\n<\/div>                <\/div>\n            \t\n\t        \n<h4 itemprop=\"name\" class=\"entry-title edgtf-post-title\" >\n            <a itemprop=\"url\" href=\"https:\/\/www.santjosep.net\/ca\/ses_boques_video\/\" title=\"Ses Boques a Sant Josep, Eivissa\">\n            Ses Boques a Sant Josep, Eivissa            <\/a>\n    <\/h4>\n\t        <div class=\"edgtf-bli-info\">\n\t\t        <div class=\"edgtf-post-info-category\">\n    <a href=\"https:\/\/www.santjosep.net\/ca\/category\/platjes-ca\/\" rel=\"category tag\">Platjes<\/a>, <a href=\"https:\/\/www.santjosep.net\/ca\/category\/video-ca\/\" rel=\"category tag\">Video<\/a>, <a href=\"https:\/\/www.santjosep.net\/ca\/category\/zones-ca\/\" rel=\"category tag\">Zones<\/a><\/div>\t        <\/div>\n\n\t        <div class=\"edgtf-bli-excerpt\">\n\t\t        \t\t<div class=\"edgtf-post-excerpt-holder\">\n\t\t\t<p itemprop=\"description\" class=\"edgtf-post-excerpt\">\n\t\t\t\tSes Boques \u00e9s una platja tranquil\u00b7la \u00a0de c\u00f2dols ubicada sota els penya-segats des Cubells. Destaca per les seves dimensions petites i pel seu paisatge salvatge, la qual cosa forma un espectacle \u00fanic. Per la seva ubicaci\u00f3 i pel fet que sigui una platja molt oberta, hi sol haver onatge, fet que embelleix encara m\u00e9s el seu paisatge. Est\u00e0 envoltada de con\u00edferes al llarg del penya-segat i si mirem al seu extrem esquerre, hi podrem observar\t\t\t<\/p>\n\t\t<\/div>\n\t\t\t        \t<div class=\"edgtf-post-read-more-button\">\n\t\t<a itemprop=\"url\" href=\"https:\/\/www.santjosep.net\/ca\/ses_boques_video\/\" target=\"_self\"  class=\"edgtf-btn edgtf-btn-medium edgtf-btn-simple edgtf-btn-switch-line edgtf-blog-list-button\"  >\t\t\t<span class=\"edgtf-btn-icon-element\"><\/span>\t\t<span class=\"edgtf-btn-text\">Llegir m\u00e9s<span class=\"edgtf-btn-text-line\" ><\/span><span class=\"edgtf-btn-switch-line\" ><\/span><\/span>\t<\/a>\t<\/div>\n\t        <\/div>\n        <\/div>\n\t<\/div>\n<\/li><li class=\"edgtf-bl-item clearfix\">\n\t<div class=\"edgtf-bli-inner\">\n\t\t\n\t<div class=\"edgtf-post-image\">\n\t\t\t\t\t<a itemprop=\"url\" href=\"https:\/\/www.santjosep.net\/ca\/cubells-sant-josep-ibiza\/\" title=\"Es Cubells en Sant Josep &#8211; Ibiza\">\n\t\t\t\t\t\t\t\t\t<img loading=\"lazy\" decoding=\"async\" width=\"1000\" height=\"667\" src=\"https:\/\/www.santjosep.net\/wp-content\/uploads\/2017\/06\/cover_escubells-1.jpg\" class=\"attachment-full size-full wp-post-image\" alt=\"\" srcset=\"https:\/\/www.santjosep.net\/wp-content\/uploads\/2017\/06\/cover_escubells-1.jpg 1000w, https:\/\/www.santjosep.net\/wp-content\/uploads\/2017\/06\/cover_escubells-1-300x200.jpg 300w, https:\/\/www.santjosep.net\/wp-content\/uploads\/2017\/06\/cover_escubells-1-768x512.jpg 768w\" sizes=\"auto, (max-width: 1000px) 100vw, 1000px\" \/>\t\t\t\t\t\t\t\t<\/a>\n\t\t\t<\/div>\n        <div class=\"edgtf-bli-content\">\n                            <div class=\"edgtf-bli-date\">\n\t                <div itemprop=\"dateCreated\" class=\"edgtf-post-info-date entry-date published updated\">\n            <a itemprop=\"url\" href=\"https:\/\/www.santjosep.net\/ca\/2017\/06\/\">\n    \n        20 juny 2017        <\/a>\n    <meta itemprop=\"interactionCount\" content=\"UserComments: 0\"\/>\n<\/div>                <\/div>\n            \t\n\t        \n<h4 itemprop=\"name\" class=\"entry-title edgtf-post-title\" >\n            <a itemprop=\"url\" href=\"https:\/\/www.santjosep.net\/ca\/cubells-sant-josep-ibiza\/\" title=\"Es Cubells en Sant Josep &#8211; Ibiza\">\n            Es Cubells en Sant Josep &#8211; Ibiza            <\/a>\n    <\/h4>\n\t        <div class=\"edgtf-bli-info\">\n\t\t        <div class=\"edgtf-post-info-category\">\n    <a href=\"https:\/\/www.santjosep.net\/ca\/category\/platjes-ca\/\" rel=\"category tag\">Platjes<\/a>, <a href=\"https:\/\/www.santjosep.net\/ca\/category\/pobles-ca\/\" rel=\"category tag\">Pobles<\/a>, <a href=\"https:\/\/www.santjosep.net\/ca\/category\/video-ca\/\" rel=\"category tag\">Video<\/a>, <a href=\"https:\/\/www.santjosep.net\/ca\/category\/zones-ca\/\" rel=\"category tag\">Zones<\/a><\/div>\t        <\/div>\n\n\t        <div class=\"edgtf-bli-excerpt\">\n\t\t        \t\t<div class=\"edgtf-post-excerpt-holder\">\n\t\t\t<p itemprop=\"description\" class=\"edgtf-post-excerpt\">\n\t\t\t\tEl poble des Cubells est\u00e0 situat a la vora d\u2019un penya-segat sota el qual trobarem la platja de ses Boques. En aquest poble hi ha, d\u2019una banda, un monument de l\u2019any 1996, un homenatge a la gent del mar i, d\u2019 una altra, una de les esgl\u00e9sies millor conservades i amb m\u00e9s encant de l\u2019illa d\u2019Eivissa, la des Cubells, poble on regna la bellesa i la tranquil\u00b7litat dels pobles d\u2019antany i on sembla com si\t\t\t<\/p>\n\t\t<\/div>\n\t\t\t        \t<div class=\"edgtf-post-read-more-button\">\n\t\t<a itemprop=\"url\" href=\"https:\/\/www.santjosep.net\/ca\/cubells-sant-josep-ibiza\/\" target=\"_self\"  class=\"edgtf-btn edgtf-btn-medium edgtf-btn-simple edgtf-btn-switch-line edgtf-blog-list-button\"  >\t\t\t<span class=\"edgtf-btn-icon-element\"><\/span>\t\t<span class=\"edgtf-btn-text\">Llegir m\u00e9s<span class=\"edgtf-btn-text-line\" ><\/span><span class=\"edgtf-btn-switch-line\" ><\/span><\/span>\t<\/a>\t<\/div>\n\t        <\/div>\n        <\/div>\n\t<\/div>\n<\/li><li class=\"edgtf-bl-item clearfix\">\n\t<div class=\"edgtf-bli-inner\">\n\t\t\n\t<div class=\"edgtf-post-image\">\n\t\t\t\t\t<a itemprop=\"url\" href=\"https:\/\/www.santjosep.net\/ca\/miniguia-disfrutar-sant-josep-ninos\/\" title=\"Miniguia per gaudir de Sant Josep amb nens\">\n\t\t\t\t\t\t\t\t\t<img loading=\"lazy\" decoding=\"async\" width=\"1200\" height=\"800\" src=\"https:\/\/www.santjosep.net\/wp-content\/uploads\/2017\/05\/play_playa_port_des_torrent.jpg\" class=\"attachment-full size-full wp-post-image\" alt=\"\" srcset=\"https:\/\/www.santjosep.net\/wp-content\/uploads\/2017\/05\/play_playa_port_des_torrent.jpg 1200w, https:\/\/www.santjosep.net\/wp-content\/uploads\/2017\/05\/play_playa_port_des_torrent-300x200.jpg 300w, https:\/\/www.santjosep.net\/wp-content\/uploads\/2017\/05\/play_playa_port_des_torrent-768x512.jpg 768w, https:\/\/www.santjosep.net\/wp-content\/uploads\/2017\/05\/play_playa_port_des_torrent-1024x683.jpg 1024w\" sizes=\"auto, (max-width: 1200px) 100vw, 1200px\" \/>\t\t\t\t\t\t\t\t<\/a>\n\t\t\t<\/div>\n        <div class=\"edgtf-bli-content\">\n                            <div class=\"edgtf-bli-date\">\n\t                <div itemprop=\"dateCreated\" class=\"edgtf-post-info-date entry-date published updated\">\n            <a itemprop=\"url\" href=\"https:\/\/www.santjosep.net\/ca\/2017\/05\/\">\n    \n        16 maig 2017        <\/a>\n    <meta itemprop=\"interactionCount\" content=\"UserComments: 0\"\/>\n<\/div>                <\/div>\n            \t\n\t        \n<h4 itemprop=\"name\" class=\"entry-title edgtf-post-title\" >\n            <a itemprop=\"url\" href=\"https:\/\/www.santjosep.net\/ca\/miniguia-disfrutar-sant-josep-ninos\/\" title=\"Miniguia per gaudir de Sant Josep amb nens\">\n            Miniguia per gaudir de Sant Josep amb nens            <\/a>\n    <\/h4>\n\t        <div class=\"edgtf-bli-info\">\n\t\t        <div class=\"edgtf-post-info-category\">\n    <a href=\"https:\/\/www.santjosep.net\/ca\/category\/platjes-ca\/\" rel=\"category tag\">Platjes<\/a>, <a href=\"https:\/\/www.santjosep.net\/ca\/category\/postes-de-sol-ca\/\" rel=\"category tag\">Postes de sol<\/a>, <a href=\"https:\/\/www.santjosep.net\/ca\/category\/rutes-ca\/\" rel=\"category tag\">Rutes<\/a>, <a href=\"https:\/\/www.santjosep.net\/ca\/category\/uncategorized-ca\/\" rel=\"category tag\">Uncategorized @ca<\/a>, <a href=\"https:\/\/www.santjosep.net\/ca\/category\/zones-ca\/\" rel=\"category tag\">Zones<\/a><\/div>\t        <\/div>\n\n\t        <div class=\"edgtf-bli-excerpt\">\n\t\t        \t\t<div class=\"edgtf-post-excerpt-holder\">\n\t\t\t<p itemprop=\"description\" class=\"edgtf-post-excerpt\">\n\t\t\t\tPlanejar un viatge amb nens a Sant Josep de sa Talaia pot ser una experi\u00e8ncia \u00fanica i completa. No hi ha res com deixar que els m\u00e9s petits connectin amb la natura mentre fan senderisme, descobreixin la bellesa del fons mar\u00ed bussejant per la costa, es sentin com a petits exploradors quan visiten les torres de vigil\u00e0ncia i sobretot\t\t\t<\/p>\n\t\t<\/div>\n\t\t\t        \t<div class=\"edgtf-post-read-more-button\">\n\t\t<a itemprop=\"url\" href=\"https:\/\/www.santjosep.net\/ca\/miniguia-disfrutar-sant-josep-ninos\/\" target=\"_self\"  class=\"edgtf-btn edgtf-btn-medium edgtf-btn-simple edgtf-btn-switch-line edgtf-blog-list-button\"  >\t\t\t<span class=\"edgtf-btn-icon-element\"><\/span>\t\t<span class=\"edgtf-btn-text\">Llegir m\u00e9s<span class=\"edgtf-btn-text-line\" ><\/span><span class=\"edgtf-btn-switch-line\" ><\/span><\/span>\t<\/a>\t<\/div>\n\t        <\/div>\n        <\/div>\n\t<\/div>\n<\/li><li class=\"edgtf-bl-item clearfix\">\n\t<div class=\"edgtf-bli-inner\">\n\t\t\n\t<div class=\"edgtf-post-image\">\n\t\t\t\t\t<a itemprop=\"url\" href=\"https:\/\/www.santjosep.net\/ca\/ruta-desde-cala-bassa-platges-comte\/\" title=\"Ruta des de la Bassa (cala Bassa) fins a platges de Comte\">\n\t\t\t\t\t\t\t\t\t<img loading=\"lazy\" decoding=\"async\" width=\"1000\" height=\"665\" src=\"https:\/\/www.santjosep.net\/wp-content\/uploads\/2017\/04\/aerea-e1504698025250.jpg\" class=\"attachment-full size-full wp-post-image\" alt=\"\" srcset=\"https:\/\/www.santjosep.net\/wp-content\/uploads\/2017\/04\/aerea-e1504698025250.jpg 1000w, https:\/\/www.santjosep.net\/wp-content\/uploads\/2017\/04\/aerea-e1504698025250-300x200.jpg 300w, https:\/\/www.santjosep.net\/wp-content\/uploads\/2017\/04\/aerea-e1504698025250-768x511.jpg 768w\" sizes=\"auto, (max-width: 1000px) 100vw, 1000px\" \/>\t\t\t\t\t\t\t\t<\/a>\n\t\t\t<\/div>\n        <div class=\"edgtf-bli-content\">\n                            <div class=\"edgtf-bli-date\">\n\t                <div itemprop=\"dateCreated\" class=\"edgtf-post-info-date entry-date published updated\">\n            <a itemprop=\"url\" href=\"https:\/\/www.santjosep.net\/ca\/2017\/04\/\">\n    \n        27 abril 2017        <\/a>\n    <meta itemprop=\"interactionCount\" content=\"UserComments: 0\"\/>\n<\/div>                <\/div>\n            \t\n\t        \n<h4 itemprop=\"name\" class=\"entry-title edgtf-post-title\" >\n            <a itemprop=\"url\" href=\"https:\/\/www.santjosep.net\/ca\/ruta-desde-cala-bassa-platges-comte\/\" title=\"Ruta des de la Bassa (cala Bassa) fins a platges de Comte\">\n            Ruta des de la Bassa (cala Bassa) fins a platges de Comte            <\/a>\n    <\/h4>\n\t        <div class=\"edgtf-bli-info\">\n\t\t        <div class=\"edgtf-post-info-category\">\n    <a href=\"https:\/\/www.santjosep.net\/ca\/category\/passejades-ca\/\" rel=\"category tag\">Passejades<\/a>, <a href=\"https:\/\/www.santjosep.net\/ca\/category\/platjes-ca\/\" rel=\"category tag\">Platjes<\/a>, <a href=\"https:\/\/www.santjosep.net\/ca\/category\/rutes-ca\/\" rel=\"category tag\">Rutes<\/a><\/div>\t        <\/div>\n\n\t        <div class=\"edgtf-bli-excerpt\">\n\t\t        \t\t<div class=\"edgtf-post-excerpt-holder\">\n\t\t\t<p itemprop=\"description\" class=\"edgtf-post-excerpt\">\n\t\t\t\tUna preciosa ruta costera que uneix dues de les platges m\u00e9s boniques de tota l\u2019illa, la Bassa i platges de Comte. Un recorregut de fant\u00e0stiques vistes al mar durant quasi tot el trajecte, on podreu veure les t\u00edpiques casetes de pescadors, penya-segats d\u2019infart o una de les torres de defensa eivissenques. \u00c9s una ruta f\u00e0cil de realitzar, ja que no supera els 6 km si feu l\u2019anada i la tornada i suposa uns 50 minuts\t\t\t<\/p>\n\t\t<\/div>\n\t\t\t        \t<div class=\"edgtf-post-read-more-button\">\n\t\t<a itemprop=\"url\" href=\"https:\/\/www.santjosep.net\/ca\/ruta-desde-cala-bassa-platges-comte\/\" target=\"_self\"  class=\"edgtf-btn edgtf-btn-medium edgtf-btn-simple edgtf-btn-switch-line edgtf-blog-list-button\"  >\t\t\t<span class=\"edgtf-btn-icon-element\"><\/span>\t\t<span class=\"edgtf-btn-text\">Llegir m\u00e9s<span class=\"edgtf-btn-text-line\" ><\/span><span class=\"edgtf-btn-switch-line\" ><\/span><\/span>\t<\/a>\t<\/div>\n\t        <\/div>\n        <\/div>\n\t<\/div>\n<\/li><li class=\"edgtf-bl-item clearfix\">\n\t<div class=\"edgtf-bli-inner\">\n\t\t\n\t<div class=\"edgtf-post-image\">\n\t\t\t\t\t<a itemprop=\"url\" href=\"https:\/\/www.santjosep.net\/ca\/paseo-al-corazon-del-municipio-sant-josep-sa-talaia-benimussa\/\" title=\"Un passeig al cor del municipi de Sant Josep de sa Talaia: Benimussa\">\n\t\t\t\t\t\t\t\t\t<img loading=\"lazy\" decoding=\"async\" width=\"890\" height=\"667\" src=\"https:\/\/www.santjosep.net\/wp-content\/uploads\/2017\/03\/cover2.jpg\" class=\"attachment-full size-full wp-post-image\" alt=\"\" srcset=\"https:\/\/www.santjosep.net\/wp-content\/uploads\/2017\/03\/cover2.jpg 890w, https:\/\/www.santjosep.net\/wp-content\/uploads\/2017\/03\/cover2-300x225.jpg 300w, https:\/\/www.santjosep.net\/wp-content\/uploads\/2017\/03\/cover2-768x576.jpg 768w, https:\/\/www.santjosep.net\/wp-content\/uploads\/2017\/03\/cover2-800x600.jpg 800w\" sizes=\"auto, (max-width: 890px) 100vw, 890px\" \/>\t\t\t\t\t\t\t\t<\/a>\n\t\t\t<\/div>\n        <div class=\"edgtf-bli-content\">\n                            <div class=\"edgtf-bli-date\">\n\t                <div itemprop=\"dateCreated\" class=\"edgtf-post-info-date entry-date published updated\">\n            <a itemprop=\"url\" href=\"https:\/\/www.santjosep.net\/ca\/2017\/03\/\">\n    \n        2 mar\u00e7 2017        <\/a>\n    <meta itemprop=\"interactionCount\" content=\"UserComments: 0\"\/>\n<\/div>                <\/div>\n            \t\n\t        \n<h4 itemprop=\"name\" class=\"entry-title edgtf-post-title\" >\n            <a itemprop=\"url\" href=\"https:\/\/www.santjosep.net\/ca\/paseo-al-corazon-del-municipio-sant-josep-sa-talaia-benimussa\/\" title=\"Un passeig al cor del municipi de Sant Josep de sa Talaia: Benimussa\">\n            Un passeig al cor del municipi de Sant Josep de sa Talaia: Benimussa            <\/a>\n    <\/h4>\n\t        <div class=\"edgtf-bli-info\">\n\t\t        <div class=\"edgtf-post-info-category\">\n    <a href=\"https:\/\/www.santjosep.net\/ca\/category\/passejades-ca\/\" rel=\"category tag\">Passejades<\/a>, <a href=\"https:\/\/www.santjosep.net\/ca\/category\/pobles-ca\/\" rel=\"category tag\">Pobles<\/a>, <a href=\"https:\/\/www.santjosep.net\/ca\/category\/rutes-ca\/\" rel=\"category tag\">Rutes<\/a>, <a href=\"https:\/\/www.santjosep.net\/ca\/category\/zones-ca\/\" rel=\"category tag\">Zones<\/a><\/div>\t        <\/div>\n\n\t        <div class=\"edgtf-bli-excerpt\">\n\t\t        \t\t<div class=\"edgtf-post-excerpt-holder\">\n\t\t\t<p itemprop=\"description\" class=\"edgtf-post-excerpt\">\n\t\t\t\tEl municipi de Sant Josep t\u00e9 tota classe de paisatges d\u2019all\u00f2 m\u00e9s sorprenents: platges de bellesa mediterr\u00e0nia, penya-segats majestuosos, muntanyes verdes plenes de pins i, per suposat, el camp, part essencial \u00a0d\u2019aquesta terra que va ser el mode de vida dels nostres avantpassats i que en l\u2019actualitat encara mantenim per recordar aquest passat tan vinculat a la terra \r\n\r\n\r\nA qualsevol dels pobles d\u2019aquesta zona \u00e9s ben f\u00e0cil trobar camps de cultiu i arbres fruiters, per\u00f2\t\t\t<\/p>\n\t\t<\/div>\n\t\t\t        \t<div class=\"edgtf-post-read-more-button\">\n\t\t<a itemprop=\"url\" href=\"https:\/\/www.santjosep.net\/ca\/paseo-al-corazon-del-municipio-sant-josep-sa-talaia-benimussa\/\" target=\"_self\"  class=\"edgtf-btn edgtf-btn-medium edgtf-btn-simple edgtf-btn-switch-line edgtf-blog-list-button\"  >\t\t\t<span class=\"edgtf-btn-icon-element\"><\/span>\t\t<span class=\"edgtf-btn-text\">Llegir m\u00e9s<span class=\"edgtf-btn-text-line\" ><\/span><span class=\"edgtf-btn-switch-line\" ><\/span><\/span>\t<\/a>\t<\/div>\n\t        <\/div>\n        <\/div>\n\t<\/div>\n<\/li><li class=\"edgtf-bl-item clearfix\">\n\t<div class=\"edgtf-bli-inner\">\n\t\t\n\t<div class=\"edgtf-post-image\">\n\t\t\t\t\t<a itemprop=\"url\" href=\"https:\/\/www.santjosep.net\/ca\/101-razones-visitar-sant-josep\/\" title=\"10+1 raons per visitar Sant Josep\">\n\t\t\t\t\t\t\t\t\t<img loading=\"lazy\" decoding=\"async\" width=\"890\" height=\"667\" src=\"https:\/\/www.santjosep.net\/wp-content\/uploads\/2016\/12\/cover.jpg\" class=\"attachment-full size-full wp-post-image\" alt=\"\" srcset=\"https:\/\/www.santjosep.net\/wp-content\/uploads\/2016\/12\/cover.jpg 890w, https:\/\/www.santjosep.net\/wp-content\/uploads\/2016\/12\/cover-300x225.jpg 300w, https:\/\/www.santjosep.net\/wp-content\/uploads\/2016\/12\/cover-768x576.jpg 768w, https:\/\/www.santjosep.net\/wp-content\/uploads\/2016\/12\/cover-800x600.jpg 800w\" sizes=\"auto, (max-width: 890px) 100vw, 890px\" \/>\t\t\t\t\t\t\t\t<\/a>\n\t\t\t<\/div>\n        <div class=\"edgtf-bli-content\">\n                            <div class=\"edgtf-bli-date\">\n\t                <div itemprop=\"dateCreated\" class=\"edgtf-post-info-date entry-date published updated\">\n            <a itemprop=\"url\" href=\"https:\/\/www.santjosep.net\/ca\/2016\/12\/\">\n    \n        13 desembre 2016        <\/a>\n    <meta itemprop=\"interactionCount\" content=\"UserComments: 0\"\/>\n<\/div>                <\/div>\n            \t\n\t        \n<h4 itemprop=\"name\" class=\"entry-title edgtf-post-title\" >\n            <a itemprop=\"url\" href=\"https:\/\/www.santjosep.net\/ca\/101-razones-visitar-sant-josep\/\" title=\"10+1 raons per visitar Sant Josep\">\n            10+1 raons per visitar Sant Josep            <\/a>\n    <\/h4>\n\t        <div class=\"edgtf-bli-info\">\n\t\t        <div class=\"edgtf-post-info-category\">\n    <a href=\"https:\/\/www.santjosep.net\/ca\/category\/esdeveniments-ca\/\" rel=\"category tag\">Esdeveniments<\/a>, <a href=\"https:\/\/www.santjosep.net\/ca\/category\/platjes-ca\/\" rel=\"category tag\">Platjes<\/a>, <a href=\"https:\/\/www.santjosep.net\/ca\/category\/pobles-ca\/\" rel=\"category tag\">Pobles<\/a>, <a href=\"https:\/\/www.santjosep.net\/ca\/category\/postes-de-sol-ca\/\" rel=\"category tag\">Postes de sol<\/a>, <a href=\"https:\/\/www.santjosep.net\/ca\/category\/zones-ca\/\" rel=\"category tag\">Zones<\/a><\/div>\t        <\/div>\n\n\t        <div class=\"edgtf-bli-excerpt\">\n\t\t        \t\t<div class=\"edgtf-post-excerpt-holder\">\n\t\t\t<p itemprop=\"description\" class=\"edgtf-post-excerpt\">\n\t\t\t\tPer a descarregar el fullet\u00a010+1 raons per visitar Sant Josep de sa Talaia- Eivissa a l\u2019hivern, feu clic\u00a0 AQU\u00cd\t\t\t<\/p>\n\t\t<\/div>\n\t\t\t        \t<div class=\"edgtf-post-read-more-button\">\n\t\t<a itemprop=\"url\" href=\"https:\/\/www.santjosep.net\/ca\/101-razones-visitar-sant-josep\/\" target=\"_self\"  class=\"edgtf-btn edgtf-btn-medium edgtf-btn-simple edgtf-btn-switch-line edgtf-blog-list-button\"  >\t\t\t<span class=\"edgtf-btn-icon-element\"><\/span>\t\t<span class=\"edgtf-btn-text\">Llegir m\u00e9s<span class=\"edgtf-btn-text-line\" ><\/span><span class=\"edgtf-btn-switch-line\" ><\/span><\/span>\t<\/a>\t<\/div>\n\t        <\/div>\n        <\/div>\n\t<\/div>\n<\/li><li class=\"edgtf-bl-item clearfix\">\n\t<div class=\"edgtf-bli-inner\">\n\t\t\n\t<div class=\"edgtf-post-image\">\n\t\t\t\t\t<a itemprop=\"url\" href=\"https:\/\/www.santjosep.net\/ca\/passeig-penya-segats-ponent-sant-josep\/\" title=\"Un passeig pels penya-segats del ponent de Sant Josep\">\n\t\t\t\t\t\t\t\t\t<img loading=\"lazy\" decoding=\"async\" width=\"1000\" height=\"665\" src=\"https:\/\/www.santjosep.net\/wp-content\/uploads\/2016\/12\/Sin-ti\u0301tulo-1-e1504698376548.jpg\" class=\"attachment-full size-full wp-post-image\" alt=\"\" srcset=\"https:\/\/www.santjosep.net\/wp-content\/uploads\/2016\/12\/Sin-ti\u0301tulo-1-e1504698376548.jpg 1000w, https:\/\/www.santjosep.net\/wp-content\/uploads\/2016\/12\/Sin-ti\u0301tulo-1-e1504698376548-300x200.jpg 300w, https:\/\/www.santjosep.net\/wp-content\/uploads\/2016\/12\/Sin-ti\u0301tulo-1-e1504698376548-768x511.jpg 768w\" sizes=\"auto, (max-width: 1000px) 100vw, 1000px\" \/>\t\t\t\t\t\t\t\t<\/a>\n\t\t\t<\/div>\n        <div class=\"edgtf-bli-content\">\n                            <div class=\"edgtf-bli-date\">\n\t                <div itemprop=\"dateCreated\" class=\"edgtf-post-info-date entry-date published updated\">\n            <a itemprop=\"url\" href=\"https:\/\/www.santjosep.net\/ca\/2016\/12\/\">\n    \n        9 desembre 2016        <\/a>\n    <meta itemprop=\"interactionCount\" content=\"UserComments: 0\"\/>\n<\/div>                <\/div>\n            \t\n\t        \n<h4 itemprop=\"name\" class=\"entry-title edgtf-post-title\" >\n            <a itemprop=\"url\" href=\"https:\/\/www.santjosep.net\/ca\/passeig-penya-segats-ponent-sant-josep\/\" title=\"Un passeig pels penya-segats del ponent de Sant Josep\">\n            Un passeig pels penya-segats del ponent de Sant Josep            <\/a>\n    <\/h4>\n\t        <div class=\"edgtf-bli-info\">\n\t\t        <div class=\"edgtf-post-info-category\">\n    <a href=\"https:\/\/www.santjosep.net\/ca\/category\/passejades-ca\/\" rel=\"category tag\">Passejades<\/a>, <a href=\"https:\/\/www.santjosep.net\/ca\/category\/rutes-ca\/\" rel=\"category tag\">Rutes<\/a><\/div>\t        <\/div>\n\n\t        <div class=\"edgtf-bli-excerpt\">\n\t\t        \t\t<div class=\"edgtf-post-excerpt-holder\">\n\t\t\t<p itemprop=\"description\" class=\"edgtf-post-excerpt\">\n\t\t\t\tQualsevol moment del dia \u00e9s perfecte per fer una passejada per Eivissa, una d\u2019aquelles caminades que fan que entreu en contacte amb la natura i a la tornada sentiu que heu recarregat les piles. No obstant aix\u00f2, el moment m\u00e9s especial del dia per passejar \u00e9s la vesprada, quan el paisatge es tenyeix de tons vermellosos i la calor es va esvaint per donar pas a les agradables temperatures de la nit.\r\n\r\nPer aquesta ra\u00f3, us\t\t\t<\/p>\n\t\t<\/div>\n\t\t\t        \t<div class=\"edgtf-post-read-more-button\">\n\t\t<a itemprop=\"url\" href=\"https:\/\/www.santjosep.net\/ca\/passeig-penya-segats-ponent-sant-josep\/\" target=\"_self\"  class=\"edgtf-btn edgtf-btn-medium edgtf-btn-simple edgtf-btn-switch-line edgtf-blog-list-button\"  >\t\t\t<span class=\"edgtf-btn-icon-element\"><\/span>\t\t<span class=\"edgtf-btn-text\">Llegir m\u00e9s<span class=\"edgtf-btn-text-line\" ><\/span><span class=\"edgtf-btn-switch-line\" ><\/span><\/span>\t<\/a>\t<\/div>\n\t        <\/div>\n        <\/div>\n\t<\/div>\n<\/li><li class=\"edgtf-bl-item clearfix\">\n\t<div class=\"edgtf-bli-inner\">\n\t\t\n\t<div class=\"edgtf-post-image\">\n\t\t\t\t\t<a itemprop=\"url\" href=\"https:\/\/www.santjosep.net\/ca\/fira-sal-2016-ibiza\/\" title=\"Fira de Sal 2016\">\n\t\t\t\t\t\t\t\t\t<img loading=\"lazy\" decoding=\"async\" width=\"1000\" height=\"667\" src=\"https:\/\/www.santjosep.net\/wp-content\/uploads\/2016\/11\/cover_firasal.jpg\" class=\"attachment-full size-full wp-post-image\" alt=\"\" srcset=\"https:\/\/www.santjosep.net\/wp-content\/uploads\/2016\/11\/cover_firasal.jpg 1000w, https:\/\/www.santjosep.net\/wp-content\/uploads\/2016\/11\/cover_firasal-300x200.jpg 300w, https:\/\/www.santjosep.net\/wp-content\/uploads\/2016\/11\/cover_firasal-768x512.jpg 768w\" sizes=\"auto, (max-width: 1000px) 100vw, 1000px\" \/>\t\t\t\t\t\t\t\t<\/a>\n\t\t\t<\/div>\n        <div class=\"edgtf-bli-content\">\n                            <div class=\"edgtf-bli-date\">\n\t                <div itemprop=\"dateCreated\" class=\"edgtf-post-info-date entry-date published updated\">\n            <a itemprop=\"url\" href=\"https:\/\/www.santjosep.net\/ca\/2016\/11\/\">\n    \n        15 novembre 2016        <\/a>\n    <meta itemprop=\"interactionCount\" content=\"UserComments: 0\"\/>\n<\/div>                <\/div>\n            \t\n\t        \n<h4 itemprop=\"name\" class=\"entry-title edgtf-post-title\" >\n            <a itemprop=\"url\" href=\"https:\/\/www.santjosep.net\/ca\/fira-sal-2016-ibiza\/\" title=\"Fira de Sal 2016\">\n            Fira de Sal 2016            <\/a>\n    <\/h4>\n\t        <div class=\"edgtf-bli-info\">\n\t\t        <div class=\"edgtf-post-info-category\">\n    <a href=\"https:\/\/www.santjosep.net\/ca\/category\/esdeveniments-ca\/\" rel=\"category tag\">Esdeveniments<\/a>, <a href=\"https:\/\/www.santjosep.net\/ca\/category\/pobles-ca\/\" rel=\"category tag\">Pobles<\/a>, <a href=\"https:\/\/www.santjosep.net\/ca\/category\/rutes-ca\/\" rel=\"category tag\">Rutes<\/a>, <a href=\"https:\/\/www.santjosep.net\/ca\/category\/video-ca\/\" rel=\"category tag\">Video<\/a><\/div>\t        <\/div>\n\n\t        <div class=\"edgtf-bli-excerpt\">\n\t\t        \t\t<div class=\"edgtf-post-excerpt-holder\">\n\t\t\t<p itemprop=\"description\" class=\"edgtf-post-excerpt\">\n\t\t\t\tL\u2019\u00faltim dissabte d\u2019octubre es celebra, a ses Salines d\u2019Eivissa, la Fira de la Sal, un nou esdeveniment tur\u00edstic i cultural enfocat a difondre el patrimoni i la cultura.\t\t\t<\/p>\n\t\t<\/div>\n\t\t\t        \t<div class=\"edgtf-post-read-more-button\">\n\t\t<a itemprop=\"url\" href=\"https:\/\/www.santjosep.net\/ca\/fira-sal-2016-ibiza\/\" target=\"_self\"  class=\"edgtf-btn edgtf-btn-medium edgtf-btn-simple edgtf-btn-switch-line edgtf-blog-list-button\"  >\t\t\t<span class=\"edgtf-btn-icon-element\"><\/span>\t\t<span class=\"edgtf-btn-text\">Llegir m\u00e9s<span class=\"edgtf-btn-text-line\" ><\/span><span class=\"edgtf-btn-switch-line\" ><\/span><\/span>\t<\/a>\t<\/div>\n\t        <\/div>\n        <\/div>\n\t<\/div>\n<\/li><li class=\"edgtf-bl-item clearfix\">\n\t<div class=\"edgtf-bli-inner\">\n\t\t\n\t<div class=\"edgtf-post-image\">\n\t\t\t\t\t<a itemprop=\"url\" href=\"https:\/\/www.santjosep.net\/ca\/10-cosas-indispensables-municipio-sant-josep\/\" title=\"10 coses indispensables que heu de fer a Sant Josep\">\n\t\t\t\t\t\t\t\t\t<img loading=\"lazy\" decoding=\"async\" width=\"1000\" height=\"667\" src=\"https:\/\/www.santjosep.net\/wp-content\/uploads\/2013\/11\/tropicanacalajondal_IMG_7889.jpg\" class=\"attachment-full size-full wp-post-image\" alt=\"\" srcset=\"https:\/\/www.santjosep.net\/wp-content\/uploads\/2013\/11\/tropicanacalajondal_IMG_7889.jpg 1000w, https:\/\/www.santjosep.net\/wp-content\/uploads\/2013\/11\/tropicanacalajondal_IMG_7889-300x200.jpg 300w\" sizes=\"auto, (max-width: 1000px) 100vw, 1000px\" \/>\t\t\t\t\t\t\t\t<\/a>\n\t\t\t<\/div>\n        <div class=\"edgtf-bli-content\">\n                            <div class=\"edgtf-bli-date\">\n\t                <div itemprop=\"dateCreated\" class=\"edgtf-post-info-date entry-date published updated\">\n            <a itemprop=\"url\" href=\"https:\/\/www.santjosep.net\/ca\/2016\/11\/\">\n    \n        14 novembre 2016        <\/a>\n    <meta itemprop=\"interactionCount\" content=\"UserComments: 0\"\/>\n<\/div>                <\/div>\n            \t\n\t        \n<h4 itemprop=\"name\" class=\"entry-title edgtf-post-title\" >\n            <a itemprop=\"url\" href=\"https:\/\/www.santjosep.net\/ca\/10-cosas-indispensables-municipio-sant-josep\/\" title=\"10 coses indispensables que heu de fer a Sant Josep\">\n            10 coses indispensables que heu de fer a Sant Josep            <\/a>\n    <\/h4>\n\t        <div class=\"edgtf-bli-info\">\n\t\t        <div class=\"edgtf-post-info-category\">\n    <a href=\"https:\/\/www.santjosep.net\/ca\/category\/esdeveniments-ca\/\" rel=\"category tag\">Esdeveniments<\/a>, <a href=\"https:\/\/www.santjosep.net\/ca\/category\/passejades-ca\/\" rel=\"category tag\">Passejades<\/a>, <a href=\"https:\/\/www.santjosep.net\/ca\/category\/platjes-ca\/\" rel=\"category tag\">Platjes<\/a>, <a href=\"https:\/\/www.santjosep.net\/ca\/category\/pobles-ca\/\" rel=\"category tag\">Pobles<\/a>, <a href=\"https:\/\/www.santjosep.net\/ca\/category\/postes-de-sol-ca\/\" rel=\"category tag\">Postes de sol<\/a>, <a href=\"https:\/\/www.santjosep.net\/ca\/category\/rutes-ca\/\" rel=\"category tag\">Rutes<\/a><\/div>\t        <\/div>\n\n\t        <div class=\"edgtf-bli-excerpt\">\n\t\t        \t\t<div class=\"edgtf-post-excerpt-holder\">\n\t\t\t<p itemprop=\"description\" class=\"edgtf-post-excerpt\">\n\t\t\t\tCom es tracta del municipi m\u00e9s extens d\u2019Eivissa, Sant Josep disposa d\u2019una infinitat de llocs que mereixen una visita durant les vostres vacances a Eivissa. Com sabem que no us voldreu perdre cap detall, aqu\u00ed us contem 10 coses indispensables per fer, 10 experi\u00e8ncies que alegraran la vostra vista i que permetran con\u00e8ixer una mica millor els tresors d\u2019aquest municipi.\r\n\r\n1. Veure la posta de sol a platges de Comte\r\nPot ser que sigui un t\u00f2pic rom\u00e0ntic,\t\t\t<\/p>\n\t\t<\/div>\n\t\t\t        \t<div class=\"edgtf-post-read-more-button\">\n\t\t<a itemprop=\"url\" href=\"https:\/\/www.santjosep.net\/ca\/10-cosas-indispensables-municipio-sant-josep\/\" target=\"_self\"  class=\"edgtf-btn edgtf-btn-medium edgtf-btn-simple edgtf-btn-switch-line edgtf-blog-list-button\"  >\t\t\t<span class=\"edgtf-btn-icon-element\"><\/span>\t\t<span class=\"edgtf-btn-text\">Llegir m\u00e9s<span class=\"edgtf-btn-text-line\" ><\/span><span class=\"edgtf-btn-switch-line\" ><\/span><\/span>\t<\/a>\t<\/div>\n\t        <\/div>\n        <\/div>\n\t<\/div>\n<\/li><li class=\"edgtf-bl-item clearfix\">\n\t<div class=\"edgtf-bli-inner\">\n\t\t\n\t<div class=\"edgtf-post-image\">\n\t\t\t\t\t<a itemprop=\"url\" href=\"https:\/\/www.santjosep.net\/ca\/72-horas-sant-josep-ibiza-parte-2\/\" title=\"72 hores a Sant Josep- Eivissa (part 2)\">\n\t\t\t\t\t\t\t\t\t<img loading=\"lazy\" decoding=\"async\" width=\"1000\" height=\"667\" src=\"https:\/\/www.santjosep.net\/wp-content\/uploads\/2016\/09\/esvedra.jpg\" class=\"attachment-full size-full wp-post-image\" alt=\"\" srcset=\"https:\/\/www.santjosep.net\/wp-content\/uploads\/2016\/09\/esvedra.jpg 1000w, https:\/\/www.santjosep.net\/wp-content\/uploads\/2016\/09\/esvedra-300x200.jpg 300w, https:\/\/www.santjosep.net\/wp-content\/uploads\/2016\/09\/esvedra-768x512.jpg 768w\" sizes=\"auto, (max-width: 1000px) 100vw, 1000px\" \/>\t\t\t\t\t\t\t\t<\/a>\n\t\t\t<\/div>\n        <div class=\"edgtf-bli-content\">\n                            <div class=\"edgtf-bli-date\">\n\t                <div itemprop=\"dateCreated\" class=\"edgtf-post-info-date entry-date published updated\">\n            <a itemprop=\"url\" href=\"https:\/\/www.santjosep.net\/ca\/2016\/09\/\">\n    \n        29 setembre 2016        <\/a>\n    <meta itemprop=\"interactionCount\" content=\"UserComments: 0\"\/>\n<\/div>                <\/div>\n            \t\n\t        \n<h4 itemprop=\"name\" class=\"entry-title edgtf-post-title\" >\n            <a itemprop=\"url\" href=\"https:\/\/www.santjosep.net\/ca\/72-horas-sant-josep-ibiza-parte-2\/\" title=\"72 hores a Sant Josep- Eivissa (part 2)\">\n            72 hores a Sant Josep- Eivissa (part 2)            <\/a>\n    <\/h4>\n\t        <div class=\"edgtf-bli-info\">\n\t\t        <div class=\"edgtf-post-info-category\">\n    <a href=\"https:\/\/www.santjosep.net\/ca\/category\/passejades-ca\/\" rel=\"category tag\">Passejades<\/a>, <a href=\"https:\/\/www.santjosep.net\/ca\/category\/platjes-ca\/\" rel=\"category tag\">Platjes<\/a>, <a href=\"https:\/\/www.santjosep.net\/ca\/category\/pobles-ca\/\" rel=\"category tag\">Pobles<\/a>, <a href=\"https:\/\/www.santjosep.net\/ca\/category\/postes-de-sol-ca\/\" rel=\"category tag\">Postes de sol<\/a>, <a href=\"https:\/\/www.santjosep.net\/ca\/category\/uncategorized-ca\/\" rel=\"category tag\">Uncategorized @ca<\/a><\/div>\t        <\/div>\n\n\t        <div class=\"edgtf-bli-excerpt\">\n\t\t        \t\t<div class=\"edgtf-post-excerpt-holder\">\n\t\t\t<p itemprop=\"description\" class=\"edgtf-post-excerpt\">\n\t\t\t\tContinuem amb aquesta guia que recorre el municipi de Sant Josep en 72h. Si no heu llegit la primera part, la podeu trobar aqu\u00ed.\r\n\r\n\r\nS\u00e1bado\r\n19h. Abans del vespre, haureu de buscar un nou rac\u00f3 des d\u2019on tornar a acomiadar el sol. Aquest cop ens desplacem a la ve\u00efna cala de Cala d\u2019Hort, un lloc perfecte per prendre un bany r\u00e0pid, ja que el mirador on es pot veure e la posta de sol est\u00e0 una mica\t\t\t<\/p>\n\t\t<\/div>\n\t\t\t        \t<div class=\"edgtf-post-read-more-button\">\n\t\t<a itemprop=\"url\" href=\"https:\/\/www.santjosep.net\/ca\/72-horas-sant-josep-ibiza-parte-2\/\" target=\"_self\"  class=\"edgtf-btn edgtf-btn-medium edgtf-btn-simple edgtf-btn-switch-line edgtf-blog-list-button\"  >\t\t\t<span class=\"edgtf-btn-icon-element\"><\/span>\t\t<span class=\"edgtf-btn-text\">Llegir m\u00e9s<span class=\"edgtf-btn-text-line\" ><\/span><span class=\"edgtf-btn-switch-line\" ><\/span><\/span>\t<\/a>\t<\/div>\n\t        <\/div>\n        <\/div>\n\t<\/div>\n<\/li><li class=\"edgtf-bl-item clearfix\">\n\t<div class=\"edgtf-bli-inner\">\n\t\t\n\t<div class=\"edgtf-post-image\">\n\t\t\t\t\t<a itemprop=\"url\" href=\"https:\/\/www.santjosep.net\/ca\/platges-comte-sant-josep-ibiza\/\" title=\"Platges de Comte a Sant Josep- Eivissa\">\n\t\t\t\t\t\t\t\t\t<img loading=\"lazy\" decoding=\"async\" width=\"1000\" height=\"667\" src=\"https:\/\/www.santjosep.net\/wp-content\/uploads\/2016\/09\/cover_videos_platgesdecomte.jpg\" class=\"attachment-full size-full wp-post-image\" alt=\"\" srcset=\"https:\/\/www.santjosep.net\/wp-content\/uploads\/2016\/09\/cover_videos_platgesdecomte.jpg 1000w, https:\/\/www.santjosep.net\/wp-content\/uploads\/2016\/09\/cover_videos_platgesdecomte-300x200.jpg 300w, https:\/\/www.santjosep.net\/wp-content\/uploads\/2016\/09\/cover_videos_platgesdecomte-768x512.jpg 768w\" sizes=\"auto, (max-width: 1000px) 100vw, 1000px\" \/>\t\t\t\t\t\t\t\t<\/a>\n\t\t\t<\/div>\n        <div class=\"edgtf-bli-content\">\n                            <div class=\"edgtf-bli-date\">\n\t                <div itemprop=\"dateCreated\" class=\"edgtf-post-info-date entry-date published updated\">\n            <a itemprop=\"url\" href=\"https:\/\/www.santjosep.net\/ca\/2016\/09\/\">\n    \n        1 setembre 2016        <\/a>\n    <meta itemprop=\"interactionCount\" content=\"UserComments: 0\"\/>\n<\/div>                <\/div>\n            \t\n\t        \n<h4 itemprop=\"name\" class=\"entry-title edgtf-post-title\" >\n            <a itemprop=\"url\" href=\"https:\/\/www.santjosep.net\/ca\/platges-comte-sant-josep-ibiza\/\" title=\"Platges de Comte a Sant Josep- Eivissa\">\n            Platges de Comte a Sant Josep- Eivissa            <\/a>\n    <\/h4>\n\t        <div class=\"edgtf-bli-info\">\n\t\t        <div class=\"edgtf-post-info-category\">\n    <a href=\"https:\/\/www.santjosep.net\/ca\/category\/platjes-ca\/\" rel=\"category tag\">Platjes<\/a>, <a href=\"https:\/\/www.santjosep.net\/ca\/category\/rutes-ca\/\" rel=\"category tag\">Rutes<\/a>, <a href=\"https:\/\/www.santjosep.net\/ca\/category\/video-ca\/\" rel=\"category tag\">Video<\/a><\/div>\t        <\/div>\n\n\t        <div class=\"edgtf-bli-excerpt\">\n\t\t        \t\t<div class=\"edgtf-post-excerpt-holder\">\n\t\t\t<p itemprop=\"description\" class=\"edgtf-post-excerpt\">\n\t\t\t\tPlatges de Comte \u00e9s un dels paradisos de l\u2019illa d\u2019Eivissa. Les seves aig\u00fces cristal\u00b7lines, la sorra blanca i les nombroses caletes s\u00f3n panor\u00e0miques perfectes per a gaudir del bany. A m\u00e9s, les fabuloses postes de sol la converteixen en parada obligat\u00f2ria per a tots els visitants de l\u2019illa. Podeu trobar m\u00e9s informaci\u00f3 sobre platges de Comte aqu\u00ed\t\t\t<\/p>\n\t\t<\/div>\n\t\t\t        \t<div class=\"edgtf-post-read-more-button\">\n\t\t<a itemprop=\"url\" href=\"https:\/\/www.santjosep.net\/ca\/platges-comte-sant-josep-ibiza\/\" target=\"_self\"  class=\"edgtf-btn edgtf-btn-medium edgtf-btn-simple edgtf-btn-switch-line edgtf-blog-list-button\"  >\t\t\t<span class=\"edgtf-btn-icon-element\"><\/span>\t\t<span class=\"edgtf-btn-text\">Llegir m\u00e9s<span class=\"edgtf-btn-text-line\" ><\/span><span class=\"edgtf-btn-switch-line\" ><\/span><\/span>\t<\/a>\t<\/div>\n\t        <\/div>\n        <\/div>\n\t<\/div>\n<\/li><li class=\"edgtf-bl-item clearfix\">\n\t<div class=\"edgtf-bli-inner\">\n\t\t\n\t<div class=\"edgtf-post-image\">\n\t\t\t\t\t<a itemprop=\"url\" href=\"https:\/\/www.santjosep.net\/ca\/72-hores-a-sant-josep-ibiza-part-1\/\" title=\"72 hores a Sant Josep- Eivissa (part 1)\">\n\t\t\t\t\t\t\t\t\t<img loading=\"lazy\" decoding=\"async\" width=\"1000\" height=\"667\" src=\"https:\/\/www.santjosep.net\/wp-content\/uploads\/2016\/08\/sesboques_IMG_0965.jpg\" class=\"attachment-full size-full wp-post-image\" alt=\"\" srcset=\"https:\/\/www.santjosep.net\/wp-content\/uploads\/2016\/08\/sesboques_IMG_0965.jpg 1000w, https:\/\/www.santjosep.net\/wp-content\/uploads\/2016\/08\/sesboques_IMG_0965-300x200.jpg 300w, https:\/\/www.santjosep.net\/wp-content\/uploads\/2016\/08\/sesboques_IMG_0965-768x512.jpg 768w\" sizes=\"auto, (max-width: 1000px) 100vw, 1000px\" \/>\t\t\t\t\t\t\t\t<\/a>\n\t\t\t<\/div>\n        <div class=\"edgtf-bli-content\">\n                            <div class=\"edgtf-bli-date\">\n\t                <div itemprop=\"dateCreated\" class=\"edgtf-post-info-date entry-date published updated\">\n            <a itemprop=\"url\" href=\"https:\/\/www.santjosep.net\/ca\/2016\/08\/\">\n    \n        10 agost 2016        <\/a>\n    <meta itemprop=\"interactionCount\" content=\"UserComments: 0\"\/>\n<\/div>                <\/div>\n            \t\n\t        \n<h4 itemprop=\"name\" class=\"entry-title edgtf-post-title\" >\n            <a itemprop=\"url\" href=\"https:\/\/www.santjosep.net\/ca\/72-hores-a-sant-josep-ibiza-part-1\/\" title=\"72 hores a Sant Josep- Eivissa (part 1)\">\n            72 hores a Sant Josep- Eivissa (part 1)            <\/a>\n    <\/h4>\n\t        <div class=\"edgtf-bli-info\">\n\t\t        <div class=\"edgtf-post-info-category\">\n    <a href=\"https:\/\/www.santjosep.net\/ca\/category\/passejades-ca\/\" rel=\"category tag\">Passejades<\/a>, <a href=\"https:\/\/www.santjosep.net\/ca\/category\/platjes-ca\/\" rel=\"category tag\">Platjes<\/a>, <a href=\"https:\/\/www.santjosep.net\/ca\/category\/pobles-ca\/\" rel=\"category tag\">Pobles<\/a>, <a href=\"https:\/\/www.santjosep.net\/ca\/category\/rutes-ca\/\" rel=\"category tag\">Rutes<\/a>, <a href=\"https:\/\/www.santjosep.net\/ca\/category\/zones-ca\/\" rel=\"category tag\">Zones<\/a><\/div>\t        <\/div>\n\n\t        <div class=\"edgtf-bli-excerpt\">\n\t\t        \t\t<div class=\"edgtf-post-excerpt-holder\">\n\t\t\t<p itemprop=\"description\" class=\"edgtf-post-excerpt\">\n\t\t\t\tJa \u00e9s hora de fer una escapadeta, tot i que nom\u00e9s sigui el cap de setmana, per poder desconnectar de la rutina di\u00e0ria. No hi ha un lloc millor que la m\u00e0gica illa d\u2019Eivissa per descansar i divertir-se durant els mesos de m\u00e9s calor.\r\n\r\nEivissa t\u00e9 una infinitat de racons per perdre\u2019s i gaudir de les vacances estivals, per\u00f2 si veniu pocs dies, us proposem una guia ideal per descobrir les meravelles del municipi de Sant\t\t\t<\/p>\n\t\t<\/div>\n\t\t\t        \t<div class=\"edgtf-post-read-more-button\">\n\t\t<a itemprop=\"url\" href=\"https:\/\/www.santjosep.net\/ca\/72-hores-a-sant-josep-ibiza-part-1\/\" target=\"_self\"  class=\"edgtf-btn edgtf-btn-medium edgtf-btn-simple edgtf-btn-switch-line edgtf-blog-list-button\"  >\t\t\t<span class=\"edgtf-btn-icon-element\"><\/span>\t\t<span class=\"edgtf-btn-text\">Llegir m\u00e9s<span class=\"edgtf-btn-text-line\" ><\/span><span class=\"edgtf-btn-switch-line\" ><\/span><\/span>\t<\/a>\t<\/div>\n\t        <\/div>\n        <\/div>\n\t<\/div>\n<\/li><li class=\"edgtf-bl-item clearfix\">\n\t<div class=\"edgtf-bli-inner\">\n\t\t\n\t<div class=\"edgtf-post-image\">\n\t\t\t\t\t<a itemprop=\"url\" href=\"https:\/\/www.santjosep.net\/ca\/cala-dhort-sant-josep-ibiza\/\" title=\"La platja de Cala d\u2019Hort a Sant Josep- Eivissa\">\n\t\t\t\t\t\t\t\t\t<img loading=\"lazy\" decoding=\"async\" width=\"1000\" height=\"667\" src=\"https:\/\/www.santjosep.net\/wp-content\/uploads\/2016\/07\/covercaladhort.jpg\" class=\"attachment-full size-full wp-post-image\" alt=\"\" srcset=\"https:\/\/www.santjosep.net\/wp-content\/uploads\/2016\/07\/covercaladhort.jpg 1000w, https:\/\/www.santjosep.net\/wp-content\/uploads\/2016\/07\/covercaladhort-300x200.jpg 300w, https:\/\/www.santjosep.net\/wp-content\/uploads\/2016\/07\/covercaladhort-768x512.jpg 768w\" sizes=\"auto, (max-width: 1000px) 100vw, 1000px\" \/>\t\t\t\t\t\t\t\t<\/a>\n\t\t\t<\/div>\n        <div class=\"edgtf-bli-content\">\n                            <div class=\"edgtf-bli-date\">\n\t                <div itemprop=\"dateCreated\" class=\"edgtf-post-info-date entry-date published updated\">\n            <a itemprop=\"url\" href=\"https:\/\/www.santjosep.net\/ca\/2016\/07\/\">\n    \n        21 juliol 2016        <\/a>\n    <meta itemprop=\"interactionCount\" content=\"UserComments: 0\"\/>\n<\/div>                <\/div>\n            \t\n\t        \n<h4 itemprop=\"name\" class=\"entry-title edgtf-post-title\" >\n            <a itemprop=\"url\" href=\"https:\/\/www.santjosep.net\/ca\/cala-dhort-sant-josep-ibiza\/\" title=\"La platja de Cala d\u2019Hort a Sant Josep- Eivissa\">\n            La platja de Cala d\u2019Hort a Sant Josep- Eivissa            <\/a>\n    <\/h4>\n\t        <div class=\"edgtf-bli-info\">\n\t\t        <div class=\"edgtf-post-info-category\">\n    <a href=\"https:\/\/www.santjosep.net\/ca\/category\/platjes-ca\/\" rel=\"category tag\">Platjes<\/a>, <a href=\"https:\/\/www.santjosep.net\/ca\/category\/rutes-ca\/\" rel=\"category tag\">Rutes<\/a>, <a href=\"https:\/\/www.santjosep.net\/ca\/category\/video-ca\/\" rel=\"category tag\">Video<\/a>, <a href=\"https:\/\/www.santjosep.net\/ca\/category\/zones-ca\/\" rel=\"category tag\">Zones<\/a><\/div>\t        <\/div>\n\n\t        <div class=\"edgtf-bli-excerpt\">\n\t\t        \t\t<div class=\"edgtf-post-excerpt-holder\">\n\t\t\t<p itemprop=\"description\" class=\"edgtf-post-excerpt\">\n\t\t\t\tLa platja de Cala d\u2019Hort, just al davant des Vedr\u00e0, \u00e9s un dels llocs m\u00e9s emblem\u00e0tics de l\u2019illa d\u2019Eivissa. Situada al sud-oest de l\u2019illa, la seva costa est\u00e0 plena d\u2019abruptes penya-segats. Les seves aig\u00fces s\u00f3n tranquil\u00b7les, de sorra blanca i d\u2019una transpar\u00e8ncia espectacular. La gastronomia local tamb\u00e9 \u00e9s un punt fort d\u2019aquesta platja, ja que als seus restaurants es pot tastar la cuina aut\u00f2ctona marinera. Sens dubte, \u00e9s un lloc \u00fanic per gaudir d\u2019un dia\t\t\t<\/p>\n\t\t<\/div>\n\t\t\t        \t<div class=\"edgtf-post-read-more-button\">\n\t\t<a itemprop=\"url\" href=\"https:\/\/www.santjosep.net\/ca\/cala-dhort-sant-josep-ibiza\/\" target=\"_self\"  class=\"edgtf-btn edgtf-btn-medium edgtf-btn-simple edgtf-btn-switch-line edgtf-blog-list-button\"  >\t\t\t<span class=\"edgtf-btn-icon-element\"><\/span>\t\t<span class=\"edgtf-btn-text\">Llegir m\u00e9s<span class=\"edgtf-btn-text-line\" ><\/span><span class=\"edgtf-btn-switch-line\" ><\/span><\/span>\t<\/a>\t<\/div>\n\t        <\/div>\n        <\/div>\n\t<\/div>\n<\/li><li class=\"edgtf-bl-item clearfix\">\n\t<div class=\"edgtf-bli-inner\">\n\t\t\n\t<div class=\"edgtf-post-image\">\n\t\t\t\t\t<a itemprop=\"url\" href=\"https:\/\/www.santjosep.net\/ca\/passeig-bol-nou-fins-codolar\/\" title=\"Un passeig des Bol Nou fins as Codolar\">\n\t\t\t\t\t\t\t\t\t<img loading=\"lazy\" decoding=\"async\" width=\"1200\" height=\"798\" src=\"https:\/\/www.santjosep.net\/wp-content\/uploads\/2016\/06\/DJI_0075-3-e1504697607860.jpg\" class=\"attachment-full size-full wp-post-image\" alt=\"\" srcset=\"https:\/\/www.santjosep.net\/wp-content\/uploads\/2016\/06\/DJI_0075-3-e1504697607860.jpg 1200w, https:\/\/www.santjosep.net\/wp-content\/uploads\/2016\/06\/DJI_0075-3-e1504697607860-300x200.jpg 300w, https:\/\/www.santjosep.net\/wp-content\/uploads\/2016\/06\/DJI_0075-3-e1504697607860-768x511.jpg 768w, https:\/\/www.santjosep.net\/wp-content\/uploads\/2016\/06\/DJI_0075-3-e1504697607860-1024x681.jpg 1024w\" sizes=\"auto, (max-width: 1200px) 100vw, 1200px\" \/>\t\t\t\t\t\t\t\t<\/a>\n\t\t\t<\/div>\n        <div class=\"edgtf-bli-content\">\n                            <div class=\"edgtf-bli-date\">\n\t                <div itemprop=\"dateCreated\" class=\"edgtf-post-info-date entry-date published updated\">\n            <a itemprop=\"url\" href=\"https:\/\/www.santjosep.net\/ca\/2016\/06\/\">\n    \n        15 juny 2016        <\/a>\n    <meta itemprop=\"interactionCount\" content=\"UserComments: 0\"\/>\n<\/div>                <\/div>\n            \t\n\t        \n<h4 itemprop=\"name\" class=\"entry-title edgtf-post-title\" >\n            <a itemprop=\"url\" href=\"https:\/\/www.santjosep.net\/ca\/passeig-bol-nou-fins-codolar\/\" title=\"Un passeig des Bol Nou fins as Codolar\">\n            Un passeig des Bol Nou fins as Codolar            <\/a>\n    <\/h4>\n\t        <div class=\"edgtf-bli-info\">\n\t\t        <div class=\"edgtf-post-info-category\">\n    <a href=\"https:\/\/www.santjosep.net\/ca\/category\/passejades-ca\/\" rel=\"category tag\">Passejades<\/a>, <a href=\"https:\/\/www.santjosep.net\/ca\/category\/rutes-ca\/\" rel=\"category tag\">Rutes<\/a><\/div>\t        <\/div>\n\n\t        <div class=\"edgtf-bli-excerpt\">\n\t\t        \t\t<div class=\"edgtf-post-excerpt-holder\">\n\t\t\t<p itemprop=\"description\" class=\"edgtf-post-excerpt\">\n\t\t\t\tSempre \u00e9s reconfortant saber que Eivissa guarda mil i un camins on perdre\u2019s per contemplar el mar i fer un passeig acompanyat d\u2019un paisatge excepcional. A Sant Josep, en especial, trobareu molts d\u2019aquests \u00a0racons que inciten a desconnectar, com \u00e9s el cas de sa Caleta, una part de la costa que, a m\u00e9s de ser ideal per passejar, tamb\u00e9 \u00e9s un rac\u00f3 \u00fanic per endinsar-se en la hist\u00f2ria d\u2019Eivissa i Formentera.\r\n\r\nA la zona de sa\t\t\t<\/p>\n\t\t<\/div>\n\t\t\t        \t<div class=\"edgtf-post-read-more-button\">\n\t\t<a itemprop=\"url\" href=\"https:\/\/www.santjosep.net\/ca\/passeig-bol-nou-fins-codolar\/\" target=\"_self\"  class=\"edgtf-btn edgtf-btn-medium edgtf-btn-simple edgtf-btn-switch-line edgtf-blog-list-button\"  >\t\t\t<span class=\"edgtf-btn-icon-element\"><\/span>\t\t<span class=\"edgtf-btn-text\">Llegir m\u00e9s<span class=\"edgtf-btn-text-line\" ><\/span><span class=\"edgtf-btn-switch-line\" ><\/span><\/span>\t<\/a>\t<\/div>\n\t        <\/div>\n        <\/div>\n\t<\/div>\n<\/li><li class=\"edgtf-bl-item clearfix\">\n\t<div class=\"edgtf-bli-inner\">\n\t\t\n\t<div class=\"edgtf-post-image\">\n\t\t\t\t\t<a itemprop=\"url\" href=\"https:\/\/www.santjosep.net\/ca\/cala-tarida-video-sant-josep-ibiza\/\" title=\"Cala Tarida Sant Josep &#8211; Ibiza\">\n\t\t\t\t\t\t\t\t\t<img loading=\"lazy\" decoding=\"async\" width=\"1000\" height=\"667\" src=\"https:\/\/www.santjosep.net\/wp-content\/uploads\/2016\/06\/thumbcalatarida.jpg\" class=\"attachment-full size-full wp-post-image\" alt=\"\" srcset=\"https:\/\/www.santjosep.net\/wp-content\/uploads\/2016\/06\/thumbcalatarida.jpg 1000w, https:\/\/www.santjosep.net\/wp-content\/uploads\/2016\/06\/thumbcalatarida-300x200.jpg 300w, https:\/\/www.santjosep.net\/wp-content\/uploads\/2016\/06\/thumbcalatarida-768x512.jpg 768w\" sizes=\"auto, (max-width: 1000px) 100vw, 1000px\" \/>\t\t\t\t\t\t\t\t<\/a>\n\t\t\t<\/div>\n        <div class=\"edgtf-bli-content\">\n                            <div class=\"edgtf-bli-date\">\n\t                <div itemprop=\"dateCreated\" class=\"edgtf-post-info-date entry-date published updated\">\n            <a itemprop=\"url\" href=\"https:\/\/www.santjosep.net\/ca\/2016\/06\/\">\n    \n        2 juny 2016        <\/a>\n    <meta itemprop=\"interactionCount\" content=\"UserComments: 0\"\/>\n<\/div>                <\/div>\n            \t\n\t        \n<h4 itemprop=\"name\" class=\"entry-title edgtf-post-title\" >\n            <a itemprop=\"url\" href=\"https:\/\/www.santjosep.net\/ca\/cala-tarida-video-sant-josep-ibiza\/\" title=\"Cala Tarida Sant Josep &#8211; Ibiza\">\n            Cala Tarida Sant Josep &#8211; Ibiza            <\/a>\n    <\/h4>\n\t        <div class=\"edgtf-bli-info\">\n\t\t        <div class=\"edgtf-post-info-category\">\n    <a href=\"https:\/\/www.santjosep.net\/ca\/category\/rutes-ca\/\" rel=\"category tag\">Rutes<\/a>, <a href=\"https:\/\/www.santjosep.net\/ca\/category\/video-ca\/\" rel=\"category tag\">Video<\/a><\/div>\t        <\/div>\n\n\t        <div class=\"edgtf-bli-excerpt\">\n\t\t        \t\t<div class=\"edgtf-post-excerpt-holder\">\n\t\t\t<p itemprop=\"description\" class=\"edgtf-post-excerpt\">\n\t\t\t\tLa platja de cala Tarida \u00e9s una de les m\u00e9s visitades de l\u2019illa d\u2019Eivissa. La seva longitud, una gran varietat de serveis, gastronomia i racons molt bonics, fan d\u2019aquesta platja un lloc idoni per a tot tipus de visitants. Fam\u00edlies, nens, parelles, amics\t\t\t<\/p>\n\t\t<\/div>\n\t\t\t        \t<div class=\"edgtf-post-read-more-button\">\n\t\t<a itemprop=\"url\" href=\"https:\/\/www.santjosep.net\/ca\/cala-tarida-video-sant-josep-ibiza\/\" target=\"_self\"  class=\"edgtf-btn edgtf-btn-medium edgtf-btn-simple edgtf-btn-switch-line edgtf-blog-list-button\"  >\t\t\t<span class=\"edgtf-btn-icon-element\"><\/span>\t\t<span class=\"edgtf-btn-text\">Llegir m\u00e9s<span class=\"edgtf-btn-text-line\" ><\/span><span class=\"edgtf-btn-switch-line\" ><\/span><\/span>\t<\/a>\t<\/div>\n\t        <\/div>\n        <\/div>\n\t<\/div>\n<\/li><li class=\"edgtf-bl-item clearfix\">\n\t<div class=\"edgtf-bli-inner\">\n\t\t\n\t<div class=\"edgtf-post-image\">\n\t\t\t\t\t<a itemprop=\"url\" href=\"https:\/\/www.santjosep.net\/ca\/6-ideas-una-guia-cala-dhort-ibiza\/\" title=\"6 idees: una guia de Cala d\u2019Hort (Eivissa)\">\n\t\t\t\t\t\t\t\t\t<img loading=\"lazy\" decoding=\"async\" width=\"1200\" height=\"800\" src=\"https:\/\/www.santjosep.net\/wp-content\/uploads\/2016\/04\/caladhort.jpg\" class=\"attachment-full size-full wp-post-image\" alt=\"\" srcset=\"https:\/\/www.santjosep.net\/wp-content\/uploads\/2016\/04\/caladhort.jpg 1200w, https:\/\/www.santjosep.net\/wp-content\/uploads\/2016\/04\/caladhort-300x200.jpg 300w, https:\/\/www.santjosep.net\/wp-content\/uploads\/2016\/04\/caladhort-1024x683.jpg 1024w, https:\/\/www.santjosep.net\/wp-content\/uploads\/2016\/04\/caladhort-768x512.jpg 768w\" sizes=\"auto, (max-width: 1200px) 100vw, 1200px\" \/>\t\t\t\t\t\t\t\t<\/a>\n\t\t\t<\/div>\n        <div class=\"edgtf-bli-content\">\n                            <div class=\"edgtf-bli-date\">\n\t                <div itemprop=\"dateCreated\" class=\"edgtf-post-info-date entry-date published updated\">\n            <a itemprop=\"url\" href=\"https:\/\/www.santjosep.net\/ca\/2016\/04\/\">\n    \n        25 abril 2016        <\/a>\n    <meta itemprop=\"interactionCount\" content=\"UserComments: 0\"\/>\n<\/div>                <\/div>\n            \t\n\t        \n<h4 itemprop=\"name\" class=\"entry-title edgtf-post-title\" >\n            <a itemprop=\"url\" href=\"https:\/\/www.santjosep.net\/ca\/6-ideas-una-guia-cala-dhort-ibiza\/\" title=\"6 idees: una guia de Cala d\u2019Hort (Eivissa)\">\n            6 idees: una guia de Cala d\u2019Hort (Eivissa)            <\/a>\n    <\/h4>\n\t        <div class=\"edgtf-bli-info\">\n\t\t        <div class=\"edgtf-post-info-category\">\n    <a href=\"https:\/\/www.santjosep.net\/ca\/category\/passejades-ca\/\" rel=\"category tag\">Passejades<\/a>, <a href=\"https:\/\/www.santjosep.net\/ca\/category\/platjes-ca\/\" rel=\"category tag\">Platjes<\/a>, <a href=\"https:\/\/www.santjosep.net\/ca\/category\/rutes-ca\/\" rel=\"category tag\">Rutes<\/a><\/div>\t        <\/div>\n\n\t        <div class=\"edgtf-bli-excerpt\">\n\t\t        \t\t<div class=\"edgtf-post-excerpt-holder\">\n\t\t\t<p itemprop=\"description\" class=\"edgtf-post-excerpt\">\n\t\t\t\tUna de les platges m\u00e9s emblem\u00e0tiques d\u2019Eivissa s\u2019ubica al sud-oest del municipi de Sant Josep, cala d\u2019Hort, la privilegiada guardiana de l\u2019illot des Vedr\u00e0, icona inconfusible de l\u2019illa. Aix\u00ed doncs, avui podeu dedicar el dia sencer a aquest raconet de la nostra costa, probablement un dels paisatges m\u00e9s bonics a la vora del mar.\r\n\r\n<div class=\"edgtf-more-link-container\"><a href=\"https:\/\/www.santjosep.net\/ca\/6-ideas-una-guia-cala-dhort-ibiza\/#more-12939\" target=\"_self\" class=\"edgtf-btn edgtf-btn-medium edgtf-btn-solid\">\t\t\t<span class=\"edgtf-btn-icon-element\"><\/span>\t\t<span class=\"edgtf-btn-text\">Continue reading<\/span>\t<\/a><\/div>\n\t\t<\/div>\n\t\t\t        \t        <\/div>\n        <\/div>\n\t<\/div>\n<\/li><li class=\"edgtf-bl-item clearfix\">\n\t<div class=\"edgtf-bli-inner\">\n\t\t\n\t<div class=\"edgtf-post-image\">\n\t\t\t\t\t<a itemprop=\"url\" href=\"https:\/\/www.santjosep.net\/ca\/mountain-bike-sant-josep-ibiza\/\" title=\"Mountain Bike Sant Josep &#8211; Eivissa\">\n\t\t\t\t\t\t\t\t\t<img loading=\"lazy\" decoding=\"async\" width=\"1000\" height=\"667\" src=\"https:\/\/www.santjosep.net\/wp-content\/uploads\/2016\/04\/coveribizabtt.jpg\" class=\"attachment-full size-full wp-post-image\" alt=\"\" srcset=\"https:\/\/www.santjosep.net\/wp-content\/uploads\/2016\/04\/coveribizabtt.jpg 1000w, https:\/\/www.santjosep.net\/wp-content\/uploads\/2016\/04\/coveribizabtt-300x200.jpg 300w, https:\/\/www.santjosep.net\/wp-content\/uploads\/2016\/04\/coveribizabtt-768x512.jpg 768w\" sizes=\"auto, (max-width: 1000px) 100vw, 1000px\" \/>\t\t\t\t\t\t\t\t<\/a>\n\t\t\t<\/div>\n        <div class=\"edgtf-bli-content\">\n                            <div class=\"edgtf-bli-date\">\n\t                <div itemprop=\"dateCreated\" class=\"edgtf-post-info-date entry-date published updated\">\n            <a itemprop=\"url\" href=\"https:\/\/www.santjosep.net\/ca\/2016\/04\/\">\n    \n        5 abril 2016        <\/a>\n    <meta itemprop=\"interactionCount\" content=\"UserComments: 0\"\/>\n<\/div>                <\/div>\n            \t\n\t        \n<h4 itemprop=\"name\" class=\"entry-title edgtf-post-title\" >\n            <a itemprop=\"url\" href=\"https:\/\/www.santjosep.net\/ca\/mountain-bike-sant-josep-ibiza\/\" title=\"Mountain Bike Sant Josep &#8211; Eivissa\">\n            Mountain Bike Sant Josep &#8211; Eivissa            <\/a>\n    <\/h4>\n\t        <div class=\"edgtf-bli-info\">\n\t\t        <div class=\"edgtf-post-info-category\">\n    <a href=\"https:\/\/www.santjosep.net\/ca\/category\/rutes-ca\/\" rel=\"category tag\">Rutes<\/a>, <a href=\"https:\/\/www.santjosep.net\/ca\/category\/video-ca\/\" rel=\"category tag\">Video<\/a><\/div>\t        <\/div>\n\n\t        <div class=\"edgtf-bli-excerpt\">\n\t\t        \t\t<div class=\"edgtf-post-excerpt-holder\">\n\t\t\t<p itemprop=\"description\" class=\"edgtf-post-excerpt\">\n\t\t\t\tL\u2019entorn de Sant Josep (Eivissa) \u00e9s perfecte per a la pr\u00e0ctica de bicicleta de muntanya. Hi ha nombroses rutes senyalitzades, camins, una costa espectacular, grans pujades i baixades i unes vistes incre\u00efbles que encantarien a tots els visitants.\r\n\r\nPots descobrir les rutes de bicicleta de muntanya aqu\u00ed: Rutes BTT Sant Josep\t\t\t<\/p>\n\t\t<\/div>\n\t\t\t        \t<div class=\"edgtf-post-read-more-button\">\n\t\t<a itemprop=\"url\" href=\"https:\/\/www.santjosep.net\/ca\/mountain-bike-sant-josep-ibiza\/\" target=\"_self\"  class=\"edgtf-btn edgtf-btn-medium edgtf-btn-simple edgtf-btn-switch-line edgtf-blog-list-button\"  >\t\t\t<span class=\"edgtf-btn-icon-element\"><\/span>\t\t<span class=\"edgtf-btn-text\">Llegir m\u00e9s<span class=\"edgtf-btn-text-line\" ><\/span><span class=\"edgtf-btn-switch-line\" ><\/span><\/span>\t<\/a>\t<\/div>\n\t        <\/div>\n        <\/div>\n\t<\/div>\n<\/li><li class=\"edgtf-bl-item clearfix\">\n\t<div class=\"edgtf-bli-inner\">\n\t\t\n\t<div class=\"edgtf-post-image\">\n\t\t\t\t\t<a itemprop=\"url\" href=\"https:\/\/www.santjosep.net\/ca\/olas-en-platges-de-comte-cala-conta-ibiza\/\" title=\"Onades a Platges de Comte (Cala Conta) &#8211; Eivissa\">\n\t\t\t\t\t\t\t\t\t<img loading=\"lazy\" decoding=\"async\" width=\"1000\" height=\"667\" src=\"https:\/\/www.santjosep.net\/wp-content\/uploads\/2016\/02\/wavescover.jpg\" class=\"attachment-full size-full wp-post-image\" alt=\"\" srcset=\"https:\/\/www.santjosep.net\/wp-content\/uploads\/2016\/02\/wavescover.jpg 1000w, https:\/\/www.santjosep.net\/wp-content\/uploads\/2016\/02\/wavescover-300x200.jpg 300w, https:\/\/www.santjosep.net\/wp-content\/uploads\/2016\/02\/wavescover-768x512.jpg 768w\" sizes=\"auto, (max-width: 1000px) 100vw, 1000px\" \/>\t\t\t\t\t\t\t\t<\/a>\n\t\t\t<\/div>\n        <div class=\"edgtf-bli-content\">\n                            <div class=\"edgtf-bli-date\">\n\t                <div itemprop=\"dateCreated\" class=\"edgtf-post-info-date entry-date published updated\">\n            <a itemprop=\"url\" href=\"https:\/\/www.santjosep.net\/ca\/2016\/02\/\">\n    \n        29 febrer 2016        <\/a>\n    <meta itemprop=\"interactionCount\" content=\"UserComments: 0\"\/>\n<\/div>                <\/div>\n            \t\n\t        \n<h4 itemprop=\"name\" class=\"entry-title edgtf-post-title\" >\n            <a itemprop=\"url\" href=\"https:\/\/www.santjosep.net\/ca\/olas-en-platges-de-comte-cala-conta-ibiza\/\" title=\"Onades a Platges de Comte (Cala Conta) &#8211; Eivissa\">\n            Onades a Platges de Comte (Cala Conta) &#8211; Eivissa            <\/a>\n    <\/h4>\n\t        <div class=\"edgtf-bli-info\">\n\t\t        <div class=\"edgtf-post-info-category\">\n    <a href=\"https:\/\/www.santjosep.net\/ca\/category\/passejades-ca\/\" rel=\"category tag\">Passejades<\/a>, <a href=\"https:\/\/www.santjosep.net\/ca\/category\/video-ca\/\" rel=\"category tag\">Video<\/a><\/div>\t        <\/div>\n\n\t        <div class=\"edgtf-bli-excerpt\">\n\t\t        \t\t<div class=\"edgtf-post-excerpt-holder\">\n\t\t\t<p itemprop=\"description\" class=\"edgtf-post-excerpt\">\n\t\t\t\tPlatges de Comte \u00e9s una de les platges m\u00e9s visitades d\u2019Eivissa durant la primavera i l\u2019estiu. A l\u2019 hivern no hi ha ni gandules, ni gent, ni para-sols i ni tan sols vaixells\t\t\t<\/p>\n\t\t<\/div>\n\t\t\t        \t<div class=\"edgtf-post-read-more-button\">\n\t\t<a itemprop=\"url\" href=\"https:\/\/www.santjosep.net\/ca\/olas-en-platges-de-comte-cala-conta-ibiza\/\" target=\"_self\"  class=\"edgtf-btn edgtf-btn-medium edgtf-btn-simple edgtf-btn-switch-line edgtf-blog-list-button\"  >\t\t\t<span class=\"edgtf-btn-icon-element\"><\/span>\t\t<span class=\"edgtf-btn-text\">Llegir m\u00e9s<span class=\"edgtf-btn-text-line\" ><\/span><span class=\"edgtf-btn-switch-line\" ><\/span><\/span>\t<\/a>\t<\/div>\n\t        <\/div>\n        <\/div>\n\t<\/div>\n<\/li><li class=\"edgtf-bl-item clearfix\">\n\t<div class=\"edgtf-bli-inner\">\n\t\t\n\t<div class=\"edgtf-post-image\">\n\t\t\t\t\t<a itemprop=\"url\" href=\"https:\/\/www.santjosep.net\/ca\/floracion-de-los-almendros-en-sant-josep-ibiza\/\" title=\"Floraci\u00f3 dels ametllers a Sant Josep- Eivissa\">\n\t\t\t\t\t\t\t\t\t<img loading=\"lazy\" decoding=\"async\" width=\"1000\" height=\"667\" src=\"https:\/\/www.santjosep.net\/wp-content\/uploads\/2016\/02\/almedroscover.jpg\" class=\"attachment-full size-full wp-post-image\" alt=\"\" srcset=\"https:\/\/www.santjosep.net\/wp-content\/uploads\/2016\/02\/almedroscover.jpg 1000w, https:\/\/www.santjosep.net\/wp-content\/uploads\/2016\/02\/almedroscover-300x200.jpg 300w, https:\/\/www.santjosep.net\/wp-content\/uploads\/2016\/02\/almedroscover-768x512.jpg 768w\" sizes=\"auto, (max-width: 1000px) 100vw, 1000px\" \/>\t\t\t\t\t\t\t\t<\/a>\n\t\t\t<\/div>\n        <div class=\"edgtf-bli-content\">\n                            <div class=\"edgtf-bli-date\">\n\t                <div itemprop=\"dateCreated\" class=\"edgtf-post-info-date entry-date published updated\">\n            <a itemprop=\"url\" href=\"https:\/\/www.santjosep.net\/ca\/2016\/01\/\">\n    \n        25 gener 2016        <\/a>\n    <meta itemprop=\"interactionCount\" content=\"UserComments: 0\"\/>\n<\/div>                <\/div>\n            \t\n\t        \n<h4 itemprop=\"name\" class=\"entry-title edgtf-post-title\" >\n            <a itemprop=\"url\" href=\"https:\/\/www.santjosep.net\/ca\/floracion-de-los-almendros-en-sant-josep-ibiza\/\" title=\"Floraci\u00f3 dels ametllers a Sant Josep- Eivissa\">\n            Floraci\u00f3 dels ametllers a Sant Josep- Eivissa            <\/a>\n    <\/h4>\n\t        <div class=\"edgtf-bli-info\">\n\t\t        <div class=\"edgtf-post-info-category\">\n    <a href=\"https:\/\/www.santjosep.net\/ca\/category\/video-ca\/\" rel=\"category tag\">Video<\/a><\/div>\t        <\/div>\n\n\t        <div class=\"edgtf-bli-excerpt\">\n\t\t        \t\t<div class=\"edgtf-post-excerpt-holder\">\n\t\t\t<p itemprop=\"description\" class=\"edgtf-post-excerpt\">\n\t\t\t\tCada any, a final de gener, el camp de Sant Josep es torna tot \u00a0blanc. La floraci\u00f3 dels ametllers anuncia l\u2019arribada de la primavera i ben aviat el paisatge ser\u00e0 tot verd.\t\t\t<\/p>\n\t\t<\/div>\n\t\t\t        \t<div class=\"edgtf-post-read-more-button\">\n\t\t<a itemprop=\"url\" href=\"https:\/\/www.santjosep.net\/ca\/floracion-de-los-almendros-en-sant-josep-ibiza\/\" target=\"_self\"  class=\"edgtf-btn edgtf-btn-medium edgtf-btn-simple edgtf-btn-switch-line edgtf-blog-list-button\"  >\t\t\t<span class=\"edgtf-btn-icon-element\"><\/span>\t\t<span class=\"edgtf-btn-text\">Llegir m\u00e9s<span class=\"edgtf-btn-text-line\" ><\/span><span class=\"edgtf-btn-switch-line\" ><\/span><\/span>\t<\/a>\t<\/div>\n\t        <\/div>\n        <\/div>\n\t<\/div>\n<\/li><li class=\"edgtf-bl-item clearfix\">\n\t<div class=\"edgtf-bli-inner\">\n\t\t\n\t<div class=\"edgtf-post-image\">\n\t\t\t\t\t<a itemprop=\"url\" href=\"https:\/\/www.santjosep.net\/ca\/10-razones-para-visitar-sant-josep-en-invierno\/\" title=\"10 raons per visitar Sant Josep (Eivissa) a l\u2019hivern\">\n\t\t\t\t\t\t\t\t\t<img loading=\"lazy\" decoding=\"async\" width=\"1000\" height=\"667\" src=\"https:\/\/www.santjosep.net\/wp-content\/uploads\/2016\/09\/esvedra.jpg\" class=\"attachment-full size-full wp-post-image\" alt=\"\" srcset=\"https:\/\/www.santjosep.net\/wp-content\/uploads\/2016\/09\/esvedra.jpg 1000w, https:\/\/www.santjosep.net\/wp-content\/uploads\/2016\/09\/esvedra-300x200.jpg 300w, https:\/\/www.santjosep.net\/wp-content\/uploads\/2016\/09\/esvedra-768x512.jpg 768w\" sizes=\"auto, (max-width: 1000px) 100vw, 1000px\" \/>\t\t\t\t\t\t\t\t<\/a>\n\t\t\t<\/div>\n        <div class=\"edgtf-bli-content\">\n                            <div class=\"edgtf-bli-date\">\n\t                <div itemprop=\"dateCreated\" class=\"edgtf-post-info-date entry-date published updated\">\n            <a itemprop=\"url\" href=\"https:\/\/www.santjosep.net\/ca\/2015\/12\/\">\n    \n        5 desembre 2015        <\/a>\n    <meta itemprop=\"interactionCount\" content=\"UserComments: 0\"\/>\n<\/div>                <\/div>\n            \t\n\t        \n<h4 itemprop=\"name\" class=\"entry-title edgtf-post-title\" >\n            <a itemprop=\"url\" href=\"https:\/\/www.santjosep.net\/ca\/10-razones-para-visitar-sant-josep-en-invierno\/\" title=\"10 raons per visitar Sant Josep (Eivissa) a l\u2019hivern\">\n            10 raons per visitar Sant Josep (Eivissa) a l\u2019hivern            <\/a>\n    <\/h4>\n\t        <div class=\"edgtf-bli-info\">\n\t\t        <div class=\"edgtf-post-info-category\">\n    <a href=\"https:\/\/www.santjosep.net\/ca\/category\/esdeveniments-ca\/\" rel=\"category tag\">Esdeveniments<\/a>, <a href=\"https:\/\/www.santjosep.net\/ca\/category\/passejades-ca\/\" rel=\"category tag\">Passejades<\/a>, <a href=\"https:\/\/www.santjosep.net\/ca\/category\/zones-ca\/\" rel=\"category tag\">Zones<\/a><\/div>\t        <\/div>\n\n\t        <div class=\"edgtf-bli-excerpt\">\n\t\t        \t\t<div class=\"edgtf-post-excerpt-holder\">\n\t\t\t<p itemprop=\"description\" class=\"edgtf-post-excerpt\">\n\t\t\t\t\r\n&nbsp;\r\n1. Sant Josep, un poble de cine\r\n\r\n\r\nLa tornada del cine a Sant Josep en un format bohemi que ens recorda als antics cines de barri, ha aconseguit tornar al poble la il\u00b7lusi\u00f3 per aquest art i l\u2019esplendor d\u2019antany. A m\u00e9s, la reobertura de l\u2019antic cine de Can Jeroni, avui dia convertit en Centre Cultural, fa que Sant Josep sigui un nou referent de l\u2019activitat cultural d\u2019Eivissa.\r\n\r\nEl Tapa-Cine\r\n\r\nCada divendres a les 20.30 es projecten pel\u00b7l\u00edcules de\t\t\t<\/p>\n\t\t<\/div>\n\t\t\t        \t<div class=\"edgtf-post-read-more-button\">\n\t\t<a itemprop=\"url\" href=\"https:\/\/www.santjosep.net\/ca\/10-razones-para-visitar-sant-josep-en-invierno\/\" target=\"_self\"  class=\"edgtf-btn edgtf-btn-medium edgtf-btn-simple edgtf-btn-switch-line edgtf-blog-list-button\"  >\t\t\t<span class=\"edgtf-btn-icon-element\"><\/span>\t\t<span class=\"edgtf-btn-text\">Llegir m\u00e9s<span class=\"edgtf-btn-text-line\" ><\/span><span class=\"edgtf-btn-switch-line\" ><\/span><\/span>\t<\/a>\t<\/div>\n\t        <\/div>\n        <\/div>\n\t<\/div>\n<\/li><li class=\"edgtf-bl-item clearfix\">\n\t<div class=\"edgtf-bli-inner\">\n\t\t\n\t<div class=\"edgtf-post-image\">\n\t\t\t\t\t<a itemprop=\"url\" href=\"https:\/\/www.santjosep.net\/ca\/sant-jordi-y-sant-francesc-los-dos-bellos-pueblos-del-sur-de-sant-josep\/\" title=\"Sant Jordi i Sant Francesc, dos pobles preciosos del sud de Sant Josep\">\n\t\t\t\t\t\t\t\t\t<img loading=\"lazy\" decoding=\"async\" width=\"1200\" height=\"800\" src=\"https:\/\/www.santjosep.net\/wp-content\/uploads\/2015\/07\/IMG_1138.jpg\" class=\"attachment-full size-full wp-post-image\" alt=\"\" srcset=\"https:\/\/www.santjosep.net\/wp-content\/uploads\/2015\/07\/IMG_1138.jpg 1200w, https:\/\/www.santjosep.net\/wp-content\/uploads\/2015\/07\/IMG_1138-300x200.jpg 300w, https:\/\/www.santjosep.net\/wp-content\/uploads\/2015\/07\/IMG_1138-1024x682.jpg 1024w\" sizes=\"auto, (max-width: 1200px) 100vw, 1200px\" \/>\t\t\t\t\t\t\t\t<\/a>\n\t\t\t<\/div>\n        <div class=\"edgtf-bli-content\">\n                            <div class=\"edgtf-bli-date\">\n\t                <div itemprop=\"dateCreated\" class=\"edgtf-post-info-date entry-date published updated\">\n            <a itemprop=\"url\" href=\"https:\/\/www.santjosep.net\/ca\/2015\/07\/\">\n    \n        20 juliol 2015        <\/a>\n    <meta itemprop=\"interactionCount\" content=\"UserComments: 0\"\/>\n<\/div>                <\/div>\n            \t\n\t        \n<h4 itemprop=\"name\" class=\"entry-title edgtf-post-title\" >\n            <a itemprop=\"url\" href=\"https:\/\/www.santjosep.net\/ca\/sant-jordi-y-sant-francesc-los-dos-bellos-pueblos-del-sur-de-sant-josep\/\" title=\"Sant Jordi i Sant Francesc, dos pobles preciosos del sud de Sant Josep\">\n            Sant Jordi i Sant Francesc, dos pobles preciosos del sud de Sant Josep            <\/a>\n    <\/h4>\n\t        <div class=\"edgtf-bli-info\">\n\t\t        <div class=\"edgtf-post-info-category\">\n    <a href=\"https:\/\/www.santjosep.net\/ca\/category\/pobles-ca\/\" rel=\"category tag\">Pobles<\/a>, <a href=\"https:\/\/www.santjosep.net\/ca\/category\/zones-ca\/\" rel=\"category tag\">Zones<\/a><\/div>\t        <\/div>\n\n\t        <div class=\"edgtf-bli-excerpt\">\n\t\t        \t\t<div class=\"edgtf-post-excerpt-holder\">\n\t\t\t<p itemprop=\"description\" class=\"edgtf-post-excerpt\">\n\t\t\t\tPassejar pel municipi de Sant Josep \u00e9s la millor manera de con\u00e8ixer m\u00e9s a fons tota la bellesa i l\u2019encant que amaga aquesta part de l\u2019illa. \u00c9s per aix\u00f2 que avui li dedicarem uns par\u00e0grafs als dos pobles que acabaran de completar el mapa del municipi.\r\n\r\n\r\n[su_row] \u00a0 \u00a0[\/su_row]\r\n\r\nSant Jordi de ses Salines \u00e9s el poble amb m\u00e9s habitants del municipi de Sant Josep. Aix\u00f2 \u00e9s probablement perqu\u00e8 pels volts es concentra un dels nuclis tur\u00edstics\t\t\t<\/p>\n\t\t<\/div>\n\t\t\t        \t<div class=\"edgtf-post-read-more-button\">\n\t\t<a itemprop=\"url\" href=\"https:\/\/www.santjosep.net\/ca\/sant-jordi-y-sant-francesc-los-dos-bellos-pueblos-del-sur-de-sant-josep\/\" target=\"_self\"  class=\"edgtf-btn edgtf-btn-medium edgtf-btn-simple edgtf-btn-switch-line edgtf-blog-list-button\"  >\t\t\t<span class=\"edgtf-btn-icon-element\"><\/span>\t\t<span class=\"edgtf-btn-text\">Llegir m\u00e9s<span class=\"edgtf-btn-text-line\" ><\/span><span class=\"edgtf-btn-switch-line\" ><\/span><\/span>\t<\/a>\t<\/div>\n\t        <\/div>\n        <\/div>\n\t<\/div>\n<\/li><li class=\"edgtf-bl-item clearfix\">\n\t<div class=\"edgtf-bli-inner\">\n\t\t\n\t<div class=\"edgtf-post-image\">\n\t\t\t\t\t<a itemprop=\"url\" href=\"https:\/\/www.santjosep.net\/ca\/6-ideas-una-guia-de-cala-jondal\/\" title=\"6 idees: una guia de platja des Jondal (Eivissa)\">\n\t\t\t\t\t\t\t\t\t<img loading=\"lazy\" decoding=\"async\" width=\"1200\" height=\"800\" src=\"https:\/\/www.santjosep.net\/wp-content\/uploads\/2015\/05\/desjondal.jpg\" class=\"attachment-full size-full wp-post-image\" alt=\"\" srcset=\"https:\/\/www.santjosep.net\/wp-content\/uploads\/2015\/05\/desjondal.jpg 1200w, https:\/\/www.santjosep.net\/wp-content\/uploads\/2015\/05\/desjondal-300x200.jpg 300w, https:\/\/www.santjosep.net\/wp-content\/uploads\/2015\/05\/desjondal-1024x683.jpg 1024w, https:\/\/www.santjosep.net\/wp-content\/uploads\/2015\/05\/desjondal-768x512.jpg 768w\" sizes=\"auto, (max-width: 1200px) 100vw, 1200px\" \/>\t\t\t\t\t\t\t\t<\/a>\n\t\t\t<\/div>\n        <div class=\"edgtf-bli-content\">\n                            <div class=\"edgtf-bli-date\">\n\t                <div itemprop=\"dateCreated\" class=\"edgtf-post-info-date entry-date published updated\">\n            <a itemprop=\"url\" href=\"https:\/\/www.santjosep.net\/ca\/2015\/05\/\">\n    \n        19 maig 2015        <\/a>\n    <meta itemprop=\"interactionCount\" content=\"UserComments: 0\"\/>\n<\/div>                <\/div>\n            \t\n\t        \n<h4 itemprop=\"name\" class=\"entry-title edgtf-post-title\" >\n            <a itemprop=\"url\" href=\"https:\/\/www.santjosep.net\/ca\/6-ideas-una-guia-de-cala-jondal\/\" title=\"6 idees: una guia de platja des Jondal (Eivissa)\">\n            6 idees: una guia de platja des Jondal (Eivissa)            <\/a>\n    <\/h4>\n\t        <div class=\"edgtf-bli-info\">\n\t\t        <div class=\"edgtf-post-info-category\">\n    <a href=\"https:\/\/www.santjosep.net\/ca\/category\/passejades-ca\/\" rel=\"category tag\">Passejades<\/a>, <a href=\"https:\/\/www.santjosep.net\/ca\/category\/postes-de-sol-ca\/\" rel=\"category tag\">Postes de sol<\/a>, <a href=\"https:\/\/www.santjosep.net\/ca\/category\/zones-ca\/\" rel=\"category tag\">Zones<\/a><\/div>\t        <\/div>\n\n\t        <div class=\"edgtf-bli-excerpt\">\n\t\t        \t\t<div class=\"edgtf-post-excerpt-holder\">\n\t\t\t<p itemprop=\"description\" class=\"edgtf-post-excerpt\">\n\t\t\t\tEl municipi de Sant Josep amaga platges paradis\u00edaques per tota la costa. Una d\u2019elles \u00e9s la imponent platja des Jondal, tamb\u00e9 coneguda com cala Jondal, molt a la moda i perfecte per passar les caloroses hores d\u2019estiu sota el recer dels para-sol o per banyant-vos a les seves aig\u00fces clares i turqueses. Una platja que no deixar\u00e0 indiferent a cap dels seus visitants. Aqu\u00ed us proposem algunes idees per a treure partit a aquest lloc\t\t\t<\/p>\n\t\t<\/div>\n\t\t\t        \t<div class=\"edgtf-post-read-more-button\">\n\t\t<a itemprop=\"url\" href=\"https:\/\/www.santjosep.net\/ca\/6-ideas-una-guia-de-cala-jondal\/\" target=\"_self\"  class=\"edgtf-btn edgtf-btn-medium edgtf-btn-simple edgtf-btn-switch-line edgtf-blog-list-button\"  >\t\t\t<span class=\"edgtf-btn-icon-element\"><\/span>\t\t<span class=\"edgtf-btn-text\">Llegir m\u00e9s<span class=\"edgtf-btn-text-line\" ><\/span><span class=\"edgtf-btn-switch-line\" ><\/span><\/span>\t<\/a>\t<\/div>\n\t        <\/div>\n        <\/div>\n\t<\/div>\n<\/li><li class=\"edgtf-bl-item clearfix\">\n\t<div class=\"edgtf-bli-inner\">\n\t\t\n\t<div class=\"edgtf-post-image\">\n\t\t\t\t\t<a itemprop=\"url\" href=\"https:\/\/www.santjosep.net\/ca\/bussejar-costa-eivissa\/\" title=\"Bussejar a la costa de Sant Josep, Eivissa\">\n\t\t\t\t\t\t\t\t\t<img loading=\"lazy\" decoding=\"async\" width=\"964\" height=\"643\" src=\"https:\/\/www.santjosep.net\/wp-content\/uploads\/2015\/03\/cover.jpg\" class=\"attachment-full size-full wp-post-image\" alt=\"\" srcset=\"https:\/\/www.santjosep.net\/wp-content\/uploads\/2015\/03\/cover.jpg 964w, https:\/\/www.santjosep.net\/wp-content\/uploads\/2015\/03\/cover-300x200.jpg 300w\" sizes=\"auto, (max-width: 964px) 100vw, 964px\" \/>\t\t\t\t\t\t\t\t<\/a>\n\t\t\t<\/div>\n        <div class=\"edgtf-bli-content\">\n                            <div class=\"edgtf-bli-date\">\n\t                <div itemprop=\"dateCreated\" class=\"edgtf-post-info-date entry-date published updated\">\n            <a itemprop=\"url\" href=\"https:\/\/www.santjosep.net\/ca\/2015\/03\/\">\n    \n        30 mar\u00e7 2015        <\/a>\n    <meta itemprop=\"interactionCount\" content=\"UserComments: 0\"\/>\n<\/div>                <\/div>\n            \t\n\t        \n<h4 itemprop=\"name\" class=\"entry-title edgtf-post-title\" >\n            <a itemprop=\"url\" href=\"https:\/\/www.santjosep.net\/ca\/bussejar-costa-eivissa\/\" title=\"Bussejar a la costa de Sant Josep, Eivissa\">\n            Bussejar a la costa de Sant Josep, Eivissa            <\/a>\n    <\/h4>\n\t        <div class=\"edgtf-bli-info\">\n\t\t        <div class=\"edgtf-post-info-category\">\n    <a href=\"https:\/\/www.santjosep.net\/ca\/category\/rutes-ca\/\" rel=\"category tag\">Rutes<\/a>, <a href=\"https:\/\/www.santjosep.net\/ca\/category\/zones-ca\/\" rel=\"category tag\">Zones<\/a><\/div>\t        <\/div>\n\n\t        <div class=\"edgtf-bli-excerpt\">\n\t\t        \t\t<div class=\"edgtf-post-excerpt-holder\">\n\t\t\t<p itemprop=\"description\" class=\"edgtf-post-excerpt\">\n\t\t\t\tCon\u00e8ixer a fons el municipi de Sant Josep no \u00e9s f\u00e0cil, ja que un dels tresors dignes de visita m\u00e9s preuats de la zona \u00e9s el seu espectacular fons mar\u00ed, nom\u00e9s a l\u2019abast dels m\u00e9s valents que s\u2019atreveixen a submergir-se en les seves aig\u00fces.\r\n\r\n&nbsp;\r\n\r\nBussejar a Eivissa, especialment a la costa de Sant Josep, que abasta quasi tota la meitat sud de l\u2019illa, \u00e9s una de les activitats m\u00e9s recomanables durant les vostres vacances a l\u2019illa.\t\t\t<\/p>\n\t\t<\/div>\n\t\t\t        \t<div class=\"edgtf-post-read-more-button\">\n\t\t<a itemprop=\"url\" href=\"https:\/\/www.santjosep.net\/ca\/bussejar-costa-eivissa\/\" target=\"_self\"  class=\"edgtf-btn edgtf-btn-medium edgtf-btn-simple edgtf-btn-switch-line edgtf-blog-list-button\"  >\t\t\t<span class=\"edgtf-btn-icon-element\"><\/span>\t\t<span class=\"edgtf-btn-text\">Llegir m\u00e9s<span class=\"edgtf-btn-text-line\" ><\/span><span class=\"edgtf-btn-switch-line\" ><\/span><\/span>\t<\/a>\t<\/div>\n\t        <\/div>\n        <\/div>\n\t<\/div>\n<\/li><li class=\"edgtf-bl-item clearfix\">\n\t<div class=\"edgtf-bli-inner\">\n\t\t\n\t<div class=\"edgtf-post-image\">\n\t\t\t\t\t<a itemprop=\"url\" href=\"https:\/\/www.santjosep.net\/ca\/6-idees-una-guia-de-platja-den-bossa-ibiza\/\" title=\"6 idees: una guia de Platja d\u2019en Bossa (Eivissa)\">\n\t\t\t\t\t\t\t\t\t<img loading=\"lazy\" decoding=\"async\" width=\"1200\" height=\"800\" src=\"https:\/\/www.santjosep.net\/wp-content\/uploads\/2015\/02\/calaconta.jpg\" class=\"attachment-full size-full wp-post-image\" alt=\"\" srcset=\"https:\/\/www.santjosep.net\/wp-content\/uploads\/2015\/02\/calaconta.jpg 1200w, https:\/\/www.santjosep.net\/wp-content\/uploads\/2015\/02\/calaconta-300x200.jpg 300w, https:\/\/www.santjosep.net\/wp-content\/uploads\/2015\/02\/calaconta-1024x683.jpg 1024w, https:\/\/www.santjosep.net\/wp-content\/uploads\/2015\/02\/calaconta-768x512.jpg 768w\" sizes=\"auto, (max-width: 1200px) 100vw, 1200px\" \/>\t\t\t\t\t\t\t\t<\/a>\n\t\t\t<\/div>\n        <div class=\"edgtf-bli-content\">\n                            <div class=\"edgtf-bli-date\">\n\t                <div itemprop=\"dateCreated\" class=\"edgtf-post-info-date entry-date published updated\">\n            <a itemprop=\"url\" href=\"https:\/\/www.santjosep.net\/ca\/2015\/02\/\">\n    \n        22 febrer 2015        <\/a>\n    <meta itemprop=\"interactionCount\" content=\"UserComments: 0\"\/>\n<\/div>                <\/div>\n            \t\n\t        \n<h4 itemprop=\"name\" class=\"entry-title edgtf-post-title\" >\n            <a itemprop=\"url\" href=\"https:\/\/www.santjosep.net\/ca\/6-idees-una-guia-de-platja-den-bossa-ibiza\/\" title=\"6 idees: una guia de Platja d\u2019en Bossa (Eivissa)\">\n            6 idees: una guia de Platja d\u2019en Bossa (Eivissa)            <\/a>\n    <\/h4>\n\t        <div class=\"edgtf-bli-info\">\n\t\t        <div class=\"edgtf-post-info-category\">\n    <a href=\"https:\/\/www.santjosep.net\/ca\/category\/passejades-ca\/\" rel=\"category tag\">Passejades<\/a>, <a href=\"https:\/\/www.santjosep.net\/ca\/category\/postes-de-sol-ca\/\" rel=\"category tag\">Postes de sol<\/a>, <a href=\"https:\/\/www.santjosep.net\/ca\/category\/zones-ca\/\" rel=\"category tag\">Zones<\/a><\/div>\t        <\/div>\n\n\t        <div class=\"edgtf-bli-excerpt\">\n\t\t        \t\t<div class=\"edgtf-post-excerpt-holder\">\n\t\t\t<p itemprop=\"description\" class=\"edgtf-post-excerpt\">\n\t\t\t\tEivissa \u00e9s coneguda al voltant del m\u00f3n per les seves platges i l\u2019ambient desenfadat, per\u00f2 nom\u00e9s a Platja d\u2019en Bossa trobareu el lloc perfecte per viure a fons aquesta experi\u00e8ncia. Coneguda com \u00a0la platja m\u00e9s extensa de l\u2019illa, \u00e9s un dels llocs m\u00e9s cosmopolites del municipi amb una \u00e0mplia oferta d\u2019oci, tant di\u00fcrna com nocturna. Aqu\u00ed us proposem unes idees per con\u00e8ixer millor el lloc:\r\nMENJAR\r\n\r\n[su_row] \u00a0 \u00a0[\/su_row]\r\n\r\nPlatja d\u2019en Bossa \u00e9s especialista a satisfer tots els\t\t\t<\/p>\n\t\t<\/div>\n\t\t\t        \t<div class=\"edgtf-post-read-more-button\">\n\t\t<a itemprop=\"url\" href=\"https:\/\/www.santjosep.net\/ca\/6-idees-una-guia-de-platja-den-bossa-ibiza\/\" target=\"_self\"  class=\"edgtf-btn edgtf-btn-medium edgtf-btn-simple edgtf-btn-switch-line edgtf-blog-list-button\"  >\t\t\t<span class=\"edgtf-btn-icon-element\"><\/span>\t\t<span class=\"edgtf-btn-text\">Llegir m\u00e9s<span class=\"edgtf-btn-text-line\" ><\/span><span class=\"edgtf-btn-switch-line\" ><\/span><\/span>\t<\/a>\t<\/div>\n\t        <\/div>\n        <\/div>\n\t<\/div>\n<\/li><li class=\"edgtf-bl-item clearfix\">\n\t<div class=\"edgtf-bli-inner\">\n\t\t\n\t<div class=\"edgtf-post-image\">\n\t\t\t\t\t<a itemprop=\"url\" href=\"https:\/\/www.santjosep.net\/ca\/6-idees-una-guia-de-platges-de-comte-cala-conta-ibiza\/\" title=\"6 idees: una guia de platges de Comte (platges de Comte- Eivissa)\">\n\t\t\t\t\t\t\t\t\t<img loading=\"lazy\" decoding=\"async\" width=\"1200\" height=\"800\" src=\"https:\/\/www.santjosep.net\/wp-content\/uploads\/2015\/02\/calaconta__6IDEAS_IMG_0007.jpg\" class=\"attachment-full size-full wp-post-image\" alt=\"\" srcset=\"https:\/\/www.santjosep.net\/wp-content\/uploads\/2015\/02\/calaconta__6IDEAS_IMG_0007.jpg 1200w, https:\/\/www.santjosep.net\/wp-content\/uploads\/2015\/02\/calaconta__6IDEAS_IMG_0007-300x200.jpg 300w, https:\/\/www.santjosep.net\/wp-content\/uploads\/2015\/02\/calaconta__6IDEAS_IMG_0007-1024x682.jpg 1024w\" sizes=\"auto, (max-width: 1200px) 100vw, 1200px\" \/>\t\t\t\t\t\t\t\t<\/a>\n\t\t\t<\/div>\n        <div class=\"edgtf-bli-content\">\n                            <div class=\"edgtf-bli-date\">\n\t                <div itemprop=\"dateCreated\" class=\"edgtf-post-info-date entry-date published updated\">\n            <a itemprop=\"url\" href=\"https:\/\/www.santjosep.net\/ca\/2015\/02\/\">\n    \n        10 febrer 2015        <\/a>\n    <meta itemprop=\"interactionCount\" content=\"UserComments: 0\"\/>\n<\/div>                <\/div>\n            \t\n\t        \n<h4 itemprop=\"name\" class=\"entry-title edgtf-post-title\" >\n            <a itemprop=\"url\" href=\"https:\/\/www.santjosep.net\/ca\/6-idees-una-guia-de-platges-de-comte-cala-conta-ibiza\/\" title=\"6 idees: una guia de platges de Comte (platges de Comte- Eivissa)\">\n            6 idees: una guia de platges de Comte (platges de Comte- Eivissa)            <\/a>\n    <\/h4>\n\t        <div class=\"edgtf-bli-info\">\n\t\t        <div class=\"edgtf-post-info-category\">\n    <a href=\"https:\/\/www.santjosep.net\/ca\/category\/passejades-ca\/\" rel=\"category tag\">Passejades<\/a>, <a href=\"https:\/\/www.santjosep.net\/ca\/category\/postes-de-sol-ca\/\" rel=\"category tag\">Postes de sol<\/a>, <a href=\"https:\/\/www.santjosep.net\/ca\/category\/zones-ca\/\" rel=\"category tag\">Zones<\/a><\/div>\t        <\/div>\n\n\t        <div class=\"edgtf-bli-excerpt\">\n\t\t        \t\t<div class=\"edgtf-post-excerpt-holder\">\n\t\t\t<p itemprop=\"description\" class=\"edgtf-post-excerpt\">\n\t\t\t\tUnes vacances perfectes a Eivissa inclouen sempre dies de sol a la platja i banys refrescants al mar. No hi ha res millor que gaudir de tot aix\u00f2 en un lloc tan id\u00edl\u00b7lic com platges de Comte, on les seves aig\u00fces turqueses i l\u2019excepcional posta de sol fan que aquest lloc no tingui res a envejar a les paradis\u00edaques platges del Carib. \u00a0Gaudiu d\u2019un dia complet a platges de Comte, on podreu:\r\nMENJAR\r\n\r\n[su_row] \u00a0 \u00a0[\/su_row]\r\n\r\nPlatges de\t\t\t<\/p>\n\t\t<\/div>\n\t\t\t        \t<div class=\"edgtf-post-read-more-button\">\n\t\t<a itemprop=\"url\" href=\"https:\/\/www.santjosep.net\/ca\/6-idees-una-guia-de-platges-de-comte-cala-conta-ibiza\/\" target=\"_self\"  class=\"edgtf-btn edgtf-btn-medium edgtf-btn-simple edgtf-btn-switch-line edgtf-blog-list-button\"  >\t\t\t<span class=\"edgtf-btn-icon-element\"><\/span>\t\t<span class=\"edgtf-btn-text\">Llegir m\u00e9s<span class=\"edgtf-btn-text-line\" ><\/span><span class=\"edgtf-btn-switch-line\" ><\/span><\/span>\t<\/a>\t<\/div>\n\t        <\/div>\n        <\/div>\n\t<\/div>\n<\/li><li class=\"edgtf-bl-item clearfix\">\n\t<div class=\"edgtf-bli-inner\">\n\t\t\n\t<div class=\"edgtf-post-image\">\n\t\t\t\t\t<a itemprop=\"url\" href=\"https:\/\/www.santjosep.net\/ca\/la-matanca-del-porc-a-eivissa\/\" title=\"La matan\u00e7a del porc a Eivissa\">\n\t\t\t\t\t\t\t\t\t<img loading=\"lazy\" decoding=\"async\" width=\"1200\" height=\"800\" src=\"https:\/\/www.santjosep.net\/wp-content\/uploads\/2015\/01\/IMG_2501.jpg\" class=\"attachment-full size-full wp-post-image\" alt=\"\" srcset=\"https:\/\/www.santjosep.net\/wp-content\/uploads\/2015\/01\/IMG_2501.jpg 1200w, https:\/\/www.santjosep.net\/wp-content\/uploads\/2015\/01\/IMG_2501-300x200.jpg 300w, https:\/\/www.santjosep.net\/wp-content\/uploads\/2015\/01\/IMG_2501-1024x682.jpg 1024w\" sizes=\"auto, (max-width: 1200px) 100vw, 1200px\" \/>\t\t\t\t\t\t\t\t<\/a>\n\t\t\t<\/div>\n        <div class=\"edgtf-bli-content\">\n                            <div class=\"edgtf-bli-date\">\n\t                <div itemprop=\"dateCreated\" class=\"edgtf-post-info-date entry-date published updated\">\n            <a itemprop=\"url\" href=\"https:\/\/www.santjosep.net\/ca\/2015\/01\/\">\n    \n        30 gener 2015        <\/a>\n    <meta itemprop=\"interactionCount\" content=\"UserComments: 0\"\/>\n<\/div>                <\/div>\n            \t\n\t        \n<h4 itemprop=\"name\" class=\"entry-title edgtf-post-title\" >\n            <a itemprop=\"url\" href=\"https:\/\/www.santjosep.net\/ca\/la-matanca-del-porc-a-eivissa\/\" title=\"La matan\u00e7a del porc a Eivissa\">\n            La matan\u00e7a del porc a Eivissa            <\/a>\n    <\/h4>\n\t        <div class=\"edgtf-bli-info\">\n\t\t        <div class=\"edgtf-post-info-category\">\n    <a href=\"https:\/\/www.santjosep.net\/ca\/category\/pobles-ca\/\" rel=\"category tag\">Pobles<\/a><\/div>\t        <\/div>\n\n\t        <div class=\"edgtf-bli-excerpt\">\n\t\t        \t\t<div class=\"edgtf-post-excerpt-holder\">\n\t\t\t<p itemprop=\"description\" class=\"edgtf-post-excerpt\">\n\t\t\t\t\u2018\u2019Sa matan\u00e7a\u2019\u2019, nom amb el que popularment es coneix l\u2019acci\u00f3 del sacrifici del porc per al seu aprofitament alimentari, \u00e9s una tradici\u00f3 centen\u00e0ria que es celebra cada any a les cases eivissenques. D\u2019aquesta matan\u00e7a sortien sobrassades, botifarres, cansalada\t\t\t<\/p>\n\t\t<\/div>\n\t\t\t        \t<div class=\"edgtf-post-read-more-button\">\n\t\t<a itemprop=\"url\" href=\"https:\/\/www.santjosep.net\/ca\/la-matanca-del-porc-a-eivissa\/\" target=\"_self\"  class=\"edgtf-btn edgtf-btn-medium edgtf-btn-simple edgtf-btn-switch-line edgtf-blog-list-button\"  >\t\t\t<span class=\"edgtf-btn-icon-element\"><\/span>\t\t<span class=\"edgtf-btn-text\">Llegir m\u00e9s<span class=\"edgtf-btn-text-line\" ><\/span><span class=\"edgtf-btn-switch-line\" ><\/span><\/span>\t<\/a>\t<\/div>\n\t        <\/div>\n        <\/div>\n\t<\/div>\n<\/li><li class=\"edgtf-bl-item clearfix\">\n\t<div class=\"edgtf-bli-inner\">\n\t\t\n\t<div class=\"edgtf-post-image\">\n\t\t\t\t\t<a itemprop=\"url\" href=\"https:\/\/www.santjosep.net\/ca\/visita-al-poble-de-es-cubells-ibiza\/\" title=\"Visita al poble des Cubells- Eivissa\">\n\t\t\t\t\t\t\t\t\t<img loading=\"lazy\" decoding=\"async\" width=\"1200\" height=\"800\" src=\"https:\/\/www.santjosep.net\/wp-content\/uploads\/2014\/12\/IMG_0900.jpg\" class=\"attachment-full size-full wp-post-image\" alt=\"\" srcset=\"https:\/\/www.santjosep.net\/wp-content\/uploads\/2014\/12\/IMG_0900.jpg 1200w, https:\/\/www.santjosep.net\/wp-content\/uploads\/2014\/12\/IMG_0900-300x200.jpg 300w, https:\/\/www.santjosep.net\/wp-content\/uploads\/2014\/12\/IMG_0900-1024x682.jpg 1024w\" sizes=\"auto, (max-width: 1200px) 100vw, 1200px\" \/>\t\t\t\t\t\t\t\t<\/a>\n\t\t\t<\/div>\n        <div class=\"edgtf-bli-content\">\n                            <div class=\"edgtf-bli-date\">\n\t                <div itemprop=\"dateCreated\" class=\"edgtf-post-info-date entry-date published updated\">\n            <a itemprop=\"url\" href=\"https:\/\/www.santjosep.net\/ca\/2014\/12\/\">\n    \n        15 desembre 2014        <\/a>\n    <meta itemprop=\"interactionCount\" content=\"UserComments: 0\"\/>\n<\/div>                <\/div>\n            \t\n\t        \n<h4 itemprop=\"name\" class=\"entry-title edgtf-post-title\" >\n            <a itemprop=\"url\" href=\"https:\/\/www.santjosep.net\/ca\/visita-al-poble-de-es-cubells-ibiza\/\" title=\"Visita al poble des Cubells- Eivissa\">\n            Visita al poble des Cubells- Eivissa            <\/a>\n    <\/h4>\n\t        <div class=\"edgtf-bli-info\">\n\t\t        <div class=\"edgtf-post-info-category\">\n    <a href=\"https:\/\/www.santjosep.net\/ca\/category\/passejades-ca\/\" rel=\"category tag\">Passejades<\/a>, <a href=\"https:\/\/www.santjosep.net\/ca\/category\/pobles-ca\/\" rel=\"category tag\">Pobles<\/a>, <a href=\"https:\/\/www.santjosep.net\/ca\/category\/rutes-ca\/\" rel=\"category tag\">Rutes<\/a>, <a href=\"https:\/\/www.santjosep.net\/ca\/category\/zones-ca\/\" rel=\"category tag\">Zones<\/a><\/div>\t        <\/div>\n\n\t        <div class=\"edgtf-bli-excerpt\">\n\t\t        \t\t<div class=\"edgtf-post-excerpt-holder\">\n\t\t\t<p itemprop=\"description\" class=\"edgtf-post-excerpt\">\n\t\t\t\tAqu\u00ed sembla com si el temps s\u2019hagu\u00e9s parat. Allunyat de tot el tr\u00e0fec de l\u2019illa durant l\u2019\u00e8poca estival, \u00e9s un dels pocs enclavaments de l\u2019illa on encara regna la bellesa i la tranquil\u00b7litat dels pobles d\u2019antany.\r\n\r\nEs tracta d\u2019un dels pobles m\u00e9s a\u00efllats de l\u2019illa, situat al sud-oest del municipi de Sant Josep de sa Talaia. El seu nom, a difer\u00e8ncia dels altres pobles de l\u2019illa, s\u2019agafa de l\u2019antic nom de la v\u00e9nda central, en comptes\t\t\t<\/p>\n\t\t<\/div>\n\t\t\t        \t<div class=\"edgtf-post-read-more-button\">\n\t\t<a itemprop=\"url\" href=\"https:\/\/www.santjosep.net\/ca\/visita-al-poble-de-es-cubells-ibiza\/\" target=\"_self\"  class=\"edgtf-btn edgtf-btn-medium edgtf-btn-simple edgtf-btn-switch-line edgtf-blog-list-button\"  >\t\t\t<span class=\"edgtf-btn-icon-element\"><\/span>\t\t<span class=\"edgtf-btn-text\">Llegir m\u00e9s<span class=\"edgtf-btn-text-line\" ><\/span><span class=\"edgtf-btn-switch-line\" ><\/span><\/span>\t<\/a>\t<\/div>\n\t        <\/div>\n        <\/div>\n\t<\/div>\n<\/li><li class=\"edgtf-bl-item clearfix\">\n\t<div class=\"edgtf-bli-inner\">\n\t\t\n\t<div class=\"edgtf-post-image\">\n\t\t\t\t\t<a itemprop=\"url\" href=\"https:\/\/www.santjosep.net\/ca\/descobriu-las-torres-de-defensa-de-sant-josep-eivissa\/\" title=\"Descobriu les torres de defensa de Sant Josep, Eivissa\">\n\t\t\t\t\t\t\t\t\t<img loading=\"lazy\" decoding=\"async\" width=\"800\" height=\"533\" src=\"https:\/\/www.santjosep.net\/wp-content\/uploads\/2017\/05\/1-1.jpg\" class=\"attachment-full size-full wp-post-image\" alt=\"\" srcset=\"https:\/\/www.santjosep.net\/wp-content\/uploads\/2017\/05\/1-1.jpg 800w, https:\/\/www.santjosep.net\/wp-content\/uploads\/2017\/05\/1-1-300x200.jpg 300w, https:\/\/www.santjosep.net\/wp-content\/uploads\/2017\/05\/1-1-768x512.jpg 768w\" sizes=\"auto, (max-width: 800px) 100vw, 800px\" \/>\t\t\t\t\t\t\t\t<\/a>\n\t\t\t<\/div>\n        <div class=\"edgtf-bli-content\">\n                            <div class=\"edgtf-bli-date\">\n\t                <div itemprop=\"dateCreated\" class=\"edgtf-post-info-date entry-date published updated\">\n            <a itemprop=\"url\" href=\"https:\/\/www.santjosep.net\/ca\/2014\/12\/\">\n    \n        3 desembre 2014        <\/a>\n    <meta itemprop=\"interactionCount\" content=\"UserComments: 0\"\/>\n<\/div>                <\/div>\n            \t\n\t        \n<h4 itemprop=\"name\" class=\"entry-title edgtf-post-title\" >\n            <a itemprop=\"url\" href=\"https:\/\/www.santjosep.net\/ca\/descobriu-las-torres-de-defensa-de-sant-josep-eivissa\/\" title=\"Descobriu les torres de defensa de Sant Josep, Eivissa\">\n            Descobriu les torres de defensa de Sant Josep, Eivissa            <\/a>\n    <\/h4>\n\t        <div class=\"edgtf-bli-info\">\n\t\t        <div class=\"edgtf-post-info-category\">\n    <a href=\"https:\/\/www.santjosep.net\/ca\/category\/rutes-ca\/\" rel=\"category tag\">Rutes<\/a>, <a href=\"https:\/\/www.santjosep.net\/ca\/category\/zones-ca\/\" rel=\"category tag\">Zones<\/a><\/div>\t        <\/div>\n\n\t        <div class=\"edgtf-bli-excerpt\">\n\t\t        \t\t<div class=\"edgtf-post-excerpt-holder\">\n\t\t\t<p itemprop=\"description\" class=\"edgtf-post-excerpt\">\n\t\t\t\tS\u00f3n molts els vestigis arquitect\u00f2nics del passat que es troben avui dia al paisatge eivissenc. Un dels que m\u00e9s criden l\u2019atenci\u00f3 s\u00f3n les torres de defensa que encara es mantenen en peus a les costes eivissenques. S\u00f3n un total de set torres costaneres a la Piti\u00fcsa major, quatre de les quals es troben al municipi de Sant Josep de sa Talaia.\r\n\r\nAquestes torres es varen construir entre els segles XVI i XVIII amb l\u2019objectiu de protegir\t\t\t<\/p>\n\t\t<\/div>\n\t\t\t        \t<div class=\"edgtf-post-read-more-button\">\n\t\t<a itemprop=\"url\" href=\"https:\/\/www.santjosep.net\/ca\/descobriu-las-torres-de-defensa-de-sant-josep-eivissa\/\" target=\"_self\"  class=\"edgtf-btn edgtf-btn-medium edgtf-btn-simple edgtf-btn-switch-line edgtf-blog-list-button\"  >\t\t\t<span class=\"edgtf-btn-icon-element\"><\/span>\t\t<span class=\"edgtf-btn-text\">Llegir m\u00e9s<span class=\"edgtf-btn-text-line\" ><\/span><span class=\"edgtf-btn-switch-line\" ><\/span><\/span>\t<\/a>\t<\/div>\n\t        <\/div>\n        <\/div>\n\t<\/div>\n<\/li><li class=\"edgtf-bl-item clearfix\">\n\t<div class=\"edgtf-bli-inner\">\n\t\t\n\t<div class=\"edgtf-post-image\">\n\t\t\t\t\t<a itemprop=\"url\" href=\"https:\/\/www.santjosep.net\/ca\/visita-al-parc-natural-de-ses-salines\/\" title=\"Visita al Parc Natural de ses Salines\">\n\t\t\t\t\t\t\t\t\t<img loading=\"lazy\" decoding=\"async\" width=\"1200\" height=\"800\" src=\"https:\/\/www.santjosep.net\/wp-content\/uploads\/2014\/11\/sessalinesparque_IMG_9843.jpg\" class=\"attachment-full size-full wp-post-image\" alt=\"\" srcset=\"https:\/\/www.santjosep.net\/wp-content\/uploads\/2014\/11\/sessalinesparque_IMG_9843.jpg 1200w, https:\/\/www.santjosep.net\/wp-content\/uploads\/2014\/11\/sessalinesparque_IMG_9843-300x200.jpg 300w, https:\/\/www.santjosep.net\/wp-content\/uploads\/2014\/11\/sessalinesparque_IMG_9843-1024x682.jpg 1024w\" sizes=\"auto, (max-width: 1200px) 100vw, 1200px\" \/>\t\t\t\t\t\t\t\t<\/a>\n\t\t\t<\/div>\n        <div class=\"edgtf-bli-content\">\n                            <div class=\"edgtf-bli-date\">\n\t                <div itemprop=\"dateCreated\" class=\"edgtf-post-info-date entry-date published updated\">\n            <a itemprop=\"url\" href=\"https:\/\/www.santjosep.net\/ca\/2014\/11\/\">\n    \n        10 novembre 2014        <\/a>\n    <meta itemprop=\"interactionCount\" content=\"UserComments: 0\"\/>\n<\/div>                <\/div>\n            \t\n\t        \n<h4 itemprop=\"name\" class=\"entry-title edgtf-post-title\" >\n            <a itemprop=\"url\" href=\"https:\/\/www.santjosep.net\/ca\/visita-al-parc-natural-de-ses-salines\/\" title=\"Visita al Parc Natural de ses Salines\">\n            Visita al Parc Natural de ses Salines            <\/a>\n    <\/h4>\n\t        <div class=\"edgtf-bli-info\">\n\t\t        <div class=\"edgtf-post-info-category\">\n    <a href=\"https:\/\/www.santjosep.net\/ca\/category\/passejades-ca\/\" rel=\"category tag\">Passejades<\/a>, <a href=\"https:\/\/www.santjosep.net\/ca\/category\/rutes-ca\/\" rel=\"category tag\">Rutes<\/a><\/div>\t        <\/div>\n\n\t        <div class=\"edgtf-bli-excerpt\">\n\t\t        \t\t<div class=\"edgtf-post-excerpt-holder\">\n\t\t\t<p itemprop=\"description\" class=\"edgtf-post-excerpt\">\n\t\t\t\tUn dels paratges m\u00e9s impressionants d\u2019Eivissa \u00e9s el Parc Natural de ses Salines, situat al sud de l\u2019illa i declarat com a tal l\u2019any 2001. L\u2019activitat d\u2019extracci\u00f3 de sal, duta a terme en aquesta zona des de fa centenars d\u2019anys, ha conformat un paisatge peculiar, una zona humida en la qual hi descansen i nidifiquen nombroses aus en les seves migracions. Incomptables valors ecol\u00f2gics, paisatg\u00edstics, hist\u00f2rics i culturals concentrats en 3.000 hect\u00e0rees terrestres i 13.000\t\t\t<\/p>\n\t\t<\/div>\n\t\t\t        \t<div class=\"edgtf-post-read-more-button\">\n\t\t<a itemprop=\"url\" href=\"https:\/\/www.santjosep.net\/ca\/visita-al-parc-natural-de-ses-salines\/\" target=\"_self\"  class=\"edgtf-btn edgtf-btn-medium edgtf-btn-simple edgtf-btn-switch-line edgtf-blog-list-button\"  >\t\t\t<span class=\"edgtf-btn-icon-element\"><\/span>\t\t<span class=\"edgtf-btn-text\">Llegir m\u00e9s<span class=\"edgtf-btn-text-line\" ><\/span><span class=\"edgtf-btn-switch-line\" ><\/span><\/span>\t<\/a>\t<\/div>\n\t        <\/div>\n        <\/div>\n\t<\/div>\n<\/li><li class=\"edgtf-bl-item clearfix\">\n\t<div class=\"edgtf-bli-inner\">\n\t\t\n\t<div class=\"edgtf-post-image\">\n\t\t\t\t\t<a itemprop=\"url\" href=\"https:\/\/www.santjosep.net\/ca\/5-idees-per-gaudir-tardor-sant-josep-eivissa\/\" title=\"5 idees per gaudir de la tardor a Sant Josep, Eivissa\">\n\t\t\t\t\t\t\t\t\t<img loading=\"lazy\" decoding=\"async\" width=\"1200\" height=\"823\" src=\"https:\/\/www.santjosep.net\/wp-content\/uploads\/2014\/10\/puesta_DSC00234.jpg\" class=\"attachment-full size-full wp-post-image\" alt=\"\" srcset=\"https:\/\/www.santjosep.net\/wp-content\/uploads\/2014\/10\/puesta_DSC00234.jpg 1200w, https:\/\/www.santjosep.net\/wp-content\/uploads\/2014\/10\/puesta_DSC00234-300x205.jpg 300w, https:\/\/www.santjosep.net\/wp-content\/uploads\/2014\/10\/puesta_DSC00234-1024x702.jpg 1024w\" sizes=\"auto, (max-width: 1200px) 100vw, 1200px\" \/>\t\t\t\t\t\t\t\t<\/a>\n\t\t\t<\/div>\n        <div class=\"edgtf-bli-content\">\n                            <div class=\"edgtf-bli-date\">\n\t                <div itemprop=\"dateCreated\" class=\"edgtf-post-info-date entry-date published updated\">\n            <a itemprop=\"url\" href=\"https:\/\/www.santjosep.net\/ca\/2014\/10\/\">\n    \n        27 octubre 2014        <\/a>\n    <meta itemprop=\"interactionCount\" content=\"UserComments: 0\"\/>\n<\/div>                <\/div>\n            \t\n\t        \n<h4 itemprop=\"name\" class=\"entry-title edgtf-post-title\" >\n            <a itemprop=\"url\" href=\"https:\/\/www.santjosep.net\/ca\/5-idees-per-gaudir-tardor-sant-josep-eivissa\/\" title=\"5 idees per gaudir de la tardor a Sant Josep, Eivissa\">\n            5 idees per gaudir de la tardor a Sant Josep, Eivissa            <\/a>\n    <\/h4>\n\t        <div class=\"edgtf-bli-info\">\n\t\t        <div class=\"edgtf-post-info-category\">\n    <a href=\"https:\/\/www.santjosep.net\/ca\/category\/uncategorized-ca\/\" rel=\"category tag\">Uncategorized @ca<\/a><\/div>\t        <\/div>\n\n\t        <div class=\"edgtf-bli-excerpt\">\n\t\t        \t\t<div class=\"edgtf-post-excerpt-holder\">\n\t\t\t<p itemprop=\"description\" class=\"edgtf-post-excerpt\">\n\t\t\t\tTot i que Eivissa i concretament la zona de Sant Josep \u00e9s coneguda per les platges i l\u2019ambient festiu de l\u2019estiu, la tardor \u00e9s una estaci\u00f3 perfecta per gaudir de l\u2019illa. Temperatures suaus, cap tipus d\u2019 atrafegament, ideal per a practicar esport i fer activitats a l\u2019aire lliure\t\t\t<\/p>\n\t\t<\/div>\n\t\t\t        \t<div class=\"edgtf-post-read-more-button\">\n\t\t<a itemprop=\"url\" href=\"https:\/\/www.santjosep.net\/ca\/5-idees-per-gaudir-tardor-sant-josep-eivissa\/\" target=\"_self\"  class=\"edgtf-btn edgtf-btn-medium edgtf-btn-simple edgtf-btn-switch-line edgtf-blog-list-button\"  >\t\t\t<span class=\"edgtf-btn-icon-element\"><\/span>\t\t<span class=\"edgtf-btn-text\">Llegir m\u00e9s<span class=\"edgtf-btn-text-line\" ><\/span><span class=\"edgtf-btn-switch-line\" ><\/span><\/span>\t<\/a>\t<\/div>\n\t        <\/div>\n        <\/div>\n\t<\/div>\n<\/li><li class=\"edgtf-bl-item clearfix\">\n\t<div class=\"edgtf-bli-inner\">\n\t\t\n\t<div class=\"edgtf-post-image\">\n\t\t\t\t\t<a itemprop=\"url\" href=\"https:\/\/www.santjosep.net\/ca\/una-ruta-en-barco-por-la-costa-oeste-de-sant-josep-ibiza\/\" title=\"Una ruta amb vaixell per la costa oest de Sant Josep, Eivissa.\">\n\t\t\t\t\t\t\t\t\t<img loading=\"lazy\" decoding=\"async\" width=\"1200\" height=\"800\" src=\"https:\/\/www.santjosep.net\/wp-content\/uploads\/2014\/08\/IMG_0385.jpg\" class=\"attachment-full size-full wp-post-image\" alt=\"\" srcset=\"https:\/\/www.santjosep.net\/wp-content\/uploads\/2014\/08\/IMG_0385.jpg 1200w, https:\/\/www.santjosep.net\/wp-content\/uploads\/2014\/08\/IMG_0385-300x200.jpg 300w, https:\/\/www.santjosep.net\/wp-content\/uploads\/2014\/08\/IMG_0385-1024x682.jpg 1024w\" sizes=\"auto, (max-width: 1200px) 100vw, 1200px\" \/>\t\t\t\t\t\t\t\t<\/a>\n\t\t\t<\/div>\n        <div class=\"edgtf-bli-content\">\n                            <div class=\"edgtf-bli-date\">\n\t                <div itemprop=\"dateCreated\" class=\"edgtf-post-info-date entry-date published updated\">\n            <a itemprop=\"url\" href=\"https:\/\/www.santjosep.net\/ca\/2014\/08\/\">\n    \n        7 agost 2014        <\/a>\n    <meta itemprop=\"interactionCount\" content=\"UserComments: 0\"\/>\n<\/div>                <\/div>\n            \t\n\t        \n<h4 itemprop=\"name\" class=\"entry-title edgtf-post-title\" >\n            <a itemprop=\"url\" href=\"https:\/\/www.santjosep.net\/ca\/una-ruta-en-barco-por-la-costa-oeste-de-sant-josep-ibiza\/\" title=\"Una ruta amb vaixell per la costa oest de Sant Josep, Eivissa.\">\n            Una ruta amb vaixell per la costa oest de Sant Josep, Eivissa.            <\/a>\n    <\/h4>\n\t        <div class=\"edgtf-bli-info\">\n\t\t        <div class=\"edgtf-post-info-category\">\n    <a href=\"https:\/\/www.santjosep.net\/ca\/category\/esdeveniments-ca\/\" rel=\"category tag\">Esdeveniments<\/a>, <a href=\"https:\/\/www.santjosep.net\/ca\/category\/rutes-ca\/\" rel=\"category tag\">Rutes<\/a>, <a href=\"https:\/\/www.santjosep.net\/ca\/category\/zones-ca\/\" rel=\"category tag\">Zones<\/a><\/div>\t        <\/div>\n\n\t        <div class=\"edgtf-bli-excerpt\">\n\t\t        \t\t<div class=\"edgtf-post-excerpt-holder\">\n\t\t\t<p itemprop=\"description\" class=\"edgtf-post-excerpt\">\n\t\t\t\tUna de les experi\u00e8ncies m\u00e9s fascinants que es pot viure a Eivissa \u00e9s passejar amb vaixell per la costa de Sant Josep. Apreciar el litoral, veure illots fascinants, diferents aus i fins i tot dofins s\u00f3n alguns dels atractius d\u2019aquest tipus d\u2019activitats. Una ruta molt recomanable \u00e9s la que surt en vaixell des del port de Sant Antoni fins as Vedr\u00e0, fent parades, primer a Cala d\u2019Hort per banyar-se i refrescar-se una mica i despr\u00e9s\t\t\t<\/p>\n\t\t<\/div>\n\t\t\t        \t<div class=\"edgtf-post-read-more-button\">\n\t\t<a itemprop=\"url\" href=\"https:\/\/www.santjosep.net\/ca\/una-ruta-en-barco-por-la-costa-oeste-de-sant-josep-ibiza\/\" target=\"_self\"  class=\"edgtf-btn edgtf-btn-medium edgtf-btn-simple edgtf-btn-switch-line edgtf-blog-list-button\"  >\t\t\t<span class=\"edgtf-btn-icon-element\"><\/span>\t\t<span class=\"edgtf-btn-text\">Llegir m\u00e9s<span class=\"edgtf-btn-text-line\" ><\/span><span class=\"edgtf-btn-switch-line\" ><\/span><\/span>\t<\/a>\t<\/div>\n\t        <\/div>\n        <\/div>\n\t<\/div>\n<\/li><li class=\"edgtf-bl-item clearfix\">\n\t<div class=\"edgtf-bli-inner\">\n\t\t\n\t<div class=\"edgtf-post-image\">\n\t\t\t\t\t<a itemprop=\"url\" href=\"https:\/\/www.santjosep.net\/ca\/9-llocs-posta-de-sol-a-sant-josep-eivissa\/\" title=\"9 llocs per veure la posta de sol a Sant Josep, Eivissa\">\n\t\t\t\t\t\t\t\t\t<img loading=\"lazy\" decoding=\"async\" width=\"1200\" height=\"800\" src=\"https:\/\/www.santjosep.net\/wp-content\/uploads\/2014\/07\/puestasol_IMG_0359.jpg\" class=\"attachment-full size-full wp-post-image\" alt=\"\" srcset=\"https:\/\/www.santjosep.net\/wp-content\/uploads\/2014\/07\/puestasol_IMG_0359.jpg 1200w, https:\/\/www.santjosep.net\/wp-content\/uploads\/2014\/07\/puestasol_IMG_0359-300x200.jpg 300w, https:\/\/www.santjosep.net\/wp-content\/uploads\/2014\/07\/puestasol_IMG_0359-1024x682.jpg 1024w\" sizes=\"auto, (max-width: 1200px) 100vw, 1200px\" \/>\t\t\t\t\t\t\t\t<\/a>\n\t\t\t<\/div>\n        <div class=\"edgtf-bli-content\">\n                            <div class=\"edgtf-bli-date\">\n\t                <div itemprop=\"dateCreated\" class=\"edgtf-post-info-date entry-date published updated\">\n            <a itemprop=\"url\" href=\"https:\/\/www.santjosep.net\/ca\/2014\/07\/\">\n    \n        25 juliol 2014        <\/a>\n    <meta itemprop=\"interactionCount\" content=\"UserComments: 0\"\/>\n<\/div>                <\/div>\n            \t\n\t        \n<h4 itemprop=\"name\" class=\"entry-title edgtf-post-title\" >\n            <a itemprop=\"url\" href=\"https:\/\/www.santjosep.net\/ca\/9-llocs-posta-de-sol-a-sant-josep-eivissa\/\" title=\"9 llocs per veure la posta de sol a Sant Josep, Eivissa\">\n            9 llocs per veure la posta de sol a Sant Josep, Eivissa            <\/a>\n    <\/h4>\n\t        <div class=\"edgtf-bli-info\">\n\t\t        <div class=\"edgtf-post-info-category\">\n    <a href=\"https:\/\/www.santjosep.net\/ca\/category\/passejades-ca\/\" rel=\"category tag\">Passejades<\/a>, <a href=\"https:\/\/www.santjosep.net\/ca\/category\/postes-de-sol-ca\/\" rel=\"category tag\">Postes de sol<\/a>, <a href=\"https:\/\/www.santjosep.net\/ca\/category\/zones-ca\/\" rel=\"category tag\">Zones<\/a><\/div>\t        <\/div>\n\n\t        <div class=\"edgtf-bli-excerpt\">\n\t\t        \t\t<div class=\"edgtf-post-excerpt-holder\">\n\t\t\t<p itemprop=\"description\" class=\"edgtf-post-excerpt\">\n\t\t\t\tNo podeu visitar Sant Josep sense contemplar una de les seves postes de sol. Un espectacle de la natura embriagador per a la vista i una experi\u00e8ncia \u00fanica que es repeteix cada vespre. Us deixem 9 incre\u00efbles llocs per immortalitzar amb la vostra c\u00e0mera de fotos aquest moment tan m\u00e0gic, la posta de sol.\r\nMapa de la localitzaci\u00f3\r\n\r\n1. Platges de Comte\r\n\r\n\u00c9s un petit parad\u00eds d\u2019aig\u00fces turqueses a la costa oest de Sant Josep. Es tracta d\u2019un\t\t\t<\/p>\n\t\t<\/div>\n\t\t\t        \t<div class=\"edgtf-post-read-more-button\">\n\t\t<a itemprop=\"url\" href=\"https:\/\/www.santjosep.net\/ca\/9-llocs-posta-de-sol-a-sant-josep-eivissa\/\" target=\"_self\"  class=\"edgtf-btn edgtf-btn-medium edgtf-btn-simple edgtf-btn-switch-line edgtf-blog-list-button\"  >\t\t\t<span class=\"edgtf-btn-icon-element\"><\/span>\t\t<span class=\"edgtf-btn-text\">Llegir m\u00e9s<span class=\"edgtf-btn-text-line\" ><\/span><span class=\"edgtf-btn-switch-line\" ><\/span><\/span>\t<\/a>\t<\/div>\n\t        <\/div>\n        <\/div>\n\t<\/div>\n<\/li><li class=\"edgtf-bl-item clearfix\">\n\t<div class=\"edgtf-bli-inner\">\n\t\t\n\t<div class=\"edgtf-post-image\">\n\t\t\t\t\t<a itemprop=\"url\" href=\"https:\/\/www.santjosep.net\/ca\/un-passeig-des-des-cavallet-a-ses-salines\/\" title=\"Un passeig des des Cavallet fins a ses Salines\">\n\t\t\t\t\t\t\t\t\t<img loading=\"lazy\" decoding=\"async\" width=\"1200\" height=\"800\" src=\"https:\/\/www.santjosep.net\/wp-content\/uploads\/2014\/06\/torre_IMG_9378.jpg\" class=\"attachment-full size-full wp-post-image\" alt=\"\" srcset=\"https:\/\/www.santjosep.net\/wp-content\/uploads\/2014\/06\/torre_IMG_9378.jpg 1200w, https:\/\/www.santjosep.net\/wp-content\/uploads\/2014\/06\/torre_IMG_9378-300x200.jpg 300w, https:\/\/www.santjosep.net\/wp-content\/uploads\/2014\/06\/torre_IMG_9378-1024x682.jpg 1024w\" sizes=\"auto, (max-width: 1200px) 100vw, 1200px\" \/>\t\t\t\t\t\t\t\t<\/a>\n\t\t\t<\/div>\n        <div class=\"edgtf-bli-content\">\n                            <div class=\"edgtf-bli-date\">\n\t                <div itemprop=\"dateCreated\" class=\"edgtf-post-info-date entry-date published updated\">\n            <a itemprop=\"url\" href=\"https:\/\/www.santjosep.net\/ca\/2014\/06\/\">\n    \n        11 juny 2014        <\/a>\n    <meta itemprop=\"interactionCount\" content=\"UserComments: 0\"\/>\n<\/div>                <\/div>\n            \t\n\t        \n<h4 itemprop=\"name\" class=\"entry-title edgtf-post-title\" >\n            <a itemprop=\"url\" href=\"https:\/\/www.santjosep.net\/ca\/un-passeig-des-des-cavallet-a-ses-salines\/\" title=\"Un passeig des des Cavallet fins a ses Salines\">\n            Un passeig des des Cavallet fins a ses Salines            <\/a>\n    <\/h4>\n\t        <div class=\"edgtf-bli-info\">\n\t\t        <div class=\"edgtf-post-info-category\">\n    <a href=\"https:\/\/www.santjosep.net\/ca\/category\/rutes-ca\/\" rel=\"category tag\">Rutes<\/a><\/div>\t        <\/div>\n\n\t        <div class=\"edgtf-bli-excerpt\">\n\t\t        \t\t<div class=\"edgtf-post-excerpt-holder\">\n\t\t\t<p itemprop=\"description\" class=\"edgtf-post-excerpt\">\n\t\t\t\tEl Parc Natural de ses Salines \u00e9s una de les zones m\u00e9s espectaculars d\u2019Eivissa, amb els seus estanys, les muntanyes de sal i les seves precioses platges. Per aquesta ra\u00f3 val la pena fer-hi un passeig per apreciar millor la seva bellesa. Per fer el recorregut sencer es tarda 1 hora. \u00c9s recomanable utilitzar crema protectora, ulleres de sol i capell.\r\n\r\n&nbsp;\r\nMapa de la ruta\r\n\r\n\r\nDificultat: baixa\r\nDist\u00e0ncia: 4,38 km\r\nTemps estimat: 2 hores (anada)\r\nRecomanacions: portar roba, cal\u00e7at esportiu\t\t\t<\/p>\n\t\t<\/div>\n\t\t\t        \t<div class=\"edgtf-post-read-more-button\">\n\t\t<a itemprop=\"url\" href=\"https:\/\/www.santjosep.net\/ca\/un-passeig-des-des-cavallet-a-ses-salines\/\" target=\"_self\"  class=\"edgtf-btn edgtf-btn-medium edgtf-btn-simple edgtf-btn-switch-line edgtf-blog-list-button\"  >\t\t\t<span class=\"edgtf-btn-icon-element\"><\/span>\t\t<span class=\"edgtf-btn-text\">Llegir m\u00e9s<span class=\"edgtf-btn-text-line\" ><\/span><span class=\"edgtf-btn-switch-line\" ><\/span><\/span>\t<\/a>\t<\/div>\n\t        <\/div>\n        <\/div>\n\t<\/div>\n<\/li><li class=\"edgtf-bl-item clearfix\">\n\t<div class=\"edgtf-bli-inner\">\n\t\t\n\t<div class=\"edgtf-post-image\">\n\t\t\t\t\t<a itemprop=\"url\" href=\"https:\/\/www.santjosep.net\/ca\/una-ruta-al-punto-mas-alto-de-la-isla-de-ibiza-sa-talaia-en-sant-josep\/\" title=\"Una ruta al punt m\u00e9s alt de l\u2019illa d\u2019Eivissa, sa Talaia de Sant Josep\">\n\t\t\t\t\t\t\t\t\t<img loading=\"lazy\" decoding=\"async\" width=\"1200\" height=\"800\" src=\"https:\/\/www.santjosep.net\/wp-content\/uploads\/2014\/05\/satalaia_IMG_4787.jpg\" class=\"attachment-full size-full wp-post-image\" alt=\"\" srcset=\"https:\/\/www.santjosep.net\/wp-content\/uploads\/2014\/05\/satalaia_IMG_4787.jpg 1200w, https:\/\/www.santjosep.net\/wp-content\/uploads\/2014\/05\/satalaia_IMG_4787-300x200.jpg 300w, https:\/\/www.santjosep.net\/wp-content\/uploads\/2014\/05\/satalaia_IMG_4787-1024x682.jpg 1024w\" sizes=\"auto, (max-width: 1200px) 100vw, 1200px\" \/>\t\t\t\t\t\t\t\t<\/a>\n\t\t\t<\/div>\n        <div class=\"edgtf-bli-content\">\n                            <div class=\"edgtf-bli-date\">\n\t                <div itemprop=\"dateCreated\" class=\"edgtf-post-info-date entry-date published updated\">\n            <a itemprop=\"url\" href=\"https:\/\/www.santjosep.net\/ca\/2014\/05\/\">\n    \n        15 maig 2014        <\/a>\n    <meta itemprop=\"interactionCount\" content=\"UserComments: 0\"\/>\n<\/div>                <\/div>\n            \t\n\t        \n<h4 itemprop=\"name\" class=\"entry-title edgtf-post-title\" >\n            <a itemprop=\"url\" href=\"https:\/\/www.santjosep.net\/ca\/una-ruta-al-punto-mas-alto-de-la-isla-de-ibiza-sa-talaia-en-sant-josep\/\" title=\"Una ruta al punt m\u00e9s alt de l\u2019illa d\u2019Eivissa, sa Talaia de Sant Josep\">\n            Una ruta al punt m\u00e9s alt de l\u2019illa d\u2019Eivissa, sa Talaia de Sant Josep            <\/a>\n    <\/h4>\n\t        <div class=\"edgtf-bli-info\">\n\t\t        <div class=\"edgtf-post-info-category\">\n    <a href=\"https:\/\/www.santjosep.net\/ca\/category\/rutes-ca\/\" rel=\"category tag\">Rutes<\/a><\/div>\t        <\/div>\n\n\t        <div class=\"edgtf-bli-excerpt\">\n\t\t        \t\t<div class=\"edgtf-post-excerpt-holder\">\n\t\t\t<p itemprop=\"description\" class=\"edgtf-post-excerpt\">\n\t\t\t\tUs hem preparat una nova ruta de senderisme per un dels llocs m\u00e9s emblem\u00e0tics de Sant Josep de sa Talaia. Pujar al cim de sa Talaia, el m\u00e9s elevat d\u2019Eivissa amb 475 metres, us permetr\u00e0 gaudir de les incre\u00efbles vistes del nostre municipi i d\u2019una gran part de l\u2019illa d\u2019Eivissa i la costa de Formentera. Una excursi\u00f3 molt recomanable, sobretot els dies m\u00e9s clars.\r\nMapa de la ruta\r\n\r\n\r\nDificultat: mitjana-baixa\r\nDist\u00e0ncia: 2,40 km\r\nTemps estimat: 1 hora i 15\t\t\t<\/p>\n\t\t<\/div>\n\t\t\t        \t<div class=\"edgtf-post-read-more-button\">\n\t\t<a itemprop=\"url\" href=\"https:\/\/www.santjosep.net\/ca\/una-ruta-al-punto-mas-alto-de-la-isla-de-ibiza-sa-talaia-en-sant-josep\/\" target=\"_self\"  class=\"edgtf-btn edgtf-btn-medium edgtf-btn-simple edgtf-btn-switch-line edgtf-blog-list-button\"  >\t\t\t<span class=\"edgtf-btn-icon-element\"><\/span>\t\t<span class=\"edgtf-btn-text\">Llegir m\u00e9s<span class=\"edgtf-btn-text-line\" ><\/span><span class=\"edgtf-btn-switch-line\" ><\/span><\/span>\t<\/a>\t<\/div>\n\t        <\/div>\n        <\/div>\n\t<\/div>\n<\/li><li class=\"edgtf-bl-item clearfix\">\n\t<div class=\"edgtf-bli-inner\">\n\t\t\n\t<div class=\"edgtf-post-image\">\n\t\t\t\t\t<a itemprop=\"url\" href=\"https:\/\/www.santjosep.net\/ca\/el-poble-de-sant-agusti-des-vedra-eivissa\/\" title=\"El poble de Sant Agust\u00ed des Vedr\u00e0 (Eivissa)\">\n\t\t\t\t\t\t\t\t\t<img loading=\"lazy\" decoding=\"async\" width=\"800\" height=\"533\" src=\"https:\/\/www.santjosep.net\/wp-content\/uploads\/2013\/11\/santagusti_IMG_1055.jpg\" class=\"attachment-full size-full wp-post-image\" alt=\"\" srcset=\"https:\/\/www.santjosep.net\/wp-content\/uploads\/2013\/11\/santagusti_IMG_1055.jpg 800w, https:\/\/www.santjosep.net\/wp-content\/uploads\/2013\/11\/santagusti_IMG_1055-300x199.jpg 300w\" sizes=\"auto, (max-width: 800px) 100vw, 800px\" \/>\t\t\t\t\t\t\t\t<\/a>\n\t\t\t<\/div>\n        <div class=\"edgtf-bli-content\">\n                            <div class=\"edgtf-bli-date\">\n\t                <div itemprop=\"dateCreated\" class=\"edgtf-post-info-date entry-date published updated\">\n            <a itemprop=\"url\" href=\"https:\/\/www.santjosep.net\/ca\/2014\/04\/\">\n    \n        28 abril 2014        <\/a>\n    <meta itemprop=\"interactionCount\" content=\"UserComments: 0\"\/>\n<\/div>                <\/div>\n            \t\n\t        \n<h4 itemprop=\"name\" class=\"entry-title edgtf-post-title\" >\n            <a itemprop=\"url\" href=\"https:\/\/www.santjosep.net\/ca\/el-poble-de-sant-agusti-des-vedra-eivissa\/\" title=\"El poble de Sant Agust\u00ed des Vedr\u00e0 (Eivissa)\">\n            El poble de Sant Agust\u00ed des Vedr\u00e0 (Eivissa)            <\/a>\n    <\/h4>\n\t        <div class=\"edgtf-bli-info\">\n\t\t        <div class=\"edgtf-post-info-category\">\n    <a href=\"https:\/\/www.santjosep.net\/ca\/category\/zones-ca\/\" rel=\"category tag\">Zones<\/a><\/div>\t        <\/div>\n\n\t        <div class=\"edgtf-bli-excerpt\">\n\t\t        \t\t<div class=\"edgtf-post-excerpt-holder\">\n\t\t\t<p itemprop=\"description\" class=\"edgtf-post-excerpt\">\n\t\t\t\tCom ja sabeu, des d\u2019aquest blog volem apropar-vos una mica m\u00e9s al nostre municipi d\u2019Eivissa, per aix\u00f2 sempre us proposem visitar llocs diferents: platges i cales, esgl\u00e9sies, pobles, monuments\t\t\t<\/p>\n\t\t<\/div>\n\t\t\t        \t<div class=\"edgtf-post-read-more-button\">\n\t\t<a itemprop=\"url\" href=\"https:\/\/www.santjosep.net\/ca\/el-poble-de-sant-agusti-des-vedra-eivissa\/\" target=\"_self\"  class=\"edgtf-btn edgtf-btn-medium edgtf-btn-simple edgtf-btn-switch-line edgtf-blog-list-button\"  >\t\t\t<span class=\"edgtf-btn-icon-element\"><\/span>\t\t<span class=\"edgtf-btn-text\">Llegir m\u00e9s<span class=\"edgtf-btn-text-line\" ><\/span><span class=\"edgtf-btn-switch-line\" ><\/span><\/span>\t<\/a>\t<\/div>\n\t        <\/div>\n        <\/div>\n\t<\/div>\n<\/li><li class=\"edgtf-bl-item clearfix\">\n\t<div class=\"edgtf-bli-inner\">\n\t\t\n\t<div class=\"edgtf-post-image\">\n\t\t\t\t\t<a itemprop=\"url\" href=\"https:\/\/www.santjosep.net\/ca\/platges-de-comte-cala-conta-la-torre-den-rovira\/\" title=\"Ruta platges de Comte a la torre d\u2019en Rovira\">\n\t\t\t\t\t\t\t\t\t<img loading=\"lazy\" decoding=\"async\" width=\"1000\" height=\"667\" src=\"https:\/\/www.santjosep.net\/wp-content\/uploads\/2014\/04\/IMG_4777.jpg\" class=\"attachment-full size-full wp-post-image\" alt=\"\" srcset=\"https:\/\/www.santjosep.net\/wp-content\/uploads\/2014\/04\/IMG_4777.jpg 1000w, https:\/\/www.santjosep.net\/wp-content\/uploads\/2014\/04\/IMG_4777-300x200.jpg 300w\" sizes=\"auto, (max-width: 1000px) 100vw, 1000px\" \/>\t\t\t\t\t\t\t\t<\/a>\n\t\t\t<\/div>\n        <div class=\"edgtf-bli-content\">\n                            <div class=\"edgtf-bli-date\">\n\t                <div itemprop=\"dateCreated\" class=\"edgtf-post-info-date entry-date published updated\">\n            <a itemprop=\"url\" href=\"https:\/\/www.santjosep.net\/ca\/2014\/04\/\">\n    \n        10 abril 2014        <\/a>\n    <meta itemprop=\"interactionCount\" content=\"UserComments: 0\"\/>\n<\/div>                <\/div>\n            \t\n\t        \n<h4 itemprop=\"name\" class=\"entry-title edgtf-post-title\" >\n            <a itemprop=\"url\" href=\"https:\/\/www.santjosep.net\/ca\/platges-de-comte-cala-conta-la-torre-den-rovira\/\" title=\"Ruta platges de Comte a la torre d\u2019en Rovira\">\n            Ruta platges de Comte a la torre d\u2019en Rovira            <\/a>\n    <\/h4>\n\t        <div class=\"edgtf-bli-info\">\n\t\t        <div class=\"edgtf-post-info-category\">\n    <a href=\"https:\/\/www.santjosep.net\/ca\/category\/rutes-ca\/\" rel=\"category tag\">Rutes<\/a><\/div>\t        <\/div>\n\n\t        <div class=\"edgtf-bli-excerpt\">\n\t\t        \t\t<div class=\"edgtf-post-excerpt-holder\">\n\t\t\t<p itemprop=\"description\" class=\"edgtf-post-excerpt\">\n\t\t\t\tAvui us recomanem un passeig per una de les zones de costa m\u00e9s boniques de l\u2019illa d\u2019Eivissa, fins i tot podr\u00edem dir que del mar Mediterrani. \u00c9s una caminada senzilla, al voltant d\u2019una hora anada i tornada, entre les platges de Comte i la torre d\u2019en Rovira. No t\u00e9 grans desnivells, la qual cosa us permetr\u00e0 gaudir mentre camineu d\u2019aquesta obra mestra que ens regala la natura d\u2019Eivissa.\r\n\r\n<div class=\"edgtf-more-link-container\"><a href=\"https:\/\/www.santjosep.net\/ca\/platges-de-comte-cala-conta-la-torre-den-rovira\/#more-13189\" target=\"_self\" class=\"edgtf-btn edgtf-btn-medium edgtf-btn-solid\">\t\t\t<span class=\"edgtf-btn-icon-element\"><\/span>\t\t<span class=\"edgtf-btn-text\">Continue reading<\/span>\t<\/a><\/div>\n\t\t<\/div>\n\t\t\t        \t        <\/div>\n        <\/div>\n\t<\/div>\n<\/li><li class=\"edgtf-bl-item clearfix\">\n\t<div class=\"edgtf-bli-inner\">\n\t\t\n\t<div class=\"edgtf-post-image\">\n\t\t\t\t\t<a itemprop=\"url\" href=\"https:\/\/www.santjosep.net\/ca\/sant-josep-un-poble-de-muntanya-i-cosmopolita\/\" title=\"Sant Josep, un poble de muntanya d\u2019all\u00f2 m\u00e9s cosmopolita\">\n\t\t\t\t\t\t\t\t\t<img loading=\"lazy\" decoding=\"async\" width=\"1000\" height=\"667\" src=\"https:\/\/www.santjosep.net\/wp-content\/uploads\/2014\/03\/IMG_1091.jpg\" class=\"attachment-full size-full wp-post-image\" alt=\"\" srcset=\"https:\/\/www.santjosep.net\/wp-content\/uploads\/2014\/03\/IMG_1091.jpg 1000w, https:\/\/www.santjosep.net\/wp-content\/uploads\/2014\/03\/IMG_1091-300x200.jpg 300w\" sizes=\"auto, (max-width: 1000px) 100vw, 1000px\" \/>\t\t\t\t\t\t\t\t<\/a>\n\t\t\t<\/div>\n        <div class=\"edgtf-bli-content\">\n                            <div class=\"edgtf-bli-date\">\n\t                <div itemprop=\"dateCreated\" class=\"edgtf-post-info-date entry-date published updated\">\n            <a itemprop=\"url\" href=\"https:\/\/www.santjosep.net\/ca\/2014\/03\/\">\n    \n        28 mar\u00e7 2014        <\/a>\n    <meta itemprop=\"interactionCount\" content=\"UserComments: 0\"\/>\n<\/div>                <\/div>\n            \t\n\t        \n<h4 itemprop=\"name\" class=\"entry-title edgtf-post-title\" >\n            <a itemprop=\"url\" href=\"https:\/\/www.santjosep.net\/ca\/sant-josep-un-poble-de-muntanya-i-cosmopolita\/\" title=\"Sant Josep, un poble de muntanya d\u2019all\u00f2 m\u00e9s cosmopolita\">\n            Sant Josep, un poble de muntanya d\u2019all\u00f2 m\u00e9s cosmopolita            <\/a>\n    <\/h4>\n\t        <div class=\"edgtf-bli-info\">\n\t\t        <div class=\"edgtf-post-info-category\">\n    <a href=\"https:\/\/www.santjosep.net\/ca\/category\/passejades-ca\/\" rel=\"category tag\">Passejades<\/a>, <a href=\"https:\/\/www.santjosep.net\/ca\/category\/zones-ca\/\" rel=\"category tag\">Zones<\/a><\/div>\t        <\/div>\n\n\t        <div class=\"edgtf-bli-excerpt\">\n\t\t        \t\t<div class=\"edgtf-post-excerpt-holder\">\n\t\t\t<p itemprop=\"description\" class=\"edgtf-post-excerpt\">\n\t\t\t\t\r\n\r\nPodr\u00edem dir que Sant Josep \u00e9s el poble m\u00e9s de muntanya que hi ha a Eivissa, una illa molt ondulada per\u00f2 sense grans elevacions. Darrere del poble s\u2019al\u00e7a, majestu\u00f3s, el cim m\u00e9s alt d\u2019Eivissa, sa Talaia, que t\u00e9 475 metres. \u00c9s, a m\u00e9s, el centre administratiu del municipi, amb es Cubells, Sant Agust\u00ed, Sant Jordi i Sant Francesc. Per aquesta ra\u00f3 \u00e9s on es troba l\u2019edifici de l\u2019Ajuntament de Sant Josep.\r\n\r\n&nbsp;\r\n\r\nNo obstant aix\u00f2, el m\u00e9s\t\t\t<\/p>\n\t\t<\/div>\n\t\t\t        \t<div class=\"edgtf-post-read-more-button\">\n\t\t<a itemprop=\"url\" href=\"https:\/\/www.santjosep.net\/ca\/sant-josep-un-poble-de-muntanya-i-cosmopolita\/\" target=\"_self\"  class=\"edgtf-btn edgtf-btn-medium edgtf-btn-simple edgtf-btn-switch-line edgtf-blog-list-button\"  >\t\t\t<span class=\"edgtf-btn-icon-element\"><\/span>\t\t<span class=\"edgtf-btn-text\">Llegir m\u00e9s<span class=\"edgtf-btn-text-line\" ><\/span><span class=\"edgtf-btn-switch-line\" ><\/span><\/span>\t<\/a>\t<\/div>\n\t        <\/div>\n        <\/div>\n\t<\/div>\n<\/li><li class=\"edgtf-bl-item clearfix\">\n\t<div class=\"edgtf-bli-inner\">\n\t\t\n\t<div class=\"edgtf-post-image\">\n\t\t\t\t\t<a itemprop=\"url\" href=\"https:\/\/www.santjosep.net\/ca\/port-des-torrent-i-cala-de-bou\/\" title=\"Port des torrent i Cala de Bou\">\n\t\t\t\t\t\t\t\t\t<img loading=\"lazy\" decoding=\"async\" width=\"1000\" height=\"667\" src=\"https:\/\/www.santjosep.net\/wp-content\/uploads\/2014\/03\/IMG_9980.jpg\" class=\"attachment-full size-full wp-post-image\" alt=\"\" srcset=\"https:\/\/www.santjosep.net\/wp-content\/uploads\/2014\/03\/IMG_9980.jpg 1000w, https:\/\/www.santjosep.net\/wp-content\/uploads\/2014\/03\/IMG_9980-300x200.jpg 300w\" sizes=\"auto, (max-width: 1000px) 100vw, 1000px\" \/>\t\t\t\t\t\t\t\t<\/a>\n\t\t\t<\/div>\n        <div class=\"edgtf-bli-content\">\n                            <div class=\"edgtf-bli-date\">\n\t                <div itemprop=\"dateCreated\" class=\"edgtf-post-info-date entry-date published updated\">\n            <a itemprop=\"url\" href=\"https:\/\/www.santjosep.net\/ca\/2014\/03\/\">\n    \n        19 mar\u00e7 2014        <\/a>\n    <meta itemprop=\"interactionCount\" content=\"UserComments: 0\"\/>\n<\/div>                <\/div>\n            \t\n\t        \n<h4 itemprop=\"name\" class=\"entry-title edgtf-post-title\" >\n            <a itemprop=\"url\" href=\"https:\/\/www.santjosep.net\/ca\/port-des-torrent-i-cala-de-bou\/\" title=\"Port des torrent i Cala de Bou\">\n            Port des torrent i Cala de Bou            <\/a>\n    <\/h4>\n\t        <div class=\"edgtf-bli-info\">\n\t\t        <div class=\"edgtf-post-info-category\">\n    <a href=\"https:\/\/www.santjosep.net\/ca\/category\/zones-ca\/\" rel=\"category tag\">Zones<\/a><\/div>\t        <\/div>\n\n\t        <div class=\"edgtf-bli-excerpt\">\n\t\t        \t\t<div class=\"edgtf-post-excerpt-holder\">\n\t\t\t<p itemprop=\"description\" class=\"edgtf-post-excerpt\">\n\t\t\t\t\r\n\r\nAvui, en aquesta nova entrada, volem presentar-vos la zona de Port des Torrent i Cala de Bou. Hi trobareu una gran multitud d\u2019activitats per realitzar en parella, en fam\u00edlia i amb els amics, ja que \u00e9s una zona tur\u00edstica apta per a tots els p\u00fablics.\r\n\r\nLa zona de Cala de Bou t\u00e9 una gran aflu\u00e8ncia de turistes durant els mesos d\u2019estiu, sobretot procedents del Regne Unit. Hotels, apartaments i cases de lloguer formen part del paisatge\t\t\t<\/p>\n\t\t<\/div>\n\t\t\t        \t<div class=\"edgtf-post-read-more-button\">\n\t\t<a itemprop=\"url\" href=\"https:\/\/www.santjosep.net\/ca\/port-des-torrent-i-cala-de-bou\/\" target=\"_self\"  class=\"edgtf-btn edgtf-btn-medium edgtf-btn-simple edgtf-btn-switch-line edgtf-blog-list-button\"  >\t\t\t<span class=\"edgtf-btn-icon-element\"><\/span>\t\t<span class=\"edgtf-btn-text\">Llegir m\u00e9s<span class=\"edgtf-btn-text-line\" ><\/span><span class=\"edgtf-btn-switch-line\" ><\/span><\/span>\t<\/a>\t<\/div>\n\t        <\/div>\n        <\/div>\n\t<\/div>\n<\/li><li class=\"edgtf-bl-item clearfix\">\n\t<div class=\"edgtf-bli-inner\">\n\t\t\n\t<div class=\"edgtf-post-image\">\n\t\t\t\t\t<a itemprop=\"url\" href=\"https:\/\/www.santjosep.net\/ca\/zona-sud-oest-cala-dhort-i-es-vedra\/\" title=\"Zona sud-oest, Cala d\u2019Hort i es Vedr\u00e0\">\n\t\t\t\t\t\t\t\t\t<img loading=\"lazy\" decoding=\"async\" width=\"1000\" height=\"667\" src=\"https:\/\/www.santjosep.net\/wp-content\/uploads\/2013\/11\/esvedra_IMG_5384.jpg\" class=\"attachment-full size-full wp-post-image\" alt=\"\" srcset=\"https:\/\/www.santjosep.net\/wp-content\/uploads\/2013\/11\/esvedra_IMG_5384.jpg 1000w, https:\/\/www.santjosep.net\/wp-content\/uploads\/2013\/11\/esvedra_IMG_5384-300x200.jpg 300w\" sizes=\"auto, (max-width: 1000px) 100vw, 1000px\" \/>\t\t\t\t\t\t\t\t<\/a>\n\t\t\t<\/div>\n        <div class=\"edgtf-bli-content\">\n                            <div class=\"edgtf-bli-date\">\n\t                <div itemprop=\"dateCreated\" class=\"edgtf-post-info-date entry-date published updated\">\n            <a itemprop=\"url\" href=\"https:\/\/www.santjosep.net\/ca\/2014\/03\/\">\n    \n        1 mar\u00e7 2014        <\/a>\n    <meta itemprop=\"interactionCount\" content=\"UserComments: 0\"\/>\n<\/div>                <\/div>\n            \t\n\t        \n<h4 itemprop=\"name\" class=\"entry-title edgtf-post-title\" >\n            <a itemprop=\"url\" href=\"https:\/\/www.santjosep.net\/ca\/zona-sud-oest-cala-dhort-i-es-vedra\/\" title=\"Zona sud-oest, Cala d\u2019Hort i es Vedr\u00e0\">\n            Zona sud-oest, Cala d\u2019Hort i es Vedr\u00e0            <\/a>\n    <\/h4>\n\t        <div class=\"edgtf-bli-info\">\n\t\t        <div class=\"edgtf-post-info-category\">\n    <a href=\"https:\/\/www.santjosep.net\/ca\/category\/passejades-ca\/\" rel=\"category tag\">Passejades<\/a>, <a href=\"https:\/\/www.santjosep.net\/ca\/category\/zones-ca\/\" rel=\"category tag\">Zones<\/a><\/div>\t        <\/div>\n\n\t        <div class=\"edgtf-bli-excerpt\">\n\t\t        \t\t<div class=\"edgtf-post-excerpt-holder\">\n\t\t\t<p itemprop=\"description\" class=\"edgtf-post-excerpt\">\n\t\t\t\t\r\n\r\nJa us hem parlat una mica de la zona sud del municipi i avui seguirem amb alguns suggeriments perqu\u00e8 gaudiu d\u2019aquest entorn meravell\u00f3s d\u2019Eivissa. Passegeu per Cala d\u2019Hort per con\u00e8ixer les seves platges i reserves naturals. A m\u00e9s, tamb\u00e9 podreu presenciar una de postes de sol m\u00e9s incre\u00efbles d\u2019Eivissa. Seguiu llegint i apunteu els nostres suggeriments.\r\n\r\n&nbsp;\r\n\r\nLa Reserva Natural dels illots de Ponent abasta els illots des Vedr\u00e0, es Vedranell i els illots de Ponent, aix\u00ed\t\t\t<\/p>\n\t\t<\/div>\n\t\t\t        \t<div class=\"edgtf-post-read-more-button\">\n\t\t<a itemprop=\"url\" href=\"https:\/\/www.santjosep.net\/ca\/zona-sud-oest-cala-dhort-i-es-vedra\/\" target=\"_self\"  class=\"edgtf-btn edgtf-btn-medium edgtf-btn-simple edgtf-btn-switch-line edgtf-blog-list-button\"  >\t\t\t<span class=\"edgtf-btn-icon-element\"><\/span>\t\t<span class=\"edgtf-btn-text\">Llegir m\u00e9s<span class=\"edgtf-btn-text-line\" ><\/span><span class=\"edgtf-btn-switch-line\" ><\/span><\/span>\t<\/a>\t<\/div>\n\t        <\/div>\n        <\/div>\n\t<\/div>\n<\/li><li class=\"edgtf-bl-item clearfix\">\n\t<div class=\"edgtf-bli-inner\">\n\t\t\n\t<div class=\"edgtf-post-image\">\n\t\t\t\t\t<a itemprop=\"url\" href=\"https:\/\/www.santjosep.net\/ca\/zona-sud-oest-3-cales-amb-un-aire-molt-mariner\/\" title=\"Zona sud- oest, 3 cales amb un aire molt mariner\">\n\t\t\t\t\t\t\t\t\t<img loading=\"lazy\" decoding=\"async\" width=\"800\" height=\"533\" src=\"https:\/\/www.santjosep.net\/wp-content\/uploads\/2013\/11\/escubellsplaya_IMG_09831.jpg\" class=\"attachment-full size-full wp-post-image\" alt=\"\" srcset=\"https:\/\/www.santjosep.net\/wp-content\/uploads\/2013\/11\/escubellsplaya_IMG_09831.jpg 800w, https:\/\/www.santjosep.net\/wp-content\/uploads\/2013\/11\/escubellsplaya_IMG_09831-300x199.jpg 300w\" sizes=\"auto, (max-width: 800px) 100vw, 800px\" \/>\t\t\t\t\t\t\t\t<\/a>\n\t\t\t<\/div>\n        <div class=\"edgtf-bli-content\">\n                            <div class=\"edgtf-bli-date\">\n\t                <div itemprop=\"dateCreated\" class=\"edgtf-post-info-date entry-date published updated\">\n            <a itemprop=\"url\" href=\"https:\/\/www.santjosep.net\/ca\/2014\/02\/\">\n    \n        20 febrer 2014        <\/a>\n    <meta itemprop=\"interactionCount\" content=\"UserComments: 0\"\/>\n<\/div>                <\/div>\n            \t\n\t        \n<h4 itemprop=\"name\" class=\"entry-title edgtf-post-title\" >\n            <a itemprop=\"url\" href=\"https:\/\/www.santjosep.net\/ca\/zona-sud-oest-3-cales-amb-un-aire-molt-mariner\/\" title=\"Zona sud- oest, 3 cales amb un aire molt mariner\">\n            Zona sud- oest, 3 cales amb un aire molt mariner            <\/a>\n    <\/h4>\n\t        <div class=\"edgtf-bli-info\">\n\t\t        <div class=\"edgtf-post-info-category\">\n    <a href=\"https:\/\/www.santjosep.net\/ca\/category\/passejades-ca\/\" rel=\"category tag\">Passejades<\/a>, <a href=\"https:\/\/www.santjosep.net\/ca\/category\/zones-ca\/\" rel=\"category tag\">Zones<\/a><\/div>\t        <\/div>\n\n\t        <div class=\"edgtf-bli-excerpt\">\n\t\t        \t\t<div class=\"edgtf-post-excerpt-holder\">\n\t\t\t<p itemprop=\"description\" class=\"edgtf-post-excerpt\">\n\t\t\t\tAvui realitzareu un passeig virtual per la zona sud-oest del municipi, on coneixereu el poble petit i encantador des Cubells. Tamb\u00e9 podeu passejar per alguna de les cales m\u00e9s boniques de la zona: es Torrent, es Xarco i ses Boques.\r\n\r\nEs Cubells \u00e9s un dels pobles m\u00e9s petits de l\u2019illa d\u2019Eivissa. El seu nucli urb\u00e0 est\u00e0 format per una esgl\u00e9sia de murs grans emblanquinats, dos bars, una adrogueria i un centre cultural. La majoria de la\t\t\t<\/p>\n\t\t<\/div>\n\t\t\t        \t<div class=\"edgtf-post-read-more-button\">\n\t\t<a itemprop=\"url\" href=\"https:\/\/www.santjosep.net\/ca\/zona-sud-oest-3-cales-amb-un-aire-molt-mariner\/\" target=\"_self\"  class=\"edgtf-btn edgtf-btn-medium edgtf-btn-simple edgtf-btn-switch-line edgtf-blog-list-button\"  >\t\t\t<span class=\"edgtf-btn-icon-element\"><\/span>\t\t<span class=\"edgtf-btn-text\">Llegir m\u00e9s<span class=\"edgtf-btn-text-line\" ><\/span><span class=\"edgtf-btn-switch-line\" ><\/span><\/span>\t<\/a>\t<\/div>\n\t        <\/div>\n        <\/div>\n\t<\/div>\n<\/li><li class=\"edgtf-bl-item clearfix\">\n\t<div class=\"edgtf-bli-inner\">\n\t\t\n\t<div class=\"edgtf-post-image\">\n\t\t\t\t\t<a itemprop=\"url\" href=\"https:\/\/www.santjosep.net\/ca\/la-zona-sud-de-sant-josep-sa-caleta-es-bol-nou-i-la-platja-des-jondal\/\" title=\"La zona sud de Sant Josep, sa Caleta, es Bol Nou i la platja des Jondal\">\n\t\t\t\t\t\t\t\t\t<img loading=\"lazy\" decoding=\"async\" width=\"488\" height=\"325\" src=\"https:\/\/www.santjosep.net\/wp-content\/uploads\/2013\/11\/sacaleta_IMG_0783.jpg\" class=\"attachment-full size-full wp-post-image\" alt=\"\" srcset=\"https:\/\/www.santjosep.net\/wp-content\/uploads\/2013\/11\/sacaleta_IMG_0783.jpg 488w, https:\/\/www.santjosep.net\/wp-content\/uploads\/2013\/11\/sacaleta_IMG_0783-300x199.jpg 300w\" sizes=\"auto, (max-width: 488px) 100vw, 488px\" \/>\t\t\t\t\t\t\t\t<\/a>\n\t\t\t<\/div>\n        <div class=\"edgtf-bli-content\">\n                            <div class=\"edgtf-bli-date\">\n\t                <div itemprop=\"dateCreated\" class=\"edgtf-post-info-date entry-date published updated\">\n            <a itemprop=\"url\" href=\"https:\/\/www.santjosep.net\/ca\/2014\/02\/\">\n    \n        5 febrer 2014        <\/a>\n    <meta itemprop=\"interactionCount\" content=\"UserComments: 0\"\/>\n<\/div>                <\/div>\n            \t\n\t        \n<h4 itemprop=\"name\" class=\"entry-title edgtf-post-title\" >\n            <a itemprop=\"url\" href=\"https:\/\/www.santjosep.net\/ca\/la-zona-sud-de-sant-josep-sa-caleta-es-bol-nou-i-la-platja-des-jondal\/\" title=\"La zona sud de Sant Josep, sa Caleta, es Bol Nou i la platja des Jondal\">\n            La zona sud de Sant Josep, sa Caleta, es Bol Nou i la platja des Jondal            <\/a>\n    <\/h4>\n\t        <div class=\"edgtf-bli-info\">\n\t\t        <div class=\"edgtf-post-info-category\">\n    <a href=\"https:\/\/www.santjosep.net\/ca\/category\/passejades-ca\/\" rel=\"category tag\">Passejades<\/a>, <a href=\"https:\/\/www.santjosep.net\/ca\/category\/zones-ca\/\" rel=\"category tag\">Zones<\/a><\/div>\t        <\/div>\n\n\t        <div class=\"edgtf-bli-excerpt\">\n\t\t        \t\t<div class=\"edgtf-post-excerpt-holder\">\n\t\t\t<p itemprop=\"description\" class=\"edgtf-post-excerpt\">\n\t\t\t\t\r\n\r\nLa zona sud de Sant Josep, com a tota l\u2019illa d\u2019Eivissa, \u00e9s un lloc ple de contrastos. D\u2019una banda, \u00a0podeu trobar diferents racons per gaudir de la tranquil\u00b7litat, la soledat i la bellesa dels paisatges illencs o, si ho preferiu, us podeu deixar endur per un ambient m\u00e9s animat i festiu.\r\n\r\nEn primer lloc cal destacar sa Caleta, envoltat de casetes de pescadors en les quals es guarden els vaixells i els estris de pesca. \u00c9s\t\t\t<\/p>\n\t\t<\/div>\n\t\t\t        \t<div class=\"edgtf-post-read-more-button\">\n\t\t<a itemprop=\"url\" href=\"https:\/\/www.santjosep.net\/ca\/la-zona-sud-de-sant-josep-sa-caleta-es-bol-nou-i-la-platja-des-jondal\/\" target=\"_self\"  class=\"edgtf-btn edgtf-btn-medium edgtf-btn-simple edgtf-btn-switch-line edgtf-blog-list-button\"  >\t\t\t<span class=\"edgtf-btn-icon-element\"><\/span>\t\t<span class=\"edgtf-btn-text\">Llegir m\u00e9s<span class=\"edgtf-btn-text-line\" ><\/span><span class=\"edgtf-btn-switch-line\" ><\/span><\/span>\t<\/a>\t<\/div>\n\t        <\/div>\n        <\/div>\n\t<\/div>\n<\/li><li class=\"edgtf-bl-item clearfix\">\n\t<div class=\"edgtf-bli-inner\">\n\t\t\n\t<div class=\"edgtf-post-image\">\n\t\t\t\t\t<a itemprop=\"url\" href=\"https:\/\/www.santjosep.net\/ca\/voleu-coneixer-el-municipi-de-sant-josep\/\" title=\"Voleu con\u00e8ixer el municipi de Sant Josep?\">\n\t\t\t\t\t\t\t\t\t<img loading=\"lazy\" decoding=\"async\" width=\"1000\" height=\"667\" src=\"https:\/\/www.santjosep.net\/wp-content\/uploads\/2014\/01\/torresesportes_IMG_9411.jpg\" class=\"attachment-full size-full wp-post-image\" alt=\"\" srcset=\"https:\/\/www.santjosep.net\/wp-content\/uploads\/2014\/01\/torresesportes_IMG_9411.jpg 1000w, https:\/\/www.santjosep.net\/wp-content\/uploads\/2014\/01\/torresesportes_IMG_9411-300x200.jpg 300w\" sizes=\"auto, (max-width: 1000px) 100vw, 1000px\" \/>\t\t\t\t\t\t\t\t<\/a>\n\t\t\t<\/div>\n        <div class=\"edgtf-bli-content\">\n                            <div class=\"edgtf-bli-date\">\n\t                <div itemprop=\"dateCreated\" class=\"edgtf-post-info-date entry-date published updated\">\n            <a itemprop=\"url\" href=\"https:\/\/www.santjosep.net\/ca\/2014\/01\/\">\n    \n        31 gener 2014        <\/a>\n    <meta itemprop=\"interactionCount\" content=\"UserComments: 0\"\/>\n<\/div>                <\/div>\n            \t\n\t        \n<h4 itemprop=\"name\" class=\"entry-title edgtf-post-title\" >\n            <a itemprop=\"url\" href=\"https:\/\/www.santjosep.net\/ca\/voleu-coneixer-el-municipi-de-sant-josep\/\" title=\"Voleu con\u00e8ixer el municipi de Sant Josep?\">\n            Voleu con\u00e8ixer el municipi de Sant Josep?            <\/a>\n    <\/h4>\n\t        <div class=\"edgtf-bli-info\">\n\t\t        <div class=\"edgtf-post-info-category\">\n    <a href=\"https:\/\/www.santjosep.net\/ca\/category\/zones-ca\/\" rel=\"category tag\">Zones<\/a><\/div>\t        <\/div>\n\n\t        <div class=\"edgtf-bli-excerpt\">\n\t\t        \t\t<div class=\"edgtf-post-excerpt-holder\">\n\t\t\t<p itemprop=\"description\" class=\"edgtf-post-excerpt\">\n\t\t\t\tBenvinguts a la nova imatge web oficial de l\u2019Ajuntament de Sant Josep de sa Talaia per a la promoci\u00f3 tur\u00edstica del municipi.\r\n\r\nAmb aquesta nova publicaci\u00f3 volem presentar-vos les novetats que us trobareu al web. Com podeu veure, la nova imatge us permet moure per la p\u00e0gina de manera m\u00e9s intu\u00eftiva i visual. A m\u00e9s, es pot consultar actualment en 3 idiomes: angl\u00e8s, castell\u00e0 i catal\u00e0.\r\n\r\nS\u2019ha dividit el municipi en 9 zones amb l\u2019objectiu que sigui\t\t\t<\/p>\n\t\t<\/div>\n\t\t\t        \t<div class=\"edgtf-post-read-more-button\">\n\t\t<a itemprop=\"url\" href=\"https:\/\/www.santjosep.net\/ca\/voleu-coneixer-el-municipi-de-sant-josep\/\" target=\"_self\"  class=\"edgtf-btn edgtf-btn-medium edgtf-btn-simple edgtf-btn-switch-line edgtf-blog-list-button\"  >\t\t\t<span class=\"edgtf-btn-icon-element\"><\/span>\t\t<span class=\"edgtf-btn-text\">Llegir m\u00e9s<span class=\"edgtf-btn-text-line\" ><\/span><span class=\"edgtf-btn-switch-line\" ><\/span><\/span>\t<\/a>\t<\/div>\n\t        <\/div>\n        <\/div>\n\t<\/div>\n<\/li>\t\t<\/ul>\n\t<\/div>\n\t<\/div>[\/vc_column][\/vc_row]<\/p>\n<\/div>","protected":false},"excerpt":{"rendered":"<p>[vc_row enable_hue_rotation=&#8221;no&#8221; enable_text_marquee=&#8221;no&#8221; css=&#8221;.vc_custom_1579773193315{margin-top: 50px !important;}&#8221;][vc_column][\/vc_column][\/vc_row]<\/p>\n","protected":false},"author":1,"featured_media":0,"parent":0,"menu_order":0,"comment_status":"open","ping_status":"open","template":"","meta":{"_acf_changed":false,"inline_featured_image":false,"footnotes":""},"categoria_pagina":[],"class_list":["post-12477","page","type-page","status-publish","hentry"],"acf":[],"yoast_head":"<!-- This site is optimized with the Yoast SEO plugin v25.7 - https:\/\/yoast.com\/wordpress\/plugins\/seo\/ -->\n<title>Viu Sant Josep - Santjosep.net<\/title>\n<meta name=\"description\" content=\"El bloc per con\u00e8ixer i viure Sant Josep\" \/>\n<meta name=\"robots\" content=\"index, follow, max-snippet:-1, max-image-preview:large, max-video-preview:-1\" \/>\n<link rel=\"canonical\" href=\"https:\/\/www.santjosep.net\/ca\/blog\/\" \/>\n<meta property=\"og:locale\" content=\"ca_ES\" \/>\n<meta property=\"og:type\" content=\"article\" \/>\n<meta property=\"og:title\" content=\"Viu Sant Josep - Santjosep.net\" \/>\n<meta property=\"og:description\" content=\"El bloc per con\u00e8ixer i viure Sant Josep\" \/>\n<meta property=\"og:url\" content=\"https:\/\/www.santjosep.net\/ca\/blog\/\" \/>\n<meta property=\"og:site_name\" content=\"Santjosep.net\" \/>\n<meta property=\"article:modified_time\" content=\"2020-01-23T09:51:30+00:00\" \/>\n<meta name=\"twitter:card\" content=\"summary_large_image\" \/>\n<script type=\"application\/ld+json\" class=\"yoast-schema-graph\">{\"@context\":\"https:\/\/schema.org\",\"@graph\":[{\"@type\":\"WebPage\",\"@id\":\"https:\/\/www.santjosep.net\/ca\/blog\/\",\"url\":\"https:\/\/www.santjosep.net\/ca\/blog\/\",\"name\":\"Viu Sant Josep - Santjosep.net\",\"isPartOf\":{\"@id\":\"https:\/\/www.santjosep.net\/#website\"},\"datePublished\":\"2013-03-23T05:01:12+00:00\",\"dateModified\":\"2020-01-23T09:51:30+00:00\",\"description\":\"El bloc per con\u00e8ixer i viure Sant Josep\",\"inLanguage\":\"ca\",\"potentialAction\":[{\"@type\":\"ReadAction\",\"target\":[\"https:\/\/www.santjosep.net\/ca\/blog\/\"]}]},{\"@type\":\"WebSite\",\"@id\":\"https:\/\/www.santjosep.net\/#website\",\"url\":\"https:\/\/www.santjosep.net\/\",\"name\":\"Santjosep.net\",\"description\":\"\",\"potentialAction\":[{\"@type\":\"SearchAction\",\"target\":{\"@type\":\"EntryPoint\",\"urlTemplate\":\"https:\/\/www.santjosep.net\/?s={search_term_string}\"},\"query-input\":{\"@type\":\"PropertyValueSpecification\",\"valueRequired\":true,\"valueName\":\"search_term_string\"}}],\"inLanguage\":\"ca\"}]}<\/script>\n<!-- \/ Yoast SEO plugin. -->","yoast_head_json":{"title":"Viu Sant Josep - Santjosep.net","description":"El bloc per con\u00e8ixer i viure Sant Josep","robots":{"index":"index","follow":"follow","max-snippet":"max-snippet:-1","max-image-preview":"max-image-preview:large","max-video-preview":"max-video-preview:-1"},"canonical":"https:\/\/www.santjosep.net\/ca\/blog\/","og_locale":"ca_ES","og_type":"article","og_title":"Viu Sant Josep - Santjosep.net","og_description":"El bloc per con\u00e8ixer i viure Sant Josep","og_url":"https:\/\/www.santjosep.net\/ca\/blog\/","og_site_name":"Santjosep.net","article_modified_time":"2020-01-23T09:51:30+00:00","twitter_card":"summary_large_image","schema":{"@context":"https:\/\/schema.org","@graph":[{"@type":"WebPage","@id":"https:\/\/www.santjosep.net\/ca\/blog\/","url":"https:\/\/www.santjosep.net\/ca\/blog\/","name":"Viu Sant Josep - Santjosep.net","isPartOf":{"@id":"https:\/\/www.santjosep.net\/#website"},"datePublished":"2013-03-23T05:01:12+00:00","dateModified":"2020-01-23T09:51:30+00:00","description":"El bloc per con\u00e8ixer i viure Sant Josep","inLanguage":"ca","potentialAction":[{"@type":"ReadAction","target":["https:\/\/www.santjosep.net\/ca\/blog\/"]}]},{"@type":"WebSite","@id":"https:\/\/www.santjosep.net\/#website","url":"https:\/\/www.santjosep.net\/","name":"Santjosep.net","description":"","potentialAction":[{"@type":"SearchAction","target":{"@type":"EntryPoint","urlTemplate":"https:\/\/www.santjosep.net\/?s={search_term_string}"},"query-input":{"@type":"PropertyValueSpecification","valueRequired":true,"valueName":"search_term_string"}}],"inLanguage":"ca"}]}},"_links":{"self":[{"href":"https:\/\/www.santjosep.net\/ca\/wp-json\/wp\/v2\/pages\/12477","targetHints":{"allow":["GET"]}}],"collection":[{"href":"https:\/\/www.santjosep.net\/ca\/wp-json\/wp\/v2\/pages"}],"about":[{"href":"https:\/\/www.santjosep.net\/ca\/wp-json\/wp\/v2\/types\/page"}],"author":[{"embeddable":true,"href":"https:\/\/www.santjosep.net\/ca\/wp-json\/wp\/v2\/users\/1"}],"replies":[{"embeddable":true,"href":"https:\/\/www.santjosep.net\/ca\/wp-json\/wp\/v2\/comments?post=12477"}],"version-history":[{"count":0,"href":"https:\/\/www.santjosep.net\/ca\/wp-json\/wp\/v2\/pages\/12477\/revisions"}],"wp:attachment":[{"href":"https:\/\/www.santjosep.net\/ca\/wp-json\/wp\/v2\/media?parent=12477"}],"wp:term":[{"taxonomy":"categoria_pagina","embeddable":true,"href":"https:\/\/www.santjosep.net\/ca\/wp-json\/wp\/v2\/categoria_pagina?post=12477"}],"curies":[{"name":"wp","href":"https:\/\/api.w.org\/{rel}","templated":true}]}}