{"id":12395,"date":"2016-03-04T12:36:39","date_gmt":"2016-03-04T12:36:39","guid":{"rendered":"https:\/\/www.santjosep.net\/actividades-deportivas\/buceo\/"},"modified":"2020-01-28T08:38:57","modified_gmt":"2020-01-28T07:38:57","slug":"busseig","status":"publish","type":"page","link":"https:\/\/www.santjosep.net\/ca\/turisme-actiu\/busseig\/","title":{"rendered":"Busseig"},"content":{"rendered":"<div class=\"wpb-content-wrapper\"><p>[vc_row enable_hue_rotation=&#8221;no&#8221; enable_text_marquee=&#8221;no&#8221;][vc_column][vc_column_text]Bussejar a Eivissa i especialment a la costa de Sant Josep, que abasta quasi tota la meitat sud de l\u2019illa, \u00e9s una de les activitats m\u00e9s recomanables durant unes vacances a l\u2019illa. La lluminositat de l\u2019aigua, la quantitat de derelictes i coves submarines per explorar i la diversitat d\u2019esp\u00e8cies que habiten a la mar, especialment la posid\u00f2nia oce\u00e0nica, planta marina d\u2019import\u00e0ncia vital en l\u2019ecosistema mar\u00ed eivissenc, s\u00f3n alguns dels motius pels quals no s\u2019ha de deixar passar l\u2019oportunitat de bussejar en un lloc tan ins\u00f2lit com Eivissa.<\/p>\n<p>A m\u00e9s a m\u00e9s, les temperatures al Mediterrani s\u00f3n c\u00e0lides i constants, oscil\u00b7len entre els 14 i els 28 graus cent\u00edgrads i permeten realitzar immersions fins i tot en ple hivern.<br \/>\nPer aix\u00f2, els nostres visitants disposen d\u2019un ampli nombre d\u2019empreses de busseig on podreu, tant impartir cursos amb els professionals del sector, com realitzar excursions i descobrir els espectaculars fons marins que fan de l\u2019illa un dest\u00ed molt m\u00e9s encantador. Els seus fons marins amb praderies de posid\u00f2nia, d\u2019un alt valor ecol\u00f2gic, al Parc Natural de ses Salines, van estar reconegudes per la UNESCO l\u2019any 1999 com a Patrimoni Mundial.[\/vc_column_text][\/vc_column][\/vc_row][vc_row enable_hue_rotation=&#8221;no&#8221; enable_text_marquee=&#8221;no&#8221; el_class=&#8221;partfullgrid&#8221;][vc_column][vc_basic_grid post_type=&#8221;custom&#8221; item=&#8221;20407&#8243; grid_id=&#8221;vc_gid:1579711879750-f17bdc5b-062b-6&#8243; custom_query=&#8221;post_type=page&amp;post_parent=12395&amp;orderby=rand&amp;posts_per_page=-1&#8243;][\/vc_column][\/vc_row]<\/p>\n<\/div>","protected":false},"excerpt":{"rendered":"<p>[vc_row enable_hue_rotation=&#8221;no&#8221; enable_text_marquee=&#8221;no&#8221;][vc_column][vc_column_text]Bussejar a Eivissa i especialment a la costa de Sant Josep, que abasta quasi tota la meitat sud de l\u2019illa, \u00e9s una de les activitats m\u00e9s recomanables durant unes vacances a l\u2019illa. La lluminositat de l\u2019aigua, la quantitat [&hellip;]<\/p>\n","protected":false},"author":1,"featured_media":33529,"parent":12393,"menu_order":0,"comment_status":"closed","ping_status":"closed","template":"page-actividad.php","meta":{"_acf_changed":false,"inline_featured_image":false,"footnotes":""},"categoria_pagina":[],"class_list":["post-12395","page","type-page","status-publish","has-post-thumbnail","hentry"],"acf":[],"yoast_head":"<!-- This site is optimized with the Yoast SEO plugin v25.7 - https:\/\/yoast.com\/wordpress\/plugins\/seo\/ -->\n<title>Busseig a Sant Josep<\/title>\n<meta name=\"description\" content=\"Les aig\u00fces de litoral s\u00f3n excel\u00b7lents per a la pr\u00e0ctica de l&#039;busseig.\" \/>\n<meta name=\"robots\" content=\"index, follow, max-snippet:-1, max-image-preview:large, max-video-preview:-1\" \/>\n<link rel=\"canonical\" href=\"https:\/\/www.santjosep.net\/ca\/turisme-actiu\/busseig\/\" \/>\n<meta property=\"og:locale\" content=\"ca_ES\" \/>\n<meta property=\"og:type\" content=\"article\" \/>\n<meta property=\"og:title\" content=\"Busseig a Sant Josep\" \/>\n<meta property=\"og:description\" content=\"Les aig\u00fces de litoral s\u00f3n excel\u00b7lents per a la pr\u00e0ctica de l&#039;busseig.\" \/>\n<meta property=\"og:url\" content=\"https:\/\/www.santjosep.net\/ca\/turisme-actiu\/busseig\/\" \/>\n<meta property=\"og:site_name\" content=\"Santjosep.net\" \/>\n<meta property=\"article:modified_time\" content=\"2020-01-28T07:38:57+00:00\" \/>\n<meta property=\"og:image\" content=\"https:\/\/www.santjosep.net\/wp-content\/uploads\/2022\/11\/shutterstock_741194149.jpg\" \/>\n\t<meta property=\"og:image:width\" content=\"1900\" \/>\n\t<meta property=\"og:image:height\" content=\"1414\" \/>\n\t<meta property=\"og:image:type\" content=\"image\/jpeg\" \/>\n<meta name=\"twitter:card\" content=\"summary_large_image\" \/>\n<meta name=\"twitter:label1\" content=\"Temps estimat de lectura\" \/>\n\t<meta name=\"twitter:data1\" content=\"1 minut\" \/>\n<script type=\"application\/ld+json\" class=\"yoast-schema-graph\">{\"@context\":\"https:\/\/schema.org\",\"@graph\":[{\"@type\":\"WebPage\",\"@id\":\"https:\/\/www.santjosep.net\/ca\/turisme-actiu\/busseig\/\",\"url\":\"https:\/\/www.santjosep.net\/ca\/turisme-actiu\/busseig\/\",\"name\":\"Busseig a Sant Josep\",\"isPartOf\":{\"@id\":\"https:\/\/www.santjosep.net\/#website\"},\"primaryImageOfPage\":{\"@id\":\"https:\/\/www.santjosep.net\/ca\/turisme-actiu\/busseig\/#primaryimage\"},\"image\":{\"@id\":\"https:\/\/www.santjosep.net\/ca\/turisme-actiu\/busseig\/#primaryimage\"},\"thumbnailUrl\":\"https:\/\/www.santjosep.net\/wp-content\/uploads\/2022\/11\/shutterstock_741194149.jpg\",\"datePublished\":\"2016-03-04T12:36:39+00:00\",\"dateModified\":\"2020-01-28T07:38:57+00:00\",\"description\":\"Les aig\u00fces de litoral s\u00f3n excel\u00b7lents per a la pr\u00e0ctica de l'busseig.\",\"breadcrumb\":{\"@id\":\"https:\/\/www.santjosep.net\/ca\/turisme-actiu\/busseig\/#breadcrumb\"},\"inLanguage\":\"ca\",\"potentialAction\":[{\"@type\":\"ReadAction\",\"target\":[\"https:\/\/www.santjosep.net\/ca\/turisme-actiu\/busseig\/\"]}]},{\"@type\":\"ImageObject\",\"inLanguage\":\"ca\",\"@id\":\"https:\/\/www.santjosep.net\/ca\/turisme-actiu\/busseig\/#primaryimage\",\"url\":\"https:\/\/www.santjosep.net\/wp-content\/uploads\/2022\/11\/shutterstock_741194149.jpg\",\"contentUrl\":\"https:\/\/www.santjosep.net\/wp-content\/uploads\/2022\/11\/shutterstock_741194149.jpg\",\"width\":1900,\"height\":1414},{\"@type\":\"BreadcrumbList\",\"@id\":\"https:\/\/www.santjosep.net\/ca\/turisme-actiu\/busseig\/#breadcrumb\",\"itemListElement\":[{\"@type\":\"ListItem\",\"position\":1,\"name\":\"Turisme actiu\",\"item\":\"https:\/\/www.santjosep.net\/ca\/turisme-actiu\/\"},{\"@type\":\"ListItem\",\"position\":2,\"name\":\"Busseig\"}]},{\"@type\":\"WebSite\",\"@id\":\"https:\/\/www.santjosep.net\/#website\",\"url\":\"https:\/\/www.santjosep.net\/\",\"name\":\"Santjosep.net\",\"description\":\"\",\"potentialAction\":[{\"@type\":\"SearchAction\",\"target\":{\"@type\":\"EntryPoint\",\"urlTemplate\":\"https:\/\/www.santjosep.net\/?s={search_term_string}\"},\"query-input\":{\"@type\":\"PropertyValueSpecification\",\"valueRequired\":true,\"valueName\":\"search_term_string\"}}],\"inLanguage\":\"ca\"}]}<\/script>\n<!-- \/ Yoast SEO plugin. -->","yoast_head_json":{"title":"Busseig a Sant Josep","description":"Les aig\u00fces de litoral s\u00f3n excel\u00b7lents per a la pr\u00e0ctica de l'busseig.","robots":{"index":"index","follow":"follow","max-snippet":"max-snippet:-1","max-image-preview":"max-image-preview:large","max-video-preview":"max-video-preview:-1"},"canonical":"https:\/\/www.santjosep.net\/ca\/turisme-actiu\/busseig\/","og_locale":"ca_ES","og_type":"article","og_title":"Busseig a Sant Josep","og_description":"Les aig\u00fces de litoral s\u00f3n excel\u00b7lents per a la pr\u00e0ctica de l'busseig.","og_url":"https:\/\/www.santjosep.net\/ca\/turisme-actiu\/busseig\/","og_site_name":"Santjosep.net","article_modified_time":"2020-01-28T07:38:57+00:00","og_image":[{"width":1900,"height":1414,"url":"https:\/\/www.santjosep.net\/wp-content\/uploads\/2022\/11\/shutterstock_741194149.jpg","type":"image\/jpeg"}],"twitter_card":"summary_large_image","twitter_misc":{"Temps estimat de lectura":"1 minut"},"schema":{"@context":"https:\/\/schema.org","@graph":[{"@type":"WebPage","@id":"https:\/\/www.santjosep.net\/ca\/turisme-actiu\/busseig\/","url":"https:\/\/www.santjosep.net\/ca\/turisme-actiu\/busseig\/","name":"Busseig a Sant Josep","isPartOf":{"@id":"https:\/\/www.santjosep.net\/#website"},"primaryImageOfPage":{"@id":"https:\/\/www.santjosep.net\/ca\/turisme-actiu\/busseig\/#primaryimage"},"image":{"@id":"https:\/\/www.santjosep.net\/ca\/turisme-actiu\/busseig\/#primaryimage"},"thumbnailUrl":"https:\/\/www.santjosep.net\/wp-content\/uploads\/2022\/11\/shutterstock_741194149.jpg","datePublished":"2016-03-04T12:36:39+00:00","dateModified":"2020-01-28T07:38:57+00:00","description":"Les aig\u00fces de litoral s\u00f3n excel\u00b7lents per a la pr\u00e0ctica de l'busseig.","breadcrumb":{"@id":"https:\/\/www.santjosep.net\/ca\/turisme-actiu\/busseig\/#breadcrumb"},"inLanguage":"ca","potentialAction":[{"@type":"ReadAction","target":["https:\/\/www.santjosep.net\/ca\/turisme-actiu\/busseig\/"]}]},{"@type":"ImageObject","inLanguage":"ca","@id":"https:\/\/www.santjosep.net\/ca\/turisme-actiu\/busseig\/#primaryimage","url":"https:\/\/www.santjosep.net\/wp-content\/uploads\/2022\/11\/shutterstock_741194149.jpg","contentUrl":"https:\/\/www.santjosep.net\/wp-content\/uploads\/2022\/11\/shutterstock_741194149.jpg","width":1900,"height":1414},{"@type":"BreadcrumbList","@id":"https:\/\/www.santjosep.net\/ca\/turisme-actiu\/busseig\/#breadcrumb","itemListElement":[{"@type":"ListItem","position":1,"name":"Turisme actiu","item":"https:\/\/www.santjosep.net\/ca\/turisme-actiu\/"},{"@type":"ListItem","position":2,"name":"Busseig"}]},{"@type":"WebSite","@id":"https:\/\/www.santjosep.net\/#website","url":"https:\/\/www.santjosep.net\/","name":"Santjosep.net","description":"","potentialAction":[{"@type":"SearchAction","target":{"@type":"EntryPoint","urlTemplate":"https:\/\/www.santjosep.net\/?s={search_term_string}"},"query-input":{"@type":"PropertyValueSpecification","valueRequired":true,"valueName":"search_term_string"}}],"inLanguage":"ca"}]}},"_links":{"self":[{"href":"https:\/\/www.santjosep.net\/ca\/wp-json\/wp\/v2\/pages\/12395","targetHints":{"allow":["GET"]}}],"collection":[{"href":"https:\/\/www.santjosep.net\/ca\/wp-json\/wp\/v2\/pages"}],"about":[{"href":"https:\/\/www.santjosep.net\/ca\/wp-json\/wp\/v2\/types\/page"}],"author":[{"embeddable":true,"href":"https:\/\/www.santjosep.net\/ca\/wp-json\/wp\/v2\/users\/1"}],"replies":[{"embeddable":true,"href":"https:\/\/www.santjosep.net\/ca\/wp-json\/wp\/v2\/comments?post=12395"}],"version-history":[{"count":0,"href":"https:\/\/www.santjosep.net\/ca\/wp-json\/wp\/v2\/pages\/12395\/revisions"}],"up":[{"embeddable":true,"href":"https:\/\/www.santjosep.net\/ca\/wp-json\/wp\/v2\/pages\/12393"}],"wp:featuredmedia":[{"embeddable":true,"href":"https:\/\/www.santjosep.net\/ca\/wp-json\/wp\/v2\/media\/33529"}],"wp:attachment":[{"href":"https:\/\/www.santjosep.net\/ca\/wp-json\/wp\/v2\/media?parent=12395"}],"wp:term":[{"taxonomy":"categoria_pagina","embeddable":true,"href":"https:\/\/www.santjosep.net\/ca\/wp-json\/wp\/v2\/categoria_pagina?post=12395"}],"curies":[{"name":"wp","href":"https:\/\/api.w.org\/{rel}","templated":true}]}}