{"id":12372,"date":"2016-03-07T11:32:19","date_gmt":"2016-03-07T11:32:19","guid":{"rendered":"https:\/\/www.santjosep.net\/natura\/reserva-natural-de-es-vedra-es-vedranells-i-els-illots-de-ponent\/"},"modified":"2020-01-21T18:35:53","modified_gmt":"2020-01-21T17:35:53","slug":"reserva-natural-de-es-vedra-es-vedranells-i-els-illots-de-ponent","status":"publish","type":"page","link":"https:\/\/www.santjosep.net\/ca\/veure\/natura\/reserva-natural-de-es-vedra-es-vedranells-i-els-illots-de-ponent\/","title":{"rendered":"Reserva Natural de Es Vedr\u00e0, Es Vedranell i els Illots de Ponent"},"content":{"rendered":"<div class=\"wpb-content-wrapper\"><p>[vc_row enable_hue_rotation=&#8221;no&#8221; enable_text_marquee=&#8221;no&#8221;][vc_column][vc_column_text]<\/p>\n<h2><span style=\"line-height: 1.5;\">HISTORIA<\/span><\/h2>\n<p>La zona de Cala d\u2019Hort i els illots de Ponent s\u00f3n una de les principals \u00e0rees naturals d\u2019Eivissa, la qual cosa justifica que es declar\u00e9s com a ANEI mitjan\u00e7ant la Llei 1\/1991, de 30 de gener, d\u2019espais naturals i de r\u00e8gim urban\u00edstic de les \u00e0rees d\u2019especial protecci\u00f3 de les Illes Balears.<br \/>\nEn febrer de l\u2019any 2002 s\u2019hi va declarar, mitjan\u00e7ant el Decret 24\/2002, el Parc Natural de Cala d\u2019Hort, cap Llentrisca i sa Talaia i les Reserves Naturals des Vedr\u00e0, es Vedranell i els illots de Ponent.<\/p>\n<p>Des de mar\u00e7 de 2005, amb l\u2019entrada en vigor de la Llei 5\/2005, de 26 de maig, per a la conservaci\u00f3 dels espais de rellev\u00e0ncia ambiental (LECO), la delimitaci\u00f3 de l\u2019\u00e0mbit protegit compr\u00e8n les reserves naturals des Vedr\u00e0, es Vedranell i els illots de Ponent, i l\u2019\u00e0mbit mar\u00ed que els envolta. L\u2019aprovaci\u00f3 de la LECO tamb\u00e9 va implicar l\u2019inici del procediment per a elaborar un nou PORN (Pla d\u2019ordenaci\u00f3 dels recursos naturals), que no nom\u00e9s s\u2019ha d\u2019aplicar a l\u2019\u00e0mbit mar\u00ed i als illots, sin\u00f3 que tamb\u00e9 ha de protegir una franja d\u2019Eivissa.[\/vc_column_text][\/vc_column][\/vc_row][vc_row full_width=&#8221;stretch_row_content_no_spaces&#8221; enable_hue_rotation=&#8221;no&#8221; enable_text_marquee=&#8221;no&#8221; el_id=&#8221;galeria&#8221; el_class=&#8221;galeria&#8221;][vc_column css=&#8221;.vc_custom_1579097066588{padding-bottom: 20px !important;}&#8221;][vc_column_text]<style>#jtg-18980 .modula-item .jtg-social a, .lightbox-socials.jtg-social a{ fill: #ffffff; color: #ffffff }#jtg-18980 .modula-item .jtg-social-mobile a{ fill: #ffffff; color: #ffffff }#jtg-18980 .modula-item .jtg-social svg, .lightbox-socials.jtg-social svg { height: 16px; width: 16px }#jtg-18980 .modula-item .jtg-social-mobile svg { height: 16px; width: 16px }#jtg-18980 .modula-item .jtg-social a:not(:last-child), .lightbox-socials.jtg-social a:not(:last-child) { margin-right: 10px }#jtg-18980 .modula-item .jtg-social-mobile .jtg-social-mobile-icons a:not(:last-child){ margin-right: 10px }#jtg-18980 .modula-item .figc {color:#ffffff;}#jtg-18980 .modula-item .modula-item-content { transform: scale(1) }#jtg-18980 .modula-items .figc p.description { font-size:14px; }#jtg-18980 .modula-items .figc p.description { color:#ffffff;}#jtg-18980.modula-gallery .modula-item > a, #jtg-18980.modula-gallery .modula-item, #jtg-18980.modula-gallery .modula-item-content > a:not(.modula-no-follow) { cursor:zoom-in; } #jtg-18980.modula-gallery .modula-item-content .modula-no-follow { cursor: default; } @media screen and (max-width:480px){#jtg-18980 .modula-item .figc .jtg-title {  font-size: 12px; }#jtg-18980 .modula-items .figc p.description { color:#ffffff;font-size:10px; }}#jtg-18980 .modula-items .modula-item:hover img{opacity:1;}<\/style>\n<div  id=\"jtg-18980\" class=\"modula modula-gallery modula-custom-grid\" data-config=\"{&quot;height&quot;:800,&quot;tabletHeight&quot;:800,&quot;mobileHeight&quot;:800,&quot;desktopHeight&quot;:800,&quot;enableTwitter&quot;:true,&quot;enableWhatsapp&quot;:false,&quot;enableFacebook&quot;:true,&quot;enablePinterest&quot;:true,&quot;enableLinkedin&quot;:true,&quot;enableEmail&quot;:false,&quot;randomFactor&quot;:0.5,&quot;type&quot;:&quot;custom-grid&quot;,&quot;columns&quot;:12,&quot;gutter&quot;:0,&quot;mobileGutter&quot;:0,&quot;tabletGutter&quot;:0,&quot;desktopGutter&quot;:0,&quot;enableResponsive&quot;:&quot;1&quot;,&quot;tabletColumns&quot;:&quot;2&quot;,&quot;mobileColumns&quot;:&quot;1&quot;,&quot;lazyLoad&quot;:&quot;0&quot;,&quot;lightboxOpts&quot;:{&quot;animated&quot;:true,&quot;Thumbs&quot;:{&quot;type&quot;:&quot;modern&quot;,&quot;showOnStart&quot;:false},&quot;Toolbar&quot;:{&quot;display&quot;:{&quot;right&quot;:[&quot;close&quot;]},&quot;enabled&quot;:true},&quot;Carousel&quot;:{&quot;Panzoom&quot;:{&quot;touch&quot;:false},&quot;infinite&quot;:false},&quot;keyboard&quot;:{&quot;Escape&quot;:&quot;close&quot;,&quot;Delete&quot;:&quot;close&quot;,&quot;Backspace&quot;:&quot;close&quot;,&quot;PageUp&quot;:false,&quot;PageDown&quot;:false,&quot;ArrowUp&quot;:false,&quot;ArrowDown&quot;:false,&quot;ArrowRight&quot;:false,&quot;ArrowLeft&quot;:false},&quot;touch&quot;:false,&quot;backdropClick&quot;:false,&quot;l10n&quot;:{&quot;CLOSE&quot;:&quot;Close&quot;,&quot;NEXT&quot;:&quot;Next&quot;,&quot;PREV&quot;:&quot;Previous&quot;,&quot;Error&quot;:&quot;The requested content cannot be loaded. Please try again later.&quot;,&quot;PLAY_START&quot;:&quot;Start slideshow&quot;,&quot;PLAY_STOP&quot;:&quot;Pause slideshow&quot;,&quot;FULL_SCREEN&quot;:&quot;Full screen&quot;,&quot;THUMBS&quot;:&quot;Thumbnails&quot;,&quot;DOWNLOAD&quot;:&quot;Download&quot;,&quot;SHARE&quot;:&quot;Share&quot;,&quot;ZOOM&quot;:&quot;Zoom&quot;,&quot;EMAIL&quot;:&quot;Here is the link to the image : %%image_link%% and this is the link to the gallery : %%gallery_link%%&quot;,&quot;MODAL&quot;:&quot;You can close this modal content with the ESC key&quot;,&quot;ERROR&quot;:&quot;Something Went Wrong, Please Try Again Later&quot;,&quot;IMAGE_ERROR&quot;:&quot;Image Not Found&quot;,&quot;ELEMENT_NOT_FOUND&quot;:&quot;HTML Element Not Found&quot;,&quot;AJAX_NOT_FOUND&quot;:&quot;Error Loading AJAX : Not Found&quot;,&quot;AJAX_FORBIDDEN&quot;:&quot;Error Loading AJAX : Forbidden&quot;,&quot;IFRAME_ERROR&quot;:&quot;Error Loading Page&quot;,&quot;TOGGLE_ZOOM&quot;:&quot;Toggle zoom level&quot;,&quot;TOGGLE_THUMBS&quot;:&quot;Toggle thumbnails&quot;,&quot;TOGGLE_SLIDESHOW&quot;:&quot;Toggle slideshow&quot;,&quot;TOGGLE_FULLSCREEN&quot;:&quot;Toggle full-screen mode&quot;},&quot;Images&quot;:{&quot;Panzoom&quot;:{&quot;maxScale&quot;:2}},&quot;mainClass&quot;:&quot;modula-fancybox-container modula-lightbox-jtg-18980&quot;,&quot;Html&quot;:{&quot;videoAutoplay&quot;:0,&quot;videoTpl&quot;:&quot;&lt;video class=\\&quot;fancybox__html5video\\&quot; controls muted playsinline controlsList controlsList=\\&quot;nodownload\\&quot; poster=\\&quot;{{poster}}\\&quot; src=\\&quot;{{src}}\\&quot; type=\\&quot;{{format}}\\&quot; &gt;  Sorry, your browser doesn&#039;t support embedded videos, &lt;a href=\\&quot;{{src}}\\&quot;&gt; download &lt;\\\/a&gt; and watch with your favorite video player! &lt;\\\/video&gt;&quot;}},&quot;inView&quot;:false,&quot;email_subject&quot;:&quot;Check out this awesome image !!&quot;,&quot;email_message&quot;:&quot;Here is the link to the image : %%image_link%% and this is the link to the gallery : %%gallery_link%%&quot;,&quot;lightbox&quot;:&quot;fancybox&quot;}\">\n\n\t\n\t<div  class=\"modula-items\">\n\t\t<div class=\"modula-item\" data-width=\"12\" data-height=\"6\" >\n\t<div class=\"modula-item-content\">\n\t\t\n\t\t\t\t\t<a data-image-id=\"18982\" tabindex=\"0\" rel=\"jtg-18980\" data-caption=\"\" aria-label=\"Open image in lightbox\" role=\"button\" class=\"tile-inner modula-item-link\"><\/a>\n\t\t\n\t\t<img loading=\"lazy\" decoding=\"async\" class=\"pic wp-image-18982\"  data-valign=\"middle\" data-halign=\"center\" alt=\"\" data-full=\"https:\/\/www.santjosep.net\/wp-content\/uploads\/2020\/01\/IMG_0432.jpg\" title=\"IMG_0432\" width=\"2560\" height=\"1706\" src=\"https:\/\/www.santjosep.net\/wp-content\/uploads\/2020\/01\/IMG_0432.jpg\" data-src=\"https:\/\/www.santjosep.net\/wp-content\/uploads\/2020\/01\/IMG_0432.jpg\" data-caption=\"\" srcset=\"https:\/\/www.santjosep.net\/wp-content\/uploads\/2020\/01\/IMG_0432-scaled.jpg 2560w, https:\/\/www.santjosep.net\/wp-content\/uploads\/2020\/01\/IMG_0432-300x200.jpg 300w, https:\/\/www.santjosep.net\/wp-content\/uploads\/2020\/01\/IMG_0432-1024x683.jpg 1024w, https:\/\/www.santjosep.net\/wp-content\/uploads\/2020\/01\/IMG_0432-768x512.jpg 768w, https:\/\/www.santjosep.net\/wp-content\/uploads\/2020\/01\/IMG_0432-1536x1024.jpg 1536w\" sizes=\"auto, (max-width: 2560px) 100vw, 2560px\" \/>\n\t<\/div>\n\n<\/div><div class=\"modula-item\" data-width=\"7\" data-height=\"6\" >\n\t<div class=\"modula-item-content\">\n\t\t\n\t\t\t\t\t<a data-image-id=\"18987\" tabindex=\"0\" rel=\"jtg-18980\" data-caption=\"\" aria-label=\"Open image in lightbox\" role=\"button\" class=\"tile-inner modula-item-link\"><\/a>\n\t\t\n\t\t<img loading=\"lazy\" decoding=\"async\" class=\"pic wp-image-18987\"  data-valign=\"middle\" data-halign=\"center\" alt=\"\" data-full=\"https:\/\/www.santjosep.net\/wp-content\/uploads\/2020\/01\/P1109038-1.jpg\" title=\"P1109038\" width=\"1900\" height=\"1900\" src=\"https:\/\/www.santjosep.net\/wp-content\/uploads\/2020\/01\/P1109038-1.jpg\" data-src=\"https:\/\/www.santjosep.net\/wp-content\/uploads\/2020\/01\/P1109038-1.jpg\" data-caption=\"\" srcset=\"https:\/\/www.santjosep.net\/wp-content\/uploads\/2020\/01\/P1109038-1.jpg 1900w, https:\/\/www.santjosep.net\/wp-content\/uploads\/2020\/01\/P1109038-1-300x300.jpg 300w, https:\/\/www.santjosep.net\/wp-content\/uploads\/2020\/01\/P1109038-1-1024x1024.jpg 1024w, https:\/\/www.santjosep.net\/wp-content\/uploads\/2020\/01\/P1109038-1-150x150.jpg 150w, https:\/\/www.santjosep.net\/wp-content\/uploads\/2020\/01\/P1109038-1-768x768.jpg 768w, https:\/\/www.santjosep.net\/wp-content\/uploads\/2020\/01\/P1109038-1-1536x1536.jpg 1536w, https:\/\/www.santjosep.net\/wp-content\/uploads\/2020\/01\/P1109038-1-550x550.jpg 550w, https:\/\/www.santjosep.net\/wp-content\/uploads\/2020\/01\/P1109038-1-1100x1100.jpg 1100w\" sizes=\"auto, (max-width: 1900px) 100vw, 1900px\" \/>\n\t<\/div>\n\n<\/div><div class=\"modula-item\" data-width=\"5\" data-height=\"6\" >\n\t<div class=\"modula-item-content\">\n\t\t\n\t\t\t\t\t<a data-image-id=\"18992\" tabindex=\"0\" rel=\"jtg-18980\" data-caption=\"\" aria-label=\"Open image in lightbox\" role=\"button\" class=\"tile-inner modula-item-link\"><\/a>\n\t\t\n\t\t<img loading=\"lazy\" decoding=\"async\" class=\"pic wp-image-18992\"  data-valign=\"middle\" data-halign=\"center\" alt=\"\" data-full=\"https:\/\/www.santjosep.net\/wp-content\/uploads\/2020\/01\/P1109415.jpg\" title=\"P1109415\" width=\"1900\" height=\"1425\" src=\"https:\/\/www.santjosep.net\/wp-content\/uploads\/2020\/01\/P1109415.jpg\" data-src=\"https:\/\/www.santjosep.net\/wp-content\/uploads\/2020\/01\/P1109415.jpg\" data-caption=\"\" srcset=\"https:\/\/www.santjosep.net\/wp-content\/uploads\/2020\/01\/P1109415.jpg 1900w, https:\/\/www.santjosep.net\/wp-content\/uploads\/2020\/01\/P1109415-300x225.jpg 300w, https:\/\/www.santjosep.net\/wp-content\/uploads\/2020\/01\/P1109415-1024x768.jpg 1024w, https:\/\/www.santjosep.net\/wp-content\/uploads\/2020\/01\/P1109415-768x576.jpg 768w, https:\/\/www.santjosep.net\/wp-content\/uploads\/2020\/01\/P1109415-1536x1152.jpg 1536w, https:\/\/www.santjosep.net\/wp-content\/uploads\/2020\/01\/P1109415-800x600.jpg 800w\" sizes=\"auto, (max-width: 1900px) 100vw, 1900px\" \/>\n\t<\/div>\n\n<\/div><div class=\"modula-item\" data-width=\"12\" data-height=\"6\" >\n\t<div class=\"modula-item-content\">\n\t\t\n\t\t\t\t\t<a data-image-id=\"18997\" tabindex=\"0\" rel=\"jtg-18980\" data-caption=\"\" aria-label=\"Open image in lightbox\" role=\"button\" class=\"tile-inner modula-item-link\"><\/a>\n\t\t\n\t\t<img loading=\"lazy\" decoding=\"async\" class=\"pic wp-image-18997\"  data-valign=\"middle\" data-halign=\"center\" alt=\"\" data-full=\"https:\/\/www.santjosep.net\/wp-content\/uploads\/2020\/01\/P1108949.jpg\" title=\"P1108949\" width=\"1900\" height=\"1425\" src=\"https:\/\/www.santjosep.net\/wp-content\/uploads\/2020\/01\/P1108949.jpg\" data-src=\"https:\/\/www.santjosep.net\/wp-content\/uploads\/2020\/01\/P1108949.jpg\" data-caption=\"\" srcset=\"https:\/\/www.santjosep.net\/wp-content\/uploads\/2020\/01\/P1108949.jpg 1900w, https:\/\/www.santjosep.net\/wp-content\/uploads\/2020\/01\/P1108949-300x225.jpg 300w, https:\/\/www.santjosep.net\/wp-content\/uploads\/2020\/01\/P1108949-1024x768.jpg 1024w, https:\/\/www.santjosep.net\/wp-content\/uploads\/2020\/01\/P1108949-768x576.jpg 768w, https:\/\/www.santjosep.net\/wp-content\/uploads\/2020\/01\/P1108949-1536x1152.jpg 1536w, https:\/\/www.santjosep.net\/wp-content\/uploads\/2020\/01\/P1108949-800x600.jpg 800w\" sizes=\"auto, (max-width: 1900px) 100vw, 1900px\" \/>\n\t<\/div>\n\n<\/div><div class=\"modula-item\" data-width=\"6\" data-height=\"5\" >\n\t<div class=\"modula-item-content\">\n\t\t\n\t\t\t\t\t<a data-image-id=\"19002\" tabindex=\"0\" rel=\"jtg-18980\" data-caption=\"\" aria-label=\"Open image in lightbox\" role=\"button\" class=\"tile-inner modula-item-link\"><\/a>\n\t\t\n\t\t<img loading=\"lazy\" decoding=\"async\" class=\"pic wp-image-19002\"  data-valign=\"middle\" data-halign=\"center\" alt=\"\" data-full=\"https:\/\/www.santjosep.net\/wp-content\/uploads\/2020\/01\/P1010119.jpg\" title=\"P1010119\" width=\"1200\" height=\"900\" src=\"https:\/\/www.santjosep.net\/wp-content\/uploads\/2020\/01\/P1010119.jpg\" data-src=\"https:\/\/www.santjosep.net\/wp-content\/uploads\/2020\/01\/P1010119.jpg\" data-caption=\"\" srcset=\"https:\/\/www.santjosep.net\/wp-content\/uploads\/2020\/01\/P1010119.jpg 1200w, https:\/\/www.santjosep.net\/wp-content\/uploads\/2020\/01\/P1010119-300x225.jpg 300w, https:\/\/www.santjosep.net\/wp-content\/uploads\/2020\/01\/P1010119-1024x768.jpg 1024w, https:\/\/www.santjosep.net\/wp-content\/uploads\/2020\/01\/P1010119-768x576.jpg 768w, https:\/\/www.santjosep.net\/wp-content\/uploads\/2020\/01\/P1010119-800x600.jpg 800w\" sizes=\"auto, (max-width: 1200px) 100vw, 1200px\" \/>\n\t<\/div>\n\n<\/div><div class=\"modula-item\" data-width=\"6\" data-height=\"5\" >\n\t<div class=\"modula-item-content\">\n\t\t\n\t\t\t\t\t<a data-image-id=\"19007\" tabindex=\"0\" rel=\"jtg-18980\" data-caption=\"\" aria-label=\"Open image in lightbox\" role=\"button\" class=\"tile-inner modula-item-link\"><\/a>\n\t\t\n\t\t<img loading=\"lazy\" decoding=\"async\" class=\"pic wp-image-19007\"  data-valign=\"middle\" data-halign=\"center\" alt=\"\" data-full=\"https:\/\/www.santjosep.net\/wp-content\/uploads\/2020\/01\/P1010124.jpg\" title=\"P1010124\" width=\"1200\" height=\"900\" src=\"https:\/\/www.santjosep.net\/wp-content\/uploads\/2020\/01\/P1010124.jpg\" data-src=\"https:\/\/www.santjosep.net\/wp-content\/uploads\/2020\/01\/P1010124.jpg\" data-caption=\"\" srcset=\"https:\/\/www.santjosep.net\/wp-content\/uploads\/2020\/01\/P1010124.jpg 1200w, https:\/\/www.santjosep.net\/wp-content\/uploads\/2020\/01\/P1010124-300x225.jpg 300w, https:\/\/www.santjosep.net\/wp-content\/uploads\/2020\/01\/P1010124-1024x768.jpg 1024w, https:\/\/www.santjosep.net\/wp-content\/uploads\/2020\/01\/P1010124-768x576.jpg 768w, https:\/\/www.santjosep.net\/wp-content\/uploads\/2020\/01\/P1010124-800x600.jpg 800w\" sizes=\"auto, (max-width: 1200px) 100vw, 1200px\" \/>\n\t<\/div>\n\n<\/div>\t\t\n\t<\/div>\n\n\t\n\t\n\t<script type=\"application\/ld+json\">\n\t{\n\t\t\"@context\": \"http:\/\/schema.org\",\n\t\t\"@type\"   : \"ImageGallery\",\n\t\t\"id\"      : \"https:\/\/www.santjosep.net\/ca\/veure\/natura\/reserva-natural-de-es-vedra-es-vedranells-i-els-illots-de-ponent\/\",\n\t\t\"url\"     : \"https:\/\/www.santjosep.net\/ca\/veure\/natura\/reserva-natural-de-es-vedra-es-vedranells-i-els-illots-de-ponent\/\"\n\t}\n\n\t<\/script>\n\n\t\n<\/div>\n[\/vc_column_text][\/vc_column][\/vc_row][vc_row enable_hue_rotation=&#8221;no&#8221; enable_text_marquee=&#8221;no&#8221;][vc_column][vc_column_text]<\/p>\n<h2>ESPAI NATURAL PROTEGIT<\/h2>\n<p>Les reserves naturals des Vedr\u00e0, es Vedranell i els illots de Ponent formen un espai natural maritimoterrestre protegit localitzat a l\u2019oest d\u2019Eivissa, en el terme municipal de Sant Josep de sa Talaia. Aquest espai est\u00e0 incl\u00f2s a la Xarxa Natura 2000 i per tant compta amb les figures de protecci\u00f3 LIC (Lloc d\u2019Import\u00e0ncia Comunit\u00e0ria) i ZEPA (Zona d\u2019Especial Protecci\u00f3 per a les Aus), a m\u00e9s de l\u2019auton\u00f2mica ANEI (\u00c0rea Natural d\u2019Especial Inter\u00e8s).<\/p>\n<p>Els illots es concentren en dues agrupacions, d\u2019una banda, el conjunt format pes Vedr\u00e0 i es Vedranell i, d\u2019una altra, els illots de Ponent, \u00e9s a dir, sa Conillera, l\u2019illa des Bosc, s\u2019Espartar i ses Bledes: na Gorra, es Vaixell, na Bosc, els esculls d\u2019en Ramon i na Plana. Tots ells representen aut\u00e8ntics tresors naturals on conviuen aus marines, sargantanes i invertebrats end\u00e8mics, a m\u00e9s, d\u2019una flora de gran riquesa.<\/p>\n<p>&nbsp;<\/p>\n<h2>FAUNA<\/h2>\n<p>Els illots s\u00f3n un dels llocs principals de cria d\u2019aus marines i rapaces, com la gavina corsa (Larus audouinii), la baldriga cendrosa (Calonectris diomedea), la pardela balear (Puffinus mauretanicus), el falc\u00f3 de la reina (Falco eleonorae), el falc\u00f3 pelegr\u00ed (Falco peregrinus) o l\u2019ocell de tempesta (Hydrobates pelagicus). En all\u00f2 referent a aquesta \u00faltima esp\u00e8cie, a l\u2019illa de s\u2019Espartar es localitza una de les col\u00f2nies m\u00e9s importants del Mediterrani occidental.<br \/>\nEls invertebrats tamb\u00e9 estan ben representats, especialment els mol\u00b7luscos, com els caragols del g\u00e8nere Trochoidea i els cole\u00f2pters.<br \/>\nLa sargantana de les Piti\u00fcses (Podarcis pityusensis), protegida per diferents normatives, presenta subesp\u00e8cies end\u00e8miques als diferents illots que es diferencien per la seua mida i coloraci\u00f3. Els fons marins estan ben conservats i acullen una fauna rica i variada amb representants com les gorg\u00f2nies (Gorg\u00f2nia sp.), els dofins mulars (Tursiops truncatus) o peixos com els anfosos (Epinephelus sp.), entre altres.[\/vc_column_text][\/vc_column][\/vc_row][vc_row full_width=&#8221;stretch_row_content_no_spaces&#8221; enable_hue_rotation=&#8221;no&#8221; enable_text_marquee=&#8221;no&#8221; el_class=&#8221;galeria&#8221;][vc_column css=&#8221;.vc_custom_1579097066588{padding-bottom: 20px !important;}&#8221;][vc_column_text]<style>#jtg-19025 .modula-item .jtg-social a, .lightbox-socials.jtg-social a{ fill: #ffffff; color: #ffffff }#jtg-19025 .modula-item .jtg-social-mobile a{ fill: #ffffff; color: #ffffff }#jtg-19025 .modula-item .jtg-social svg, .lightbox-socials.jtg-social svg { height: 16px; width: 16px }#jtg-19025 .modula-item .jtg-social-mobile svg { height: 16px; width: 16px }#jtg-19025 .modula-item .jtg-social a:not(:last-child), .lightbox-socials.jtg-social a:not(:last-child) { margin-right: 10px }#jtg-19025 .modula-item .jtg-social-mobile .jtg-social-mobile-icons a:not(:last-child){ margin-right: 10px }#jtg-19025 .modula-item .figc {color:#ffffff;}#jtg-19025 .modula-item .modula-item-content { transform: scale(1) }#jtg-19025 .modula-items .figc p.description { font-size:14px; }#jtg-19025 .modula-items .figc p.description { color:#ffffff;}#jtg-19025.modula-gallery .modula-item > a, #jtg-19025.modula-gallery .modula-item, #jtg-19025.modula-gallery .modula-item-content > a:not(.modula-no-follow) { cursor:zoom-in; } #jtg-19025.modula-gallery .modula-item-content .modula-no-follow { cursor: default; } @media screen and (max-width:480px){#jtg-19025 .modula-item .figc .jtg-title {  font-size: 12px; }#jtg-19025 .modula-items .figc p.description { color:#ffffff;font-size:10px; }}#jtg-19025 .modula-items .modula-item:hover img{opacity:1;}<\/style>\n<div  id=\"jtg-19025\" class=\"modula modula-gallery modula-custom-grid\" data-config=\"{&quot;height&quot;:800,&quot;tabletHeight&quot;:800,&quot;mobileHeight&quot;:800,&quot;desktopHeight&quot;:800,&quot;enableTwitter&quot;:true,&quot;enableWhatsapp&quot;:false,&quot;enableFacebook&quot;:true,&quot;enablePinterest&quot;:true,&quot;enableLinkedin&quot;:true,&quot;enableEmail&quot;:false,&quot;randomFactor&quot;:0.5,&quot;type&quot;:&quot;custom-grid&quot;,&quot;columns&quot;:12,&quot;gutter&quot;:0,&quot;mobileGutter&quot;:0,&quot;tabletGutter&quot;:0,&quot;desktopGutter&quot;:0,&quot;enableResponsive&quot;:&quot;1&quot;,&quot;tabletColumns&quot;:&quot;2&quot;,&quot;mobileColumns&quot;:&quot;1&quot;,&quot;lazyLoad&quot;:&quot;0&quot;,&quot;lightboxOpts&quot;:{&quot;animated&quot;:true,&quot;Thumbs&quot;:{&quot;type&quot;:&quot;modern&quot;,&quot;showOnStart&quot;:false},&quot;Toolbar&quot;:{&quot;display&quot;:{&quot;right&quot;:[&quot;close&quot;]},&quot;enabled&quot;:true},&quot;Carousel&quot;:{&quot;Panzoom&quot;:{&quot;touch&quot;:false},&quot;infinite&quot;:false},&quot;keyboard&quot;:{&quot;Escape&quot;:&quot;close&quot;,&quot;Delete&quot;:&quot;close&quot;,&quot;Backspace&quot;:&quot;close&quot;,&quot;PageUp&quot;:false,&quot;PageDown&quot;:false,&quot;ArrowUp&quot;:false,&quot;ArrowDown&quot;:false,&quot;ArrowRight&quot;:false,&quot;ArrowLeft&quot;:false},&quot;touch&quot;:false,&quot;backdropClick&quot;:false,&quot;l10n&quot;:{&quot;CLOSE&quot;:&quot;Close&quot;,&quot;NEXT&quot;:&quot;Next&quot;,&quot;PREV&quot;:&quot;Previous&quot;,&quot;Error&quot;:&quot;The requested content cannot be loaded. Please try again later.&quot;,&quot;PLAY_START&quot;:&quot;Start slideshow&quot;,&quot;PLAY_STOP&quot;:&quot;Pause slideshow&quot;,&quot;FULL_SCREEN&quot;:&quot;Full screen&quot;,&quot;THUMBS&quot;:&quot;Thumbnails&quot;,&quot;DOWNLOAD&quot;:&quot;Download&quot;,&quot;SHARE&quot;:&quot;Share&quot;,&quot;ZOOM&quot;:&quot;Zoom&quot;,&quot;EMAIL&quot;:&quot;Here is the link to the image : %%image_link%% and this is the link to the gallery : %%gallery_link%%&quot;,&quot;MODAL&quot;:&quot;You can close this modal content with the ESC key&quot;,&quot;ERROR&quot;:&quot;Something Went Wrong, Please Try Again Later&quot;,&quot;IMAGE_ERROR&quot;:&quot;Image Not Found&quot;,&quot;ELEMENT_NOT_FOUND&quot;:&quot;HTML Element Not Found&quot;,&quot;AJAX_NOT_FOUND&quot;:&quot;Error Loading AJAX : Not Found&quot;,&quot;AJAX_FORBIDDEN&quot;:&quot;Error Loading AJAX : Forbidden&quot;,&quot;IFRAME_ERROR&quot;:&quot;Error Loading Page&quot;,&quot;TOGGLE_ZOOM&quot;:&quot;Toggle zoom level&quot;,&quot;TOGGLE_THUMBS&quot;:&quot;Toggle thumbnails&quot;,&quot;TOGGLE_SLIDESHOW&quot;:&quot;Toggle slideshow&quot;,&quot;TOGGLE_FULLSCREEN&quot;:&quot;Toggle full-screen mode&quot;},&quot;Images&quot;:{&quot;Panzoom&quot;:{&quot;maxScale&quot;:2}},&quot;mainClass&quot;:&quot;modula-fancybox-container modula-lightbox-jtg-19025&quot;,&quot;Html&quot;:{&quot;videoAutoplay&quot;:0,&quot;videoTpl&quot;:&quot;&lt;video class=\\&quot;fancybox__html5video\\&quot; controls muted playsinline controlsList controlsList=\\&quot;nodownload\\&quot; poster=\\&quot;{{poster}}\\&quot; src=\\&quot;{{src}}\\&quot; type=\\&quot;{{format}}\\&quot; &gt;  Sorry, your browser doesn&#039;t support embedded videos, &lt;a href=\\&quot;{{src}}\\&quot;&gt; download &lt;\\\/a&gt; and watch with your favorite video player! &lt;\\\/video&gt;&quot;}},&quot;inView&quot;:false,&quot;email_subject&quot;:&quot;Check out this awesome image !!&quot;,&quot;email_message&quot;:&quot;Here is the link to the image : %%image_link%% and this is the link to the gallery : %%gallery_link%%&quot;,&quot;lightbox&quot;:&quot;fancybox&quot;}\">\n\n\t\n\t<div  class=\"modula-items\">\n\t\t<div class=\"modula-item\" data-width=\"12\" data-height=\"8\" >\n\t<div class=\"modula-item-content\">\n\t\t\n\t\t\t\t\t<a data-image-id=\"19027\" tabindex=\"0\" rel=\"jtg-19025\" data-caption=\"\" aria-label=\"Open image in lightbox\" role=\"button\" class=\"tile-inner modula-item-link\"><\/a>\n\t\t\n\t\t<img loading=\"lazy\" decoding=\"async\" class=\"pic wp-image-19027\"  data-valign=\"middle\" data-halign=\"center\" alt=\"\" data-full=\"https:\/\/www.santjosep.net\/wp-content\/uploads\/2020\/01\/AdobeStock_4537670.jpg\" title=\"Lagartijas\" width=\"1800\" height=\"1200\" src=\"https:\/\/www.santjosep.net\/wp-content\/uploads\/2020\/01\/AdobeStock_4537670.jpg\" data-src=\"https:\/\/www.santjosep.net\/wp-content\/uploads\/2020\/01\/AdobeStock_4537670.jpg\" data-caption=\"\" srcset=\"https:\/\/www.santjosep.net\/wp-content\/uploads\/2020\/01\/AdobeStock_4537670.jpg 1800w, https:\/\/www.santjosep.net\/wp-content\/uploads\/2020\/01\/AdobeStock_4537670-300x200.jpg 300w, https:\/\/www.santjosep.net\/wp-content\/uploads\/2020\/01\/AdobeStock_4537670-1024x683.jpg 1024w, https:\/\/www.santjosep.net\/wp-content\/uploads\/2020\/01\/AdobeStock_4537670-768x512.jpg 768w, https:\/\/www.santjosep.net\/wp-content\/uploads\/2020\/01\/AdobeStock_4537670-1536x1024.jpg 1536w\" sizes=\"auto, (max-width: 1800px) 100vw, 1800px\" \/>\n\t<\/div>\n\n<\/div>\t\t\n\t<\/div>\n\n\t\n\t\n\t<script type=\"application\/ld+json\">\n\t{\n\t\t\"@context\": \"http:\/\/schema.org\",\n\t\t\"@type\"   : \"ImageGallery\",\n\t\t\"id\"      : \"https:\/\/www.santjosep.net\/ca\/veure\/natura\/reserva-natural-de-es-vedra-es-vedranells-i-els-illots-de-ponent\/\",\n\t\t\"url\"     : \"https:\/\/www.santjosep.net\/ca\/veure\/natura\/reserva-natural-de-es-vedra-es-vedranells-i-els-illots-de-ponent\/\"\n\t}\n\n\t<\/script>\n\n\t\n<\/div>\n[\/vc_column_text][\/vc_column][\/vc_row][vc_row enable_hue_rotation=&#8221;no&#8221; enable_text_marquee=&#8221;no&#8221;][vc_column][vc_column_text]<\/p>\n<h2>FLORA<\/h2>\n<p>Tot i les condicions extremes dels illots, moltes esp\u00e8cies vegetals sobreviuen. Es tracta de vegetals d\u2019un gran valor ecol\u00f2gic amb poblacions molt vulnerables, per aquest motiu la seua protecci\u00f3 \u00e9s totalment necess\u00e0ria. Els principals endemismes bot\u00e0nics s\u00f3n: Silene hifacensis, Diplotaxis ibicensis, Teucrium cossonii subsp. punicum, Asperula paui, Limonium pseudoebusitanum, etc. Tamb\u00e9 s\u00f3n comunes esp\u00e8cies poc freq\u00fcents a les Piti\u00fcses com el margall\u00f3 (Chamaerops humilis) o la lleterassa (Euphorbia dendroides). A s\u2019Espartar tenen especial import\u00e0ncia les comunitats d\u2019espart m\u00e9s extenses de les Piti\u00fcses.<br \/>\nLa flora submergida tamb\u00e9 \u00e9s diversa i est\u00e0 representada principalment per praderies de faner\u00f2games marines, entre les quals \u00e9s destacable l\u2019esp\u00e8cie end\u00e8mica del Mediterrani, la posid\u00f2nia oce\u00e0nica.[\/vc_column_text][\/vc_column][\/vc_row][vc_row full_width=&#8221;stretch_row_content_no_spaces&#8221; enable_hue_rotation=&#8221;no&#8221; enable_text_marquee=&#8221;no&#8221; el_class=&#8221;galeria&#8221;][vc_column css=&#8221;.vc_custom_1579097066588{padding-bottom: 20px !important;}&#8221;][vc_column_text]<style>#jtg-19046 .modula-item .jtg-social a, .lightbox-socials.jtg-social a{ fill: #ffffff; color: #ffffff }#jtg-19046 .modula-item .jtg-social-mobile a{ fill: #ffffff; color: #ffffff }#jtg-19046 .modula-item .jtg-social svg, .lightbox-socials.jtg-social svg { height: 16px; width: 16px }#jtg-19046 .modula-item .jtg-social-mobile svg { height: 16px; width: 16px }#jtg-19046 .modula-item .jtg-social a:not(:last-child), .lightbox-socials.jtg-social a:not(:last-child) { margin-right: 10px }#jtg-19046 .modula-item .jtg-social-mobile .jtg-social-mobile-icons a:not(:last-child){ margin-right: 10px }#jtg-19046 .modula-item .figc {color:#ffffff;}#jtg-19046 .modula-item .modula-item-content { transform: scale(1) }#jtg-19046 .modula-items .figc p.description { font-size:14px; }#jtg-19046 .modula-items .figc p.description { color:#ffffff;}#jtg-19046.modula-gallery .modula-item > a, #jtg-19046.modula-gallery .modula-item, #jtg-19046.modula-gallery .modula-item-content > a:not(.modula-no-follow) { cursor:zoom-in; } #jtg-19046.modula-gallery .modula-item-content .modula-no-follow { cursor: default; } @media screen and (max-width:480px){#jtg-19046 .modula-item .figc .jtg-title {  font-size: 12px; }#jtg-19046 .modula-items .figc p.description { color:#ffffff;font-size:10px; }}#jtg-19046 .modula-items .modula-item:hover img{opacity:1;}<\/style>\n<div  id=\"jtg-19046\" class=\"modula modula-gallery modula-custom-grid\" data-config=\"{&quot;height&quot;:800,&quot;tabletHeight&quot;:800,&quot;mobileHeight&quot;:800,&quot;desktopHeight&quot;:800,&quot;enableTwitter&quot;:true,&quot;enableWhatsapp&quot;:false,&quot;enableFacebook&quot;:true,&quot;enablePinterest&quot;:true,&quot;enableLinkedin&quot;:true,&quot;enableEmail&quot;:false,&quot;randomFactor&quot;:0.5,&quot;type&quot;:&quot;custom-grid&quot;,&quot;columns&quot;:12,&quot;gutter&quot;:0,&quot;mobileGutter&quot;:0,&quot;tabletGutter&quot;:0,&quot;desktopGutter&quot;:0,&quot;enableResponsive&quot;:&quot;1&quot;,&quot;tabletColumns&quot;:&quot;2&quot;,&quot;mobileColumns&quot;:&quot;1&quot;,&quot;lazyLoad&quot;:&quot;0&quot;,&quot;lightboxOpts&quot;:{&quot;animated&quot;:true,&quot;Thumbs&quot;:{&quot;type&quot;:&quot;modern&quot;,&quot;showOnStart&quot;:false},&quot;Toolbar&quot;:{&quot;display&quot;:{&quot;right&quot;:[&quot;close&quot;]},&quot;enabled&quot;:true},&quot;Carousel&quot;:{&quot;Panzoom&quot;:{&quot;touch&quot;:false},&quot;infinite&quot;:false},&quot;keyboard&quot;:{&quot;Escape&quot;:&quot;close&quot;,&quot;Delete&quot;:&quot;close&quot;,&quot;Backspace&quot;:&quot;close&quot;,&quot;PageUp&quot;:false,&quot;PageDown&quot;:false,&quot;ArrowUp&quot;:false,&quot;ArrowDown&quot;:false,&quot;ArrowRight&quot;:false,&quot;ArrowLeft&quot;:false},&quot;touch&quot;:false,&quot;backdropClick&quot;:false,&quot;l10n&quot;:{&quot;CLOSE&quot;:&quot;Close&quot;,&quot;NEXT&quot;:&quot;Next&quot;,&quot;PREV&quot;:&quot;Previous&quot;,&quot;Error&quot;:&quot;The requested content cannot be loaded. Please try again later.&quot;,&quot;PLAY_START&quot;:&quot;Start slideshow&quot;,&quot;PLAY_STOP&quot;:&quot;Pause slideshow&quot;,&quot;FULL_SCREEN&quot;:&quot;Full screen&quot;,&quot;THUMBS&quot;:&quot;Thumbnails&quot;,&quot;DOWNLOAD&quot;:&quot;Download&quot;,&quot;SHARE&quot;:&quot;Share&quot;,&quot;ZOOM&quot;:&quot;Zoom&quot;,&quot;EMAIL&quot;:&quot;Here is the link to the image : %%image_link%% and this is the link to the gallery : %%gallery_link%%&quot;,&quot;MODAL&quot;:&quot;You can close this modal content with the ESC key&quot;,&quot;ERROR&quot;:&quot;Something Went Wrong, Please Try Again Later&quot;,&quot;IMAGE_ERROR&quot;:&quot;Image Not Found&quot;,&quot;ELEMENT_NOT_FOUND&quot;:&quot;HTML Element Not Found&quot;,&quot;AJAX_NOT_FOUND&quot;:&quot;Error Loading AJAX : Not Found&quot;,&quot;AJAX_FORBIDDEN&quot;:&quot;Error Loading AJAX : Forbidden&quot;,&quot;IFRAME_ERROR&quot;:&quot;Error Loading Page&quot;,&quot;TOGGLE_ZOOM&quot;:&quot;Toggle zoom level&quot;,&quot;TOGGLE_THUMBS&quot;:&quot;Toggle thumbnails&quot;,&quot;TOGGLE_SLIDESHOW&quot;:&quot;Toggle slideshow&quot;,&quot;TOGGLE_FULLSCREEN&quot;:&quot;Toggle full-screen mode&quot;},&quot;Images&quot;:{&quot;Panzoom&quot;:{&quot;maxScale&quot;:2}},&quot;mainClass&quot;:&quot;modula-fancybox-container modula-lightbox-jtg-19046&quot;,&quot;Html&quot;:{&quot;videoAutoplay&quot;:0,&quot;videoTpl&quot;:&quot;&lt;video class=\\&quot;fancybox__html5video\\&quot; controls muted playsinline controlsList controlsList=\\&quot;nodownload\\&quot; poster=\\&quot;{{poster}}\\&quot; src=\\&quot;{{src}}\\&quot; type=\\&quot;{{format}}\\&quot; &gt;  Sorry, your browser doesn&#039;t support embedded videos, &lt;a href=\\&quot;{{src}}\\&quot;&gt; download &lt;\\\/a&gt; and watch with your favorite video player! &lt;\\\/video&gt;&quot;}},&quot;inView&quot;:false,&quot;email_subject&quot;:&quot;Check out this awesome image !!&quot;,&quot;email_message&quot;:&quot;Here is the link to the image : %%image_link%% and this is the link to the gallery : %%gallery_link%%&quot;,&quot;lightbox&quot;:&quot;fancybox&quot;}\">\n\n\t\n\t<div  class=\"modula-items\">\n\t\t<div class=\"modula-item\" data-width=\"12\" data-height=\"8\" >\n\t<div class=\"modula-item-content\">\n\t\t\n\t\t\t\t\t<a data-image-id=\"19055\" tabindex=\"0\" rel=\"jtg-19046\" data-caption=\"\" aria-label=\"Open image in lightbox\" role=\"button\" class=\"tile-inner modula-item-link\"><\/a>\n\t\t\n\t\t<img loading=\"lazy\" decoding=\"async\" class=\"pic wp-image-19055\"  data-valign=\"middle\" data-halign=\"center\" alt=\"\" data-full=\"https:\/\/www.santjosep.net\/wp-content\/uploads\/2020\/01\/AdobeStock_9839879.jpg\" title=\"Tuneras\" width=\"1800\" height=\"1200\" src=\"https:\/\/www.santjosep.net\/wp-content\/uploads\/2020\/01\/AdobeStock_9839879.jpg\" data-src=\"https:\/\/www.santjosep.net\/wp-content\/uploads\/2020\/01\/AdobeStock_9839879.jpg\" data-caption=\"\" srcset=\"https:\/\/www.santjosep.net\/wp-content\/uploads\/2020\/01\/AdobeStock_9839879.jpg 1800w, https:\/\/www.santjosep.net\/wp-content\/uploads\/2020\/01\/AdobeStock_9839879-300x200.jpg 300w, https:\/\/www.santjosep.net\/wp-content\/uploads\/2020\/01\/AdobeStock_9839879-1024x683.jpg 1024w, https:\/\/www.santjosep.net\/wp-content\/uploads\/2020\/01\/AdobeStock_9839879-768x512.jpg 768w, https:\/\/www.santjosep.net\/wp-content\/uploads\/2020\/01\/AdobeStock_9839879-1536x1024.jpg 1536w\" sizes=\"auto, (max-width: 1800px) 100vw, 1800px\" \/>\n\t<\/div>\n\n<\/div>\t\t\n\t<\/div>\n\n\t\n\t\n\t<script type=\"application\/ld+json\">\n\t{\n\t\t\"@context\": \"http:\/\/schema.org\",\n\t\t\"@type\"   : \"ImageGallery\",\n\t\t\"id\"      : \"https:\/\/www.santjosep.net\/ca\/veure\/natura\/reserva-natural-de-es-vedra-es-vedranells-i-els-illots-de-ponent\/\",\n\t\t\"url\"     : \"https:\/\/www.santjosep.net\/ca\/veure\/natura\/reserva-natural-de-es-vedra-es-vedranells-i-els-illots-de-ponent\/\"\n\t}\n\n\t<\/script>\n\n\t\n<\/div>\n[\/vc_column_text][\/vc_column][\/vc_row][vc_row enable_hue_rotation=&#8221;no&#8221; enable_text_marquee=&#8221;no&#8221;][vc_column][vc_column_text]<\/p>\n<h2>EL PAISATGE<\/h2>\n<p>El paisatge que conforma el conjunt dels illots \u00e9s d\u2019una gran bellesa i ens ofereix unes bones panor\u00e0miques, tant des de la mar com des de les properes costes d\u2019Eivissa. Destaca principalment la silueta des Vedr\u00e0, que emergeix de la mar com una de les imatges m\u00e9s emblem\u00e0tiques de les Piti\u00fcses. L\u2019espectacular al\u00e7ada d\u2019aquest illot, amb 382 metres al cim m\u00e9s alt de migjorn, aix\u00ed com la seua orografia escarpada fan que sigui un punt de refer\u00e8ncia paisatg\u00edstic \u00fanic.<br \/>\nLa resta dels illots tenen elements que augmenten el seu atractiu, com la seua vegetaci\u00f3 i alguns penya-segats imponents com els de s\u2019Espartar i sa Canillera.<\/p>\n<h2>NORMATIVA<\/h2>\n<p>\u2022 Respecteu els diferents valors naturals que han determinat la protecci\u00f3 de l\u2019espai. No agafeu plantes, animals ni elements arqueol\u00f2gics.<br \/>\n\u2022 Eviteu apropar-vos als illots, especialment durant l\u2019\u00e8poca de cria de les aus (abril-juny), i recordin que no es permet desembarcar.<br \/>\n\u2022 Per a poder practicar la pesca submarina als voltants de les illots s\u2019ha de demanar un perm\u00eds a l\u2019administraci\u00f3 de les Reserves, independentment de la resta d\u2019autoritzacions obligat\u00f2ries expedides per altres administracions.<br \/>\n\u2022 Per a col\u00b7laborar en la preservaci\u00f3 del fons mar\u00ed, es recomana no fondejar en els alguers ( praderies de posid\u00f2nia oce\u00e0nica).<br \/>\n\u2022 Es permet la recol\u00b7lecci\u00f3 de la fulla d\u2019espart a s\u2019Espartar, per\u00f2 s\u2019ha de disposar d\u2019una autoritzaci\u00f3 expressa de l\u2019administraci\u00f3 de les Reserves, independentment de la resta d\u2019autoritzacions expedides per altres administracions. Per sol\u00b7licitar qualsevol autoritzaci\u00f3 o demanar m\u00e9s informaci\u00f3 us podeu dirigir a:<br \/>\nOficina de les Reserves naturals<br \/>\n(c\/ Murcia, 6, 07800 Ibiza.<br \/>\nTel. 971 17 76 88 \u2013 Ext. 4)<\/p>\n<h2>MAPA<\/h2>\n<p><a href=\"https:\/\/www.santjosep.net\/wp-content\/uploads\/2016\/03\/mapa_reservanatural.jpg\" rel=\"attachment wp-att-5865\"><img loading=\"lazy\" decoding=\"async\" class=\"alignnone wp-image-5865 size-full\" src=\"https:\/\/www.santjosep.net\/wp-content\/uploads\/2016\/03\/mapa_reservanatural.jpg\" alt=\"mapa_reservanatural\" width=\"1800\" height=\"1276\" srcset=\"https:\/\/www.santjosep.net\/wp-content\/uploads\/2016\/03\/mapa_reservanatural.jpg 1800w, https:\/\/www.santjosep.net\/wp-content\/uploads\/2016\/03\/mapa_reservanatural-300x213.jpg 300w, https:\/\/www.santjosep.net\/wp-content\/uploads\/2016\/03\/mapa_reservanatural-768x544.jpg 768w, https:\/\/www.santjosep.net\/wp-content\/uploads\/2016\/03\/mapa_reservanatural-1024x726.jpg 1024w\" sizes=\"auto, (max-width: 1800px) 100vw, 1800px\" \/><\/a>[\/vc_column_text][\/vc_column][\/vc_row]<\/p>\n<\/div>","protected":false},"excerpt":{"rendered":"<p>[vc_row enable_hue_rotation=&#8221;no&#8221; enable_text_marquee=&#8221;no&#8221;][vc_column][vc_column_text] HISTORIA La zona de Cala d\u2019Hort i els illots de Ponent s\u00f3n una de les principals \u00e0rees naturals d\u2019Eivissa, la qual cosa justifica que es declar\u00e9s com a ANEI mitjan\u00e7ant la Llei 1\/1991, de 30 de gener, [&hellip;]<\/p>\n","protected":false},"author":1,"featured_media":19333,"parent":12367,"menu_order":0,"comment_status":"closed","ping_status":"closed","template":"","meta":{"_acf_changed":false,"inline_featured_image":false,"footnotes":""},"categoria_pagina":[],"class_list":["post-12372","page","type-page","status-publish","has-post-thumbnail","hentry"],"acf":[],"yoast_head":"<!-- This site is optimized with the Yoast SEO plugin v25.7 - https:\/\/yoast.com\/wordpress\/plugins\/seo\/ -->\n<title>Reserva Natural de Es Vedr\u00e0, Es Vedranell i els Illots de Ponent - Santjosep.net<\/title>\n<meta name=\"robots\" content=\"index, follow, max-snippet:-1, max-image-preview:large, max-video-preview:-1\" \/>\n<link rel=\"canonical\" href=\"https:\/\/www.santjosep.net\/ca\/veure\/natura\/reserva-natural-de-es-vedra-es-vedranells-i-els-illots-de-ponent\/\" \/>\n<meta property=\"og:locale\" content=\"ca_ES\" \/>\n<meta property=\"og:type\" content=\"article\" \/>\n<meta property=\"og:title\" content=\"Reserva Natural de Es Vedr\u00e0, Es Vedranell i els Illots de Ponent - Santjosep.net\" \/>\n<meta property=\"og:description\" content=\"[vc_row enable_hue_rotation=&#8221;no&#8221; enable_text_marquee=&#8221;no&#8221;][vc_column][vc_column_text] HISTORIA La zona de Cala d\u2019Hort i els illots de Ponent s\u00f3n una de les principals \u00e0rees naturals d\u2019Eivissa, la qual cosa justifica que es declar\u00e9s com a ANEI mitjan\u00e7ant la Llei 1\/1991, de 30 de gener, [&hellip;]\" \/>\n<meta property=\"og:url\" content=\"https:\/\/www.santjosep.net\/ca\/veure\/natura\/reserva-natural-de-es-vedra-es-vedranells-i-els-illots-de-ponent\/\" \/>\n<meta property=\"og:site_name\" content=\"Santjosep.net\" \/>\n<meta property=\"article:modified_time\" content=\"2020-01-21T17:35:53+00:00\" \/>\n<meta property=\"og:image\" content=\"https:\/\/www.santjosep.net\/wp-content\/uploads\/2020\/01\/illotsdeponent_DJI_0017.jpg\" \/>\n\t<meta property=\"og:image:width\" content=\"2100\" \/>\n\t<meta property=\"og:image:height\" content=\"1575\" \/>\n\t<meta property=\"og:image:type\" content=\"image\/jpeg\" \/>\n<meta name=\"twitter:card\" content=\"summary_large_image\" \/>\n<meta name=\"twitter:label1\" content=\"Temps estimat de lectura\" \/>\n\t<meta name=\"twitter:data1\" content=\"6 minuts\" \/>\n<script type=\"application\/ld+json\" class=\"yoast-schema-graph\">{\"@context\":\"https:\/\/schema.org\",\"@graph\":[{\"@type\":\"WebPage\",\"@id\":\"https:\/\/www.santjosep.net\/ca\/veure\/natura\/reserva-natural-de-es-vedra-es-vedranells-i-els-illots-de-ponent\/\",\"url\":\"https:\/\/www.santjosep.net\/ca\/veure\/natura\/reserva-natural-de-es-vedra-es-vedranells-i-els-illots-de-ponent\/\",\"name\":\"Reserva Natural de Es Vedr\u00e0, Es Vedranell i els Illots de Ponent - Santjosep.net\",\"isPartOf\":{\"@id\":\"https:\/\/www.santjosep.net\/#website\"},\"primaryImageOfPage\":{\"@id\":\"https:\/\/www.santjosep.net\/ca\/veure\/natura\/reserva-natural-de-es-vedra-es-vedranells-i-els-illots-de-ponent\/#primaryimage\"},\"image\":{\"@id\":\"https:\/\/www.santjosep.net\/ca\/veure\/natura\/reserva-natural-de-es-vedra-es-vedranells-i-els-illots-de-ponent\/#primaryimage\"},\"thumbnailUrl\":\"https:\/\/www.santjosep.net\/wp-content\/uploads\/2020\/01\/illotsdeponent_DJI_0017.jpg\",\"datePublished\":\"2016-03-07T11:32:19+00:00\",\"dateModified\":\"2020-01-21T17:35:53+00:00\",\"breadcrumb\":{\"@id\":\"https:\/\/www.santjosep.net\/ca\/veure\/natura\/reserva-natural-de-es-vedra-es-vedranells-i-els-illots-de-ponent\/#breadcrumb\"},\"inLanguage\":\"ca\",\"potentialAction\":[{\"@type\":\"ReadAction\",\"target\":[\"https:\/\/www.santjosep.net\/ca\/veure\/natura\/reserva-natural-de-es-vedra-es-vedranells-i-els-illots-de-ponent\/\"]}]},{\"@type\":\"ImageObject\",\"inLanguage\":\"ca\",\"@id\":\"https:\/\/www.santjosep.net\/ca\/veure\/natura\/reserva-natural-de-es-vedra-es-vedranells-i-els-illots-de-ponent\/#primaryimage\",\"url\":\"https:\/\/www.santjosep.net\/wp-content\/uploads\/2020\/01\/illotsdeponent_DJI_0017.jpg\",\"contentUrl\":\"https:\/\/www.santjosep.net\/wp-content\/uploads\/2020\/01\/illotsdeponent_DJI_0017.jpg\",\"width\":2100,\"height\":1575},{\"@type\":\"BreadcrumbList\",\"@id\":\"https:\/\/www.santjosep.net\/ca\/veure\/natura\/reserva-natural-de-es-vedra-es-vedranells-i-els-illots-de-ponent\/#breadcrumb\",\"itemListElement\":[{\"@type\":\"ListItem\",\"position\":1,\"name\":\"Veure\",\"item\":\"https:\/\/www.santjosep.net\/ca\/veure\/\"},{\"@type\":\"ListItem\",\"position\":2,\"name\":\"Natura\",\"item\":\"https:\/\/www.santjosep.net\/ca\/veure\/natura\/\"},{\"@type\":\"ListItem\",\"position\":3,\"name\":\"Reserva Natural de Es Vedr\u00e0, Es Vedranell i els Illots de Ponent\"}]},{\"@type\":\"WebSite\",\"@id\":\"https:\/\/www.santjosep.net\/#website\",\"url\":\"https:\/\/www.santjosep.net\/\",\"name\":\"Santjosep.net\",\"description\":\"\",\"potentialAction\":[{\"@type\":\"SearchAction\",\"target\":{\"@type\":\"EntryPoint\",\"urlTemplate\":\"https:\/\/www.santjosep.net\/?s={search_term_string}\"},\"query-input\":{\"@type\":\"PropertyValueSpecification\",\"valueRequired\":true,\"valueName\":\"search_term_string\"}}],\"inLanguage\":\"ca\"}]}<\/script>\n<!-- \/ Yoast SEO plugin. -->","yoast_head_json":{"title":"Reserva Natural de Es Vedr\u00e0, Es Vedranell i els Illots de Ponent - Santjosep.net","robots":{"index":"index","follow":"follow","max-snippet":"max-snippet:-1","max-image-preview":"max-image-preview:large","max-video-preview":"max-video-preview:-1"},"canonical":"https:\/\/www.santjosep.net\/ca\/veure\/natura\/reserva-natural-de-es-vedra-es-vedranells-i-els-illots-de-ponent\/","og_locale":"ca_ES","og_type":"article","og_title":"Reserva Natural de Es Vedr\u00e0, Es Vedranell i els Illots de Ponent - Santjosep.net","og_description":"[vc_row enable_hue_rotation=&#8221;no&#8221; enable_text_marquee=&#8221;no&#8221;][vc_column][vc_column_text] HISTORIA La zona de Cala d\u2019Hort i els illots de Ponent s\u00f3n una de les principals \u00e0rees naturals d\u2019Eivissa, la qual cosa justifica que es declar\u00e9s com a ANEI mitjan\u00e7ant la Llei 1\/1991, de 30 de gener, [&hellip;]","og_url":"https:\/\/www.santjosep.net\/ca\/veure\/natura\/reserva-natural-de-es-vedra-es-vedranells-i-els-illots-de-ponent\/","og_site_name":"Santjosep.net","article_modified_time":"2020-01-21T17:35:53+00:00","og_image":[{"width":2100,"height":1575,"url":"https:\/\/www.santjosep.net\/wp-content\/uploads\/2020\/01\/illotsdeponent_DJI_0017.jpg","type":"image\/jpeg"}],"twitter_card":"summary_large_image","twitter_misc":{"Temps estimat de lectura":"6 minuts"},"schema":{"@context":"https:\/\/schema.org","@graph":[{"@type":"WebPage","@id":"https:\/\/www.santjosep.net\/ca\/veure\/natura\/reserva-natural-de-es-vedra-es-vedranells-i-els-illots-de-ponent\/","url":"https:\/\/www.santjosep.net\/ca\/veure\/natura\/reserva-natural-de-es-vedra-es-vedranells-i-els-illots-de-ponent\/","name":"Reserva Natural de Es Vedr\u00e0, Es Vedranell i els Illots de Ponent - Santjosep.net","isPartOf":{"@id":"https:\/\/www.santjosep.net\/#website"},"primaryImageOfPage":{"@id":"https:\/\/www.santjosep.net\/ca\/veure\/natura\/reserva-natural-de-es-vedra-es-vedranells-i-els-illots-de-ponent\/#primaryimage"},"image":{"@id":"https:\/\/www.santjosep.net\/ca\/veure\/natura\/reserva-natural-de-es-vedra-es-vedranells-i-els-illots-de-ponent\/#primaryimage"},"thumbnailUrl":"https:\/\/www.santjosep.net\/wp-content\/uploads\/2020\/01\/illotsdeponent_DJI_0017.jpg","datePublished":"2016-03-07T11:32:19+00:00","dateModified":"2020-01-21T17:35:53+00:00","breadcrumb":{"@id":"https:\/\/www.santjosep.net\/ca\/veure\/natura\/reserva-natural-de-es-vedra-es-vedranells-i-els-illots-de-ponent\/#breadcrumb"},"inLanguage":"ca","potentialAction":[{"@type":"ReadAction","target":["https:\/\/www.santjosep.net\/ca\/veure\/natura\/reserva-natural-de-es-vedra-es-vedranells-i-els-illots-de-ponent\/"]}]},{"@type":"ImageObject","inLanguage":"ca","@id":"https:\/\/www.santjosep.net\/ca\/veure\/natura\/reserva-natural-de-es-vedra-es-vedranells-i-els-illots-de-ponent\/#primaryimage","url":"https:\/\/www.santjosep.net\/wp-content\/uploads\/2020\/01\/illotsdeponent_DJI_0017.jpg","contentUrl":"https:\/\/www.santjosep.net\/wp-content\/uploads\/2020\/01\/illotsdeponent_DJI_0017.jpg","width":2100,"height":1575},{"@type":"BreadcrumbList","@id":"https:\/\/www.santjosep.net\/ca\/veure\/natura\/reserva-natural-de-es-vedra-es-vedranells-i-els-illots-de-ponent\/#breadcrumb","itemListElement":[{"@type":"ListItem","position":1,"name":"Veure","item":"https:\/\/www.santjosep.net\/ca\/veure\/"},{"@type":"ListItem","position":2,"name":"Natura","item":"https:\/\/www.santjosep.net\/ca\/veure\/natura\/"},{"@type":"ListItem","position":3,"name":"Reserva Natural de Es Vedr\u00e0, Es Vedranell i els Illots de Ponent"}]},{"@type":"WebSite","@id":"https:\/\/www.santjosep.net\/#website","url":"https:\/\/www.santjosep.net\/","name":"Santjosep.net","description":"","potentialAction":[{"@type":"SearchAction","target":{"@type":"EntryPoint","urlTemplate":"https:\/\/www.santjosep.net\/?s={search_term_string}"},"query-input":{"@type":"PropertyValueSpecification","valueRequired":true,"valueName":"search_term_string"}}],"inLanguage":"ca"}]}},"_links":{"self":[{"href":"https:\/\/www.santjosep.net\/ca\/wp-json\/wp\/v2\/pages\/12372","targetHints":{"allow":["GET"]}}],"collection":[{"href":"https:\/\/www.santjosep.net\/ca\/wp-json\/wp\/v2\/pages"}],"about":[{"href":"https:\/\/www.santjosep.net\/ca\/wp-json\/wp\/v2\/types\/page"}],"author":[{"embeddable":true,"href":"https:\/\/www.santjosep.net\/ca\/wp-json\/wp\/v2\/users\/1"}],"replies":[{"embeddable":true,"href":"https:\/\/www.santjosep.net\/ca\/wp-json\/wp\/v2\/comments?post=12372"}],"version-history":[{"count":0,"href":"https:\/\/www.santjosep.net\/ca\/wp-json\/wp\/v2\/pages\/12372\/revisions"}],"up":[{"embeddable":true,"href":"https:\/\/www.santjosep.net\/ca\/wp-json\/wp\/v2\/pages\/12367"}],"wp:featuredmedia":[{"embeddable":true,"href":"https:\/\/www.santjosep.net\/ca\/wp-json\/wp\/v2\/media\/19333"}],"wp:attachment":[{"href":"https:\/\/www.santjosep.net\/ca\/wp-json\/wp\/v2\/media?parent=12372"}],"wp:term":[{"taxonomy":"categoria_pagina","embeddable":true,"href":"https:\/\/www.santjosep.net\/ca\/wp-json\/wp\/v2\/categoria_pagina?post=12372"}],"curies":[{"name":"wp","href":"https:\/\/api.w.org\/{rel}","templated":true}]}}