{"id":12367,"date":"2016-03-07T08:30:27","date_gmt":"2016-03-07T08:30:27","guid":{"rendered":"https:\/\/www.santjosep.net\/naturaleza\/"},"modified":"2025-01-22T12:14:59","modified_gmt":"2025-01-22T11:14:59","slug":"natura","status":"publish","type":"page","link":"https:\/\/www.santjosep.net\/ca\/veure\/natura\/","title":{"rendered":"Natura"},"content":{"rendered":"<div class=\"wpb-content-wrapper\"><p>[vc_row full_width=&#8221;stretch_row_content_no_spaces&#8221; enable_hue_rotation=&#8221;no&#8221; enable_text_marquee=&#8221;no&#8221;][vc_column]\n\t\t\t<!-- START Naturaleza CAT REVOLUTION SLIDER 6.7.30 --><p class=\"rs-p-wp-fix\"><\/p>\n\t\t\t<rs-module-wrap id=\"rev_slider_11_1_wrapper\" data-source=\"gallery\" style=\"visibility:hidden;background:transparent;padding:0;\">\n\t\t\t\t<rs-module id=\"rev_slider_11_1\" style=\"\" data-version=\"6.7.30\">\n\t\t\t\t\t<rs-slides style=\"overflow: hidden; position: absolute;\">\n\t\t\t\t\t\t<rs-slide style=\"position: absolute;\" data-key=\"rs-11\" data-title=\"Slide\" data-anim=\"ms:600;r:0;\" data-in=\"o:0;\" data-out=\"a:false;\">\n\t\t\t\t\t\t\t<img decoding=\"async\" src=\"\/\/www.santjosep.net\/wp-content\/plugins\/revslider\/sr6\/assets\/assets\/dummy.png\" alt=\"\" title=\"Natura\" class=\"rev-slidebg tp-rs-img rs-lazyload\" data-lazyload=\"\/\/www.santjosep.net\/wp-content\/uploads\/2020\/01\/naturaleza-1.jpg\" data-no-retina>\n\t\t\t\t\t\t\t<rs-bgvideo \n\t\t\t\t\t\t\t\tdata-video=\"vc:none;w:100%;h:100%;nse:false;l:loop;ptimer:true;\"\n\t\t\t\t\t\t\t\tdata-vimeoid=\"386173484\"\n\t\t\t\t\t\t\t\tdata-vatr=\"background=1&amp;title=0&amp;byline=0&amp;portrait=0&amp;api=1\"\n\t\t\t\t\t\t\t><\/rs-bgvideo>\n<!--\n\t\t\t\t\t\t\t--><rs-layer\n\t\t\t\t\t\t\t\tid=\"slider-11-slide-11-layer-1\" \n\t\t\t\t\t\t\t\tclass=\"titslide\"\n\t\t\t\t\t\t\t\tdata-type=\"text\"\n\t\t\t\t\t\t\t\tdata-color=\"#ffffff\"\n\t\t\t\t\t\t\t\tdata-rsp_ch=\"on\"\n\t\t\t\t\t\t\t\tdata-xy=\"x:c;y:c;\"\n\t\t\t\t\t\t\t\tdata-text=\"l:22;a:inherit;\"\n\t\t\t\t\t\t\t\tdata-frame_0=\"tp:600;\"\n\t\t\t\t\t\t\t\tdata-frame_1=\"tp:600;\"\n\t\t\t\t\t\t\t\tdata-frame_999=\"o:0;tp:600;st:w;sR:8700;\"\n\t\t\t\t\t\t\t\tstyle=\"z-index:5;font-family:'Open Sans';\"\n\t\t\t\t\t\t\t>Sant Josep, un tresor natural \n\t\t\t\t\t\t\t<\/rs-layer><!--\n\n\t\t\t\t\t\t\t--><rs-layer\n\t\t\t\t\t\t\t\tid=\"slider-11-slide-11-layer-2\" \n\t\t\t\t\t\t\t\tclass=\"subtitslide\"\n\t\t\t\t\t\t\t\tdata-type=\"text\"\n\t\t\t\t\t\t\t\tdata-color=\"#ffffff\"\n\t\t\t\t\t\t\t\tdata-rsp_ch=\"on\"\n\t\t\t\t\t\t\t\tdata-xy=\"x:c;y:493px;\"\n\t\t\t\t\t\t\t\tdata-text=\"l:22;a:inherit;\"\n\t\t\t\t\t\t\t\tdata-frame_0=\"tp:600;\"\n\t\t\t\t\t\t\t\tdata-frame_1=\"tp:600;\"\n\t\t\t\t\t\t\t\tdata-frame_999=\"o:0;tp:600;st:w;sR:8700;\"\n\t\t\t\t\t\t\t\tstyle=\"z-index:6;font-family:'Open Sans';\"\n\t\t\t\t\t\t\t>Gaudeix de dos paisatges \u00fanics pels seus valors ecol\u00f2gics i la seva bellesa natural \n\t\t\t\t\t\t\t<\/rs-layer><!--\n\n\t\t\t\t\t\t\t--><rs-layer\n\t\t\t\t\t\t\t\tid=\"slider-11-slide-11-layer-3\" \n\t\t\t\t\t\t\t\tclass=\"rev-scroll-btn\"\n\t\t\t\t\t\t\t\tdata-type=\"button\"\n\t\t\t\t\t\t\t\tdata-color=\"#ffffff\"\n\t\t\t\t\t\t\t\tdata-xy=\"x:c;y:b;yo:50px;\"\n\t\t\t\t\t\t\t\tdata-text=\"a:inherit;\"\n\t\t\t\t\t\t\t\tdata-dim=\"w:35px;h:55px;\"\n\t\t\t\t\t\t\t\tdata-rsp_bd=\"off\"\n\t\t\t\t\t\t\t\tdata-border=\"bos:solid;boc:rgb(255, 255, 255);bow:3px,3px,3px,3px;bor:23px,23px,23px,23px;\"\n\t\t\t\t\t\t\t\tdata-frame_0=\"tp:600;\"\n\t\t\t\t\t\t\t\tdata-frame_1=\"tp:600;\"\n\t\t\t\t\t\t\t\tdata-frame_999=\"o:0;tp:600;st:w;sR:8700;\"\n\t\t\t\t\t\t\t\tstyle=\"z-index:7;background-color:rgba(0,0,0,0);font-family:'Open Sans';cursor:pointer;box-sizing:border-box;-moz-box-sizing:border-box;-webkit-box-sizing:border-box;\"\n\t\t\t\t\t\t\t>\t\t\t\t\t\t\t\n\t\t\t\t\t\t\t<span>\n\t\t\t\t\t\t\t<\/span>\t\t\t\t\t\t\t\n\t\t\t\t\t\t \n\t\t\t\t\t\t\t<\/rs-layer><!--\n-->\t\t\t\t\t<\/rs-slide>\n\t\t\t\t\t<\/rs-slides>\n\t\t\t\t<\/rs-module>\n\t\t\t\t<script>\n\t\t\t\t\tsetREVStartSize({c: 'rev_slider_11_1',rl:[1240,1024,778,480],el:[868],gw:[1240],gh:[868],type:'standard',justify:'',layout:'fullscreen',offsetContainer:'',offset:'',mh:\"0\"});if (window.RS_MODULES!==undefined && window.RS_MODULES.modules!==undefined && window.RS_MODULES.modules[\"revslider111\"]!==undefined) {window.RS_MODULES.modules[\"revslider111\"].once = false;window.revapi11 = undefined;if (window.RS_MODULES.checkMinimal!==undefined) window.RS_MODULES.checkMinimal()}\n\t\t\t\t<\/script>\n\t\t\t<\/rs-module-wrap>\n\t\t\t<!-- END REVOLUTION SLIDER -->\n[\/vc_column][\/vc_row][vc_row enable_hue_rotation=&#8221;no&#8221; enable_text_marquee=&#8221;no&#8221; el_class=&#8221;filatexto&#8221;][vc_column][vc_column_text]El municipi de Sant Josep de sa Talaia compta amb un parc natural i una reserva natural. Dos paisatges d\u2019especial inter\u00e8s pels seus valors ecol\u00f2gics i per la seua bellesa natural. El Parc Natural de ses Salines i la Reserva Natural des Vedr\u00e0, es Vedranell i els illots de Ponent.<\/p>\n<p>El Parc Natural de ses Salines compr\u00e8n l\u2019\u00e0rea situada entre el sud d\u2019Eivissa i el nord de Formentera i ocupa un terreny de 1.786,52 hect\u00e0rees terrestres i 13.611,80 marines. Constitueix un exemple paradigm\u00e0tic de la riquesa de la biodiversitat mediterr\u00e0nia. La seva singularitat rau en el fet que suposa una \u00e0rea de descans i de nidificaci\u00f3 id\u00f2nia per a les aus durant la migraci\u00f3. Com a espai d\u2019especial inter\u00e8s, el Parc Natural engloba un conjunt d\u2019h\u00e0bitats tant terrestres com marins amb un alt valor ecol\u00f2gic, paisatg\u00edstic, hist\u00f2ric i cultural, com la platja des Cavallet i ses Salines.<\/p>\n<p>La Reserva Natural des Vedr\u00e0, es Vedranell i els illots de Ponent es troben al sud-oest de l\u2019illa d\u2019Eivissa, al terme municipal de Sant Josep de sa Talaia. El territori protegit compr\u00e8n illots, mitjans marins, penya-segats, torrents, platges, camps de cultiu, boscos i importants massissos muntanyosos. Una caracter\u00edstica rellevant \u00e9s que aquesta reserva inclou l\u2019elevaci\u00f3 m\u00e9s important de l\u2019illa d\u2019Eivissa: <i>sa Talaia<\/i>, amb 485 metres d\u2019al\u00e7ada sobre el nivell del mar. Els illots es concentren en dues agrupacions; d\u2019una banda, el conjunt format pes Vedr\u00e0 i es Vedranell i d\u2019una altra, els illots de Ponent: sa Conillera, l\u2019illa des Bosc, s\u2019Espartar i ses Bledes.[\/vc_column_text][\/vc_column][\/vc_row]<\/p>\n<\/div>","protected":false},"excerpt":{"rendered":"<p>[vc_row full_width=&#8221;stretch_row_content_no_spaces&#8221; enable_hue_rotation=&#8221;no&#8221; enable_text_marquee=&#8221;no&#8221;][vc_column][\/vc_column][\/vc_row][vc_row enable_hue_rotation=&#8221;no&#8221; enable_text_marquee=&#8221;no&#8221; el_class=&#8221;filatexto&#8221;][vc_column][vc_column_text]El municipi de Sant Josep de sa Talaia compta amb un parc natural i una reserva natural. Dos paisatges d\u2019especial inter\u00e8s pels seus valors ecol\u00f2gics i per la seua bellesa natural. El Parc Natural [&hellip;]<\/p>\n","protected":false},"author":1,"featured_media":0,"parent":16382,"menu_order":0,"comment_status":"closed","ping_status":"closed","template":"page-landing.php","meta":{"_acf_changed":false,"inline_featured_image":false,"footnotes":""},"categoria_pagina":[],"class_list":["post-12367","page","type-page","status-publish","hentry"],"acf":[],"yoast_head":"<!-- This site is optimized with the Yoast SEO plugin v25.7 - https:\/\/yoast.com\/wordpress\/plugins\/seo\/ -->\n<title>Natura - Santjosep.net<\/title>\n<meta name=\"robots\" content=\"index, follow, max-snippet:-1, max-image-preview:large, max-video-preview:-1\" \/>\n<link rel=\"canonical\" href=\"https:\/\/www.santjosep.net\/ca\/veure\/natura\/\" \/>\n<meta property=\"og:locale\" content=\"ca_ES\" \/>\n<meta property=\"og:type\" content=\"article\" \/>\n<meta property=\"og:title\" content=\"Natura - Santjosep.net\" \/>\n<meta property=\"og:description\" content=\"[vc_row full_width=&#8221;stretch_row_content_no_spaces&#8221; enable_hue_rotation=&#8221;no&#8221; enable_text_marquee=&#8221;no&#8221;][vc_column][\/vc_column][\/vc_row][vc_row enable_hue_rotation=&#8221;no&#8221; enable_text_marquee=&#8221;no&#8221; el_class=&#8221;filatexto&#8221;][vc_column][vc_column_text]El municipi de Sant Josep de sa Talaia compta amb un parc natural i una reserva natural. Dos paisatges d\u2019especial inter\u00e8s pels seus valors ecol\u00f2gics i per la seua bellesa natural. El Parc Natural [&hellip;]\" \/>\n<meta property=\"og:url\" content=\"https:\/\/www.santjosep.net\/ca\/veure\/natura\/\" \/>\n<meta property=\"og:site_name\" content=\"Santjosep.net\" \/>\n<meta property=\"article:modified_time\" content=\"2025-01-22T11:14:59+00:00\" \/>\n<meta name=\"twitter:card\" content=\"summary_large_image\" \/>\n<meta name=\"twitter:label1\" content=\"Temps estimat de lectura\" \/>\n\t<meta name=\"twitter:data1\" content=\"2 minuts\" \/>\n<script type=\"application\/ld+json\" class=\"yoast-schema-graph\">{\"@context\":\"https:\/\/schema.org\",\"@graph\":[{\"@type\":\"WebPage\",\"@id\":\"https:\/\/www.santjosep.net\/ca\/veure\/natura\/\",\"url\":\"https:\/\/www.santjosep.net\/ca\/veure\/natura\/\",\"name\":\"Natura - Santjosep.net\",\"isPartOf\":{\"@id\":\"https:\/\/www.santjosep.net\/#website\"},\"datePublished\":\"2016-03-07T08:30:27+00:00\",\"dateModified\":\"2025-01-22T11:14:59+00:00\",\"breadcrumb\":{\"@id\":\"https:\/\/www.santjosep.net\/ca\/veure\/natura\/#breadcrumb\"},\"inLanguage\":\"ca\",\"potentialAction\":[{\"@type\":\"ReadAction\",\"target\":[\"https:\/\/www.santjosep.net\/ca\/veure\/natura\/\"]}]},{\"@type\":\"BreadcrumbList\",\"@id\":\"https:\/\/www.santjosep.net\/ca\/veure\/natura\/#breadcrumb\",\"itemListElement\":[{\"@type\":\"ListItem\",\"position\":1,\"name\":\"Veure\",\"item\":\"https:\/\/www.santjosep.net\/ca\/veure\/\"},{\"@type\":\"ListItem\",\"position\":2,\"name\":\"Natura\"}]},{\"@type\":\"WebSite\",\"@id\":\"https:\/\/www.santjosep.net\/#website\",\"url\":\"https:\/\/www.santjosep.net\/\",\"name\":\"Santjosep.net\",\"description\":\"\",\"potentialAction\":[{\"@type\":\"SearchAction\",\"target\":{\"@type\":\"EntryPoint\",\"urlTemplate\":\"https:\/\/www.santjosep.net\/?s={search_term_string}\"},\"query-input\":{\"@type\":\"PropertyValueSpecification\",\"valueRequired\":true,\"valueName\":\"search_term_string\"}}],\"inLanguage\":\"ca\"}]}<\/script>\n<!-- \/ Yoast SEO plugin. -->","yoast_head_json":{"title":"Natura - Santjosep.net","robots":{"index":"index","follow":"follow","max-snippet":"max-snippet:-1","max-image-preview":"max-image-preview:large","max-video-preview":"max-video-preview:-1"},"canonical":"https:\/\/www.santjosep.net\/ca\/veure\/natura\/","og_locale":"ca_ES","og_type":"article","og_title":"Natura - Santjosep.net","og_description":"[vc_row full_width=&#8221;stretch_row_content_no_spaces&#8221; enable_hue_rotation=&#8221;no&#8221; enable_text_marquee=&#8221;no&#8221;][vc_column][\/vc_column][\/vc_row][vc_row enable_hue_rotation=&#8221;no&#8221; enable_text_marquee=&#8221;no&#8221; el_class=&#8221;filatexto&#8221;][vc_column][vc_column_text]El municipi de Sant Josep de sa Talaia compta amb un parc natural i una reserva natural. Dos paisatges d\u2019especial inter\u00e8s pels seus valors ecol\u00f2gics i per la seua bellesa natural. El Parc Natural [&hellip;]","og_url":"https:\/\/www.santjosep.net\/ca\/veure\/natura\/","og_site_name":"Santjosep.net","article_modified_time":"2025-01-22T11:14:59+00:00","twitter_card":"summary_large_image","twitter_misc":{"Temps estimat de lectura":"2 minuts"},"schema":{"@context":"https:\/\/schema.org","@graph":[{"@type":"WebPage","@id":"https:\/\/www.santjosep.net\/ca\/veure\/natura\/","url":"https:\/\/www.santjosep.net\/ca\/veure\/natura\/","name":"Natura - Santjosep.net","isPartOf":{"@id":"https:\/\/www.santjosep.net\/#website"},"datePublished":"2016-03-07T08:30:27+00:00","dateModified":"2025-01-22T11:14:59+00:00","breadcrumb":{"@id":"https:\/\/www.santjosep.net\/ca\/veure\/natura\/#breadcrumb"},"inLanguage":"ca","potentialAction":[{"@type":"ReadAction","target":["https:\/\/www.santjosep.net\/ca\/veure\/natura\/"]}]},{"@type":"BreadcrumbList","@id":"https:\/\/www.santjosep.net\/ca\/veure\/natura\/#breadcrumb","itemListElement":[{"@type":"ListItem","position":1,"name":"Veure","item":"https:\/\/www.santjosep.net\/ca\/veure\/"},{"@type":"ListItem","position":2,"name":"Natura"}]},{"@type":"WebSite","@id":"https:\/\/www.santjosep.net\/#website","url":"https:\/\/www.santjosep.net\/","name":"Santjosep.net","description":"","potentialAction":[{"@type":"SearchAction","target":{"@type":"EntryPoint","urlTemplate":"https:\/\/www.santjosep.net\/?s={search_term_string}"},"query-input":{"@type":"PropertyValueSpecification","valueRequired":true,"valueName":"search_term_string"}}],"inLanguage":"ca"}]}},"_links":{"self":[{"href":"https:\/\/www.santjosep.net\/ca\/wp-json\/wp\/v2\/pages\/12367","targetHints":{"allow":["GET"]}}],"collection":[{"href":"https:\/\/www.santjosep.net\/ca\/wp-json\/wp\/v2\/pages"}],"about":[{"href":"https:\/\/www.santjosep.net\/ca\/wp-json\/wp\/v2\/types\/page"}],"author":[{"embeddable":true,"href":"https:\/\/www.santjosep.net\/ca\/wp-json\/wp\/v2\/users\/1"}],"replies":[{"embeddable":true,"href":"https:\/\/www.santjosep.net\/ca\/wp-json\/wp\/v2\/comments?post=12367"}],"version-history":[{"count":0,"href":"https:\/\/www.santjosep.net\/ca\/wp-json\/wp\/v2\/pages\/12367\/revisions"}],"up":[{"embeddable":true,"href":"https:\/\/www.santjosep.net\/ca\/wp-json\/wp\/v2\/pages\/16382"}],"wp:attachment":[{"href":"https:\/\/www.santjosep.net\/ca\/wp-json\/wp\/v2\/media?parent=12367"}],"wp:term":[{"taxonomy":"categoria_pagina","embeddable":true,"href":"https:\/\/www.santjosep.net\/ca\/wp-json\/wp\/v2\/categoria_pagina?post=12367"}],"curies":[{"name":"wp","href":"https:\/\/api.w.org\/{rel}","templated":true}]}}