{"id":12364,"date":"2013-11-11T11:50:01","date_gmt":"2013-11-11T11:50:01","guid":{"rendered":"https:\/\/www.santjosep.net\/ver\/torre-ses-portes\/"},"modified":"2025-01-22T15:26:19","modified_gmt":"2025-01-22T14:26:19","slug":"torre-ses-portes","status":"publish","type":"page","link":"https:\/\/www.santjosep.net\/ca\/veure\/patrimoni\/torre-ses-portes\/","title":{"rendered":"Torre de Ses Portes"},"content":{"rendered":"<div class=\"wpb-content-wrapper\"><p>[vc_row enable_hue_rotation=&#8221;no&#8221; enable_text_marquee=&#8221;no&#8221;][vc_column][vc_column_text]Aquesta torre de defensa est\u00e0 situada a la punta amb el mateix nom. Es creu que va ser constru\u00efda al segle XVI, segons la refer\u00e8ncia escrita que consta al manuscrit de Vicent Nicolau, que data de l\u2019any 1620. El pare caputx\u00ed Cayetano de Mallorca, autor de la Resumpta hist\u00f2rica publicada per l\u2019Ajuntament d\u2019Eivissa l\u2019any 1751, se\u2019n va aprofitar i en deixa const\u00e0ncia de la seg\u00fcent manera al llibre Torres y piratas en las islas Pitiusas d\u2019Eduardo J. Posadas L\u00f3pez: &#8220;<em>Es muy c\u00f3moda la punta o cabo que le est\u00e1 al lado que llaman Punta de las Puertas, llamada as\u00ed porque en el faro que hay entre la isla de Ibiza y Formentera yacen tres isletas, que son tres pasaderas que llaman puertas. En este sitio hab\u00eda antiguamente una muy \u00fatil almadraba que se abandon\u00f3 por haber muerto los operarios que trabajaban en ella y no se pudo restablecer por no encontrarse n\u00famero de personas con la habilidad que se requiere para el intento. Por eso se construy\u00f3 en ese puesto una torre con suficiente artiller\u00eda para defensa de la pesca, que habi\u00e9ndose abandonado \u00e9sta, qued\u00f3 aquella in\u00fatil. El Rey nuestro Sr., que Dios guarde, ha mandado reedificarla y con la que se ha construido de nuevo en la isla del Espalmador junto a Formentera, cruz\u00e1ndose los fuegos, queda asegurado el faro y defendido contra los argelinos y corsarios&#8221;<\/em>.<\/p>\n<p>La torre de ses Portes que, junt amb la torre des Ram, configuren l\u2019extrem sud de l\u2019illa, va ser constru\u00efda el 1750 i armada amb tres canyons. Militarment, va ser abandonada al segle XIX. En el seu estat final es tracta d\u2019una estructura de cos lleugerament troncoc\u00f2nica amb dues plantes cobertes per una volta per dins, a m\u00e9s d\u2019una plataforma superior. En l\u2019actualitat t\u00e9 una porta a la planta baixa i una altra al primer pis. Encara conserva tres m\u00e8nsules que originalment aguantaven un matac\u00e0, avui dia desaparegut.<br \/>\n[\/vc_column_text][vc_column_text]<span data-sheets-root=\"1\"><div class=\"gm-map\" style=\"position: relative;height: 200px; width: 200px;\"><iframe name=\"gm-map-1\" allowfullscreen src=\"https:\/\/www.santjosep.net\/ca\/?geo_mashup_content=render-map&amp;map_data_key=79bac29f546759b1240173448f7706ae&amp;lang=ca&amp;zoom=13&amp;name=gm-map-1&amp;map_content=contextual&amp;error_comment=&lt;!-- Geo Mashup found no objects to map in this context--&gt;\" style=\"position: absolute; top: 0; left: 0; width: 100%; height: 100%; border: none; overflow: hidden;\"><\/iframe><\/div><\/span>[\/vc_column_text][\/vc_column][\/vc_row][vc_row full_width=&#8221;stretch_row_content_no_spaces&#8221; enable_hue_rotation=&#8221;no&#8221; enable_text_marquee=&#8221;no&#8221; el_id=&#8221;galeria&#8221;][vc_column css=&#8221;.vc_custom_1579097066588{padding-bottom: 20px !important;}&#8221;][vc_column_text]<style>#jtg-18273 .modula-item .jtg-social a, .lightbox-socials.jtg-social a{ fill: #ffffff; color: #ffffff }#jtg-18273 .modula-item .jtg-social-mobile a{ fill: #ffffff; color: #ffffff }#jtg-18273 .modula-item .jtg-social svg, .lightbox-socials.jtg-social svg { height: 16px; width: 16px }#jtg-18273 .modula-item .jtg-social-mobile svg { height: 16px; width: 16px }#jtg-18273 .modula-item .jtg-social a:not(:last-child), .lightbox-socials.jtg-social a:not(:last-child) { margin-right: 10px }#jtg-18273 .modula-item .jtg-social-mobile .jtg-social-mobile-icons a:not(:last-child){ margin-right: 10px }#jtg-18273 .modula-item .figc {color:#ffffff;}#jtg-18273 .modula-item .modula-item-content { transform: scale(1) }#jtg-18273 .modula-items .figc p.description { font-size:14px; }#jtg-18273 .modula-items .figc p.description { color:#ffffff;}#jtg-18273.modula-gallery .modula-item > a, #jtg-18273.modula-gallery .modula-item, #jtg-18273.modula-gallery .modula-item-content > a:not(.modula-no-follow) { cursor:zoom-in; } #jtg-18273.modula-gallery .modula-item-content .modula-no-follow { cursor: default; } @media screen and (max-width:480px){#jtg-18273 .modula-item .figc .jtg-title {  font-size: 12px; }#jtg-18273 .modula-items .figc p.description { color:#ffffff;font-size:10px; }}#jtg-18273 .modula-items .modula-item:hover img{opacity:1;}<\/style>\n<div  id=\"jtg-18273\" class=\"modula modula-gallery modula-custom-grid\" data-config=\"{&quot;height&quot;:800,&quot;tabletHeight&quot;:800,&quot;mobileHeight&quot;:800,&quot;desktopHeight&quot;:800,&quot;enableTwitter&quot;:true,&quot;enableWhatsapp&quot;:false,&quot;enableFacebook&quot;:true,&quot;enablePinterest&quot;:true,&quot;enableLinkedin&quot;:true,&quot;enableEmail&quot;:false,&quot;randomFactor&quot;:0.5,&quot;type&quot;:&quot;custom-grid&quot;,&quot;columns&quot;:12,&quot;gutter&quot;:0,&quot;mobileGutter&quot;:0,&quot;tabletGutter&quot;:0,&quot;desktopGutter&quot;:0,&quot;enableResponsive&quot;:&quot;1&quot;,&quot;tabletColumns&quot;:&quot;2&quot;,&quot;mobileColumns&quot;:&quot;1&quot;,&quot;lazyLoad&quot;:&quot;0&quot;,&quot;lightboxOpts&quot;:{&quot;animated&quot;:true,&quot;Thumbs&quot;:{&quot;type&quot;:&quot;modern&quot;,&quot;showOnStart&quot;:false},&quot;Toolbar&quot;:{&quot;display&quot;:{&quot;right&quot;:[&quot;close&quot;]},&quot;enabled&quot;:true},&quot;Carousel&quot;:{&quot;Panzoom&quot;:{&quot;touch&quot;:false},&quot;infinite&quot;:false},&quot;keyboard&quot;:{&quot;Escape&quot;:&quot;close&quot;,&quot;Delete&quot;:&quot;close&quot;,&quot;Backspace&quot;:&quot;close&quot;,&quot;PageUp&quot;:false,&quot;PageDown&quot;:false,&quot;ArrowUp&quot;:false,&quot;ArrowDown&quot;:false,&quot;ArrowRight&quot;:false,&quot;ArrowLeft&quot;:false},&quot;touch&quot;:false,&quot;backdropClick&quot;:false,&quot;l10n&quot;:{&quot;CLOSE&quot;:&quot;Close&quot;,&quot;NEXT&quot;:&quot;Next&quot;,&quot;PREV&quot;:&quot;Previous&quot;,&quot;Error&quot;:&quot;The requested content cannot be loaded. Please try again later.&quot;,&quot;PLAY_START&quot;:&quot;Start slideshow&quot;,&quot;PLAY_STOP&quot;:&quot;Pause slideshow&quot;,&quot;FULL_SCREEN&quot;:&quot;Full screen&quot;,&quot;THUMBS&quot;:&quot;Thumbnails&quot;,&quot;DOWNLOAD&quot;:&quot;Download&quot;,&quot;SHARE&quot;:&quot;Share&quot;,&quot;ZOOM&quot;:&quot;Zoom&quot;,&quot;EMAIL&quot;:&quot;Here is the link to the image : %%image_link%% and this is the link to the gallery : %%gallery_link%%&quot;,&quot;MODAL&quot;:&quot;You can close this modal content with the ESC key&quot;,&quot;ERROR&quot;:&quot;Something Went Wrong, Please Try Again Later&quot;,&quot;IMAGE_ERROR&quot;:&quot;Image Not Found&quot;,&quot;ELEMENT_NOT_FOUND&quot;:&quot;HTML Element Not Found&quot;,&quot;AJAX_NOT_FOUND&quot;:&quot;Error Loading AJAX : Not Found&quot;,&quot;AJAX_FORBIDDEN&quot;:&quot;Error Loading AJAX : Forbidden&quot;,&quot;IFRAME_ERROR&quot;:&quot;Error Loading Page&quot;,&quot;TOGGLE_ZOOM&quot;:&quot;Toggle zoom level&quot;,&quot;TOGGLE_THUMBS&quot;:&quot;Toggle thumbnails&quot;,&quot;TOGGLE_SLIDESHOW&quot;:&quot;Toggle slideshow&quot;,&quot;TOGGLE_FULLSCREEN&quot;:&quot;Toggle full-screen mode&quot;},&quot;Images&quot;:{&quot;Panzoom&quot;:{&quot;maxScale&quot;:2}},&quot;mainClass&quot;:&quot;modula-fancybox-container modula-lightbox-jtg-18273&quot;,&quot;Html&quot;:{&quot;videoAutoplay&quot;:0,&quot;videoTpl&quot;:&quot;&lt;video class=\\&quot;fancybox__html5video\\&quot; controls muted playsinline controlsList controlsList=\\&quot;nodownload\\&quot; poster=\\&quot;{{poster}}\\&quot; src=\\&quot;{{src}}\\&quot; type=\\&quot;{{format}}\\&quot; &gt;  Sorry, your browser doesn&#039;t support embedded videos, &lt;a href=\\&quot;{{src}}\\&quot;&gt; download &lt;\\\/a&gt; and watch with your favorite video player! &lt;\\\/video&gt;&quot;}},&quot;inView&quot;:false,&quot;email_subject&quot;:&quot;Check out this awesome image !!&quot;,&quot;email_message&quot;:&quot;Here is the link to the image : %%image_link%% and this is the link to the gallery : %%gallery_link%%&quot;,&quot;lightbox&quot;:&quot;fancybox&quot;}\">\n\n\t\n\t<div  class=\"modula-items\">\n\t\t<div class=\"modula-item\" data-width=\"12\" data-height=\"6\" >\n\t<div class=\"modula-item-content\">\n\t\t\n\t\t\t\t\t<a data-image-id=\"18299\" tabindex=\"0\" rel=\"jtg-18273\" data-caption=\"\" aria-label=\"Open image in lightbox\" role=\"button\" class=\"tile-inner modula-item-link\"><\/a>\n\t\t\n\t\t<img loading=\"lazy\" decoding=\"async\" class=\"pic wp-image-18299\"  data-valign=\"middle\" data-halign=\"center\" alt=\"\" data-full=\"https:\/\/www.santjosep.net\/wp-content\/uploads\/2020\/01\/IMG_4200.jpg\" title=\"IMG_4200\" width=\"1500\" height=\"1000\" src=\"https:\/\/www.santjosep.net\/wp-content\/uploads\/2020\/01\/IMG_4200.jpg\" data-src=\"https:\/\/www.santjosep.net\/wp-content\/uploads\/2020\/01\/IMG_4200.jpg\" data-caption=\"\" srcset=\"https:\/\/www.santjosep.net\/wp-content\/uploads\/2020\/01\/IMG_4200.jpg 1500w, https:\/\/www.santjosep.net\/wp-content\/uploads\/2020\/01\/IMG_4200-300x200.jpg 300w, https:\/\/www.santjosep.net\/wp-content\/uploads\/2020\/01\/IMG_4200-1024x683.jpg 1024w, https:\/\/www.santjosep.net\/wp-content\/uploads\/2020\/01\/IMG_4200-768x512.jpg 768w\" sizes=\"auto, (max-width: 1500px) 100vw, 1500px\" \/>\n\t<\/div>\n\n<\/div><div class=\"modula-item\" data-width=\"6\" data-height=\"4\" >\n\t<div class=\"modula-item-content\">\n\t\t\n\t\t\t\t\t<a data-image-id=\"18293\" tabindex=\"0\" rel=\"jtg-18273\" data-caption=\"\" aria-label=\"Open image in lightbox\" role=\"button\" class=\"tile-inner modula-item-link\"><\/a>\n\t\t\n\t\t<img loading=\"lazy\" decoding=\"async\" class=\"pic wp-image-18293\"  data-valign=\"middle\" data-halign=\"center\" alt=\"\" data-full=\"https:\/\/www.santjosep.net\/wp-content\/uploads\/2020\/01\/P1127971-1.jpg\" title=\"P1127971\" width=\"1900\" height=\"1425\" src=\"https:\/\/www.santjosep.net\/wp-content\/uploads\/2020\/01\/P1127971-1.jpg\" data-src=\"https:\/\/www.santjosep.net\/wp-content\/uploads\/2020\/01\/P1127971-1.jpg\" data-caption=\"\" srcset=\"https:\/\/www.santjosep.net\/wp-content\/uploads\/2020\/01\/P1127971-1.jpg 1900w, https:\/\/www.santjosep.net\/wp-content\/uploads\/2020\/01\/P1127971-1-300x225.jpg 300w, https:\/\/www.santjosep.net\/wp-content\/uploads\/2020\/01\/P1127971-1-1024x768.jpg 1024w, https:\/\/www.santjosep.net\/wp-content\/uploads\/2020\/01\/P1127971-1-768x576.jpg 768w, https:\/\/www.santjosep.net\/wp-content\/uploads\/2020\/01\/P1127971-1-1536x1152.jpg 1536w, https:\/\/www.santjosep.net\/wp-content\/uploads\/2020\/01\/P1127971-1-800x600.jpg 800w\" sizes=\"auto, (max-width: 1900px) 100vw, 1900px\" \/>\n\t<\/div>\n\n<\/div><div class=\"modula-item\" data-width=\"6\" data-height=\"4\" >\n\t<div class=\"modula-item-content\">\n\t\t\n\t\t\t\t\t<a data-image-id=\"18288\" tabindex=\"0\" rel=\"jtg-18273\" data-caption=\"\" aria-label=\"Open image in lightbox\" role=\"button\" class=\"tile-inner modula-item-link\"><\/a>\n\t\t\n\t\t<img loading=\"lazy\" decoding=\"async\" class=\"pic wp-image-18288\"  data-valign=\"middle\" data-halign=\"center\" alt=\"\" data-full=\"https:\/\/www.santjosep.net\/wp-content\/uploads\/2020\/01\/IMG_9409.jpg\" title=\"IMG_9409\" width=\"1200\" height=\"800\" src=\"https:\/\/www.santjosep.net\/wp-content\/uploads\/2020\/01\/IMG_9409.jpg\" data-src=\"https:\/\/www.santjosep.net\/wp-content\/uploads\/2020\/01\/IMG_9409.jpg\" data-caption=\"\" srcset=\"https:\/\/www.santjosep.net\/wp-content\/uploads\/2020\/01\/IMG_9409.jpg 1200w, https:\/\/www.santjosep.net\/wp-content\/uploads\/2020\/01\/IMG_9409-300x200.jpg 300w, https:\/\/www.santjosep.net\/wp-content\/uploads\/2020\/01\/IMG_9409-1024x683.jpg 1024w, https:\/\/www.santjosep.net\/wp-content\/uploads\/2020\/01\/IMG_9409-768x512.jpg 768w\" sizes=\"auto, (max-width: 1200px) 100vw, 1200px\" \/>\n\t<\/div>\n\n<\/div>\t\t\n\t<\/div>\n\n\t\n\t\n\t<script type=\"application\/ld+json\">\n\t{\n\t\t\"@context\": \"http:\/\/schema.org\",\n\t\t\"@type\"   : \"ImageGallery\",\n\t\t\"id\"      : \"https:\/\/www.santjosep.net\/ca\/veure\/patrimoni\/torre-ses-portes\/\",\n\t\t\"url\"     : \"https:\/\/www.santjosep.net\/ca\/veure\/patrimoni\/torre-ses-portes\/\"\n\t}\n\n\t<\/script>\n\n\t\n<\/div>\n[\/vc_column_text][\/vc_column][\/vc_row]<\/p>\n<\/div>","protected":false},"excerpt":{"rendered":"<p>[vc_row enable_hue_rotation=&#8221;no&#8221; enable_text_marquee=&#8221;no&#8221;][vc_column][vc_column_text]Aquesta torre de defensa est\u00e0 situada a la punta amb el mateix nom. Es creu que va ser constru\u00efda al segle XVI, segons la refer\u00e8ncia escrita que consta al manuscrit de Vicent Nicolau, que data de l\u2019any 1620. [&hellip;]<\/p>\n","protected":false},"author":1,"featured_media":30834,"parent":38705,"menu_order":0,"comment_status":"closed","ping_status":"closed","template":"","meta":{"_acf_changed":false,"inline_featured_image":false,"footnotes":""},"categoria_pagina":[],"class_list":["post-12364","page","type-page","status-publish","has-post-thumbnail","hentry"],"acf":[],"yoast_head":"<!-- This site is optimized with the Yoast SEO plugin v25.7 - https:\/\/yoast.com\/wordpress\/plugins\/seo\/ -->\n<title>Torre de Ses Portes - Santjosep.net<\/title>\n<meta name=\"robots\" content=\"index, follow, max-snippet:-1, max-image-preview:large, max-video-preview:-1\" \/>\n<link rel=\"canonical\" href=\"https:\/\/www.santjosep.net\/ca\/veure\/patrimoni-i-cultura\/torre-ses-portes\/\" \/>\n<meta property=\"og:locale\" content=\"ca_ES\" \/>\n<meta property=\"og:type\" content=\"article\" \/>\n<meta property=\"og:title\" content=\"Torre de Ses Portes - Santjosep.net\" \/>\n<meta property=\"og:description\" content=\"[vc_row enable_hue_rotation=&#8221;no&#8221; enable_text_marquee=&#8221;no&#8221;][vc_column][vc_column_text]Aquesta torre de defensa est\u00e0 situada a la punta amb el mateix nom. Es creu que va ser constru\u00efda al segle XVI, segons la refer\u00e8ncia escrita que consta al manuscrit de Vicent Nicolau, que data de l\u2019any 1620. [&hellip;]\" \/>\n<meta property=\"og:url\" content=\"https:\/\/www.santjosep.net\/ca\/veure\/patrimoni-i-cultura\/torre-ses-portes\/\" \/>\n<meta property=\"og:site_name\" content=\"Santjosep.net\" \/>\n<meta property=\"article:modified_time\" content=\"2025-01-22T14:26:19+00:00\" \/>\n<meta property=\"og:image\" content=\"https:\/\/www.santjosep.net\/wp-content\/uploads\/2022\/01\/RR_01016.jpg\" \/>\n\t<meta property=\"og:image:width\" content=\"2200\" \/>\n\t<meta property=\"og:image:height\" content=\"1467\" \/>\n\t<meta property=\"og:image:type\" content=\"image\/jpeg\" \/>\n<meta name=\"twitter:card\" content=\"summary_large_image\" \/>\n<meta name=\"twitter:label1\" content=\"Temps estimat de lectura\" \/>\n\t<meta name=\"twitter:data1\" content=\"2 minuts\" \/>\n<script type=\"application\/ld+json\" class=\"yoast-schema-graph\">{\"@context\":\"https:\/\/schema.org\",\"@graph\":[{\"@type\":\"WebPage\",\"@id\":\"https:\/\/www.santjosep.net\/ca\/veure\/patrimoni-i-cultura\/torre-ses-portes\/\",\"url\":\"https:\/\/www.santjosep.net\/ca\/veure\/patrimoni-i-cultura\/torre-ses-portes\/\",\"name\":\"Torre de Ses Portes - Santjosep.net\",\"isPartOf\":{\"@id\":\"https:\/\/www.santjosep.net\/#website\"},\"primaryImageOfPage\":{\"@id\":\"https:\/\/www.santjosep.net\/ca\/veure\/patrimoni-i-cultura\/torre-ses-portes\/#primaryimage\"},\"image\":{\"@id\":\"https:\/\/www.santjosep.net\/ca\/veure\/patrimoni-i-cultura\/torre-ses-portes\/#primaryimage\"},\"thumbnailUrl\":\"https:\/\/www.santjosep.net\/wp-content\/uploads\/2022\/01\/RR_01016.jpg\",\"datePublished\":\"2013-11-11T11:50:01+00:00\",\"dateModified\":\"2025-01-22T14:26:19+00:00\",\"breadcrumb\":{\"@id\":\"https:\/\/www.santjosep.net\/ca\/veure\/patrimoni-i-cultura\/torre-ses-portes\/#breadcrumb\"},\"inLanguage\":\"ca\",\"potentialAction\":[{\"@type\":\"ReadAction\",\"target\":[\"https:\/\/www.santjosep.net\/ca\/veure\/patrimoni-i-cultura\/torre-ses-portes\/\"]}]},{\"@type\":\"ImageObject\",\"inLanguage\":\"ca\",\"@id\":\"https:\/\/www.santjosep.net\/ca\/veure\/patrimoni-i-cultura\/torre-ses-portes\/#primaryimage\",\"url\":\"https:\/\/www.santjosep.net\/wp-content\/uploads\/2022\/01\/RR_01016.jpg\",\"contentUrl\":\"https:\/\/www.santjosep.net\/wp-content\/uploads\/2022\/01\/RR_01016.jpg\",\"width\":2200,\"height\":1467},{\"@type\":\"BreadcrumbList\",\"@id\":\"https:\/\/www.santjosep.net\/ca\/veure\/patrimoni-i-cultura\/torre-ses-portes\/#breadcrumb\",\"itemListElement\":[{\"@type\":\"ListItem\",\"position\":1,\"name\":\"Veure\",\"item\":\"https:\/\/www.santjosep.net\/ca\/veure\/\"},{\"@type\":\"ListItem\",\"position\":2,\"name\":\"Patrimoni i cultura\",\"item\":\"https:\/\/www.santjosep.net\/ca\/veure\/patrimoni-i-cultura\/\"},{\"@type\":\"ListItem\",\"position\":3,\"name\":\"Torre de Ses Portes\"}]},{\"@type\":\"WebSite\",\"@id\":\"https:\/\/www.santjosep.net\/#website\",\"url\":\"https:\/\/www.santjosep.net\/\",\"name\":\"Santjosep.net\",\"description\":\"\",\"potentialAction\":[{\"@type\":\"SearchAction\",\"target\":{\"@type\":\"EntryPoint\",\"urlTemplate\":\"https:\/\/www.santjosep.net\/?s={search_term_string}\"},\"query-input\":{\"@type\":\"PropertyValueSpecification\",\"valueRequired\":true,\"valueName\":\"search_term_string\"}}],\"inLanguage\":\"ca\"}]}<\/script>\n<!-- \/ Yoast SEO plugin. -->","yoast_head_json":{"title":"Torre de Ses Portes - Santjosep.net","robots":{"index":"index","follow":"follow","max-snippet":"max-snippet:-1","max-image-preview":"max-image-preview:large","max-video-preview":"max-video-preview:-1"},"canonical":"https:\/\/www.santjosep.net\/ca\/veure\/patrimoni-i-cultura\/torre-ses-portes\/","og_locale":"ca_ES","og_type":"article","og_title":"Torre de Ses Portes - Santjosep.net","og_description":"[vc_row enable_hue_rotation=&#8221;no&#8221; enable_text_marquee=&#8221;no&#8221;][vc_column][vc_column_text]Aquesta torre de defensa est\u00e0 situada a la punta amb el mateix nom. Es creu que va ser constru\u00efda al segle XVI, segons la refer\u00e8ncia escrita que consta al manuscrit de Vicent Nicolau, que data de l\u2019any 1620. [&hellip;]","og_url":"https:\/\/www.santjosep.net\/ca\/veure\/patrimoni-i-cultura\/torre-ses-portes\/","og_site_name":"Santjosep.net","article_modified_time":"2025-01-22T14:26:19+00:00","og_image":[{"width":2200,"height":1467,"url":"https:\/\/www.santjosep.net\/wp-content\/uploads\/2022\/01\/RR_01016.jpg","type":"image\/jpeg"}],"twitter_card":"summary_large_image","twitter_misc":{"Temps estimat de lectura":"2 minuts"},"schema":{"@context":"https:\/\/schema.org","@graph":[{"@type":"WebPage","@id":"https:\/\/www.santjosep.net\/ca\/veure\/patrimoni-i-cultura\/torre-ses-portes\/","url":"https:\/\/www.santjosep.net\/ca\/veure\/patrimoni-i-cultura\/torre-ses-portes\/","name":"Torre de Ses Portes - Santjosep.net","isPartOf":{"@id":"https:\/\/www.santjosep.net\/#website"},"primaryImageOfPage":{"@id":"https:\/\/www.santjosep.net\/ca\/veure\/patrimoni-i-cultura\/torre-ses-portes\/#primaryimage"},"image":{"@id":"https:\/\/www.santjosep.net\/ca\/veure\/patrimoni-i-cultura\/torre-ses-portes\/#primaryimage"},"thumbnailUrl":"https:\/\/www.santjosep.net\/wp-content\/uploads\/2022\/01\/RR_01016.jpg","datePublished":"2013-11-11T11:50:01+00:00","dateModified":"2025-01-22T14:26:19+00:00","breadcrumb":{"@id":"https:\/\/www.santjosep.net\/ca\/veure\/patrimoni-i-cultura\/torre-ses-portes\/#breadcrumb"},"inLanguage":"ca","potentialAction":[{"@type":"ReadAction","target":["https:\/\/www.santjosep.net\/ca\/veure\/patrimoni-i-cultura\/torre-ses-portes\/"]}]},{"@type":"ImageObject","inLanguage":"ca","@id":"https:\/\/www.santjosep.net\/ca\/veure\/patrimoni-i-cultura\/torre-ses-portes\/#primaryimage","url":"https:\/\/www.santjosep.net\/wp-content\/uploads\/2022\/01\/RR_01016.jpg","contentUrl":"https:\/\/www.santjosep.net\/wp-content\/uploads\/2022\/01\/RR_01016.jpg","width":2200,"height":1467},{"@type":"BreadcrumbList","@id":"https:\/\/www.santjosep.net\/ca\/veure\/patrimoni-i-cultura\/torre-ses-portes\/#breadcrumb","itemListElement":[{"@type":"ListItem","position":1,"name":"Veure","item":"https:\/\/www.santjosep.net\/ca\/veure\/"},{"@type":"ListItem","position":2,"name":"Patrimoni i cultura","item":"https:\/\/www.santjosep.net\/ca\/veure\/patrimoni-i-cultura\/"},{"@type":"ListItem","position":3,"name":"Torre de Ses Portes"}]},{"@type":"WebSite","@id":"https:\/\/www.santjosep.net\/#website","url":"https:\/\/www.santjosep.net\/","name":"Santjosep.net","description":"","potentialAction":[{"@type":"SearchAction","target":{"@type":"EntryPoint","urlTemplate":"https:\/\/www.santjosep.net\/?s={search_term_string}"},"query-input":{"@type":"PropertyValueSpecification","valueRequired":true,"valueName":"search_term_string"}}],"inLanguage":"ca"}]}},"_links":{"self":[{"href":"https:\/\/www.santjosep.net\/ca\/wp-json\/wp\/v2\/pages\/12364","targetHints":{"allow":["GET"]}}],"collection":[{"href":"https:\/\/www.santjosep.net\/ca\/wp-json\/wp\/v2\/pages"}],"about":[{"href":"https:\/\/www.santjosep.net\/ca\/wp-json\/wp\/v2\/types\/page"}],"author":[{"embeddable":true,"href":"https:\/\/www.santjosep.net\/ca\/wp-json\/wp\/v2\/users\/1"}],"replies":[{"embeddable":true,"href":"https:\/\/www.santjosep.net\/ca\/wp-json\/wp\/v2\/comments?post=12364"}],"version-history":[{"count":0,"href":"https:\/\/www.santjosep.net\/ca\/wp-json\/wp\/v2\/pages\/12364\/revisions"}],"up":[{"embeddable":true,"href":"https:\/\/www.santjosep.net\/ca\/wp-json\/wp\/v2\/pages\/38705"}],"wp:featuredmedia":[{"embeddable":true,"href":"https:\/\/www.santjosep.net\/ca\/wp-json\/wp\/v2\/media\/30834"}],"wp:attachment":[{"href":"https:\/\/www.santjosep.net\/ca\/wp-json\/wp\/v2\/media?parent=12364"}],"wp:term":[{"taxonomy":"categoria_pagina","embeddable":true,"href":"https:\/\/www.santjosep.net\/ca\/wp-json\/wp\/v2\/categoria_pagina?post=12364"}],"curies":[{"name":"wp","href":"https:\/\/api.w.org\/{rel}","templated":true}]}}