{"id":12346,"date":"2016-03-07T16:03:54","date_gmt":"2016-03-07T16:03:54","guid":{"rendered":"https:\/\/www.santjosep.net\/patrimonio-mundial-ibiza\/"},"modified":"2020-01-21T18:48:17","modified_gmt":"2020-01-21T17:48:17","slug":"patrimoni-mundial-eivissa","status":"publish","type":"page","link":"https:\/\/www.santjosep.net\/ca\/veure\/patrimoni\/patrimoni-mundial-eivissa\/","title":{"rendered":"Patrimoni Mundial"},"content":{"rendered":"<div class=\"wpb-content-wrapper\"><p>[vc_row enable_hue_rotation=&#8221;no&#8221; enable_text_marquee=&#8221;no&#8221;][vc_column][vc_column_text]Sant Josep de sa Talaia \u00e9s un dels municipis m\u00e9s interessants on con\u00e8ixer el patrimoni natural i cultural de l\u2019illa d\u2019Eivissa. Aix\u00f2 \u00e9s gr\u00e0cies a llocs tan singulars com sa Caleta o plantes tan importants per a l\u2019ecosistema mar\u00ed com la posid\u00f2nia oce\u00e0nica, que predomina al paisatge de les costes eivissenques. Aquests s\u00f3n alguns dels tresors eivissencs que, junt amb altres, varen ser declarats Patrimoni Mundial per la UNESCO amb el t\u00edtol \u2018\u2019Eivissa, biodiversitat i cultura\u2019\u2019 l\u2019any 1999.<\/p>\n<p><a href=\"https:\/\/www.santjosep.net\/wp-content\/uploads\/2016\/03\/logospatrimoni-1.jpg\" rel=\"attachment wp-att-5992\"><img loading=\"lazy\" decoding=\"async\" class=\"alignnone size-full wp-image-5992\" src=\"https:\/\/www.santjosep.net\/wp-content\/uploads\/2016\/03\/logospatrimoni-1.jpg\" alt=\"logospatrimoni\" width=\"1000\" height=\"184\" srcset=\"https:\/\/www.santjosep.net\/wp-content\/uploads\/2016\/03\/logospatrimoni-1.jpg 1000w, https:\/\/www.santjosep.net\/wp-content\/uploads\/2016\/03\/logospatrimoni-1-300x55.jpg 300w, https:\/\/www.santjosep.net\/wp-content\/uploads\/2016\/03\/logospatrimoni-1-768x141.jpg 768w\" sizes=\"auto, (max-width: 1000px) 100vw, 1000px\" \/><\/a><\/p>\n<p><iframe loading=\"lazy\" src=\"https:\/\/www.youtube.com\/embed\/v5GnaoiN1I0\" width=\"560\" height=\"315\" frameborder=\"0\" allowfullscreen=\"allowfullscreen\"><\/iframe><\/p>\n<p>&nbsp;<\/p>\n<h2>La posid\u00f2nia oce\u00e0nica<\/h2>\n<p>El mar Mediterrani est\u00e0 ple d\u2019esp\u00e8cies d\u2019un valor ecol\u00f2gic incalculable. D\u2019entre tota aquesta riquesa, a les costes de les Piti\u00fcses destaquen les enormes praderies de posid\u00f2nia oce\u00e0nica que s\u2019estenen per tot el territori submar\u00ed de les dues illes. Tot i que a simple vista sembli una planta m\u00e9s d\u2019entre totes les que podem trobar, \u00e9s una part essencial de l\u2019ecosistema mar\u00ed del Mediterrani, ja que gr\u00e0cies a la seva exist\u00e8ncia la vida de molts altres \u00e9ssers vius \u00e9s possible.<\/p>\n<p>fondomarino,-posidonia<\/p>\n<p>Una de les primeres coses que s\u2019ha de saber sobre la posid\u00f2nia \u00e9s que no \u00e9s una simple alga com molts pensen, ja que t\u00e9 arrels, tall i fulles, floreixen a la tardor, donen fruit a la primavera i realitzen la funci\u00f3 de la fotos\u00edntesi, caracter\u00edstiques que fan que sigui classificada com a planta subaqu\u00e0tica. A m\u00e9s a m\u00e9s, gr\u00e0cies al proc\u00e9s de la fotos\u00edntesi, el mar s\u2019oxigena cont\u00ednuament, oferint una aigua m\u00e9s neta i un mitj\u00e0 ideal perqu\u00e8 hi puguin viure molt\u00edssimes esp\u00e8cies. Podr\u00edem dir que aquesta planta exerceix la mateixa funci\u00f3 que la del bosc tropical, ja que \u00e9s l\u2019h\u00e0bitat d\u2019una gran biodiversitat i el pulm\u00f3 que dona oxigen a aquesta fauna i flora, convertint-la en un ecosistema complex, a m\u00e9s de ser un bioindicador perfecte per a con\u00e8ixer l\u2019estat de les aig\u00fces.<\/p>\n<p>No obstant aix\u00f2, la seva import\u00e0ncia no nom\u00e9s es percep sota l\u2019aigua, sin\u00f3 que la posid\u00f2nia oce\u00e0nica tamb\u00e9 influeix a l\u2019hora de construir-se el paisatge coster. Sense aquesta planta no seria possible la bellesa de les platges de les Piti\u00fcses. Sol cr\u00e9ixer a prop de la costa, a fons marins arenosos i poc profunds, aix\u00f2 ajuda a depurar els sediments de l\u2019aigua i a fixar el fons mar\u00ed, \u00e9s a dir, ofereix el mateix efecte protector que realitzaria un escull de coral. Un cop que les fulles d\u2019aquesta planta es mustien, l\u2019onatge les diposita a la vora de la platja, fet que evita l\u2019erosi\u00f3 del mar sobre la costa i permet que es desenvolupin els altres ecosistemes propers, com \u00e9s el cas de l\u2019ecosistema dunar o del bosc litoral de pins i savines. Per tant, podr\u00edem dir que la posid\u00f2nia \u00e9s la base de la qual parteixen els altres ecosistemes del litoral piti\u00fas, la protectora i depuradora que permet que puguem gaudir de les meravelloses platges d\u2019Eivissa i Formentera.<\/p>\n<p>Antigament, els habitants de l\u2019illa no coneixien totes les virtuts de les quals presumeix aquesta planta marina, avui dia de vital import\u00e0ncia per a la conservaci\u00f3 dels valors naturals del Mediterrani. No obstant aix\u00f2, s\u00ed que sabien que era un recurs natural de gran utilitat que antany servia com a a\u00efllant dels terrats de les cases t\u00edpiques de les illes i tamb\u00e9 com a adob natural per als camps. Sens dubte, una esp\u00e8cie marina amb multitud de funcions i utilitats.<\/p>\n<p>La posid\u00f2nia oce\u00e0nica predomina en tot el Mediterrani, per\u00f2 a la zona d\u2019Eivissa i Formentera \u00e9s probablement la major protagonista del mar. Sense ella no es podria concebre el paisatge de les illes tal i com \u00e9s. \u00c9s tan important que, l\u2019any 1999, la UNESCO la va declarar Patrimoni Mundial, arribant a ser el primer b\u00e9 natural del Mediterrani que rep aquest distintiu que reconeix la seva bellesa i singularitat. La declaraci\u00f3 de ses Salines d\u2019Eivissa i Formentera com a Parc Natural l\u2019any 2001 tamb\u00e9 va suposar un pas important per a la seva conservaci\u00f3, ja que m\u00e9s de 13.000 hect\u00e0rees de fons marins on predomina la posid\u00f2nia varen ser incloses dins d\u2019aquesta protecci\u00f3. Una dada curiosa \u00e9s que, dins d\u2019aquest per\u00edmetre, l\u2019any 2006 es va descobrir un dels exemplars m\u00e9s importants d\u2019aquesta esp\u00e8cie, amb m\u00e9s de 8 quil\u00f2metres de longitud i 100.000 anys d\u2019antiguitat.<\/p>\n<p>En definitiva, la posid\u00f2nia \u00e9s essencial per a comprendre el mitj\u00e0 mar\u00ed piti\u00fas, ja que d\u2019aqu\u00ed sorgeix tota la vida que podem observar en aquestes costes i sense la qual no seria possible gaudir de les meravelloses platges mediterr\u00e0nies ni de les aig\u00fces transparents. Per aquesta ra\u00f3, avui dia la conservaci\u00f3 d\u2019aquesta esp\u00e8cie que tant ens fascina \u00e9s vital per a mantenir aquest paisatge tal com el coneixem en l\u2019actualitat.[\/vc_column_text][\/vc_column][\/vc_row][vc_row full_width=&#8221;stretch_row_content_no_spaces&#8221; enable_hue_rotation=&#8221;no&#8221; enable_text_marquee=&#8221;no&#8221; el_id=&#8221;galeria&#8221;][vc_column css=&#8221;.vc_custom_1579097066588{padding-bottom: 20px !important;}&#8221;][vc_column_text]<style>#jtg-19270 .modula-item .jtg-social a, .lightbox-socials.jtg-social a{ fill: #ffffff; color: #ffffff }#jtg-19270 .modula-item .jtg-social-mobile a{ fill: #ffffff; color: #ffffff }#jtg-19270 .modula-item .jtg-social svg, .lightbox-socials.jtg-social svg { height: 16px; width: 16px }#jtg-19270 .modula-item .jtg-social-mobile svg { height: 16px; width: 16px }#jtg-19270 .modula-item .jtg-social a:not(:last-child), .lightbox-socials.jtg-social a:not(:last-child) { margin-right: 10px }#jtg-19270 .modula-item .jtg-social-mobile .jtg-social-mobile-icons a:not(:last-child){ margin-right: 10px }#jtg-19270 .modula-item .figc {color:#ffffff;}#jtg-19270 .modula-item .modula-item-content { transform: scale(1) }#jtg-19270 .modula-items .figc p.description { font-size:14px; }#jtg-19270 .modula-items .figc p.description { color:#ffffff;}#jtg-19270.modula-gallery .modula-item > a, #jtg-19270.modula-gallery .modula-item, #jtg-19270.modula-gallery .modula-item-content > a:not(.modula-no-follow) { cursor:zoom-in; } #jtg-19270.modula-gallery .modula-item-content .modula-no-follow { cursor: default; } @media screen and (max-width:480px){#jtg-19270 .modula-item .figc .jtg-title {  font-size: 12px; }#jtg-19270 .modula-items .figc p.description { color:#ffffff;font-size:10px; }}#jtg-19270 .modula-items .modula-item:hover img{opacity:1;}<\/style>\n<div  id=\"jtg-19270\" class=\"modula modula-gallery modula-custom-grid\" data-config=\"{&quot;height&quot;:800,&quot;tabletHeight&quot;:800,&quot;mobileHeight&quot;:800,&quot;desktopHeight&quot;:800,&quot;enableTwitter&quot;:true,&quot;enableWhatsapp&quot;:false,&quot;enableFacebook&quot;:true,&quot;enablePinterest&quot;:true,&quot;enableLinkedin&quot;:true,&quot;enableEmail&quot;:false,&quot;randomFactor&quot;:0.5,&quot;type&quot;:&quot;custom-grid&quot;,&quot;columns&quot;:12,&quot;gutter&quot;:0,&quot;mobileGutter&quot;:0,&quot;tabletGutter&quot;:0,&quot;desktopGutter&quot;:0,&quot;enableResponsive&quot;:&quot;1&quot;,&quot;tabletColumns&quot;:&quot;2&quot;,&quot;mobileColumns&quot;:&quot;1&quot;,&quot;lazyLoad&quot;:&quot;0&quot;,&quot;lightboxOpts&quot;:{&quot;animated&quot;:true,&quot;Thumbs&quot;:{&quot;type&quot;:&quot;modern&quot;,&quot;showOnStart&quot;:false},&quot;Toolbar&quot;:{&quot;display&quot;:{&quot;right&quot;:[&quot;close&quot;]},&quot;enabled&quot;:true},&quot;Carousel&quot;:{&quot;Panzoom&quot;:{&quot;touch&quot;:false},&quot;infinite&quot;:false},&quot;keyboard&quot;:{&quot;Escape&quot;:&quot;close&quot;,&quot;Delete&quot;:&quot;close&quot;,&quot;Backspace&quot;:&quot;close&quot;,&quot;PageUp&quot;:false,&quot;PageDown&quot;:false,&quot;ArrowUp&quot;:false,&quot;ArrowDown&quot;:false,&quot;ArrowRight&quot;:false,&quot;ArrowLeft&quot;:false},&quot;touch&quot;:false,&quot;backdropClick&quot;:false,&quot;l10n&quot;:{&quot;CLOSE&quot;:&quot;Close&quot;,&quot;NEXT&quot;:&quot;Next&quot;,&quot;PREV&quot;:&quot;Previous&quot;,&quot;Error&quot;:&quot;The requested content cannot be loaded. Please try again later.&quot;,&quot;PLAY_START&quot;:&quot;Start slideshow&quot;,&quot;PLAY_STOP&quot;:&quot;Pause slideshow&quot;,&quot;FULL_SCREEN&quot;:&quot;Full screen&quot;,&quot;THUMBS&quot;:&quot;Thumbnails&quot;,&quot;DOWNLOAD&quot;:&quot;Download&quot;,&quot;SHARE&quot;:&quot;Share&quot;,&quot;ZOOM&quot;:&quot;Zoom&quot;,&quot;EMAIL&quot;:&quot;Here is the link to the image : %%image_link%% and this is the link to the gallery : %%gallery_link%%&quot;,&quot;MODAL&quot;:&quot;You can close this modal content with the ESC key&quot;,&quot;ERROR&quot;:&quot;Something Went Wrong, Please Try Again Later&quot;,&quot;IMAGE_ERROR&quot;:&quot;Image Not Found&quot;,&quot;ELEMENT_NOT_FOUND&quot;:&quot;HTML Element Not Found&quot;,&quot;AJAX_NOT_FOUND&quot;:&quot;Error Loading AJAX : Not Found&quot;,&quot;AJAX_FORBIDDEN&quot;:&quot;Error Loading AJAX : Forbidden&quot;,&quot;IFRAME_ERROR&quot;:&quot;Error Loading Page&quot;,&quot;TOGGLE_ZOOM&quot;:&quot;Toggle zoom level&quot;,&quot;TOGGLE_THUMBS&quot;:&quot;Toggle thumbnails&quot;,&quot;TOGGLE_SLIDESHOW&quot;:&quot;Toggle slideshow&quot;,&quot;TOGGLE_FULLSCREEN&quot;:&quot;Toggle full-screen mode&quot;},&quot;Images&quot;:{&quot;Panzoom&quot;:{&quot;maxScale&quot;:2}},&quot;mainClass&quot;:&quot;modula-fancybox-container modula-lightbox-jtg-19270&quot;,&quot;Html&quot;:{&quot;videoAutoplay&quot;:0,&quot;videoTpl&quot;:&quot;&lt;video class=\\&quot;fancybox__html5video\\&quot; controls muted playsinline controlsList controlsList=\\&quot;nodownload\\&quot; poster=\\&quot;{{poster}}\\&quot; src=\\&quot;{{src}}\\&quot; type=\\&quot;{{format}}\\&quot; &gt;  Sorry, your browser doesn&#039;t support embedded videos, &lt;a href=\\&quot;{{src}}\\&quot;&gt; download &lt;\\\/a&gt; and watch with your favorite video player! &lt;\\\/video&gt;&quot;}},&quot;inView&quot;:false,&quot;email_subject&quot;:&quot;Check out this awesome image !!&quot;,&quot;email_message&quot;:&quot;Here is the link to the image : %%image_link%% and this is the link to the gallery : %%gallery_link%%&quot;,&quot;lightbox&quot;:&quot;fancybox&quot;}\">\n\n\t\n\t<div  class=\"modula-items\">\n\t\t<div class=\"modula-item\" data-width=\"5\" data-height=\"5\" >\n\t<div class=\"modula-item-content\">\n\t\t\n\t\t\t\t\t<a data-image-id=\"19283\" tabindex=\"0\" rel=\"jtg-19270\" data-caption=\"\" aria-label=\"Open image in lightbox\" role=\"button\" class=\"tile-inner modula-item-link\"><\/a>\n\t\t\n\t\t<img loading=\"lazy\" decoding=\"async\" class=\"pic wp-image-19283\"  data-valign=\"middle\" data-halign=\"center\" alt=\"\" data-full=\"https:\/\/www.santjosep.net\/wp-content\/uploads\/2020\/01\/shutterstock_108816311.jpg\" title=\"shutterstock_108816311\" width=\"2000\" height=\"1333\" src=\"https:\/\/www.santjosep.net\/wp-content\/uploads\/2020\/01\/shutterstock_108816311.jpg\" data-src=\"https:\/\/www.santjosep.net\/wp-content\/uploads\/2020\/01\/shutterstock_108816311.jpg\" data-caption=\"\" srcset=\"https:\/\/www.santjosep.net\/wp-content\/uploads\/2020\/01\/shutterstock_108816311.jpg 2000w, https:\/\/www.santjosep.net\/wp-content\/uploads\/2020\/01\/shutterstock_108816311-300x200.jpg 300w, https:\/\/www.santjosep.net\/wp-content\/uploads\/2020\/01\/shutterstock_108816311-1024x682.jpg 1024w, https:\/\/www.santjosep.net\/wp-content\/uploads\/2020\/01\/shutterstock_108816311-768x512.jpg 768w, https:\/\/www.santjosep.net\/wp-content\/uploads\/2020\/01\/shutterstock_108816311-1536x1024.jpg 1536w\" sizes=\"auto, (max-width: 2000px) 100vw, 2000px\" \/>\n\t<\/div>\n\n<\/div><div class=\"modula-item\" data-width=\"7\" data-height=\"5\" >\n\t<div class=\"modula-item-content\">\n\t\t\n\t\t\t\t\t<a data-image-id=\"19288\" tabindex=\"0\" rel=\"jtg-19270\" data-caption=\"\" aria-label=\"Open image in lightbox\" role=\"button\" class=\"tile-inner modula-item-link\"><\/a>\n\t\t\n\t\t<img loading=\"lazy\" decoding=\"async\" class=\"pic wp-image-19288\"  data-valign=\"middle\" data-halign=\"center\" alt=\"\" data-full=\"https:\/\/www.santjosep.net\/wp-content\/uploads\/2020\/01\/shutterstock_1230809923-1.jpg\" title=\"shutterstock_1230809923\" width=\"2000\" height=\"1333\" src=\"https:\/\/www.santjosep.net\/wp-content\/uploads\/2020\/01\/shutterstock_1230809923-1.jpg\" data-src=\"https:\/\/www.santjosep.net\/wp-content\/uploads\/2020\/01\/shutterstock_1230809923-1.jpg\" data-caption=\"\" srcset=\"https:\/\/www.santjosep.net\/wp-content\/uploads\/2020\/01\/shutterstock_1230809923-1.jpg 2000w, https:\/\/www.santjosep.net\/wp-content\/uploads\/2020\/01\/shutterstock_1230809923-1-300x200.jpg 300w, https:\/\/www.santjosep.net\/wp-content\/uploads\/2020\/01\/shutterstock_1230809923-1-1024x682.jpg 1024w, https:\/\/www.santjosep.net\/wp-content\/uploads\/2020\/01\/shutterstock_1230809923-1-768x512.jpg 768w, https:\/\/www.santjosep.net\/wp-content\/uploads\/2020\/01\/shutterstock_1230809923-1-1536x1024.jpg 1536w\" sizes=\"auto, (max-width: 2000px) 100vw, 2000px\" \/>\n\t<\/div>\n\n<\/div><div class=\"modula-item\" data-width=\"12\" data-height=\"6\" >\n\t<div class=\"modula-item-content\">\n\t\t\n\t\t\t\t\t<a data-image-id=\"19293\" tabindex=\"0\" rel=\"jtg-19270\" data-caption=\"\" aria-label=\"Open image in lightbox\" role=\"button\" class=\"tile-inner modula-item-link\"><\/a>\n\t\t\n\t\t<img loading=\"lazy\" decoding=\"async\" class=\"pic wp-image-19293\"  data-valign=\"middle\" data-halign=\"center\" alt=\"\" data-full=\"https:\/\/www.santjosep.net\/wp-content\/uploads\/2020\/01\/shutterstock_1254146905.jpg\" title=\"shutterstock_1254146905\" width=\"2000\" height=\"1500\" src=\"https:\/\/www.santjosep.net\/wp-content\/uploads\/2020\/01\/shutterstock_1254146905.jpg\" data-src=\"https:\/\/www.santjosep.net\/wp-content\/uploads\/2020\/01\/shutterstock_1254146905.jpg\" data-caption=\"\" srcset=\"https:\/\/www.santjosep.net\/wp-content\/uploads\/2020\/01\/shutterstock_1254146905.jpg 2000w, https:\/\/www.santjosep.net\/wp-content\/uploads\/2020\/01\/shutterstock_1254146905-300x225.jpg 300w, https:\/\/www.santjosep.net\/wp-content\/uploads\/2020\/01\/shutterstock_1254146905-1024x768.jpg 1024w, https:\/\/www.santjosep.net\/wp-content\/uploads\/2020\/01\/shutterstock_1254146905-768x576.jpg 768w, https:\/\/www.santjosep.net\/wp-content\/uploads\/2020\/01\/shutterstock_1254146905-1536x1152.jpg 1536w, https:\/\/www.santjosep.net\/wp-content\/uploads\/2020\/01\/shutterstock_1254146905-800x600.jpg 800w\" sizes=\"auto, (max-width: 2000px) 100vw, 2000px\" \/>\n\t<\/div>\n\n<\/div>\t\t\n\t<\/div>\n\n\t\n\t\n\t<script type=\"application\/ld+json\">\n\t{\n\t\t\"@context\": \"http:\/\/schema.org\",\n\t\t\"@type\"   : \"ImageGallery\",\n\t\t\"id\"      : \"https:\/\/www.santjosep.net\/ca\/veure\/patrimoni\/patrimoni-mundial-eivissa\/\",\n\t\t\"url\"     : \"https:\/\/www.santjosep.net\/ca\/veure\/patrimoni\/patrimoni-mundial-eivissa\/\"\n\t}\n\n\t<\/script>\n\n\t\n<\/div>\n[\/vc_column_text][\/vc_column][\/vc_row][vc_row enable_hue_rotation=&#8221;no&#8221; enable_text_marquee=&#8221;no&#8221;][vc_column][vc_column_text]<\/p>\n<h2>Poblat fenici de sa Caleta<\/h2>\n<p>Un dels enclavaments m\u00e9s interessants per a con\u00e8ixer la hist\u00f2ria de l\u2019illa \u00e9s el poblat fenici de sa Caleta. Es tracta d\u2019un jaciment arqueol\u00f2gic que data del segle VIII aC i la seva import\u00e0ncia es deu al fet que \u00e9s el primer assentament p\u00fanic que trobem a l\u2019illa d\u2019Eivissa. Per tant, ens ofereix informaci\u00f3 vital per a con\u00e8ixer millor com vivien els primers pobladors.<\/p>\n<p>Aquest assentament est\u00e0 ubicat al sud-oest de l\u2019illa, al municipi de Sant Josep, entre es Codolar i la platja des Jondal. El lloc en concret \u00e9s una petita pen\u00ednsula que rep el nom de Mola de sa Caleta, un lloc ideal per fundar el poblat, ja que disposa d\u2019unes vistes id\u00edl\u00b7liques al mar per poder estar atents a possibles incursions. A m\u00e9s a m\u00e9s, tamb\u00e9 t\u00e9 una petita cala resguardada dels vents que feien servir com a port.<\/p>\n<p>El jaciment est\u00e0 subdividit en diverses zones conegudes com a barris. En concret, trobem el barri nord-est, el barri central i el barri portuari que, en l\u2019actualitat, no es poden apreciar degudament a causa de l\u2019erosi\u00f3 a trav\u00e9s dels anys. Tot i aix\u00f2, el barri sud s\u00ed que ens permet con\u00e8ixer de prop com es va organitzar l\u2019assentament, ja que \u00e9s l\u2019\u00fanic que s\u2019ha pogut conservar adequadament i que ha perm\u00e8s realitzar investigacions arqueol\u00f2giques que han ofert dades molt reveladores sobre aquests pobladors.<\/p>\n<p>Poblado-fenicio-Sa-Caleta-2&#8212;FU&#8212;VM<\/p>\n<p>Sembla ser que als seus inicis, l\u2019assentament va anar repartint les edificacions de forma desordenada, per\u00f2 aix\u00ed com la poblaci\u00f3 va anar creixent, es va comen\u00e7ar a construir d\u2019una forma m\u00e9s planificada amb cases m\u00e9s recollides. El conjunt va anar evolucionant a partir de la juxtaposici\u00f3 d\u2019est\u00e0ncies, amb carrers que permetien el pas per enmig. En alguns racons es conformaven petites places que formaven les zones comunes. Al jaciment hi trobem cases que tenen, fins i tot, set habitacions. Totes estaven constru\u00efdes a base de murs de ma\u00e7oneria de pedra petita i mitjana amb terrats de fusta de pi i argila que l\u2019impermeabilitzaven.<\/p>\n<p>A la zona tamb\u00e9 hi ha dos forns de planta circular de 2 metres de di\u00e0metre que servien per a la fosa de la galena argent\u00edfera, metall predominant de la zona. Aix\u00f2 ens porta a deduir que aquesta era una de les seves principals fonts econ\u00f2miques, per\u00f2 a partir de les restes trobades, tamb\u00e9 es suposa que la ramaderia, l\u2019agricultura, l\u2019explotaci\u00f3 salinera i la pesca eren activitats molt importants en aquest assentament. Gr\u00e0cies a la privilegiada ubicaci\u00f3 i a les activitats que s\u2019hi van desenvolupar, es pot dir que aquest era un punt clau de comer\u00e7 mar\u00edtim amb la pen\u00ednsula ib\u00e8rica, ja que servia com a escala a les travessies de molts comerciants.<\/p>\n<p>S\u2019estima que al seu moment de m\u00e0xim esplendor es va arribar a la xifra de 500 habitants, essent comparable amb assentaments de les mateixes caracter\u00edstiques situats al sud de la pen\u00ednsula. Tot i que el creixement de la ciutat era pr\u00f2sper, l\u2019est\u00e0ncia era de car\u00e0cter temporal, ja que al voltant de l\u2019any 600 aC es va abandonar completament de manera pac\u00edfica, segons les dates arqueol\u00f2giques obtingudes. \u00c9s possible que els seus habitants emigressin cap al que en un futur es convertiria en l\u2019actual ciutat d\u2019Eivissa, tot i que no es pot saber ben cert.<\/p>\n<p>Per tot aix\u00f2, sa Caleta \u00e9s un rac\u00f3 \u00fanic del municipi de Sant Josep on coneixereu de m\u00e9s a prop els primers passos dels pobladors de l\u2019illa, una pe\u00e7a clau del mosaic cultural que conforma la hist\u00f2ria d\u2019Eivissa i del Mediterrani. Aix\u00f2 tamb\u00e9 va portar a la seua declaraci\u00f3 com a Patrimoni Mundial l\u2019any 1999, junt amb altres jaciments tan importants com la necr\u00f2polis de Puig des Molins i Dalt Vila, reconegut mundialment com a \u2018\u2019Eivissa, biodiversitat i cultura\u2019\u2019.[\/vc_column_text][\/vc_column][\/vc_row][vc_row full_width=&#8221;stretch_row_content_no_spaces&#8221; enable_hue_rotation=&#8221;no&#8221; enable_text_marquee=&#8221;no&#8221; el_class=&#8221;galeria&#8221;][vc_column css=&#8221;.vc_custom_1579097066588{padding-bottom: 20px !important;}&#8221;][vc_column_text]<style>#jtg-18249 .modula-item .jtg-social a, .lightbox-socials.jtg-social a{ fill: #ffffff; color: #ffffff }#jtg-18249 .modula-item .jtg-social-mobile a{ fill: #ffffff; color: #ffffff }#jtg-18249 .modula-item .jtg-social svg, .lightbox-socials.jtg-social svg { height: 16px; width: 16px }#jtg-18249 .modula-item .jtg-social-mobile svg { height: 16px; width: 16px }#jtg-18249 .modula-item .jtg-social a:not(:last-child), .lightbox-socials.jtg-social a:not(:last-child) { margin-right: 10px }#jtg-18249 .modula-item .jtg-social-mobile .jtg-social-mobile-icons a:not(:last-child){ margin-right: 10px }#jtg-18249 .modula-item .figc {color:#ffffff;}#jtg-18249 .modula-item .modula-item-content { transform: scale(1) }#jtg-18249 .modula-items .figc p.description { font-size:14px; }#jtg-18249 .modula-items .figc p.description { color:#ffffff;}#jtg-18249.modula-gallery .modula-item > a, #jtg-18249.modula-gallery .modula-item, #jtg-18249.modula-gallery .modula-item-content > a:not(.modula-no-follow) { cursor:zoom-in; } #jtg-18249.modula-gallery .modula-item-content .modula-no-follow { cursor: default; } @media screen and (max-width:480px){#jtg-18249 .modula-item .figc .jtg-title {  font-size: 12px; }#jtg-18249 .modula-items .figc p.description { color:#ffffff;font-size:10px; }}#jtg-18249 .modula-items .modula-item:hover img{opacity:1;}<\/style>\n<div  id=\"jtg-18249\" class=\"modula modula-gallery modula-custom-grid\" data-config=\"{&quot;height&quot;:800,&quot;tabletHeight&quot;:800,&quot;mobileHeight&quot;:800,&quot;desktopHeight&quot;:800,&quot;enableTwitter&quot;:true,&quot;enableWhatsapp&quot;:false,&quot;enableFacebook&quot;:true,&quot;enablePinterest&quot;:true,&quot;enableLinkedin&quot;:true,&quot;enableEmail&quot;:false,&quot;randomFactor&quot;:0.5,&quot;type&quot;:&quot;custom-grid&quot;,&quot;columns&quot;:12,&quot;gutter&quot;:0,&quot;mobileGutter&quot;:0,&quot;tabletGutter&quot;:0,&quot;desktopGutter&quot;:0,&quot;enableResponsive&quot;:&quot;1&quot;,&quot;tabletColumns&quot;:&quot;2&quot;,&quot;mobileColumns&quot;:&quot;1&quot;,&quot;lazyLoad&quot;:&quot;0&quot;,&quot;lightboxOpts&quot;:{&quot;animated&quot;:true,&quot;Thumbs&quot;:{&quot;type&quot;:&quot;modern&quot;,&quot;showOnStart&quot;:false},&quot;Toolbar&quot;:{&quot;display&quot;:{&quot;right&quot;:[&quot;close&quot;]},&quot;enabled&quot;:true},&quot;Carousel&quot;:{&quot;Panzoom&quot;:{&quot;touch&quot;:false},&quot;infinite&quot;:false},&quot;keyboard&quot;:{&quot;Escape&quot;:&quot;close&quot;,&quot;Delete&quot;:&quot;close&quot;,&quot;Backspace&quot;:&quot;close&quot;,&quot;PageUp&quot;:false,&quot;PageDown&quot;:false,&quot;ArrowUp&quot;:false,&quot;ArrowDown&quot;:false,&quot;ArrowRight&quot;:false,&quot;ArrowLeft&quot;:false},&quot;touch&quot;:false,&quot;backdropClick&quot;:false,&quot;l10n&quot;:{&quot;CLOSE&quot;:&quot;Close&quot;,&quot;NEXT&quot;:&quot;Next&quot;,&quot;PREV&quot;:&quot;Previous&quot;,&quot;Error&quot;:&quot;The requested content cannot be loaded. Please try again later.&quot;,&quot;PLAY_START&quot;:&quot;Start slideshow&quot;,&quot;PLAY_STOP&quot;:&quot;Pause slideshow&quot;,&quot;FULL_SCREEN&quot;:&quot;Full screen&quot;,&quot;THUMBS&quot;:&quot;Thumbnails&quot;,&quot;DOWNLOAD&quot;:&quot;Download&quot;,&quot;SHARE&quot;:&quot;Share&quot;,&quot;ZOOM&quot;:&quot;Zoom&quot;,&quot;EMAIL&quot;:&quot;Here is the link to the image : %%image_link%% and this is the link to the gallery : %%gallery_link%%&quot;,&quot;MODAL&quot;:&quot;You can close this modal content with the ESC key&quot;,&quot;ERROR&quot;:&quot;Something Went Wrong, Please Try Again Later&quot;,&quot;IMAGE_ERROR&quot;:&quot;Image Not Found&quot;,&quot;ELEMENT_NOT_FOUND&quot;:&quot;HTML Element Not Found&quot;,&quot;AJAX_NOT_FOUND&quot;:&quot;Error Loading AJAX : Not Found&quot;,&quot;AJAX_FORBIDDEN&quot;:&quot;Error Loading AJAX : Forbidden&quot;,&quot;IFRAME_ERROR&quot;:&quot;Error Loading Page&quot;,&quot;TOGGLE_ZOOM&quot;:&quot;Toggle zoom level&quot;,&quot;TOGGLE_THUMBS&quot;:&quot;Toggle thumbnails&quot;,&quot;TOGGLE_SLIDESHOW&quot;:&quot;Toggle slideshow&quot;,&quot;TOGGLE_FULLSCREEN&quot;:&quot;Toggle full-screen mode&quot;},&quot;Images&quot;:{&quot;Panzoom&quot;:{&quot;maxScale&quot;:2}},&quot;mainClass&quot;:&quot;modula-fancybox-container modula-lightbox-jtg-18249&quot;,&quot;Html&quot;:{&quot;videoAutoplay&quot;:0,&quot;videoTpl&quot;:&quot;&lt;video class=\\&quot;fancybox__html5video\\&quot; controls muted playsinline controlsList controlsList=\\&quot;nodownload\\&quot; poster=\\&quot;{{poster}}\\&quot; src=\\&quot;{{src}}\\&quot; type=\\&quot;{{format}}\\&quot; &gt;  Sorry, your browser doesn&#039;t support embedded videos, &lt;a href=\\&quot;{{src}}\\&quot;&gt; download &lt;\\\/a&gt; and watch with your favorite video player! &lt;\\\/video&gt;&quot;}},&quot;inView&quot;:false,&quot;email_subject&quot;:&quot;Check out this awesome image !!&quot;,&quot;email_message&quot;:&quot;Here is the link to the image : %%image_link%% and this is the link to the gallery : %%gallery_link%%&quot;,&quot;lightbox&quot;:&quot;fancybox&quot;}\">\n\n\t\n\t<div  class=\"modula-items\">\n\t\t<div class=\"modula-item\" data-width=\"12\" data-height=\"8\" >\n\t<div class=\"modula-item-content\">\n\t\t\n\t\t\t\t\t<a data-image-id=\"18254\" tabindex=\"0\" rel=\"jtg-18249\" data-caption=\"\" aria-label=\"Open image in lightbox\" role=\"button\" class=\"tile-inner modula-item-link\"><\/a>\n\t\t\n\t\t<img loading=\"lazy\" decoding=\"async\" class=\"pic wp-image-18254\"  data-valign=\"middle\" data-halign=\"center\" alt=\"\" data-full=\"https:\/\/www.santjosep.net\/wp-content\/uploads\/2020\/01\/DJI_0036.jpg\" title=\"DJI_0036\" width=\"1200\" height=\"899\" src=\"https:\/\/www.santjosep.net\/wp-content\/uploads\/2020\/01\/DJI_0036.jpg\" data-src=\"https:\/\/www.santjosep.net\/wp-content\/uploads\/2020\/01\/DJI_0036.jpg\" data-caption=\"\" srcset=\"https:\/\/www.santjosep.net\/wp-content\/uploads\/2020\/01\/DJI_0036.jpg 1200w, https:\/\/www.santjosep.net\/wp-content\/uploads\/2020\/01\/DJI_0036-300x225.jpg 300w, https:\/\/www.santjosep.net\/wp-content\/uploads\/2020\/01\/DJI_0036-1024x767.jpg 1024w, https:\/\/www.santjosep.net\/wp-content\/uploads\/2020\/01\/DJI_0036-768x575.jpg 768w, https:\/\/www.santjosep.net\/wp-content\/uploads\/2020\/01\/DJI_0036-800x600.jpg 800w\" sizes=\"auto, (max-width: 1200px) 100vw, 1200px\" \/>\n\t<\/div>\n\n<\/div><div class=\"modula-item\" data-width=\"5\" data-height=\"5\" >\n\t<div class=\"modula-item-content\">\n\t\t\n\t\t\t\t\t<a data-image-id=\"18260\" tabindex=\"0\" rel=\"jtg-18249\" data-caption=\"\" aria-label=\"Open image in lightbox\" role=\"button\" class=\"tile-inner modula-item-link\"><\/a>\n\t\t\n\t\t<img loading=\"lazy\" decoding=\"async\" class=\"pic wp-image-18260\"  data-valign=\"middle\" data-halign=\"center\" alt=\"\" data-full=\"https:\/\/www.santjosep.net\/wp-content\/uploads\/2020\/01\/DJI_0042.jpg\" title=\"DJI_0042\" width=\"1200\" height=\"899\" src=\"https:\/\/www.santjosep.net\/wp-content\/uploads\/2020\/01\/DJI_0042.jpg\" data-src=\"https:\/\/www.santjosep.net\/wp-content\/uploads\/2020\/01\/DJI_0042.jpg\" data-caption=\"\" srcset=\"https:\/\/www.santjosep.net\/wp-content\/uploads\/2020\/01\/DJI_0042.jpg 1200w, https:\/\/www.santjosep.net\/wp-content\/uploads\/2020\/01\/DJI_0042-300x225.jpg 300w, https:\/\/www.santjosep.net\/wp-content\/uploads\/2020\/01\/DJI_0042-1024x767.jpg 1024w, https:\/\/www.santjosep.net\/wp-content\/uploads\/2020\/01\/DJI_0042-768x575.jpg 768w, https:\/\/www.santjosep.net\/wp-content\/uploads\/2020\/01\/DJI_0042-800x600.jpg 800w\" sizes=\"auto, (max-width: 1200px) 100vw, 1200px\" \/>\n\t<\/div>\n\n<\/div><div class=\"modula-item\" data-width=\"7\" data-height=\"5\" >\n\t<div class=\"modula-item-content\">\n\t\t\n\t\t\t\t\t<a data-image-id=\"18265\" tabindex=\"0\" rel=\"jtg-18249\" data-caption=\"\" aria-label=\"Open image in lightbox\" role=\"button\" class=\"tile-inner modula-item-link\"><\/a>\n\t\t\n\t\t<img loading=\"lazy\" decoding=\"async\" class=\"pic wp-image-18265\"  data-valign=\"middle\" data-halign=\"center\" alt=\"\" data-full=\"https:\/\/www.santjosep.net\/wp-content\/uploads\/2020\/01\/P1100835.jpg\" title=\"P1100835\" width=\"1200\" height=\"900\" src=\"https:\/\/www.santjosep.net\/wp-content\/uploads\/2020\/01\/P1100835.jpg\" data-src=\"https:\/\/www.santjosep.net\/wp-content\/uploads\/2020\/01\/P1100835.jpg\" data-caption=\"\" srcset=\"https:\/\/www.santjosep.net\/wp-content\/uploads\/2020\/01\/P1100835.jpg 1200w, https:\/\/www.santjosep.net\/wp-content\/uploads\/2020\/01\/P1100835-300x225.jpg 300w, https:\/\/www.santjosep.net\/wp-content\/uploads\/2020\/01\/P1100835-1024x768.jpg 1024w, https:\/\/www.santjosep.net\/wp-content\/uploads\/2020\/01\/P1100835-768x576.jpg 768w, https:\/\/www.santjosep.net\/wp-content\/uploads\/2020\/01\/P1100835-800x600.jpg 800w\" sizes=\"auto, (max-width: 1200px) 100vw, 1200px\" \/>\n\t<\/div>\n\n<\/div>\t\t\n\t<\/div>\n\n\t\n\t\n\t<script type=\"application\/ld+json\">\n\t{\n\t\t\"@context\": \"http:\/\/schema.org\",\n\t\t\"@type\"   : \"ImageGallery\",\n\t\t\"id\"      : \"https:\/\/www.santjosep.net\/ca\/veure\/patrimoni\/patrimoni-mundial-eivissa\/\",\n\t\t\"url\"     : \"https:\/\/www.santjosep.net\/ca\/veure\/patrimoni\/patrimoni-mundial-eivissa\/\"\n\t}\n\n\t<\/script>\n\n\t\n<\/div>\n[\/vc_column_text][\/vc_column][\/vc_row]<\/p>\n<\/div>","protected":false},"excerpt":{"rendered":"<p>[vc_row enable_hue_rotation=&#8221;no&#8221; enable_text_marquee=&#8221;no&#8221;][vc_column][vc_column_text]Sant Josep de sa Talaia \u00e9s un dels municipis m\u00e9s interessants on con\u00e8ixer el patrimoni natural i cultural de l\u2019illa d\u2019Eivissa. Aix\u00f2 \u00e9s gr\u00e0cies a llocs tan singulars com sa Caleta o plantes tan importants per a l\u2019ecosistema [&hellip;]<\/p>\n","protected":false},"author":1,"featured_media":19485,"parent":38705,"menu_order":0,"comment_status":"closed","ping_status":"closed","template":"","meta":{"_acf_changed":false,"inline_featured_image":false,"footnotes":""},"categoria_pagina":[],"class_list":["post-12346","page","type-page","status-publish","has-post-thumbnail","hentry"],"acf":[],"yoast_head":"<!-- This site is optimized with the Yoast SEO plugin v25.7 - https:\/\/yoast.com\/wordpress\/plugins\/seo\/ -->\n<title>Patrimonio Mundial en Sant Josep - Ibiza<\/title>\n<meta name=\"description\" content=\"Sant Josep de sa Talaia es uno de los municipios m\u00e1s interesantes donde conocer el patrimonio natural y cultural con el que cuenta la isla de Ibiza.\" \/>\n<meta name=\"robots\" content=\"index, follow, max-snippet:-1, max-image-preview:large, max-video-preview:-1\" \/>\n<link rel=\"canonical\" href=\"https:\/\/www.santjosep.net\/ca\/veure\/patrimoni-i-cultura\/patrimoni-mundial-eivissa\/\" \/>\n<meta property=\"og:locale\" content=\"ca_ES\" \/>\n<meta property=\"og:type\" content=\"article\" \/>\n<meta property=\"og:title\" content=\"Patrimonio Mundial en Sant Josep - Ibiza\" \/>\n<meta property=\"og:description\" content=\"Sant Josep de sa Talaia es uno de los municipios m\u00e1s interesantes donde conocer el patrimonio natural y cultural con el que cuenta la isla de Ibiza.\" \/>\n<meta property=\"og:url\" content=\"https:\/\/www.santjosep.net\/ca\/veure\/patrimoni-i-cultura\/patrimoni-mundial-eivissa\/\" \/>\n<meta property=\"og:site_name\" content=\"Santjosep.net\" \/>\n<meta property=\"article:modified_time\" content=\"2020-01-21T17:48:17+00:00\" \/>\n<meta property=\"og:image\" content=\"https:\/\/www.santjosep.net\/wp-content\/uploads\/2020\/01\/Posidonia_250322125.jpg\" \/>\n\t<meta property=\"og:image:width\" content=\"2100\" \/>\n\t<meta property=\"og:image:height\" content=\"1400\" \/>\n\t<meta property=\"og:image:type\" content=\"image\/jpeg\" \/>\n<meta name=\"twitter:card\" content=\"summary_large_image\" \/>\n<meta name=\"twitter:label1\" content=\"Temps estimat de lectura\" \/>\n\t<meta name=\"twitter:data1\" content=\"8 minuts\" \/>\n<script type=\"application\/ld+json\" class=\"yoast-schema-graph\">{\"@context\":\"https:\/\/schema.org\",\"@graph\":[{\"@type\":\"WebPage\",\"@id\":\"https:\/\/www.santjosep.net\/ca\/veure\/patrimoni-i-cultura\/patrimoni-mundial-eivissa\/\",\"url\":\"https:\/\/www.santjosep.net\/ca\/veure\/patrimoni-i-cultura\/patrimoni-mundial-eivissa\/\",\"name\":\"Patrimonio Mundial en Sant Josep - Ibiza\",\"isPartOf\":{\"@id\":\"https:\/\/www.santjosep.net\/#website\"},\"primaryImageOfPage\":{\"@id\":\"https:\/\/www.santjosep.net\/ca\/veure\/patrimoni-i-cultura\/patrimoni-mundial-eivissa\/#primaryimage\"},\"image\":{\"@id\":\"https:\/\/www.santjosep.net\/ca\/veure\/patrimoni-i-cultura\/patrimoni-mundial-eivissa\/#primaryimage\"},\"thumbnailUrl\":\"https:\/\/www.santjosep.net\/wp-content\/uploads\/2020\/01\/Posidonia_250322125.jpg\",\"datePublished\":\"2016-03-07T16:03:54+00:00\",\"dateModified\":\"2020-01-21T17:48:17+00:00\",\"description\":\"Sant Josep de sa Talaia es uno de los municipios m\u00e1s interesantes donde conocer el patrimonio natural y cultural con el que cuenta la isla de Ibiza.\",\"breadcrumb\":{\"@id\":\"https:\/\/www.santjosep.net\/ca\/veure\/patrimoni-i-cultura\/patrimoni-mundial-eivissa\/#breadcrumb\"},\"inLanguage\":\"ca\",\"potentialAction\":[{\"@type\":\"ReadAction\",\"target\":[\"https:\/\/www.santjosep.net\/ca\/veure\/patrimoni-i-cultura\/patrimoni-mundial-eivissa\/\"]}]},{\"@type\":\"ImageObject\",\"inLanguage\":\"ca\",\"@id\":\"https:\/\/www.santjosep.net\/ca\/veure\/patrimoni-i-cultura\/patrimoni-mundial-eivissa\/#primaryimage\",\"url\":\"https:\/\/www.santjosep.net\/wp-content\/uploads\/2020\/01\/Posidonia_250322125.jpg\",\"contentUrl\":\"https:\/\/www.santjosep.net\/wp-content\/uploads\/2020\/01\/Posidonia_250322125.jpg\",\"width\":2100,\"height\":1400},{\"@type\":\"BreadcrumbList\",\"@id\":\"https:\/\/www.santjosep.net\/ca\/veure\/patrimoni-i-cultura\/patrimoni-mundial-eivissa\/#breadcrumb\",\"itemListElement\":[{\"@type\":\"ListItem\",\"position\":1,\"name\":\"Veure\",\"item\":\"https:\/\/www.santjosep.net\/ca\/veure\/\"},{\"@type\":\"ListItem\",\"position\":2,\"name\":\"Patrimoni i cultura\",\"item\":\"https:\/\/www.santjosep.net\/ca\/veure\/patrimoni-i-cultura\/\"},{\"@type\":\"ListItem\",\"position\":3,\"name\":\"Patrimoni Mundial\"}]},{\"@type\":\"WebSite\",\"@id\":\"https:\/\/www.santjosep.net\/#website\",\"url\":\"https:\/\/www.santjosep.net\/\",\"name\":\"Santjosep.net\",\"description\":\"\",\"potentialAction\":[{\"@type\":\"SearchAction\",\"target\":{\"@type\":\"EntryPoint\",\"urlTemplate\":\"https:\/\/www.santjosep.net\/?s={search_term_string}\"},\"query-input\":{\"@type\":\"PropertyValueSpecification\",\"valueRequired\":true,\"valueName\":\"search_term_string\"}}],\"inLanguage\":\"ca\"}]}<\/script>\n<!-- \/ Yoast SEO plugin. -->","yoast_head_json":{"title":"Patrimonio Mundial en Sant Josep - Ibiza","description":"Sant Josep de sa Talaia es uno de los municipios m\u00e1s interesantes donde conocer el patrimonio natural y cultural con el que cuenta la isla de Ibiza.","robots":{"index":"index","follow":"follow","max-snippet":"max-snippet:-1","max-image-preview":"max-image-preview:large","max-video-preview":"max-video-preview:-1"},"canonical":"https:\/\/www.santjosep.net\/ca\/veure\/patrimoni-i-cultura\/patrimoni-mundial-eivissa\/","og_locale":"ca_ES","og_type":"article","og_title":"Patrimonio Mundial en Sant Josep - Ibiza","og_description":"Sant Josep de sa Talaia es uno de los municipios m\u00e1s interesantes donde conocer el patrimonio natural y cultural con el que cuenta la isla de Ibiza.","og_url":"https:\/\/www.santjosep.net\/ca\/veure\/patrimoni-i-cultura\/patrimoni-mundial-eivissa\/","og_site_name":"Santjosep.net","article_modified_time":"2020-01-21T17:48:17+00:00","og_image":[{"width":2100,"height":1400,"url":"https:\/\/www.santjosep.net\/wp-content\/uploads\/2020\/01\/Posidonia_250322125.jpg","type":"image\/jpeg"}],"twitter_card":"summary_large_image","twitter_misc":{"Temps estimat de lectura":"8 minuts"},"schema":{"@context":"https:\/\/schema.org","@graph":[{"@type":"WebPage","@id":"https:\/\/www.santjosep.net\/ca\/veure\/patrimoni-i-cultura\/patrimoni-mundial-eivissa\/","url":"https:\/\/www.santjosep.net\/ca\/veure\/patrimoni-i-cultura\/patrimoni-mundial-eivissa\/","name":"Patrimonio Mundial en Sant Josep - Ibiza","isPartOf":{"@id":"https:\/\/www.santjosep.net\/#website"},"primaryImageOfPage":{"@id":"https:\/\/www.santjosep.net\/ca\/veure\/patrimoni-i-cultura\/patrimoni-mundial-eivissa\/#primaryimage"},"image":{"@id":"https:\/\/www.santjosep.net\/ca\/veure\/patrimoni-i-cultura\/patrimoni-mundial-eivissa\/#primaryimage"},"thumbnailUrl":"https:\/\/www.santjosep.net\/wp-content\/uploads\/2020\/01\/Posidonia_250322125.jpg","datePublished":"2016-03-07T16:03:54+00:00","dateModified":"2020-01-21T17:48:17+00:00","description":"Sant Josep de sa Talaia es uno de los municipios m\u00e1s interesantes donde conocer el patrimonio natural y cultural con el que cuenta la isla de Ibiza.","breadcrumb":{"@id":"https:\/\/www.santjosep.net\/ca\/veure\/patrimoni-i-cultura\/patrimoni-mundial-eivissa\/#breadcrumb"},"inLanguage":"ca","potentialAction":[{"@type":"ReadAction","target":["https:\/\/www.santjosep.net\/ca\/veure\/patrimoni-i-cultura\/patrimoni-mundial-eivissa\/"]}]},{"@type":"ImageObject","inLanguage":"ca","@id":"https:\/\/www.santjosep.net\/ca\/veure\/patrimoni-i-cultura\/patrimoni-mundial-eivissa\/#primaryimage","url":"https:\/\/www.santjosep.net\/wp-content\/uploads\/2020\/01\/Posidonia_250322125.jpg","contentUrl":"https:\/\/www.santjosep.net\/wp-content\/uploads\/2020\/01\/Posidonia_250322125.jpg","width":2100,"height":1400},{"@type":"BreadcrumbList","@id":"https:\/\/www.santjosep.net\/ca\/veure\/patrimoni-i-cultura\/patrimoni-mundial-eivissa\/#breadcrumb","itemListElement":[{"@type":"ListItem","position":1,"name":"Veure","item":"https:\/\/www.santjosep.net\/ca\/veure\/"},{"@type":"ListItem","position":2,"name":"Patrimoni i cultura","item":"https:\/\/www.santjosep.net\/ca\/veure\/patrimoni-i-cultura\/"},{"@type":"ListItem","position":3,"name":"Patrimoni Mundial"}]},{"@type":"WebSite","@id":"https:\/\/www.santjosep.net\/#website","url":"https:\/\/www.santjosep.net\/","name":"Santjosep.net","description":"","potentialAction":[{"@type":"SearchAction","target":{"@type":"EntryPoint","urlTemplate":"https:\/\/www.santjosep.net\/?s={search_term_string}"},"query-input":{"@type":"PropertyValueSpecification","valueRequired":true,"valueName":"search_term_string"}}],"inLanguage":"ca"}]}},"_links":{"self":[{"href":"https:\/\/www.santjosep.net\/ca\/wp-json\/wp\/v2\/pages\/12346","targetHints":{"allow":["GET"]}}],"collection":[{"href":"https:\/\/www.santjosep.net\/ca\/wp-json\/wp\/v2\/pages"}],"about":[{"href":"https:\/\/www.santjosep.net\/ca\/wp-json\/wp\/v2\/types\/page"}],"author":[{"embeddable":true,"href":"https:\/\/www.santjosep.net\/ca\/wp-json\/wp\/v2\/users\/1"}],"replies":[{"embeddable":true,"href":"https:\/\/www.santjosep.net\/ca\/wp-json\/wp\/v2\/comments?post=12346"}],"version-history":[{"count":0,"href":"https:\/\/www.santjosep.net\/ca\/wp-json\/wp\/v2\/pages\/12346\/revisions"}],"up":[{"embeddable":true,"href":"https:\/\/www.santjosep.net\/ca\/wp-json\/wp\/v2\/pages\/38705"}],"wp:featuredmedia":[{"embeddable":true,"href":"https:\/\/www.santjosep.net\/ca\/wp-json\/wp\/v2\/media\/19485"}],"wp:attachment":[{"href":"https:\/\/www.santjosep.net\/ca\/wp-json\/wp\/v2\/media?parent=12346"}],"wp:term":[{"taxonomy":"categoria_pagina","embeddable":true,"href":"https:\/\/www.santjosep.net\/ca\/wp-json\/wp\/v2\/categoria_pagina?post=12346"}],"curies":[{"name":"wp","href":"https:\/\/api.w.org\/{rel}","templated":true}]}}