{"id":12311,"date":"2016-03-10T09:22:47","date_gmt":"2016-03-10T09:22:47","guid":{"rendered":"https:\/\/www.santjosep.net\/ver\/pou-des-carbo\/"},"modified":"2020-01-16T16:15:18","modified_gmt":"2020-01-16T15:15:18","slug":"pou-des-carbo","status":"publish","type":"page","link":"https:\/\/www.santjosep.net\/ca\/veure\/patrimoni\/pou-des-carbo\/","title":{"rendered":"Pou des Carb\u00f3"},"content":{"rendered":"<div class=\"wpb-content-wrapper\"><p>[vc_row enable_hue_rotation=&#8221;no&#8221; enable_text_marquee=&#8221;no&#8221;][vc_column][vc_column_text]El pou des Carb\u00f3 est\u00e0 situat a la parr\u00f2quia de Sant Francesc de s\u2019Estany, a les proximitats de la platja de ses Salines, a prop d\u2019un cam\u00ed que recorre la vessant nord-est del puig des Falc\u00f3. Tot i que el pou deu ser molt antic, la primera refer\u00e8ncia conservada \u00e9s de l\u2019any 1765, quan apareix al Mapa de la isla de Iviza, dividido en cinco partes llamadas quartons, de Josef Garc\u00eda Mart\u00ednez.<\/p>\n<p>El brocal o capella que cobreix el pou \u00e9s de tipologia poc habitual: de forma prism\u00e0tica amb coberta a dos vessants, obertura frontal arquejada i pintada amb mangra. A la base del pou, sobre un s\u00f2col de carreus de pedra, es troba una cubeta de pedra tallada. Annexat al pou, hi ha un embassament d\u2019aigua amb un sistema de canals llargs que desemboquen en grans dip\u00f2sits d\u2019emmagatzematge. Des de finals de segle XIX, el conjunt hidr\u00e0ulic subministrava aigua a les calderes del ferrocarril que transportava la sal des de les Salines fins al carregador de sa Canal.<\/p>\n<p>El pou des Carb\u00f3 es va restaurar en la seva totalitat l\u2019any 2015.<br \/>\n[\/vc_column_text][\/vc_column][\/vc_row][vc_row full_width=&#8221;stretch_row_content_no_spaces&#8221; enable_hue_rotation=&#8221;no&#8221; enable_text_marquee=&#8221;no&#8221; el_id=&#8221;galeria&#8221;][vc_column css=&#8221;.vc_custom_1579097066588{padding-bottom: 20px !important;}&#8221;][vc_column_text]<style>#jtg-18109 .modula-item .jtg-social a, .lightbox-socials.jtg-social a{ fill: #ffffff; color: #ffffff }#jtg-18109 .modula-item .jtg-social-mobile a{ fill: #ffffff; color: #ffffff }#jtg-18109 .modula-item .jtg-social svg, .lightbox-socials.jtg-social svg { height: 16px; width: 16px }#jtg-18109 .modula-item .jtg-social-mobile svg { height: 16px; width: 16px }#jtg-18109 .modula-item .jtg-social a:not(:last-child), .lightbox-socials.jtg-social a:not(:last-child) { margin-right: 10px }#jtg-18109 .modula-item .jtg-social-mobile .jtg-social-mobile-icons a:not(:last-child){ margin-right: 10px }#jtg-18109 .modula-item .figc {color:#ffffff;}#jtg-18109 .modula-item .modula-item-content { transform: scale(1) }#jtg-18109 .modula-items .figc p.description { font-size:14px; }#jtg-18109 .modula-items .figc p.description { color:#ffffff;}#jtg-18109.modula-gallery .modula-item > a, #jtg-18109.modula-gallery .modula-item, #jtg-18109.modula-gallery .modula-item-content > a:not(.modula-no-follow) { cursor:zoom-in; } #jtg-18109.modula-gallery .modula-item-content .modula-no-follow { cursor: default; } @media screen and (max-width:480px){#jtg-18109 .modula-item .figc .jtg-title {  font-size: 12px; }#jtg-18109 .modula-items .figc p.description { color:#ffffff;font-size:10px; }}#jtg-18109 .modula-items .modula-item:hover img{opacity:1;}<\/style>\n<div  id=\"jtg-18109\" class=\"modula modula-gallery modula-custom-grid\" data-config=\"{&quot;height&quot;:800,&quot;tabletHeight&quot;:800,&quot;mobileHeight&quot;:800,&quot;desktopHeight&quot;:800,&quot;enableTwitter&quot;:true,&quot;enableWhatsapp&quot;:false,&quot;enableFacebook&quot;:true,&quot;enablePinterest&quot;:true,&quot;enableLinkedin&quot;:true,&quot;enableEmail&quot;:false,&quot;randomFactor&quot;:0.5,&quot;type&quot;:&quot;custom-grid&quot;,&quot;columns&quot;:12,&quot;gutter&quot;:0,&quot;mobileGutter&quot;:0,&quot;tabletGutter&quot;:0,&quot;desktopGutter&quot;:0,&quot;enableResponsive&quot;:&quot;1&quot;,&quot;tabletColumns&quot;:&quot;2&quot;,&quot;mobileColumns&quot;:&quot;1&quot;,&quot;lazyLoad&quot;:&quot;0&quot;,&quot;lightboxOpts&quot;:{&quot;animated&quot;:true,&quot;Thumbs&quot;:{&quot;type&quot;:&quot;modern&quot;,&quot;showOnStart&quot;:false},&quot;Toolbar&quot;:{&quot;display&quot;:{&quot;right&quot;:[&quot;close&quot;]},&quot;enabled&quot;:true},&quot;Carousel&quot;:{&quot;Panzoom&quot;:{&quot;touch&quot;:false},&quot;infinite&quot;:false},&quot;keyboard&quot;:{&quot;Escape&quot;:&quot;close&quot;,&quot;Delete&quot;:&quot;close&quot;,&quot;Backspace&quot;:&quot;close&quot;,&quot;PageUp&quot;:false,&quot;PageDown&quot;:false,&quot;ArrowUp&quot;:false,&quot;ArrowDown&quot;:false,&quot;ArrowRight&quot;:false,&quot;ArrowLeft&quot;:false},&quot;touch&quot;:false,&quot;backdropClick&quot;:false,&quot;l10n&quot;:{&quot;CLOSE&quot;:&quot;Close&quot;,&quot;NEXT&quot;:&quot;Next&quot;,&quot;PREV&quot;:&quot;Previous&quot;,&quot;Error&quot;:&quot;The requested content cannot be loaded. Please try again later.&quot;,&quot;PLAY_START&quot;:&quot;Start slideshow&quot;,&quot;PLAY_STOP&quot;:&quot;Pause slideshow&quot;,&quot;FULL_SCREEN&quot;:&quot;Full screen&quot;,&quot;THUMBS&quot;:&quot;Thumbnails&quot;,&quot;DOWNLOAD&quot;:&quot;Download&quot;,&quot;SHARE&quot;:&quot;Share&quot;,&quot;ZOOM&quot;:&quot;Zoom&quot;,&quot;EMAIL&quot;:&quot;Here is the link to the image : %%image_link%% and this is the link to the gallery : %%gallery_link%%&quot;,&quot;MODAL&quot;:&quot;You can close this modal content with the ESC key&quot;,&quot;ERROR&quot;:&quot;Something Went Wrong, Please Try Again Later&quot;,&quot;IMAGE_ERROR&quot;:&quot;Image Not Found&quot;,&quot;ELEMENT_NOT_FOUND&quot;:&quot;HTML Element Not Found&quot;,&quot;AJAX_NOT_FOUND&quot;:&quot;Error Loading AJAX : Not Found&quot;,&quot;AJAX_FORBIDDEN&quot;:&quot;Error Loading AJAX : Forbidden&quot;,&quot;IFRAME_ERROR&quot;:&quot;Error Loading Page&quot;,&quot;TOGGLE_ZOOM&quot;:&quot;Toggle zoom level&quot;,&quot;TOGGLE_THUMBS&quot;:&quot;Toggle thumbnails&quot;,&quot;TOGGLE_SLIDESHOW&quot;:&quot;Toggle slideshow&quot;,&quot;TOGGLE_FULLSCREEN&quot;:&quot;Toggle full-screen mode&quot;},&quot;Images&quot;:{&quot;Panzoom&quot;:{&quot;maxScale&quot;:2}},&quot;mainClass&quot;:&quot;modula-fancybox-container modula-lightbox-jtg-18109&quot;,&quot;Html&quot;:{&quot;videoAutoplay&quot;:0,&quot;videoTpl&quot;:&quot;&lt;video class=\\&quot;fancybox__html5video\\&quot; controls muted playsinline controlsList controlsList=\\&quot;nodownload\\&quot; poster=\\&quot;{{poster}}\\&quot; src=\\&quot;{{src}}\\&quot; type=\\&quot;{{format}}\\&quot; &gt;  Sorry, your browser doesn&#039;t support embedded videos, &lt;a href=\\&quot;{{src}}\\&quot;&gt; download &lt;\\\/a&gt; and watch with your favorite video player! &lt;\\\/video&gt;&quot;}},&quot;inView&quot;:false,&quot;email_subject&quot;:&quot;Check out this awesome image !!&quot;,&quot;email_message&quot;:&quot;Here is the link to the image : %%image_link%% and this is the link to the gallery : %%gallery_link%%&quot;,&quot;lightbox&quot;:&quot;fancybox&quot;}\">\n\n\t\n\t<div  class=\"modula-items\">\n\t\t<div class=\"modula-item\" data-width=\"6\" data-height=\"4\" >\n\t<div class=\"modula-item-content\">\n\t\t\n\t\t\t\t\t<a data-image-id=\"29607\" tabindex=\"0\" rel=\"jtg-18109\" data-caption=\"\" aria-label=\"Open image in lightbox\" role=\"button\" class=\"tile-inner modula-item-link\"><\/a>\n\t\t\n\t\t<img loading=\"lazy\" decoding=\"async\" class=\"pic wp-image-29607\"  data-valign=\"middle\" data-halign=\"center\" alt=\"\" data-full=\"https:\/\/www.santjosep.net\/wp-content\/uploads\/2022\/01\/DSC08613.jpg\" title=\"DSC08613\" width=\"2560\" height=\"1707\" src=\"https:\/\/www.santjosep.net\/wp-content\/uploads\/2022\/01\/DSC08613.jpg\" data-src=\"https:\/\/www.santjosep.net\/wp-content\/uploads\/2022\/01\/DSC08613.jpg\" data-caption=\"\" srcset=\"https:\/\/www.santjosep.net\/wp-content\/uploads\/2022\/01\/DSC08613-scaled.jpg 2560w, https:\/\/www.santjosep.net\/wp-content\/uploads\/2022\/01\/DSC08613-300x200.jpg 300w, https:\/\/www.santjosep.net\/wp-content\/uploads\/2022\/01\/DSC08613-1024x683.jpg 1024w, https:\/\/www.santjosep.net\/wp-content\/uploads\/2022\/01\/DSC08613-768x512.jpg 768w, https:\/\/www.santjosep.net\/wp-content\/uploads\/2022\/01\/DSC08613-1536x1024.jpg 1536w\" sizes=\"auto, (max-width: 2560px) 100vw, 2560px\" \/>\n\t<\/div>\n\n<\/div><div class=\"modula-item\" data-width=\"6\" data-height=\"4\" >\n\t<div class=\"modula-item-content\">\n\t\t\n\t\t\t\t\t<a data-image-id=\"29612\" tabindex=\"0\" rel=\"jtg-18109\" data-caption=\"\" aria-label=\"Open image in lightbox\" role=\"button\" class=\"tile-inner modula-item-link\"><\/a>\n\t\t\n\t\t<img loading=\"lazy\" decoding=\"async\" class=\"pic wp-image-29612\"  data-valign=\"middle\" data-halign=\"center\" alt=\"\" data-full=\"https:\/\/www.santjosep.net\/wp-content\/uploads\/2022\/01\/DSC08619.jpg\" title=\"DSC08619\" width=\"1707\" height=\"2560\" src=\"https:\/\/www.santjosep.net\/wp-content\/uploads\/2022\/01\/DSC08619.jpg\" data-src=\"https:\/\/www.santjosep.net\/wp-content\/uploads\/2022\/01\/DSC08619.jpg\" data-caption=\"\" srcset=\"https:\/\/www.santjosep.net\/wp-content\/uploads\/2022\/01\/DSC08619-scaled.jpg 1707w, https:\/\/www.santjosep.net\/wp-content\/uploads\/2022\/01\/DSC08619-200x300.jpg 200w, https:\/\/www.santjosep.net\/wp-content\/uploads\/2022\/01\/DSC08619-683x1024.jpg 683w, https:\/\/www.santjosep.net\/wp-content\/uploads\/2022\/01\/DSC08619-768x1152.jpg 768w, https:\/\/www.santjosep.net\/wp-content\/uploads\/2022\/01\/DSC08619-1024x1536.jpg 1024w, https:\/\/www.santjosep.net\/wp-content\/uploads\/2022\/01\/DSC08619-1365x2048.jpg 1365w\" sizes=\"auto, (max-width: 1707px) 100vw, 1707px\" \/>\n\t<\/div>\n\n<\/div><div class=\"modula-item\" data-width=\"4\" data-height=\"5\" >\n\t<div class=\"modula-item-content\">\n\t\t\n\t\t\t\t\t<a data-image-id=\"29617\" tabindex=\"0\" rel=\"jtg-18109\" data-caption=\"\" aria-label=\"Open image in lightbox\" role=\"button\" class=\"tile-inner modula-item-link\"><\/a>\n\t\t\n\t\t<img loading=\"lazy\" decoding=\"async\" class=\"pic wp-image-29617\"  data-valign=\"middle\" data-halign=\"center\" alt=\"\" data-full=\"https:\/\/www.santjosep.net\/wp-content\/uploads\/2022\/01\/DSC08636.jpg\" title=\"DSC08636\" width=\"1707\" height=\"2560\" src=\"https:\/\/www.santjosep.net\/wp-content\/uploads\/2022\/01\/DSC08636.jpg\" data-src=\"https:\/\/www.santjosep.net\/wp-content\/uploads\/2022\/01\/DSC08636.jpg\" data-caption=\"\" srcset=\"https:\/\/www.santjosep.net\/wp-content\/uploads\/2022\/01\/DSC08636-scaled.jpg 1707w, https:\/\/www.santjosep.net\/wp-content\/uploads\/2022\/01\/DSC08636-200x300.jpg 200w, https:\/\/www.santjosep.net\/wp-content\/uploads\/2022\/01\/DSC08636-683x1024.jpg 683w, https:\/\/www.santjosep.net\/wp-content\/uploads\/2022\/01\/DSC08636-768x1152.jpg 768w, https:\/\/www.santjosep.net\/wp-content\/uploads\/2022\/01\/DSC08636-1024x1536.jpg 1024w, https:\/\/www.santjosep.net\/wp-content\/uploads\/2022\/01\/DSC08636-1365x2048.jpg 1365w\" sizes=\"auto, (max-width: 1707px) 100vw, 1707px\" \/>\n\t<\/div>\n\n<\/div><div class=\"modula-item\" data-width=\"8\" data-height=\"5\" >\n\t<div class=\"modula-item-content\">\n\t\t\n\t\t\t\t\t<a data-image-id=\"29627\" tabindex=\"0\" rel=\"jtg-18109\" data-caption=\"\" aria-label=\"Open image in lightbox\" role=\"button\" class=\"tile-inner modula-item-link\"><\/a>\n\t\t\n\t\t<img loading=\"lazy\" decoding=\"async\" class=\"pic wp-image-29627\"  data-valign=\"middle\" data-halign=\"center\" alt=\"\" data-full=\"https:\/\/www.santjosep.net\/wp-content\/uploads\/2022\/01\/DSC08641-1.jpg\" title=\"DSC08641\" width=\"2560\" height=\"1707\" src=\"https:\/\/www.santjosep.net\/wp-content\/uploads\/2022\/01\/DSC08641-1.jpg\" data-src=\"https:\/\/www.santjosep.net\/wp-content\/uploads\/2022\/01\/DSC08641-1.jpg\" data-caption=\"\" srcset=\"https:\/\/www.santjosep.net\/wp-content\/uploads\/2022\/01\/DSC08641-1-scaled.jpg 2560w, https:\/\/www.santjosep.net\/wp-content\/uploads\/2022\/01\/DSC08641-1-300x200.jpg 300w, https:\/\/www.santjosep.net\/wp-content\/uploads\/2022\/01\/DSC08641-1-1024x683.jpg 1024w, https:\/\/www.santjosep.net\/wp-content\/uploads\/2022\/01\/DSC08641-1-768x512.jpg 768w, https:\/\/www.santjosep.net\/wp-content\/uploads\/2022\/01\/DSC08641-1-1536x1024.jpg 1536w\" sizes=\"auto, (max-width: 2560px) 100vw, 2560px\" \/>\n\t<\/div>\n\n<\/div>\t\t\n\t<\/div>\n\n\t\n\t\n\t<script type=\"application\/ld+json\">\n\t{\n\t\t\"@context\": \"http:\/\/schema.org\",\n\t\t\"@type\"   : \"ImageGallery\",\n\t\t\"id\"      : \"https:\/\/www.santjosep.net\/ca\/veure\/patrimoni\/pou-des-carbo\/\",\n\t\t\"url\"     : \"https:\/\/www.santjosep.net\/ca\/veure\/patrimoni\/pou-des-carbo\/\"\n\t}\n\n\t<\/script>\n\n\t\n<\/div>\n[\/vc_column_text][\/vc_column][\/vc_row]<\/p>\n<\/div>","protected":false},"excerpt":{"rendered":"<p>[vc_row enable_hue_rotation=&#8221;no&#8221; enable_text_marquee=&#8221;no&#8221;][vc_column][vc_column_text]El pou des Carb\u00f3 est\u00e0 situat a la parr\u00f2quia de Sant Francesc de s\u2019Estany, a les proximitats de la platja de ses Salines, a prop d\u2019un cam\u00ed que recorre la vessant nord-est del puig des Falc\u00f3. Tot i [&hellip;]<\/p>\n","protected":false},"author":1,"featured_media":29602,"parent":38705,"menu_order":0,"comment_status":"open","ping_status":"closed","template":"","meta":{"_acf_changed":false,"inline_featured_image":false,"footnotes":""},"categoria_pagina":[],"class_list":["post-12311","page","type-page","status-publish","has-post-thumbnail","hentry"],"acf":[],"yoast_head":"<!-- This site is optimized with the Yoast SEO plugin v25.7 - https:\/\/yoast.com\/wordpress\/plugins\/seo\/ -->\n<title>Pou des Carb\u00f3 - Santjosep.net<\/title>\n<meta name=\"robots\" content=\"index, follow, max-snippet:-1, max-image-preview:large, max-video-preview:-1\" \/>\n<link rel=\"canonical\" href=\"https:\/\/www.santjosep.net\/ca\/veure\/patrimoni-i-cultura\/pou-des-carbo\/\" \/>\n<meta property=\"og:locale\" content=\"ca_ES\" \/>\n<meta property=\"og:type\" content=\"article\" \/>\n<meta property=\"og:title\" content=\"Pou des Carb\u00f3 - Santjosep.net\" \/>\n<meta property=\"og:description\" content=\"[vc_row enable_hue_rotation=&#8221;no&#8221; enable_text_marquee=&#8221;no&#8221;][vc_column][vc_column_text]El pou des Carb\u00f3 est\u00e0 situat a la parr\u00f2quia de Sant Francesc de s\u2019Estany, a les proximitats de la platja de ses Salines, a prop d\u2019un cam\u00ed que recorre la vessant nord-est del puig des Falc\u00f3. Tot i [&hellip;]\" \/>\n<meta property=\"og:url\" content=\"https:\/\/www.santjosep.net\/ca\/veure\/patrimoni-i-cultura\/pou-des-carbo\/\" \/>\n<meta property=\"og:site_name\" content=\"Santjosep.net\" \/>\n<meta property=\"article:modified_time\" content=\"2020-01-16T15:15:18+00:00\" \/>\n<meta property=\"og:image\" content=\"https:\/\/www.santjosep.net\/wp-content\/uploads\/2022\/01\/Pou-des-Carbo\u0301.jpg\" \/>\n\t<meta property=\"og:image:width\" content=\"1500\" \/>\n\t<meta property=\"og:image:height\" content=\"1001\" \/>\n\t<meta property=\"og:image:type\" content=\"image\/jpeg\" \/>\n<meta name=\"twitter:card\" content=\"summary_large_image\" \/>\n<meta name=\"twitter:label1\" content=\"Temps estimat de lectura\" \/>\n\t<meta name=\"twitter:data1\" content=\"1 minut\" \/>\n<script type=\"application\/ld+json\" class=\"yoast-schema-graph\">{\"@context\":\"https:\/\/schema.org\",\"@graph\":[{\"@type\":\"WebPage\",\"@id\":\"https:\/\/www.santjosep.net\/ca\/veure\/patrimoni-i-cultura\/pou-des-carbo\/\",\"url\":\"https:\/\/www.santjosep.net\/ca\/veure\/patrimoni-i-cultura\/pou-des-carbo\/\",\"name\":\"Pou des Carb\u00f3 - Santjosep.net\",\"isPartOf\":{\"@id\":\"https:\/\/www.santjosep.net\/#website\"},\"primaryImageOfPage\":{\"@id\":\"https:\/\/www.santjosep.net\/ca\/veure\/patrimoni-i-cultura\/pou-des-carbo\/#primaryimage\"},\"image\":{\"@id\":\"https:\/\/www.santjosep.net\/ca\/veure\/patrimoni-i-cultura\/pou-des-carbo\/#primaryimage\"},\"thumbnailUrl\":\"https:\/\/www.santjosep.net\/wp-content\/uploads\/2022\/01\/Pou-des-Carbo\u0301.jpg\",\"datePublished\":\"2016-03-10T09:22:47+00:00\",\"dateModified\":\"2020-01-16T15:15:18+00:00\",\"breadcrumb\":{\"@id\":\"https:\/\/www.santjosep.net\/ca\/veure\/patrimoni-i-cultura\/pou-des-carbo\/#breadcrumb\"},\"inLanguage\":\"ca\",\"potentialAction\":[{\"@type\":\"ReadAction\",\"target\":[\"https:\/\/www.santjosep.net\/ca\/veure\/patrimoni-i-cultura\/pou-des-carbo\/\"]}]},{\"@type\":\"ImageObject\",\"inLanguage\":\"ca\",\"@id\":\"https:\/\/www.santjosep.net\/ca\/veure\/patrimoni-i-cultura\/pou-des-carbo\/#primaryimage\",\"url\":\"https:\/\/www.santjosep.net\/wp-content\/uploads\/2022\/01\/Pou-des-Carbo\u0301.jpg\",\"contentUrl\":\"https:\/\/www.santjosep.net\/wp-content\/uploads\/2022\/01\/Pou-des-Carbo\u0301.jpg\",\"width\":1500,\"height\":1001},{\"@type\":\"BreadcrumbList\",\"@id\":\"https:\/\/www.santjosep.net\/ca\/veure\/patrimoni-i-cultura\/pou-des-carbo\/#breadcrumb\",\"itemListElement\":[{\"@type\":\"ListItem\",\"position\":1,\"name\":\"Veure\",\"item\":\"https:\/\/www.santjosep.net\/ca\/veure\/\"},{\"@type\":\"ListItem\",\"position\":2,\"name\":\"Patrimoni i cultura\",\"item\":\"https:\/\/www.santjosep.net\/ca\/veure\/patrimoni-i-cultura\/\"},{\"@type\":\"ListItem\",\"position\":3,\"name\":\"Pou des Carb\u00f3\"}]},{\"@type\":\"WebSite\",\"@id\":\"https:\/\/www.santjosep.net\/#website\",\"url\":\"https:\/\/www.santjosep.net\/\",\"name\":\"Santjosep.net\",\"description\":\"\",\"potentialAction\":[{\"@type\":\"SearchAction\",\"target\":{\"@type\":\"EntryPoint\",\"urlTemplate\":\"https:\/\/www.santjosep.net\/?s={search_term_string}\"},\"query-input\":{\"@type\":\"PropertyValueSpecification\",\"valueRequired\":true,\"valueName\":\"search_term_string\"}}],\"inLanguage\":\"ca\"}]}<\/script>\n<!-- \/ Yoast SEO plugin. -->","yoast_head_json":{"title":"Pou des Carb\u00f3 - Santjosep.net","robots":{"index":"index","follow":"follow","max-snippet":"max-snippet:-1","max-image-preview":"max-image-preview:large","max-video-preview":"max-video-preview:-1"},"canonical":"https:\/\/www.santjosep.net\/ca\/veure\/patrimoni-i-cultura\/pou-des-carbo\/","og_locale":"ca_ES","og_type":"article","og_title":"Pou des Carb\u00f3 - Santjosep.net","og_description":"[vc_row enable_hue_rotation=&#8221;no&#8221; enable_text_marquee=&#8221;no&#8221;][vc_column][vc_column_text]El pou des Carb\u00f3 est\u00e0 situat a la parr\u00f2quia de Sant Francesc de s\u2019Estany, a les proximitats de la platja de ses Salines, a prop d\u2019un cam\u00ed que recorre la vessant nord-est del puig des Falc\u00f3. Tot i [&hellip;]","og_url":"https:\/\/www.santjosep.net\/ca\/veure\/patrimoni-i-cultura\/pou-des-carbo\/","og_site_name":"Santjosep.net","article_modified_time":"2020-01-16T15:15:18+00:00","og_image":[{"width":1500,"height":1001,"url":"https:\/\/www.santjosep.net\/wp-content\/uploads\/2022\/01\/Pou-des-Carbo\u0301.jpg","type":"image\/jpeg"}],"twitter_card":"summary_large_image","twitter_misc":{"Temps estimat de lectura":"1 minut"},"schema":{"@context":"https:\/\/schema.org","@graph":[{"@type":"WebPage","@id":"https:\/\/www.santjosep.net\/ca\/veure\/patrimoni-i-cultura\/pou-des-carbo\/","url":"https:\/\/www.santjosep.net\/ca\/veure\/patrimoni-i-cultura\/pou-des-carbo\/","name":"Pou des Carb\u00f3 - Santjosep.net","isPartOf":{"@id":"https:\/\/www.santjosep.net\/#website"},"primaryImageOfPage":{"@id":"https:\/\/www.santjosep.net\/ca\/veure\/patrimoni-i-cultura\/pou-des-carbo\/#primaryimage"},"image":{"@id":"https:\/\/www.santjosep.net\/ca\/veure\/patrimoni-i-cultura\/pou-des-carbo\/#primaryimage"},"thumbnailUrl":"https:\/\/www.santjosep.net\/wp-content\/uploads\/2022\/01\/Pou-des-Carbo\u0301.jpg","datePublished":"2016-03-10T09:22:47+00:00","dateModified":"2020-01-16T15:15:18+00:00","breadcrumb":{"@id":"https:\/\/www.santjosep.net\/ca\/veure\/patrimoni-i-cultura\/pou-des-carbo\/#breadcrumb"},"inLanguage":"ca","potentialAction":[{"@type":"ReadAction","target":["https:\/\/www.santjosep.net\/ca\/veure\/patrimoni-i-cultura\/pou-des-carbo\/"]}]},{"@type":"ImageObject","inLanguage":"ca","@id":"https:\/\/www.santjosep.net\/ca\/veure\/patrimoni-i-cultura\/pou-des-carbo\/#primaryimage","url":"https:\/\/www.santjosep.net\/wp-content\/uploads\/2022\/01\/Pou-des-Carbo\u0301.jpg","contentUrl":"https:\/\/www.santjosep.net\/wp-content\/uploads\/2022\/01\/Pou-des-Carbo\u0301.jpg","width":1500,"height":1001},{"@type":"BreadcrumbList","@id":"https:\/\/www.santjosep.net\/ca\/veure\/patrimoni-i-cultura\/pou-des-carbo\/#breadcrumb","itemListElement":[{"@type":"ListItem","position":1,"name":"Veure","item":"https:\/\/www.santjosep.net\/ca\/veure\/"},{"@type":"ListItem","position":2,"name":"Patrimoni i cultura","item":"https:\/\/www.santjosep.net\/ca\/veure\/patrimoni-i-cultura\/"},{"@type":"ListItem","position":3,"name":"Pou des Carb\u00f3"}]},{"@type":"WebSite","@id":"https:\/\/www.santjosep.net\/#website","url":"https:\/\/www.santjosep.net\/","name":"Santjosep.net","description":"","potentialAction":[{"@type":"SearchAction","target":{"@type":"EntryPoint","urlTemplate":"https:\/\/www.santjosep.net\/?s={search_term_string}"},"query-input":{"@type":"PropertyValueSpecification","valueRequired":true,"valueName":"search_term_string"}}],"inLanguage":"ca"}]}},"_links":{"self":[{"href":"https:\/\/www.santjosep.net\/ca\/wp-json\/wp\/v2\/pages\/12311","targetHints":{"allow":["GET"]}}],"collection":[{"href":"https:\/\/www.santjosep.net\/ca\/wp-json\/wp\/v2\/pages"}],"about":[{"href":"https:\/\/www.santjosep.net\/ca\/wp-json\/wp\/v2\/types\/page"}],"author":[{"embeddable":true,"href":"https:\/\/www.santjosep.net\/ca\/wp-json\/wp\/v2\/users\/1"}],"replies":[{"embeddable":true,"href":"https:\/\/www.santjosep.net\/ca\/wp-json\/wp\/v2\/comments?post=12311"}],"version-history":[{"count":0,"href":"https:\/\/www.santjosep.net\/ca\/wp-json\/wp\/v2\/pages\/12311\/revisions"}],"up":[{"embeddable":true,"href":"https:\/\/www.santjosep.net\/ca\/wp-json\/wp\/v2\/pages\/38705"}],"wp:featuredmedia":[{"embeddable":true,"href":"https:\/\/www.santjosep.net\/ca\/wp-json\/wp\/v2\/media\/29602"}],"wp:attachment":[{"href":"https:\/\/www.santjosep.net\/ca\/wp-json\/wp\/v2\/media?parent=12311"}],"wp:term":[{"taxonomy":"categoria_pagina","embeddable":true,"href":"https:\/\/www.santjosep.net\/ca\/wp-json\/wp\/v2\/categoria_pagina?post=12311"}],"curies":[{"name":"wp","href":"https:\/\/api.w.org\/{rel}","templated":true}]}}