{"id":12294,"date":"2013-11-11T09:59:08","date_gmt":"2013-11-11T09:59:08","guid":{"rendered":"https:\/\/www.santjosep.net\/ver\/ses-paisses-de-cala-dhort\/"},"modified":"2025-06-12T15:24:34","modified_gmt":"2025-06-12T13:24:34","slug":"ses-paisses-de-cala-dhort-2","status":"publish","type":"page","link":"https:\/\/www.santjosep.net\/ca\/veure\/patrimoni\/ses-paisses-de-cala-dhort-2\/","title":{"rendered":"Ses Paisses de Cala d&#8217;Hort"},"content":{"rendered":"<div class=\"wpb-content-wrapper\"><p>[vc_row enable_hue_rotation=&#8221;no&#8221; enable_text_marquee=&#8221;no&#8221;][vc_column][vc_column_text]<strong>Assentament rural punicorom\u00e0 <\/strong><\/p>\n<p>Aquest conjunt monumental correspon a les ru\u00efnes d\u2019un assentament rural de les \u00e8poques p\u00fanica i romana, fundada a mitjan del segle V aC, pervivint a l\u2019alt i baix imperi rom\u00e0 i a l\u2019\u00e8poca del Bizanci, fins a principis de segle VIII de la nostra era. Es compon d\u2019un gran edifici utilitzat com a habitatge (i per al desenvolupament de diverses ind\u00fastries agr\u00e0ries) que es troba en un estat de conservaci\u00f3 acceptable; n\u2019hi ha un altre molt deteriorat i dos necr\u00f2polis, una de l\u2019\u00e8poca p\u00fanica i una altra de la bizantina.<\/p>\n<p>Durant el segle I de la nostra \u00e8poca, l\u2019edifici principal va arribar a adquirir l\u2019estructura i dimensions pr\u00f2pies d\u2019una aut\u00e8ntica vila romana, amb una extensi\u00f3 de quasi 900 m2, la qual estava organitzada al voltant d\u2019un ampli pati quadrat. La porta principal, comunicada amb el pati, s\u2019orientava cap al sud. Antigament, al voltant d\u2019aquesta \u00faltima hi havia altres depend\u00e8ncies: la sala del \u2018\u2019trull\u2019 (dotada d\u2019un mol\u00ed per a la trituraci\u00f3 de les olives), orientada al nord-est; una bodega i diversos magatzems allargats a la part sud i, a les ales nord i de ponent, les cuines, habitacions i altres depend\u00e8ncies. Hi destacaven, aix\u00ed mateix, una cisterna de grans proporcions excavada a la roca que es podia apreciar a l\u2019extrem nord-oest de la casa.<\/p>\n<p>La necr\u00f2polis p\u00fanica es compon de vint tombes de tipus hipogeu (cambres subterr\u00e0nies tallades a la roca amb un pou per accedir-hi), algunes de les quals van arribar a contenir fins i tot sarc\u00f2fags de pedra de gres i nombroses peces de parament de cer\u00e0mica punicoebusitana. Tamb\u00e9 hi havia materials importats com navalles d\u2019afaitar, gots de pasta de vidre, escarabeus, etc. Des de la part superior del conjunt es poden contemplar dues fosses de l\u2019\u00e8poca bizantina dominades per un espectacular paisatge amb l\u2019illot des Vedr\u00e0 al davant. Aquest assentament va ser excavat entre els anys 1917 i 1982-1985.<\/p>\n<p>Horari de visita: Dimarts, dijous, divendres i dissabte de 18 a 21 h, de l\u20191 de juny al 30 de setembre.[\/vc_column_text][vc_column_text]<span data-sheets-root=\"1\"><div class=\"gm-map\" style=\"position: relative;height: 200px; width: 200px;\"><iframe name=\"gm-map-1\" allowfullscreen src=\"https:\/\/www.santjosep.net\/ca\/?geo_mashup_content=render-map&amp;map_data_key=79bac29f546759b1240173448f7706ae&amp;lang=ca&amp;zoom=13&amp;name=gm-map-1&amp;map_content=contextual&amp;error_comment=&lt;!-- Geo Mashup found no objects to map in this context--&gt;\" style=\"position: absolute; top: 0; left: 0; width: 100%; height: 100%; border: none; overflow: hidden;\"><\/iframe><\/div><\/span>[\/vc_column_text][\/vc_column][\/vc_row][vc_row full_width=&#8221;stretch_row_content_no_spaces&#8221; enable_hue_rotation=&#8221;no&#8221; enable_text_marquee=&#8221;no&#8221; el_id=&#8221;galeria&#8221;][vc_column css=&#8221;.vc_custom_1579097066588{padding-bottom: 20px !important;}&#8221;][vc_column_text]<style>#jtg-18213 .modula-item .jtg-social a, .lightbox-socials.jtg-social a{ fill: #ffffff; color: #ffffff }#jtg-18213 .modula-item .jtg-social-mobile a{ fill: #ffffff; color: #ffffff }#jtg-18213 .modula-item .jtg-social svg, .lightbox-socials.jtg-social svg { height: 16px; width: 16px }#jtg-18213 .modula-item .jtg-social-mobile svg { height: 16px; width: 16px }#jtg-18213 .modula-item .jtg-social a:not(:last-child), .lightbox-socials.jtg-social a:not(:last-child) { margin-right: 10px }#jtg-18213 .modula-item .jtg-social-mobile .jtg-social-mobile-icons a:not(:last-child){ margin-right: 10px }#jtg-18213 .modula-item .figc {color:#ffffff;}#jtg-18213 .modula-item .modula-item-content { transform: scale(1) }#jtg-18213 .modula-items .figc p.description { font-size:14px; }#jtg-18213 .modula-items .figc p.description { color:#ffffff;}#jtg-18213.modula-gallery .modula-item > a, #jtg-18213.modula-gallery .modula-item, #jtg-18213.modula-gallery .modula-item-content > a:not(.modula-no-follow) { cursor:zoom-in; } #jtg-18213.modula-gallery .modula-item-content .modula-no-follow { cursor: default; } @media screen and (max-width:480px){#jtg-18213 .modula-item .figc .jtg-title {  font-size: 12px; }#jtg-18213 .modula-items .figc p.description { color:#ffffff;font-size:10px; }}#jtg-18213 .modula-items .modula-item:hover img{opacity:1;}<\/style>\n<div  id=\"jtg-18213\" class=\"modula modula-gallery modula-custom-grid\" data-config=\"{&quot;height&quot;:800,&quot;tabletHeight&quot;:800,&quot;mobileHeight&quot;:800,&quot;desktopHeight&quot;:800,&quot;enableTwitter&quot;:true,&quot;enableWhatsapp&quot;:false,&quot;enableFacebook&quot;:true,&quot;enablePinterest&quot;:true,&quot;enableLinkedin&quot;:true,&quot;enableEmail&quot;:false,&quot;randomFactor&quot;:0.5,&quot;type&quot;:&quot;custom-grid&quot;,&quot;columns&quot;:12,&quot;gutter&quot;:0,&quot;mobileGutter&quot;:0,&quot;tabletGutter&quot;:0,&quot;desktopGutter&quot;:0,&quot;enableResponsive&quot;:&quot;1&quot;,&quot;tabletColumns&quot;:&quot;2&quot;,&quot;mobileColumns&quot;:&quot;1&quot;,&quot;lazyLoad&quot;:&quot;0&quot;,&quot;lightboxOpts&quot;:{&quot;animated&quot;:true,&quot;Thumbs&quot;:{&quot;type&quot;:&quot;modern&quot;,&quot;showOnStart&quot;:false},&quot;Toolbar&quot;:{&quot;display&quot;:{&quot;right&quot;:[&quot;close&quot;]},&quot;enabled&quot;:true},&quot;Carousel&quot;:{&quot;Panzoom&quot;:{&quot;touch&quot;:false},&quot;infinite&quot;:false},&quot;keyboard&quot;:{&quot;Escape&quot;:&quot;close&quot;,&quot;Delete&quot;:&quot;close&quot;,&quot;Backspace&quot;:&quot;close&quot;,&quot;PageUp&quot;:false,&quot;PageDown&quot;:false,&quot;ArrowUp&quot;:false,&quot;ArrowDown&quot;:false,&quot;ArrowRight&quot;:false,&quot;ArrowLeft&quot;:false},&quot;touch&quot;:false,&quot;backdropClick&quot;:false,&quot;l10n&quot;:{&quot;CLOSE&quot;:&quot;Close&quot;,&quot;NEXT&quot;:&quot;Next&quot;,&quot;PREV&quot;:&quot;Previous&quot;,&quot;Error&quot;:&quot;The requested content cannot be loaded. Please try again later.&quot;,&quot;PLAY_START&quot;:&quot;Start slideshow&quot;,&quot;PLAY_STOP&quot;:&quot;Pause slideshow&quot;,&quot;FULL_SCREEN&quot;:&quot;Full screen&quot;,&quot;THUMBS&quot;:&quot;Thumbnails&quot;,&quot;DOWNLOAD&quot;:&quot;Download&quot;,&quot;SHARE&quot;:&quot;Share&quot;,&quot;ZOOM&quot;:&quot;Zoom&quot;,&quot;EMAIL&quot;:&quot;Here is the link to the image : %%image_link%% and this is the link to the gallery : %%gallery_link%%&quot;,&quot;MODAL&quot;:&quot;You can close this modal content with the ESC key&quot;,&quot;ERROR&quot;:&quot;Something Went Wrong, Please Try Again Later&quot;,&quot;IMAGE_ERROR&quot;:&quot;Image Not Found&quot;,&quot;ELEMENT_NOT_FOUND&quot;:&quot;HTML Element Not Found&quot;,&quot;AJAX_NOT_FOUND&quot;:&quot;Error Loading AJAX : Not Found&quot;,&quot;AJAX_FORBIDDEN&quot;:&quot;Error Loading AJAX : Forbidden&quot;,&quot;IFRAME_ERROR&quot;:&quot;Error Loading Page&quot;,&quot;TOGGLE_ZOOM&quot;:&quot;Toggle zoom level&quot;,&quot;TOGGLE_THUMBS&quot;:&quot;Toggle thumbnails&quot;,&quot;TOGGLE_SLIDESHOW&quot;:&quot;Toggle slideshow&quot;,&quot;TOGGLE_FULLSCREEN&quot;:&quot;Toggle full-screen mode&quot;},&quot;Images&quot;:{&quot;Panzoom&quot;:{&quot;maxScale&quot;:2}},&quot;mainClass&quot;:&quot;modula-fancybox-container modula-lightbox-jtg-18213&quot;,&quot;Html&quot;:{&quot;videoAutoplay&quot;:0,&quot;videoTpl&quot;:&quot;&lt;video class=\\&quot;fancybox__html5video\\&quot; controls muted playsinline controlsList controlsList=\\&quot;nodownload\\&quot; poster=\\&quot;{{poster}}\\&quot; src=\\&quot;{{src}}\\&quot; type=\\&quot;{{format}}\\&quot; &gt;  Sorry, your browser doesn&#039;t support embedded videos, &lt;a href=\\&quot;{{src}}\\&quot;&gt; download &lt;\\\/a&gt; and watch with your favorite video player! &lt;\\\/video&gt;&quot;}},&quot;inView&quot;:false,&quot;email_subject&quot;:&quot;Check out this awesome image !!&quot;,&quot;email_message&quot;:&quot;Here is the link to the image : %%image_link%% and this is the link to the gallery : %%gallery_link%%&quot;,&quot;lightbox&quot;:&quot;fancybox&quot;}\">\n\n\t\n\t<div  class=\"modula-items\">\n\t\t<div class=\"modula-item\" data-width=\"12\" data-height=\"7\" >\n\t<div class=\"modula-item-content\">\n\t\t\n\t\t\t\t\t<a data-image-id=\"18214\" tabindex=\"0\" rel=\"jtg-18213\" data-caption=\"\" aria-label=\"Open image in lightbox\" role=\"button\" class=\"tile-inner modula-item-link\"><\/a>\n\t\t\n\t\t<img loading=\"lazy\" decoding=\"async\" class=\"pic wp-image-18214\"  data-valign=\"middle\" data-halign=\"center\" alt=\"\" data-full=\"https:\/\/www.santjosep.net\/wp-content\/uploads\/2020\/01\/IMG_0252.jpg\" title=\"IMG_0252\" width=\"1500\" height=\"1000\" src=\"https:\/\/www.santjosep.net\/wp-content\/uploads\/2020\/01\/IMG_0252.jpg\" data-src=\"https:\/\/www.santjosep.net\/wp-content\/uploads\/2020\/01\/IMG_0252.jpg\" data-caption=\"\" srcset=\"https:\/\/www.santjosep.net\/wp-content\/uploads\/2020\/01\/IMG_0252.jpg 1500w, https:\/\/www.santjosep.net\/wp-content\/uploads\/2020\/01\/IMG_0252-300x200.jpg 300w, https:\/\/www.santjosep.net\/wp-content\/uploads\/2020\/01\/IMG_0252-1024x683.jpg 1024w, https:\/\/www.santjosep.net\/wp-content\/uploads\/2020\/01\/IMG_0252-768x512.jpg 768w\" sizes=\"auto, (max-width: 1500px) 100vw, 1500px\" \/>\n\t<\/div>\n\n<\/div><div class=\"modula-item\" data-width=\"6\" data-height=\"5\" >\n\t<div class=\"modula-item-content\">\n\t\t\n\t\t\t\t\t<a data-image-id=\"18220\" tabindex=\"0\" rel=\"jtg-18213\" data-caption=\"\" aria-label=\"Open image in lightbox\" role=\"button\" class=\"tile-inner modula-item-link\"><\/a>\n\t\t\n\t\t<img loading=\"lazy\" decoding=\"async\" class=\"pic wp-image-18220\"  data-valign=\"middle\" data-halign=\"center\" alt=\"\" data-full=\"https:\/\/www.santjosep.net\/wp-content\/uploads\/2020\/01\/IMG_0254.jpg\" title=\"IMG_0254\" width=\"1500\" height=\"1000\" src=\"https:\/\/www.santjosep.net\/wp-content\/uploads\/2020\/01\/IMG_0254.jpg\" data-src=\"https:\/\/www.santjosep.net\/wp-content\/uploads\/2020\/01\/IMG_0254.jpg\" data-caption=\"\" srcset=\"https:\/\/www.santjosep.net\/wp-content\/uploads\/2020\/01\/IMG_0254.jpg 1500w, https:\/\/www.santjosep.net\/wp-content\/uploads\/2020\/01\/IMG_0254-300x200.jpg 300w, https:\/\/www.santjosep.net\/wp-content\/uploads\/2020\/01\/IMG_0254-1024x683.jpg 1024w, https:\/\/www.santjosep.net\/wp-content\/uploads\/2020\/01\/IMG_0254-768x512.jpg 768w\" sizes=\"auto, (max-width: 1500px) 100vw, 1500px\" \/>\n\t<\/div>\n\n<\/div><div class=\"modula-item\" data-width=\"6\" data-height=\"5\" >\n\t<div class=\"modula-item-content\">\n\t\t\n\t\t\t\t\t<a data-image-id=\"18226\" tabindex=\"0\" rel=\"jtg-18213\" data-caption=\"\" aria-label=\"Open image in lightbox\" role=\"button\" class=\"tile-inner modula-item-link\"><\/a>\n\t\t\n\t\t<img loading=\"lazy\" decoding=\"async\" class=\"pic wp-image-18226\"  data-valign=\"middle\" data-halign=\"center\" alt=\"\" data-full=\"https:\/\/www.santjosep.net\/wp-content\/uploads\/2020\/01\/IMG_0259.jpg\" title=\"IMG_0259\" width=\"1500\" height=\"1000\" src=\"https:\/\/www.santjosep.net\/wp-content\/uploads\/2020\/01\/IMG_0259.jpg\" data-src=\"https:\/\/www.santjosep.net\/wp-content\/uploads\/2020\/01\/IMG_0259.jpg\" data-caption=\"\" srcset=\"https:\/\/www.santjosep.net\/wp-content\/uploads\/2020\/01\/IMG_0259.jpg 1500w, https:\/\/www.santjosep.net\/wp-content\/uploads\/2020\/01\/IMG_0259-300x200.jpg 300w, https:\/\/www.santjosep.net\/wp-content\/uploads\/2020\/01\/IMG_0259-1024x683.jpg 1024w, https:\/\/www.santjosep.net\/wp-content\/uploads\/2020\/01\/IMG_0259-768x512.jpg 768w\" sizes=\"auto, (max-width: 1500px) 100vw, 1500px\" \/>\n\t<\/div>\n\n<\/div>\t\t\n\t<\/div>\n\n\t\n\t\n\t<script type=\"application\/ld+json\">\n\t{\n\t\t\"@context\": \"http:\/\/schema.org\",\n\t\t\"@type\"   : \"ImageGallery\",\n\t\t\"id\"      : \"https:\/\/www.santjosep.net\/ca\/veure\/patrimoni\/ses-paisses-de-cala-dhort-2\/\",\n\t\t\"url\"     : \"https:\/\/www.santjosep.net\/ca\/veure\/patrimoni\/ses-paisses-de-cala-dhort-2\/\"\n\t}\n\n\t<\/script>\n\n\t\n<\/div>\n[\/vc_column_text][\/vc_column][\/vc_row]<\/p>\n<\/div>","protected":false},"excerpt":{"rendered":"<p>[vc_row enable_hue_rotation=&#8221;no&#8221; enable_text_marquee=&#8221;no&#8221;][vc_column][vc_column_text]Assentament rural punicorom\u00e0 Aquest conjunt monumental correspon a les ru\u00efnes d\u2019un assentament rural de les \u00e8poques p\u00fanica i romana, fundada a mitjan del segle V aC, pervivint a l\u2019alt i baix imperi rom\u00e0 i a l\u2019\u00e8poca del Bizanci, [&hellip;]<\/p>\n","protected":false},"author":1,"featured_media":19507,"parent":38705,"menu_order":0,"comment_status":"closed","ping_status":"closed","template":"","meta":{"_acf_changed":false,"inline_featured_image":false,"footnotes":""},"categoria_pagina":[],"class_list":["post-12294","page","type-page","status-publish","has-post-thumbnail","hentry"],"acf":[],"yoast_head":"<!-- This site is optimized with the Yoast SEO plugin v25.7 - https:\/\/yoast.com\/wordpress\/plugins\/seo\/ -->\n<title>Ses Paisses de Cala d&#039;Hort - Santjosep.net<\/title>\n<meta name=\"robots\" content=\"index, follow, max-snippet:-1, max-image-preview:large, max-video-preview:-1\" \/>\n<link rel=\"canonical\" href=\"https:\/\/www.santjosep.net\/ca\/veure\/patrimoni-i-cultura\/ses-paisses-de-cala-dhort-2\/\" \/>\n<meta property=\"og:locale\" content=\"ca_ES\" \/>\n<meta property=\"og:type\" content=\"article\" \/>\n<meta property=\"og:title\" content=\"Ses Paisses de Cala d&#039;Hort - Santjosep.net\" \/>\n<meta property=\"og:description\" content=\"[vc_row enable_hue_rotation=&#8221;no&#8221; enable_text_marquee=&#8221;no&#8221;][vc_column][vc_column_text]Assentament rural punicorom\u00e0 Aquest conjunt monumental correspon a les ru\u00efnes d\u2019un assentament rural de les \u00e8poques p\u00fanica i romana, fundada a mitjan del segle V aC, pervivint a l\u2019alt i baix imperi rom\u00e0 i a l\u2019\u00e8poca del Bizanci, [&hellip;]\" \/>\n<meta property=\"og:url\" content=\"https:\/\/www.santjosep.net\/ca\/veure\/patrimoni-i-cultura\/ses-paisses-de-cala-dhort-2\/\" \/>\n<meta property=\"og:site_name\" content=\"Santjosep.net\" \/>\n<meta property=\"article:modified_time\" content=\"2025-06-12T13:24:34+00:00\" \/>\n<meta property=\"og:image\" content=\"https:\/\/www.santjosep.net\/wp-content\/uploads\/2020\/01\/sespaissescaladhort_IMG_0251.jpg\" \/>\n\t<meta property=\"og:image:width\" content=\"2100\" \/>\n\t<meta property=\"og:image:height\" content=\"1400\" \/>\n\t<meta property=\"og:image:type\" content=\"image\/jpeg\" \/>\n<meta name=\"twitter:card\" content=\"summary_large_image\" \/>\n<meta name=\"twitter:label1\" content=\"Temps estimat de lectura\" \/>\n\t<meta name=\"twitter:data1\" content=\"2 minuts\" \/>\n<script type=\"application\/ld+json\" class=\"yoast-schema-graph\">{\"@context\":\"https:\/\/schema.org\",\"@graph\":[{\"@type\":\"WebPage\",\"@id\":\"https:\/\/www.santjosep.net\/ca\/veure\/patrimoni-i-cultura\/ses-paisses-de-cala-dhort-2\/\",\"url\":\"https:\/\/www.santjosep.net\/ca\/veure\/patrimoni-i-cultura\/ses-paisses-de-cala-dhort-2\/\",\"name\":\"Ses Paisses de Cala d'Hort - Santjosep.net\",\"isPartOf\":{\"@id\":\"https:\/\/www.santjosep.net\/#website\"},\"primaryImageOfPage\":{\"@id\":\"https:\/\/www.santjosep.net\/ca\/veure\/patrimoni-i-cultura\/ses-paisses-de-cala-dhort-2\/#primaryimage\"},\"image\":{\"@id\":\"https:\/\/www.santjosep.net\/ca\/veure\/patrimoni-i-cultura\/ses-paisses-de-cala-dhort-2\/#primaryimage\"},\"thumbnailUrl\":\"https:\/\/www.santjosep.net\/wp-content\/uploads\/2020\/01\/sespaissescaladhort_IMG_0251.jpg\",\"datePublished\":\"2013-11-11T09:59:08+00:00\",\"dateModified\":\"2025-06-12T13:24:34+00:00\",\"breadcrumb\":{\"@id\":\"https:\/\/www.santjosep.net\/ca\/veure\/patrimoni-i-cultura\/ses-paisses-de-cala-dhort-2\/#breadcrumb\"},\"inLanguage\":\"ca\",\"potentialAction\":[{\"@type\":\"ReadAction\",\"target\":[\"https:\/\/www.santjosep.net\/ca\/veure\/patrimoni-i-cultura\/ses-paisses-de-cala-dhort-2\/\"]}]},{\"@type\":\"ImageObject\",\"inLanguage\":\"ca\",\"@id\":\"https:\/\/www.santjosep.net\/ca\/veure\/patrimoni-i-cultura\/ses-paisses-de-cala-dhort-2\/#primaryimage\",\"url\":\"https:\/\/www.santjosep.net\/wp-content\/uploads\/2020\/01\/sespaissescaladhort_IMG_0251.jpg\",\"contentUrl\":\"https:\/\/www.santjosep.net\/wp-content\/uploads\/2020\/01\/sespaissescaladhort_IMG_0251.jpg\",\"width\":2100,\"height\":1400},{\"@type\":\"BreadcrumbList\",\"@id\":\"https:\/\/www.santjosep.net\/ca\/veure\/patrimoni-i-cultura\/ses-paisses-de-cala-dhort-2\/#breadcrumb\",\"itemListElement\":[{\"@type\":\"ListItem\",\"position\":1,\"name\":\"Veure\",\"item\":\"https:\/\/www.santjosep.net\/ca\/veure\/\"},{\"@type\":\"ListItem\",\"position\":2,\"name\":\"Patrimoni i cultura\",\"item\":\"https:\/\/www.santjosep.net\/ca\/veure\/patrimoni-i-cultura\/\"},{\"@type\":\"ListItem\",\"position\":3,\"name\":\"Ses Paisses de Cala d&#8217;Hort\"}]},{\"@type\":\"WebSite\",\"@id\":\"https:\/\/www.santjosep.net\/#website\",\"url\":\"https:\/\/www.santjosep.net\/\",\"name\":\"Santjosep.net\",\"description\":\"\",\"potentialAction\":[{\"@type\":\"SearchAction\",\"target\":{\"@type\":\"EntryPoint\",\"urlTemplate\":\"https:\/\/www.santjosep.net\/?s={search_term_string}\"},\"query-input\":{\"@type\":\"PropertyValueSpecification\",\"valueRequired\":true,\"valueName\":\"search_term_string\"}}],\"inLanguage\":\"ca\"}]}<\/script>\n<!-- \/ Yoast SEO plugin. -->","yoast_head_json":{"title":"Ses Paisses de Cala d'Hort - Santjosep.net","robots":{"index":"index","follow":"follow","max-snippet":"max-snippet:-1","max-image-preview":"max-image-preview:large","max-video-preview":"max-video-preview:-1"},"canonical":"https:\/\/www.santjosep.net\/ca\/veure\/patrimoni-i-cultura\/ses-paisses-de-cala-dhort-2\/","og_locale":"ca_ES","og_type":"article","og_title":"Ses Paisses de Cala d'Hort - Santjosep.net","og_description":"[vc_row enable_hue_rotation=&#8221;no&#8221; enable_text_marquee=&#8221;no&#8221;][vc_column][vc_column_text]Assentament rural punicorom\u00e0 Aquest conjunt monumental correspon a les ru\u00efnes d\u2019un assentament rural de les \u00e8poques p\u00fanica i romana, fundada a mitjan del segle V aC, pervivint a l\u2019alt i baix imperi rom\u00e0 i a l\u2019\u00e8poca del Bizanci, [&hellip;]","og_url":"https:\/\/www.santjosep.net\/ca\/veure\/patrimoni-i-cultura\/ses-paisses-de-cala-dhort-2\/","og_site_name":"Santjosep.net","article_modified_time":"2025-06-12T13:24:34+00:00","og_image":[{"width":2100,"height":1400,"url":"https:\/\/www.santjosep.net\/wp-content\/uploads\/2020\/01\/sespaissescaladhort_IMG_0251.jpg","type":"image\/jpeg"}],"twitter_card":"summary_large_image","twitter_misc":{"Temps estimat de lectura":"2 minuts"},"schema":{"@context":"https:\/\/schema.org","@graph":[{"@type":"WebPage","@id":"https:\/\/www.santjosep.net\/ca\/veure\/patrimoni-i-cultura\/ses-paisses-de-cala-dhort-2\/","url":"https:\/\/www.santjosep.net\/ca\/veure\/patrimoni-i-cultura\/ses-paisses-de-cala-dhort-2\/","name":"Ses Paisses de Cala d'Hort - Santjosep.net","isPartOf":{"@id":"https:\/\/www.santjosep.net\/#website"},"primaryImageOfPage":{"@id":"https:\/\/www.santjosep.net\/ca\/veure\/patrimoni-i-cultura\/ses-paisses-de-cala-dhort-2\/#primaryimage"},"image":{"@id":"https:\/\/www.santjosep.net\/ca\/veure\/patrimoni-i-cultura\/ses-paisses-de-cala-dhort-2\/#primaryimage"},"thumbnailUrl":"https:\/\/www.santjosep.net\/wp-content\/uploads\/2020\/01\/sespaissescaladhort_IMG_0251.jpg","datePublished":"2013-11-11T09:59:08+00:00","dateModified":"2025-06-12T13:24:34+00:00","breadcrumb":{"@id":"https:\/\/www.santjosep.net\/ca\/veure\/patrimoni-i-cultura\/ses-paisses-de-cala-dhort-2\/#breadcrumb"},"inLanguage":"ca","potentialAction":[{"@type":"ReadAction","target":["https:\/\/www.santjosep.net\/ca\/veure\/patrimoni-i-cultura\/ses-paisses-de-cala-dhort-2\/"]}]},{"@type":"ImageObject","inLanguage":"ca","@id":"https:\/\/www.santjosep.net\/ca\/veure\/patrimoni-i-cultura\/ses-paisses-de-cala-dhort-2\/#primaryimage","url":"https:\/\/www.santjosep.net\/wp-content\/uploads\/2020\/01\/sespaissescaladhort_IMG_0251.jpg","contentUrl":"https:\/\/www.santjosep.net\/wp-content\/uploads\/2020\/01\/sespaissescaladhort_IMG_0251.jpg","width":2100,"height":1400},{"@type":"BreadcrumbList","@id":"https:\/\/www.santjosep.net\/ca\/veure\/patrimoni-i-cultura\/ses-paisses-de-cala-dhort-2\/#breadcrumb","itemListElement":[{"@type":"ListItem","position":1,"name":"Veure","item":"https:\/\/www.santjosep.net\/ca\/veure\/"},{"@type":"ListItem","position":2,"name":"Patrimoni i cultura","item":"https:\/\/www.santjosep.net\/ca\/veure\/patrimoni-i-cultura\/"},{"@type":"ListItem","position":3,"name":"Ses Paisses de Cala d&#8217;Hort"}]},{"@type":"WebSite","@id":"https:\/\/www.santjosep.net\/#website","url":"https:\/\/www.santjosep.net\/","name":"Santjosep.net","description":"","potentialAction":[{"@type":"SearchAction","target":{"@type":"EntryPoint","urlTemplate":"https:\/\/www.santjosep.net\/?s={search_term_string}"},"query-input":{"@type":"PropertyValueSpecification","valueRequired":true,"valueName":"search_term_string"}}],"inLanguage":"ca"}]}},"_links":{"self":[{"href":"https:\/\/www.santjosep.net\/ca\/wp-json\/wp\/v2\/pages\/12294","targetHints":{"allow":["GET"]}}],"collection":[{"href":"https:\/\/www.santjosep.net\/ca\/wp-json\/wp\/v2\/pages"}],"about":[{"href":"https:\/\/www.santjosep.net\/ca\/wp-json\/wp\/v2\/types\/page"}],"author":[{"embeddable":true,"href":"https:\/\/www.santjosep.net\/ca\/wp-json\/wp\/v2\/users\/1"}],"replies":[{"embeddable":true,"href":"https:\/\/www.santjosep.net\/ca\/wp-json\/wp\/v2\/comments?post=12294"}],"version-history":[{"count":0,"href":"https:\/\/www.santjosep.net\/ca\/wp-json\/wp\/v2\/pages\/12294\/revisions"}],"up":[{"embeddable":true,"href":"https:\/\/www.santjosep.net\/ca\/wp-json\/wp\/v2\/pages\/38705"}],"wp:featuredmedia":[{"embeddable":true,"href":"https:\/\/www.santjosep.net\/ca\/wp-json\/wp\/v2\/media\/19507"}],"wp:attachment":[{"href":"https:\/\/www.santjosep.net\/ca\/wp-json\/wp\/v2\/media?parent=12294"}],"wp:term":[{"taxonomy":"categoria_pagina","embeddable":true,"href":"https:\/\/www.santjosep.net\/ca\/wp-json\/wp\/v2\/categoria_pagina?post=12294"}],"curies":[{"name":"wp","href":"https:\/\/api.w.org\/{rel}","templated":true}]}}