{"id":12200,"date":"2013-11-10T10:35:55","date_gmt":"2013-11-10T10:35:55","guid":{"rendered":"https:\/\/www.santjosep.net\/ver\/playa-des-cubells\/"},"modified":"2025-09-30T10:51:16","modified_gmt":"2025-09-30T08:51:16","slug":"platja-des-cubells","status":"publish","type":"page","link":"https:\/\/www.santjosep.net\/ca\/veure\/platges\/platja-des-cubells\/","title":{"rendered":"Platja des Cubells"},"content":{"rendered":"<div class=\"wpb-content-wrapper\"><p>[vc_row enable_hue_rotation=&#8221;no&#8221; enable_text_marquee=&#8221;no&#8221; el_id=&#8221;BeachContent&#8221;][vc_column width=&#8221;7\/12&#8243; el_id=&#8221;beachInfo&#8221;][vc_column_text css=&#8221;.vc_custom_1759222048318{margin-bottom: 5% !important;}&#8221;]<\/p>\n<h3>Petites cales al peu dels penya-segats des Cubells, paisatge espectacular i aig\u00fces clares.<\/h3>\n<p>[\/vc_column_text][vc_column_text css=&#8221;&#8221;]<span style=\"font-weight: 400;\">Sota el mirador i l\u2019esgl\u00e9sia des Cubells hi ha un seguit de petites cales de c\u00f2dols i roca. L\u2019entorn \u00e9s superb: penya-segats coberts de pins, casetes de pescadors i un mar transparent que guanya profunditat a pocs metres. No \u00e9s la platja m\u00e9s c\u00f2moda per estirar-se amb tovallola, per\u00f2 s\u00ed un aut\u00e8ntic rac\u00f3 per banyar-se amb escarpins i gaudir de la calma. L\u2019acc\u00e9s pot ser empinat en alguns trams i l\u2019espai \u00e9s limitat; conv\u00e9 arribar-hi d\u2019hora a l\u2019estiu.<\/span>[\/vc_column_text][vc_column_text css=&#8221;.vc_custom_1759146303474{margin-bottom: 3% !important;}&#8221;]<\/p>\n<h3>Mes informaci\u00f3<\/h3>\n<p>[\/vc_column_text][vc_tta_accordion][vc_tta_section title=&#8221;Situaci\u00f3&#8221; tab_id=&#8221;1759146324676-df4ec33b-5a153d21-8bee896b-2dcd&#8221;][vc_column_text css=&#8221;&#8221;]Molt indicada per als amants de l\u2019excursionisme o del naturalisme i per als aficionats a la pr\u00e0ctica del busseig de superf\u00edcie que gaudeixin observant fons marins interessants. Aix\u00ed mateix, la platja ofereix la possibilitat de prendre el sol en alguns raconets ex\u00f2tics i de tastar els productes de la cuina local en acabar la jornada.[\/vc_column_text][\/vc_tta_section][vc_tta_section title=&#8221;Tipologia&#8221; tab_id=&#8221;1756196290052-952b1efe-851f99ac-1308356c-ec783d21-8bee896b-2dcd&#8221;][vc_column_text css=&#8221;&#8221;]PER SERVEIS: Altres punts d\u2019inter\u00e8s.<br \/>\nPER USOS: Per a joves excursionistes amants de la soledat i del busseig.[\/vc_column_text][\/vc_tta_section][vc_tta_section title=&#8221;Acc\u00e9s&#8221; tab_id=&#8221;1756196290065-4232a508-008d99ac-1308356c-ec783d21-8bee896b-2dcd&#8221;][vc_column_text css=&#8221;&#8221;]Des del nucli des Cubells hi ha una desviaci\u00f3 a m\u00e0 esquerra que indica la platja. Es veu a trav\u00e9s d\u2019un cam\u00ed asfaltat; a la part final es fa m\u00e9s estret i s\u2019ha de circular amb precauci\u00f3.<br \/>\nTRANSPORT: amb cotxe o amb bicicleta; es recomana que nom\u00e9s vagin amb aquest \u00faltim mitj\u00e0 de transport les persones experimentades, ja que hi ha molts desnivells. S\u2019hi pot arribar amb l\u2019 autob\u00fas de l\u00ednia regular, que porta fins as Cubells.<br \/>\nDIST\u00c0NCIES: 22 km des d\u2019Eivissa i 15 des de Sant Josep de sa Talaia.[\/vc_column_text][\/vc_tta_section][vc_tta_section title=&#8221;Orientaci\u00f3 i vents dominants&#8221; tab_id=&#8221;1756196381957-a35356e1-c7b999ac-1308356c-ec783d21-8bee896b-2dcd&#8221;][vc_column_text css=&#8221;&#8221;]Per la seva orientaci\u00f3 cap al sud, sempre venen de mar a terra de manera transversal.[\/vc_column_text][\/vc_tta_section][vc_tta_section title=&#8221;Aspectes panor\u00e0mics&#8221; tab_id=&#8221;1756196409710-ad413707-4ef799ac-1308356c-ec783d21-8bee896b-2dcd&#8221;][vc_column_text css=&#8221;&#8221;]<\/p>\n<div class=\"wpb_text_column wpb_content_element\">\n<div class=\"wpb_wrapper\">\n<p>\u00c9s un enclavament magn\u00edfic situat entre espectaculars penya-segats marins.<\/p>\n<\/div>\n<\/div>\n<p>[\/vc_column_text][\/vc_tta_section][\/vc_tta_accordion][\/vc_column][vc_column width=&#8221;1\/12&#8243;][\/vc_column][vc_column width=&#8221;4\/12&#8243;][vc_row_inner][vc_column_inner el_id=&#8221;BeachMoreInfo&#8221; css=&#8221;.vc_custom_1756985880730{margin-top: 5% !important;margin-bottom: 5% !important;}&#8221;][vc_column_text css=&#8221;.vc_custom_1759146425199{margin-top: 20px !important;margin-bottom: 40px !important;}&#8221;]<\/p>\n<h3>Mes Informaci\u00f3<\/h3>\n<p>[\/vc_column_text][vc_raw_html css=&#8221;&#8221;]JTNDZGl2JTIwY2xhc3MlM0QlMjJiZWFjaEluZm9JdGVtJTIyJTNFJTBBJTIwJTIwJTNDZGl2JTIwY2xhc3MlM0QlMjJpY29uJTIyJTNFJTBBJTIwJTIwJTIwJTIwJTNDaW1nJTIwc3JjJTNEJTIyaHR0cHMlM0ElMkYlMkZ3d3cuc2FudGpvc2VwLm5ldCUyRndwLWNvbnRlbnQlMkZ1cGxvYWRzJTJGMjAyNSUyRjA5JTJGbG9jYXRpb24ucG5nJTIyJTIwYWx0JTNEJTIyVWJpY2FjaSVDMyVCMyUyMiUzRSUwQSUyMCUyMCUzQyUyRmRpdiUzRSUwQSUyMCUyMCUzQ2ElMjBocmVmJTNEJTIyJTIzbWFwJTIyJTNFVmV1cmUlMjBtYXBhJTNDJTJGYSUzRSUwQSUzQyUyRmRpdiUzRSUwQSUwQSUzQ2RpdiUyMGNsYXNzJTNEJTIyYmVhY2hJbmZvSXRlbSUyMiUzRSUwQSUyMCUyMCUzQ2RpdiUyMGNsYXNzJTNEJTIyaWNvbiUyMiUzRSUwQSUyMCUyMCUyMCUyMCUzQ2ltZyUyMHNyYyUzRCUyMmh0dHBzJTNBJTJGJTJGd3d3LnNhbnRqb3NlcC5uZXQlMkZ3cC1jb250ZW50JTJGdXBsb2FkcyUyRjIwMjUlMkYwOSUyRmNvbW9sbGVnYXIucG5nJTIyJTIwYWx0JTNEJTIyQ29tJTIwYXJyaWJhci1oaSUzRiUyMiUzRSUwQSUyMCUyMCUzQyUyRmRpdiUzRSUwQSUyMCUyMCUzQ2ElMjBocmVmJTNEJTIyaHR0cHMlM0ElMkYlMkZ3d3cuZ29vZ2xlLmNvbSUyRm1hcHMlMkZkaXIlMkYlMkZDYWxhJTJCZGVzJTJCQ3ViZWxscyUyRiU0MDM4Ljg3NzU2NDYlMkMxLjI2ODMxMiUyQzE1eiUyRmRhdGElM0QlMjE0bTglMjE0bTclMjExbTAlMjExbTUlMjExbTElMjExczB4MTI5OTRjNmE5Mzc5YjBkZCUzQTB4ZDM5M2NmNGU1NTk2YWU1MyUyMTJtMiUyMTFkMS4yNjgzMTIlMjEyZDM4Ljg3NzU2NDYlM0ZlbnRyeSUzRHR0dSUyNmdfZXAlM0RFZ295TURJMU1Ea3dNeTR3SUtYTURTb0FTQUZRQXclMjUzRCUyNTNEJTIyJTIwdGFyZ2V0JTNEJTIyX2JsYW5rJTIyJTNFQ29tJTIwYXJyaWJhci1oaSUzRiUzQyUyRmElM0UlMEElM0MlMkZkaXYlM0UlMEElMEElM0NkaXYlMjBjbGFzcyUzRCUyMmJlYWNoSW5mb0l0ZW0lMjIlM0UlMEElMjAlMjAlM0NkaXYlMjBjbGFzcyUzRCUyMmljb24lMjIlM0UlMEElMjAlMjAlMjAlMjAlM0NpbWclMjBzcmMlM0QlMjJodHRwcyUzQSUyRiUyRnd3dy5zYW50am9zZXAubmV0JTJGd3AtY29udGVudCUyRnVwbG9hZHMlMkYyMDI1JTJGMDklMkZpbmZvdGllbXBvcmVhbC5wbmclMjIlMjBhbHQlM0QlMjJJbmZvcm1hY2klQzMlQjMlMjBkZSUyMGxhJTIwcGxhdGphJTIwZW4lMjB0ZW1wcyUyMHJlYWwlMjIlM0UlMEElMjAlMjAlM0MlMkZkaXYlM0UlMEElMjAlMjAlM0NhJTIwaHJlZiUzRCUyMmh0dHBzJTNBJTJGJTJGd3d3LnBsYXRnZXNkZWJhbGVhcnMuY29tJTJGZXMlMkZwbGF5YSUyRmVzLWN1YmVsbHMlMjIlMjB0YXJnZXQlM0QlMjJfYmxhbmslMjIlM0VJbmZvcm1hY2klQzMlQjMlMjBlbiUyMHRlbXBzJTIwcmVhbCUzQyUyRmElM0UlMEElM0MlMkZkaXYlM0U=[\/vc_raw_html][\/vc_column_inner][\/vc_row_inner][vc_row_inner][vc_column_inner el_id=&#8221;BeachServiceRow&#8221;][vc_column_text css=&#8221;.vc_custom_1759146580188{margin-bottom: 20px !important;}&#8221;]<\/p>\n<h3><b>Altres serveis<\/b><\/h3>\n<p>[\/vc_column_text][vc_column_text css=&#8221;.vc_custom_1759222168854{margin-bottom: 40px !important;}&#8221; el_class=&#8221;servicetext&#8221;]<b>\u00a0<\/b><span style=\"font-weight: 400;\">restauraci\u00f3 a prop (temporada)<\/span>[\/vc_column_text][vc_raw_html css=&#8221;&#8221;]JTNDZGl2JTIwY2xhc3MlM0QlMjJiZWFjaFNlcnZpY2VJdGVtJTIyJTNFJTBBJTIwJTIwJTNDZGl2JTIwY2xhc3MlM0QlMjJpY29uJTIyJTNFJTBBJTIwJTIwJTIwJTIwJTNDaW1nJTIwc3JjJTNEJTIyaHR0cHMlM0ElMkYlMkZ3d3cuc2FudGpvc2VwLm5ldCUyRndwLWNvbnRlbnQlMkZ1cGxvYWRzJTJGMjAyNSUyRjA5JTJGYmFub3MucG5nJTIyJTIwYWx0JTNEJTIyTGF2YWJvcyUyMiUzRSUwQSUyMCUyMCUzQyUyRmRpdiUzRSUwQSUyMCUyMCUzQ3AlM0VubyUyMGluZGljYXQlMjBhJTIwbGElMjBmaXR4YSUyMG9maWNpYWwuJTNDJTJGcCUzRSUwQSUzQyUyRmRpdiUzRSUwQSUwQSUzQ2RpdiUyMGNsYXNzJTNEJTIyYmVhY2hTZXJ2aWNlSXRlbSUyMiUzRSUwQSUyMCUyMCUzQ2RpdiUyMGNsYXNzJTNEJTIyaWNvbiUyMiUzRSUwQSUyMCUyMCUyMCUyMCUzQ2ltZyUyMHNyYyUzRCUyMmh0dHBzJTNBJTJGJTJGd3d3LnNhbnRqb3NlcC5uZXQlMkZ3cC1jb250ZW50JTJGdXBsb2FkcyUyRjIwMjUlMkYwOSUyRmR1Y2hhcy5wbmclMjIlMjBhbHQlM0QlMjJEdXR4ZXMlMjIlM0UlMEElMjAlMjAlM0MlMkZkaXYlM0UlMEElMjAlMjAlM0NwJTNFbm8lMjBpbmRpY2F0JTIwYSUyMGxhJTIwZml0eGElMjBvZmljaWFsLiUzQyUyRnAlM0UlMEElM0MlMkZkaXYlM0UlMEElMEElM0NkaXYlMjBjbGFzcyUzRCUyMmJlYWNoU2VydmljZUl0ZW0lMjIlM0UlMEElMjAlMjAlM0NkaXYlMjBjbGFzcyUzRCUyMmljb24lMjIlM0UlMEElMjAlMjAlMjAlMjAlM0NpbWclMjBzcmMlM0QlMjJodHRwcyUzQSUyRiUyRnd3dy5zYW50am9zZXAubmV0JTJGd3AtY29udGVudCUyRnVwbG9hZHMlMkYyMDI1JTJGMDklMkZyYW1wYS5wbmclMjIlMjBhbHQlM0QlMjJSYW1wYSUyMiUzRSUwQSUyMCUyMCUzQyUyRmRpdiUzRSUwQSUyMCUyMCUzQ3AlM0VubyUyMGluZGljYXQlMjBhJTIwbGElMjBmaXR4YSUyMG9maWNpYWwuJTNDJTJGcCUzRSUwQSUzQyUyRmRpdiUzRSUwQSUwQSUzQ2RpdiUyMGNsYXNzJTNEJTIyYmVhY2hTZXJ2aWNlSXRlbSUyMiUzRSUwQSUyMCUyMCUzQ2RpdiUyMGNsYXNzJTNEJTIyaWNvbiUyMiUzRSUwQSUyMCUyMCUyMCUyMCUzQ2ltZyUyMHNyYyUzRCUyMmh0dHBzJTNBJTJGJTJGd3d3LnNhbnRqb3NlcC5uZXQlMkZ3cC1jb250ZW50JTJGdXBsb2FkcyUyRjIwMjUlMkYwOSUyRnBhcmtpbmcucG5nJTIyJTIwYWx0JTNEJTIyQXBhcmNhbWVudCUyMiUzRSUwQSUyMCUyMCUzQyUyRmRpdiUzRSUwQSUyMCUyMCUzQ3AlM0VubyUzQyUyRnAlM0UlMEElM0MlMkZkaXYlM0UlMEElMEElM0NkaXYlMjBjbGFzcyUzRCUyMmJlYWNoU2VydmljZUl0ZW0lMjIlM0UlMEElMjAlMjAlM0NkaXYlMjBjbGFzcyUzRCUyMmljb24lMjIlM0UlMEElMjAlMjAlMjAlMjAlM0NpbWclMjBzcmMlM0QlMjJodHRwcyUzQSUyRiUyRnd3dy5zYW50am9zZXAubmV0JTJGd3AtY29udGVudCUyRnVwbG9hZHMlMkYyMDI1JTJGMDklMkZ2aWdpbGFuY2lhLnBuZyUyMiUyMGFsdCUzRCUyMlZpZ2lsJUMzJUEwbmNpYSUyMiUzRSUwQSUyMCUyMCUzQyUyRmRpdiUzRSUwQSUyMCUyMCUzQ3AlM0VubyUyMGluZGljYXQlMjBhJTIwbGElMjBmaXR4YSUyMG9maWNpYWwuJTNDJTJGcCUzRSUwQSUzQyUyRmRpdiUzRSUwQSUwQSUzQ2RpdiUyMGNsYXNzJTNEJTIyYmVhY2hTZXJ2aWNlSXRlbSUyMiUzRSUwQSUyMCUyMCUzQ2RpdiUyMGNsYXNzJTNEJTIyaWNvbiUyMiUzRSUwQSUyMCUyMCUyMCUyMCUzQ2ltZyUyMHNyYyUzRCUyMmh0dHBzJTNBJTJGJTJGd3d3LnNhbnRqb3NlcC5uZXQlMkZ3cC1jb250ZW50JTJGdXBsb2FkcyUyRjIwMjUlMkYwOSUyRmJhbmRlcmFhenVsLnBuZyUyMiUyMGFsdCUzRCUyMkJhbmRlcmElMjBCbGF2YSUyMiUzRSUwQSUyMCUyMCUzQyUyRmRpdiUzRSUwQSUyMCUyMCUzQ3AlM0VCYW5kZXJhJTIwQmxhdmElMjAyMDI1JTNBJTIwTm8lM0MlMkZwJTNFJTBBJTNDJTJGZGl2JTNFJTBB[\/vc_raw_html][\/vc_column_inner][\/vc_row_inner][\/vc_column][\/vc_row][vc_row enable_hue_rotation=&#8221;no&#8221; enable_text_marquee=&#8221;no&#8221; css=&#8221;.vc_custom_1756196695712{margin-top: 5% !important;margin-bottom: 5% !important;}&#8221;][vc_column][vc_column_text css=&#8221;&#8221;]<\/p>\n<h2>Mapa<\/h2>\n<p>[\/vc_column_text][\/vc_column][\/vc_row][vc_row enable_hue_rotation=&#8221;no&#8221; enable_text_marquee=&#8221;no&#8221; el_id=&#8221;map&#8221;][vc_column][vc_raw_html css=&#8221;&#8221;]JTNDaWZyYW1lJTIwc3JjJTNEJTIyaHR0cHMlM0ElMkYlMkZ3d3cuZ29vZ2xlLmNvbSUyRm1hcHMlMkZlbWJlZCUzRnBiJTNEJTIxMW0xOCUyMTFtMTIlMjExbTMlMjExZDEyNDI0LjExODU3NTIyMTM2NiUyMTJkMS4yNTgwMTIyNzc3NTIyNDk2JTIxM2QzOC44Nzc1NjM1OTc2NTA0ODYlMjEybTMlMjExZjAlMjEyZjAlMjEzZjAlMjEzbTIlMjExaTEwMjQlMjEyaTc2OCUyMTRmMTMuMSUyMTNtMyUyMTFtMiUyMTFzMHgxMjk5NGM2YTkzNzliMGRkJTI1M0EweGQzOTNjZjRlNTU5NmFlNTMlMjEyc0NhbGElMjUyMGRlcyUyNTIwQ3ViZWxscyUyMTVlMCUyMTNtMiUyMTFzZXMlMjEyc2VzJTIxNHYxNzU2MzAxODUyMDM1JTIxNW0yJTIxMXNlcyUyMTJzZXMlMjIlMjB3aWR0aCUzRCUyMjEwMCUyNSUyMiUyMGhlaWdodCUzRCUyMjYwMCUyMiUyMHN0eWxlJTNEJTIyYm9yZGVyJTNBMCUzQiUyMiUyMGFsbG93ZnVsbHNjcmVlbiUzRCUyMiUyMiUyMGxvYWRpbmclM0QlMjJsYXp5JTIyJTIwcmVmZXJyZXJwb2xpY3klM0QlMjJuby1yZWZlcnJlci13aGVuLWRvd25ncmFkZSUyMiUzRSUzQyUyRmlmcmFtZSUzRSUwQQ==[\/vc_raw_html][\/vc_column][\/vc_row][vc_row full_width=&#8221;stretch_row_content_no_spaces&#8221; enable_hue_rotation=&#8221;no&#8221; enable_text_marquee=&#8221;no&#8221; el_id=&#8221;galeria&#8221;][vc_column css=&#8221;.vc_custom_1579097066588{padding-bottom: 20px !important;}&#8221;][vc_column_text]<style>#jtg-17286 .modula-item .jtg-social a, .lightbox-socials.jtg-social a{ fill: #ffffff; color: #ffffff }#jtg-17286 .modula-item .jtg-social-mobile a{ fill: #ffffff; color: #ffffff }#jtg-17286 .modula-item .jtg-social svg, .lightbox-socials.jtg-social svg { height: 16px; width: 16px }#jtg-17286 .modula-item .jtg-social-mobile svg { height: 16px; width: 16px }#jtg-17286 .modula-item .jtg-social a:not(:last-child), .lightbox-socials.jtg-social a:not(:last-child) { margin-right: 10px }#jtg-17286 .modula-item .jtg-social-mobile .jtg-social-mobile-icons a:not(:last-child){ margin-right: 10px }#jtg-17286 .modula-item .figc {color:#ffffff;}#jtg-17286 .modula-item .modula-item-content { transform: scale(1) }#jtg-17286 .modula-items .figc p.description { font-size:14px; }#jtg-17286 .modula-items .figc p.description { color:#ffffff;}#jtg-17286.modula-gallery .modula-item > a, #jtg-17286.modula-gallery .modula-item, #jtg-17286.modula-gallery .modula-item-content > a:not(.modula-no-follow) { cursor:zoom-in; } #jtg-17286.modula-gallery .modula-item-content .modula-no-follow { cursor: default; } @media screen and (max-width:480px){#jtg-17286 .modula-item .figc .jtg-title {  font-size: 12px; }#jtg-17286 .modula-items .figc p.description { color:#ffffff;font-size:10px; }}#jtg-17286 .modula-items .modula-item:hover img{opacity:1;}<\/style>\n<div  id=\"jtg-17286\" class=\"modula modula-gallery modula-custom-grid\" data-config=\"{&quot;height&quot;:800,&quot;tabletHeight&quot;:800,&quot;mobileHeight&quot;:800,&quot;desktopHeight&quot;:800,&quot;enableTwitter&quot;:true,&quot;enableWhatsapp&quot;:false,&quot;enableFacebook&quot;:true,&quot;enablePinterest&quot;:true,&quot;enableLinkedin&quot;:true,&quot;enableEmail&quot;:false,&quot;randomFactor&quot;:0.5,&quot;type&quot;:&quot;custom-grid&quot;,&quot;columns&quot;:12,&quot;gutter&quot;:0,&quot;mobileGutter&quot;:0,&quot;tabletGutter&quot;:0,&quot;desktopGutter&quot;:0,&quot;enableResponsive&quot;:&quot;1&quot;,&quot;tabletColumns&quot;:&quot;2&quot;,&quot;mobileColumns&quot;:&quot;1&quot;,&quot;lazyLoad&quot;:&quot;0&quot;,&quot;lightboxOpts&quot;:{&quot;animated&quot;:true,&quot;Thumbs&quot;:{&quot;type&quot;:&quot;modern&quot;,&quot;showOnStart&quot;:false},&quot;Toolbar&quot;:{&quot;display&quot;:{&quot;right&quot;:[&quot;close&quot;]},&quot;enabled&quot;:true},&quot;Carousel&quot;:{&quot;Panzoom&quot;:{&quot;touch&quot;:false},&quot;infinite&quot;:false},&quot;keyboard&quot;:{&quot;Escape&quot;:&quot;close&quot;,&quot;Delete&quot;:&quot;close&quot;,&quot;Backspace&quot;:&quot;close&quot;,&quot;PageUp&quot;:false,&quot;PageDown&quot;:false,&quot;ArrowUp&quot;:false,&quot;ArrowDown&quot;:false,&quot;ArrowRight&quot;:false,&quot;ArrowLeft&quot;:false},&quot;touch&quot;:false,&quot;backdropClick&quot;:false,&quot;l10n&quot;:{&quot;CLOSE&quot;:&quot;Close&quot;,&quot;NEXT&quot;:&quot;Next&quot;,&quot;PREV&quot;:&quot;Previous&quot;,&quot;Error&quot;:&quot;The requested content cannot be loaded. Please try again later.&quot;,&quot;PLAY_START&quot;:&quot;Start slideshow&quot;,&quot;PLAY_STOP&quot;:&quot;Pause slideshow&quot;,&quot;FULL_SCREEN&quot;:&quot;Full screen&quot;,&quot;THUMBS&quot;:&quot;Thumbnails&quot;,&quot;DOWNLOAD&quot;:&quot;Download&quot;,&quot;SHARE&quot;:&quot;Share&quot;,&quot;ZOOM&quot;:&quot;Zoom&quot;,&quot;EMAIL&quot;:&quot;Here is the link to the image : %%image_link%% and this is the link to the gallery : %%gallery_link%%&quot;,&quot;MODAL&quot;:&quot;You can close this modal content with the ESC key&quot;,&quot;ERROR&quot;:&quot;Something Went Wrong, Please Try Again Later&quot;,&quot;IMAGE_ERROR&quot;:&quot;Image Not Found&quot;,&quot;ELEMENT_NOT_FOUND&quot;:&quot;HTML Element Not Found&quot;,&quot;AJAX_NOT_FOUND&quot;:&quot;Error Loading AJAX : Not Found&quot;,&quot;AJAX_FORBIDDEN&quot;:&quot;Error Loading AJAX : Forbidden&quot;,&quot;IFRAME_ERROR&quot;:&quot;Error Loading Page&quot;,&quot;TOGGLE_ZOOM&quot;:&quot;Toggle zoom level&quot;,&quot;TOGGLE_THUMBS&quot;:&quot;Toggle thumbnails&quot;,&quot;TOGGLE_SLIDESHOW&quot;:&quot;Toggle slideshow&quot;,&quot;TOGGLE_FULLSCREEN&quot;:&quot;Toggle full-screen mode&quot;},&quot;Images&quot;:{&quot;Panzoom&quot;:{&quot;maxScale&quot;:2}},&quot;mainClass&quot;:&quot;modula-fancybox-container modula-lightbox-jtg-17286&quot;,&quot;Html&quot;:{&quot;videoAutoplay&quot;:0,&quot;videoTpl&quot;:&quot;&lt;video class=\\&quot;fancybox__html5video\\&quot; controls muted playsinline controlsList controlsList=\\&quot;nodownload\\&quot; poster=\\&quot;{{poster}}\\&quot; src=\\&quot;{{src}}\\&quot; type=\\&quot;{{format}}\\&quot; &gt;  Sorry, your browser doesn&#039;t support embedded videos, &lt;a href=\\&quot;{{src}}\\&quot;&gt; download &lt;\\\/a&gt; and watch with your favorite video player! &lt;\\\/video&gt;&quot;}},&quot;inView&quot;:false,&quot;email_subject&quot;:&quot;Check out this awesome image !!&quot;,&quot;email_message&quot;:&quot;Here is the link to the image : %%image_link%% and this is the link to the gallery : %%gallery_link%%&quot;,&quot;lightbox&quot;:&quot;fancybox&quot;}\">\n\n\t\n\t<div  class=\"modula-items\">\n\t\t<div class=\"modula-item\" data-width=\"7\" data-height=\"6\" >\n\t<div class=\"modula-item-content\">\n\t\t\n\t\t\t\t\t<a data-image-id=\"17311\" tabindex=\"0\" rel=\"jtg-17286\" data-caption=\"\" aria-label=\"Open image in lightbox\" role=\"button\" class=\"tile-inner modula-item-link\"><\/a>\n\t\t\n\t\t<img loading=\"lazy\" decoding=\"async\" class=\"pic wp-image-17311\"  data-valign=\"middle\" data-halign=\"center\" alt=\"\" data-full=\"https:\/\/www.santjosep.net\/wp-content\/uploads\/2020\/01\/P1160099.jpg\" title=\"P1160099\" width=\"1200\" height=\"900\" src=\"https:\/\/www.santjosep.net\/wp-content\/uploads\/2020\/01\/P1160099.jpg\" data-src=\"https:\/\/www.santjosep.net\/wp-content\/uploads\/2020\/01\/P1160099.jpg\" data-caption=\"\" srcset=\"https:\/\/www.santjosep.net\/wp-content\/uploads\/2020\/01\/P1160099.jpg 1200w, https:\/\/www.santjosep.net\/wp-content\/uploads\/2020\/01\/P1160099-300x225.jpg 300w, https:\/\/www.santjosep.net\/wp-content\/uploads\/2020\/01\/P1160099-1024x768.jpg 1024w, https:\/\/www.santjosep.net\/wp-content\/uploads\/2020\/01\/P1160099-768x576.jpg 768w, https:\/\/www.santjosep.net\/wp-content\/uploads\/2020\/01\/P1160099-800x600.jpg 800w\" sizes=\"auto, (max-width: 1200px) 100vw, 1200px\" \/>\n\t<\/div>\n\n<\/div><div class=\"modula-item\" data-width=\"5\" data-height=\"6\" >\n\t<div class=\"modula-item-content\">\n\t\t\n\t\t\t\t\t<a data-image-id=\"17300\" tabindex=\"0\" rel=\"jtg-17286\" data-caption=\"\" aria-label=\"Open image in lightbox\" role=\"button\" class=\"tile-inner modula-item-link\"><\/a>\n\t\t\n\t\t<img loading=\"lazy\" decoding=\"async\" class=\"pic wp-image-17300\"  data-valign=\"middle\" data-halign=\"center\" alt=\"\" data-full=\"https:\/\/www.santjosep.net\/wp-content\/uploads\/2020\/01\/P1160131.jpg\" title=\"P1160131\" width=\"1200\" height=\"900\" src=\"https:\/\/www.santjosep.net\/wp-content\/uploads\/2020\/01\/P1160131.jpg\" data-src=\"https:\/\/www.santjosep.net\/wp-content\/uploads\/2020\/01\/P1160131.jpg\" data-caption=\"\" srcset=\"https:\/\/www.santjosep.net\/wp-content\/uploads\/2020\/01\/P1160131.jpg 1200w, https:\/\/www.santjosep.net\/wp-content\/uploads\/2020\/01\/P1160131-300x225.jpg 300w, https:\/\/www.santjosep.net\/wp-content\/uploads\/2020\/01\/P1160131-1024x768.jpg 1024w, https:\/\/www.santjosep.net\/wp-content\/uploads\/2020\/01\/P1160131-768x576.jpg 768w, https:\/\/www.santjosep.net\/wp-content\/uploads\/2020\/01\/P1160131-800x600.jpg 800w\" sizes=\"auto, (max-width: 1200px) 100vw, 1200px\" \/>\n\t<\/div>\n\n<\/div><div class=\"modula-item\" data-width=\"12\" data-height=\"7\" >\n\t<div class=\"modula-item-content\">\n\t\t\n\t\t\t\t\t<a data-image-id=\"17289\" tabindex=\"0\" rel=\"jtg-17286\" data-caption=\"\" aria-label=\"Open image in lightbox\" role=\"button\" class=\"tile-inner modula-item-link\"><\/a>\n\t\t\n\t\t<img loading=\"lazy\" decoding=\"async\" class=\"pic wp-image-17289\"  data-valign=\"middle\" data-halign=\"center\" alt=\"\" data-full=\"https:\/\/www.santjosep.net\/wp-content\/uploads\/2020\/01\/IMG_2221.jpg\" title=\"IMG_2221\" width=\"1200\" height=\"800\" src=\"https:\/\/www.santjosep.net\/wp-content\/uploads\/2020\/01\/IMG_2221.jpg\" data-src=\"https:\/\/www.santjosep.net\/wp-content\/uploads\/2020\/01\/IMG_2221.jpg\" data-caption=\"\" srcset=\"https:\/\/www.santjosep.net\/wp-content\/uploads\/2020\/01\/IMG_2221.jpg 1200w, https:\/\/www.santjosep.net\/wp-content\/uploads\/2020\/01\/IMG_2221-300x200.jpg 300w, https:\/\/www.santjosep.net\/wp-content\/uploads\/2020\/01\/IMG_2221-1024x683.jpg 1024w, https:\/\/www.santjosep.net\/wp-content\/uploads\/2020\/01\/IMG_2221-768x512.jpg 768w\" sizes=\"auto, (max-width: 1200px) 100vw, 1200px\" \/>\n\t<\/div>\n\n<\/div>\t\t\n\t<\/div>\n\n\t\n\t\n\t<script type=\"application\/ld+json\">\n\t{\n\t\t\"@context\": \"http:\/\/schema.org\",\n\t\t\"@type\"   : \"ImageGallery\",\n\t\t\"id\"      : \"https:\/\/www.santjosep.net\/ca\/veure\/platges\/platja-des-cubells\/\",\n\t\t\"url\"     : \"https:\/\/www.santjosep.net\/ca\/veure\/platges\/platja-des-cubells\/\"\n\t}\n\n\t<\/script>\n\n\t\n<\/div>\n[\/vc_column_text][\/vc_column][\/vc_row]<\/p>\n<\/div>","protected":false},"excerpt":{"rendered":"<p>[vc_row enable_hue_rotation=&#8221;no&#8221; enable_text_marquee=&#8221;no&#8221; el_id=&#8221;BeachContent&#8221;][vc_column width=&#8221;7\/12&#8243; el_id=&#8221;beachInfo&#8221;][vc_column_text css=&#8221;.vc_custom_1759222048318{margin-bottom: 5% !important;}&#8221;] Petites cales al peu dels penya-segats des Cubells, paisatge espectacular i aig\u00fces clares. [\/vc_column_text][vc_column_text css=&#8221;&#8221;]Sota el mirador i l\u2019esgl\u00e9sia des Cubells hi ha un seguit de petites cales de c\u00f2dols i [&hellip;]<\/p>\n","protected":false},"author":1,"featured_media":12202,"parent":11462,"menu_order":0,"comment_status":"closed","ping_status":"closed","template":"","meta":{"_acf_changed":false,"inline_featured_image":false,"footnotes":""},"categoria_pagina":[],"class_list":["post-12200","page","type-page","status-publish","has-post-thumbnail","hentry"],"acf":[],"yoast_head":"<!-- This site is optimized with the Yoast SEO plugin v25.7 - https:\/\/yoast.com\/wordpress\/plugins\/seo\/ -->\n<title>Platja des Cubells - Sant Josep (Eivissa)<\/title>\n<meta name=\"description\" content=\"Platja des Cubells - Sant Josep (Eivissa): petites cales al peu dels penya-segats des Cubells\" \/>\n<meta name=\"robots\" content=\"index, follow, max-snippet:-1, max-image-preview:large, max-video-preview:-1\" \/>\n<link rel=\"canonical\" href=\"https:\/\/www.santjosep.net\/ca\/veure\/platges\/platja-des-cubells\/\" \/>\n<meta property=\"og:locale\" content=\"ca_ES\" \/>\n<meta property=\"og:type\" content=\"article\" \/>\n<meta property=\"og:title\" content=\"Platja des Cubells - Sant Josep (Eivissa)\" \/>\n<meta property=\"og:description\" content=\"Platja des Cubells - Sant Josep (Eivissa): petites cales al peu dels penya-segats des Cubells\" \/>\n<meta property=\"og:url\" content=\"https:\/\/www.santjosep.net\/ca\/veure\/platges\/platja-des-cubells\/\" \/>\n<meta property=\"og:site_name\" content=\"Santjosep.net\" \/>\n<meta property=\"article:modified_time\" content=\"2025-09-30T08:51:16+00:00\" \/>\n<meta property=\"og:image\" content=\"https:\/\/www.santjosep.net\/wp-content\/uploads\/2013\/11\/P1160152.jpg\" \/>\n\t<meta property=\"og:image:width\" content=\"1200\" \/>\n\t<meta property=\"og:image:height\" content=\"900\" \/>\n\t<meta property=\"og:image:type\" content=\"image\/jpeg\" \/>\n<meta name=\"twitter:card\" content=\"summary_large_image\" \/>\n<meta name=\"twitter:label1\" content=\"Temps estimat de lectura\" \/>\n\t<meta name=\"twitter:data1\" content=\"2 minuts\" \/>\n<script type=\"application\/ld+json\" class=\"yoast-schema-graph\">{\"@context\":\"https:\/\/schema.org\",\"@graph\":[{\"@type\":\"WebPage\",\"@id\":\"https:\/\/www.santjosep.net\/ca\/veure\/platges\/platja-des-cubells\/\",\"url\":\"https:\/\/www.santjosep.net\/ca\/veure\/platges\/platja-des-cubells\/\",\"name\":\"Platja des Cubells - Sant Josep (Eivissa)\",\"isPartOf\":{\"@id\":\"https:\/\/www.santjosep.net\/#website\"},\"primaryImageOfPage\":{\"@id\":\"https:\/\/www.santjosep.net\/ca\/veure\/platges\/platja-des-cubells\/#primaryimage\"},\"image\":{\"@id\":\"https:\/\/www.santjosep.net\/ca\/veure\/platges\/platja-des-cubells\/#primaryimage\"},\"thumbnailUrl\":\"https:\/\/www.santjosep.net\/wp-content\/uploads\/2013\/11\/P1160152.jpg\",\"datePublished\":\"2013-11-10T10:35:55+00:00\",\"dateModified\":\"2025-09-30T08:51:16+00:00\",\"description\":\"Platja des Cubells - Sant Josep (Eivissa): petites cales al peu dels penya-segats des Cubells\",\"breadcrumb\":{\"@id\":\"https:\/\/www.santjosep.net\/ca\/veure\/platges\/platja-des-cubells\/#breadcrumb\"},\"inLanguage\":\"ca\",\"potentialAction\":[{\"@type\":\"ReadAction\",\"target\":[\"https:\/\/www.santjosep.net\/ca\/veure\/platges\/platja-des-cubells\/\"]}]},{\"@type\":\"ImageObject\",\"inLanguage\":\"ca\",\"@id\":\"https:\/\/www.santjosep.net\/ca\/veure\/platges\/platja-des-cubells\/#primaryimage\",\"url\":\"https:\/\/www.santjosep.net\/wp-content\/uploads\/2013\/11\/P1160152.jpg\",\"contentUrl\":\"https:\/\/www.santjosep.net\/wp-content\/uploads\/2013\/11\/P1160152.jpg\",\"width\":1200,\"height\":900},{\"@type\":\"BreadcrumbList\",\"@id\":\"https:\/\/www.santjosep.net\/ca\/veure\/platges\/platja-des-cubells\/#breadcrumb\",\"itemListElement\":[{\"@type\":\"ListItem\",\"position\":1,\"name\":\"Veure\",\"item\":\"https:\/\/www.santjosep.net\/ca\/veure\/\"},{\"@type\":\"ListItem\",\"position\":2,\"name\":\"Platges\",\"item\":\"https:\/\/www.santjosep.net\/ca\/veure\/platges\/\"},{\"@type\":\"ListItem\",\"position\":3,\"name\":\"Platja des Cubells\"}]},{\"@type\":\"WebSite\",\"@id\":\"https:\/\/www.santjosep.net\/#website\",\"url\":\"https:\/\/www.santjosep.net\/\",\"name\":\"Santjosep.net\",\"description\":\"\",\"potentialAction\":[{\"@type\":\"SearchAction\",\"target\":{\"@type\":\"EntryPoint\",\"urlTemplate\":\"https:\/\/www.santjosep.net\/?s={search_term_string}\"},\"query-input\":{\"@type\":\"PropertyValueSpecification\",\"valueRequired\":true,\"valueName\":\"search_term_string\"}}],\"inLanguage\":\"ca\"}]}<\/script>\n<!-- \/ Yoast SEO plugin. -->","yoast_head_json":{"title":"Platja des Cubells - Sant Josep (Eivissa)","description":"Platja des Cubells - Sant Josep (Eivissa): petites cales al peu dels penya-segats des Cubells","robots":{"index":"index","follow":"follow","max-snippet":"max-snippet:-1","max-image-preview":"max-image-preview:large","max-video-preview":"max-video-preview:-1"},"canonical":"https:\/\/www.santjosep.net\/ca\/veure\/platges\/platja-des-cubells\/","og_locale":"ca_ES","og_type":"article","og_title":"Platja des Cubells - Sant Josep (Eivissa)","og_description":"Platja des Cubells - Sant Josep (Eivissa): petites cales al peu dels penya-segats des Cubells","og_url":"https:\/\/www.santjosep.net\/ca\/veure\/platges\/platja-des-cubells\/","og_site_name":"Santjosep.net","article_modified_time":"2025-09-30T08:51:16+00:00","og_image":[{"width":1200,"height":900,"url":"https:\/\/www.santjosep.net\/wp-content\/uploads\/2013\/11\/P1160152.jpg","type":"image\/jpeg"}],"twitter_card":"summary_large_image","twitter_misc":{"Temps estimat de lectura":"2 minuts"},"schema":{"@context":"https:\/\/schema.org","@graph":[{"@type":"WebPage","@id":"https:\/\/www.santjosep.net\/ca\/veure\/platges\/platja-des-cubells\/","url":"https:\/\/www.santjosep.net\/ca\/veure\/platges\/platja-des-cubells\/","name":"Platja des Cubells - Sant Josep (Eivissa)","isPartOf":{"@id":"https:\/\/www.santjosep.net\/#website"},"primaryImageOfPage":{"@id":"https:\/\/www.santjosep.net\/ca\/veure\/platges\/platja-des-cubells\/#primaryimage"},"image":{"@id":"https:\/\/www.santjosep.net\/ca\/veure\/platges\/platja-des-cubells\/#primaryimage"},"thumbnailUrl":"https:\/\/www.santjosep.net\/wp-content\/uploads\/2013\/11\/P1160152.jpg","datePublished":"2013-11-10T10:35:55+00:00","dateModified":"2025-09-30T08:51:16+00:00","description":"Platja des Cubells - Sant Josep (Eivissa): petites cales al peu dels penya-segats des Cubells","breadcrumb":{"@id":"https:\/\/www.santjosep.net\/ca\/veure\/platges\/platja-des-cubells\/#breadcrumb"},"inLanguage":"ca","potentialAction":[{"@type":"ReadAction","target":["https:\/\/www.santjosep.net\/ca\/veure\/platges\/platja-des-cubells\/"]}]},{"@type":"ImageObject","inLanguage":"ca","@id":"https:\/\/www.santjosep.net\/ca\/veure\/platges\/platja-des-cubells\/#primaryimage","url":"https:\/\/www.santjosep.net\/wp-content\/uploads\/2013\/11\/P1160152.jpg","contentUrl":"https:\/\/www.santjosep.net\/wp-content\/uploads\/2013\/11\/P1160152.jpg","width":1200,"height":900},{"@type":"BreadcrumbList","@id":"https:\/\/www.santjosep.net\/ca\/veure\/platges\/platja-des-cubells\/#breadcrumb","itemListElement":[{"@type":"ListItem","position":1,"name":"Veure","item":"https:\/\/www.santjosep.net\/ca\/veure\/"},{"@type":"ListItem","position":2,"name":"Platges","item":"https:\/\/www.santjosep.net\/ca\/veure\/platges\/"},{"@type":"ListItem","position":3,"name":"Platja des Cubells"}]},{"@type":"WebSite","@id":"https:\/\/www.santjosep.net\/#website","url":"https:\/\/www.santjosep.net\/","name":"Santjosep.net","description":"","potentialAction":[{"@type":"SearchAction","target":{"@type":"EntryPoint","urlTemplate":"https:\/\/www.santjosep.net\/?s={search_term_string}"},"query-input":{"@type":"PropertyValueSpecification","valueRequired":true,"valueName":"search_term_string"}}],"inLanguage":"ca"}]}},"_links":{"self":[{"href":"https:\/\/www.santjosep.net\/ca\/wp-json\/wp\/v2\/pages\/12200","targetHints":{"allow":["GET"]}}],"collection":[{"href":"https:\/\/www.santjosep.net\/ca\/wp-json\/wp\/v2\/pages"}],"about":[{"href":"https:\/\/www.santjosep.net\/ca\/wp-json\/wp\/v2\/types\/page"}],"author":[{"embeddable":true,"href":"https:\/\/www.santjosep.net\/ca\/wp-json\/wp\/v2\/users\/1"}],"replies":[{"embeddable":true,"href":"https:\/\/www.santjosep.net\/ca\/wp-json\/wp\/v2\/comments?post=12200"}],"version-history":[{"count":2,"href":"https:\/\/www.santjosep.net\/ca\/wp-json\/wp\/v2\/pages\/12200\/revisions"}],"predecessor-version":[{"id":38910,"href":"https:\/\/www.santjosep.net\/ca\/wp-json\/wp\/v2\/pages\/12200\/revisions\/38910"}],"up":[{"embeddable":true,"href":"https:\/\/www.santjosep.net\/ca\/wp-json\/wp\/v2\/pages\/11462"}],"wp:featuredmedia":[{"embeddable":true,"href":"https:\/\/www.santjosep.net\/ca\/wp-json\/wp\/v2\/media\/12202"}],"wp:attachment":[{"href":"https:\/\/www.santjosep.net\/ca\/wp-json\/wp\/v2\/media?parent=12200"}],"wp:term":[{"taxonomy":"categoria_pagina","embeddable":true,"href":"https:\/\/www.santjosep.net\/ca\/wp-json\/wp\/v2\/categoria_pagina?post=12200"}],"curies":[{"name":"wp","href":"https:\/\/api.w.org\/{rel}","templated":true}]}}